{"id":31,"date":"2020-04-13T11:18:52","date_gmt":"2020-04-13T11:18:52","guid":{"rendered":"http:\/\/lunicars.com\/about\/"},"modified":"2026-04-03T10:08:54","modified_gmt":"2026-04-03T08:08:54","slug":"fahrzeuge","status":"publish","type":"page","link":"https:\/\/lunicars.com\/en\/fahrzeuge\/","title":{"rendered":"Cars"},"content":{"rendered":"<div data-elementor-type=\"wp-page\" data-elementor-id=\"31\" class=\"elementor elementor-31\">\n\t\t\t\t\t\t<section class=\"elementor-section elementor-top-section elementor-element elementor-element-5131a13e elementor-section-boxed elementor-section-height-default elementor-section-height-default\" data-id=\"5131a13e\" data-element_type=\"section\" data-e-type=\"section\" data-settings=\"{&quot;background_background&quot;:&quot;classic&quot;}\">\n\t\t\t\t\t\t\t<div class=\"elementor-background-overlay\"><\/div>\n\t\t\t\t\t\t\t<div class=\"elementor-container elementor-column-gap-default\">\n\t\t\t\t\t<div class=\"elementor-column elementor-col-100 elementor-top-column elementor-element elementor-element-1053ca7a\" data-id=\"1053ca7a\" data-element_type=\"column\" data-e-type=\"column\">\n\t\t\t<div class=\"elementor-widget-wrap elementor-element-populated\">\n\t\t\t\t\t\t<div class=\"elementor-element elementor-element-3d99e122 elementor-widget elementor-widget-heading\" data-id=\"3d99e122\" data-element_type=\"widget\" data-e-type=\"widget\" data-widget_type=\"heading.default\">\n\t\t\t\t<div class=\"elementor-widget-container\">\n\t\t\t\t\t<h1 class=\"elementor-heading-title elementor-size-default\">Cars<\/h1>\t\t\t\t<\/div>\n\t\t\t\t<\/div>\n\t\t\t\t\t<\/div>\n\t\t<\/div>\n\t\t\t\t\t<\/div>\n\t\t<\/section>\n\t\t\t\t<section class=\"elementor-section elementor-top-section elementor-element elementor-element-7760d3d elementor-section-boxed elementor-section-height-default elementor-section-height-default\" data-id=\"7760d3d\" data-element_type=\"section\" data-e-type=\"section\">\n\t\t\t\t\t\t<div class=\"elementor-container elementor-column-gap-default\">\n\t\t\t\t\t<div class=\"elementor-column elementor-col-100 elementor-top-column elementor-element elementor-element-a4d487c\" data-id=\"a4d487c\" data-element_type=\"column\" data-e-type=\"column\">\n\t\t\t<div class=\"elementor-widget-wrap elementor-element-populated\">\n\t\t\t\t\t\t<div class=\"elementor-element elementor-element-e4c2086 elementor-widget elementor-widget-heading\" data-id=\"e4c2086\" data-element_type=\"widget\" data-e-type=\"widget\" data-widget_type=\"heading.default\">\n\t\t\t\t<div class=\"elementor-widget-container\">\n\t\t\t\t\t<h2 class=\"elementor-heading-title elementor-size-default\">Du m\u00f6chtest Dein Auto verkaufen?<\/h2>\t\t\t\t<\/div>\n\t\t\t\t<\/div>\n\t\t\t\t<div class=\"elementor-element elementor-element-5e5c5a3 elementor-widget elementor-widget-text-editor\" data-id=\"5e5c5a3\" data-element_type=\"widget\" data-e-type=\"widget\" data-widget_type=\"text-editor.default\">\n\t\t\t\t<div class=\"elementor-widget-container\">\n\t\t\t\t\t\t\t\t\t<p>Kein Problem! Gerne kommen wir vorbei, begutachten den Wagen, holen ihn auf Wunsch ab, machen Bilder und Videos, sammeln Details und bieten Deinen Oldie auf allen g\u00e4ngigen Portalen an. Kein Stress, keine unn\u00f6tigen Anfragen, Termine und Verhandlungen. Mehr dazu auf der &#8222;Services&#8220;-Seite.<\/p>\t\t\t\t\t\t\t\t<\/div>\n\t\t\t\t<\/div>\n\t\t\t\t<div class=\"elementor-element elementor-element-f694c64 elementor-align-center elementor-widget elementor-widget-button\" data-id=\"f694c64\" data-element_type=\"widget\" data-e-type=\"widget\" data-widget_type=\"button.default\">\n\t\t\t\t<div class=\"elementor-widget-container\">\n\t\t\t\t\t\t\t\t\t<div class=\"elementor-button-wrapper\">\n\t\t\t\t\t<a class=\"elementor-button elementor-button-link elementor-size-sm\" href=\"https:\/\/lunicars.com\/en\/kontakt\/\">\n\t\t\t\t\t\t<span class=\"elementor-button-content-wrapper\">\n\t\t\t\t\t\t\t\t\t<span class=\"elementor-button-text\">Enquire now and secure a place<\/span>\n\t\t\t\t\t<\/span>\n\t\t\t\t\t<\/a>\n\t\t\t\t<\/div>\n\t\t\t\t\t\t\t\t<\/div>\n\t\t\t\t<\/div>\n\t\t\t\t<div class=\"elementor-element elementor-element-1672151 elementor-widget-divider--view-line elementor-widget elementor-widget-divider\" data-id=\"1672151\" data-element_type=\"widget\" data-e-type=\"widget\" data-widget_type=\"divider.default\">\n\t\t\t\t<div class=\"elementor-widget-container\">\n\t\t\t\t\t\t\t<div class=\"elementor-divider\">\n\t\t\t<span class=\"elementor-divider-separator\">\n\t\t\t\t\t\t<\/span>\n\t\t<\/div>\n\t\t\t\t\t\t<\/div>\n\t\t\t\t<\/div>\n\t\t\t\t\t<\/div>\n\t\t<\/div>\n\t\t\t\t\t<\/div>\n\t\t<\/section>\n\t\t\t\t<section class=\"elementor-section elementor-top-section elementor-element elementor-element-8105e30 elementor-section-boxed elementor-section-height-default elementor-section-height-default\" data-id=\"8105e30\" data-element_type=\"section\" data-e-type=\"section\">\n\t\t\t\t\t\t<div class=\"elementor-container elementor-column-gap-default\">\n\t\t\t\t\t<div class=\"elementor-column elementor-col-100 elementor-top-column elementor-element elementor-element-f149e63\" data-id=\"f149e63\" data-element_type=\"column\" data-e-type=\"column\">\n\t\t\t<div class=\"elementor-widget-wrap elementor-element-populated\">\n\t\t\t\t\t\t<section class=\"elementor-section elementor-inner-section elementor-element elementor-element-74f5aea elementor-section-content-bottom elementor-section-boxed elementor-section-height-default elementor-section-height-default\" data-id=\"74f5aea\" data-element_type=\"section\" data-e-type=\"section\">\n\t\t\t\t\t\t<div class=\"elementor-container elementor-column-gap-wider\">\n\t\t\t\t\t<div class=\"elementor-column elementor-col-33 elementor-inner-column elementor-element elementor-element-e719835\" data-id=\"e719835\" data-element_type=\"column\" data-e-type=\"column\">\n\t\t\t<div class=\"elementor-widget-wrap elementor-element-populated\">\n\t\t\t\t\t\t<div class=\"elementor-element elementor-element-d54470b elementor-widget elementor-widget-image\" data-id=\"d54470b\" data-element_type=\"widget\" data-e-type=\"widget\" data-widget_type=\"image.default\">\n\t\t\t\t<div class=\"elementor-widget-container\">\n\t\t\t\t\t\t\t\t\t\t\t\t\t\t\t\t<a href=\"https:\/\/lunicars.com\/en\/fahrzeuge\/1958-ford-fairlane-500-club-victoria\/\">\n\t\t\t\t\t\t\t<img loading=\"lazy\" decoding=\"async\" width=\"1620\" height=\"1080\" src=\"https:\/\/lunicars.com\/wp-content\/uploads\/2026\/04\/1958-Ford-Fairlane-500-Club-Victoria-02.jpg\" class=\"elementor-animation-grow attachment-2048x2048 size-2048x2048 wp-image-47914\" alt=\"\" srcset=\"https:\/\/lunicars.com\/wp-content\/uploads\/2026\/04\/1958-Ford-Fairlane-500-Club-Victoria-02.jpg 1620w, https:\/\/lunicars.com\/wp-content\/uploads\/2026\/04\/1958-Ford-Fairlane-500-Club-Victoria-02-300x200.jpg 300w, https:\/\/lunicars.com\/wp-content\/uploads\/2026\/04\/1958-Ford-Fairlane-500-Club-Victoria-02-1024x683.jpg 1024w, https:\/\/lunicars.com\/wp-content\/uploads\/2026\/04\/1958-Ford-Fairlane-500-Club-Victoria-02-768x512.jpg 768w, https:\/\/lunicars.com\/wp-content\/uploads\/2026\/04\/1958-Ford-Fairlane-500-Club-Victoria-02-1536x1024.jpg 1536w, https:\/\/lunicars.com\/wp-content\/uploads\/2026\/04\/1958-Ford-Fairlane-500-Club-Victoria-02-18x12.jpg 18w\" sizes=\"auto, (max-width: 1620px) 100vw, 1620px\" \/>\t\t\t\t\t\t\t\t<\/a>\n\t\t\t\t\t\t\t\t\t\t\t\t\t\t\t<\/div>\n\t\t\t\t<\/div>\n\t\t\t\t\t<\/div>\n\t\t<\/div>\n\t\t\t\t<div class=\"elementor-column elementor-col-66 elementor-inner-column elementor-element elementor-element-9016124\" data-id=\"9016124\" data-element_type=\"column\" data-e-type=\"column\">\n\t\t\t<div class=\"elementor-widget-wrap elementor-element-populated\">\n\t\t\t\t\t\t<div class=\"elementor-element elementor-element-845505a elementor-widget__width-initial elementor-widget elementor-widget-heading\" data-id=\"845505a\" data-element_type=\"widget\" data-e-type=\"widget\" data-widget_type=\"heading.default\">\n\t\t\t\t<div class=\"elementor-widget-container\">\n\t\t\t\t\t<div class=\"elementor-heading-title elementor-size-small\">58'000 CHF <\/div>\t\t\t\t<\/div>\n\t\t\t\t<\/div>\n\t\t\t\t<div class=\"elementor-element elementor-element-55b8e4c elementor-widget elementor-widget-heading\" data-id=\"55b8e4c\" data-element_type=\"widget\" data-e-type=\"widget\" data-widget_type=\"heading.default\">\n\t\t\t\t<div class=\"elementor-widget-container\">\n\t\t\t\t\t<h1 class=\"elementor-heading-title elementor-size-default\"><a href=\"https:\/\/lunicars.com\/en\/fahrzeuge\/1958-ford-fairlane-500-club-victoria\/\">Ford Fairlane 500 Club Victoria '58<\/a><\/h1>\t\t\t\t<\/div>\n\t\t\t\t<\/div>\n\t\t\t\t<div class=\"elementor-element elementor-element-7c717e9 elementor-widget elementor-widget-heading\" data-id=\"7c717e9\" data-element_type=\"widget\" data-e-type=\"widget\" data-widget_type=\"heading.default\">\n\t\t\t\t<div class=\"elementor-widget-container\">\n\t\t\t\t\t<div class=\"elementor-heading-title elementor-size-small\">Restauriert, schwarz und faszinierend pr\u00e4sent: Stil, Chrom und echtes 50s Feeling zeichnen diesen hervorragend gepflegten Fairlane aus.<\/div>\t\t\t\t<\/div>\n\t\t\t\t<\/div>\n\t\t\t\t\t<\/div>\n\t\t<\/div>\n\t\t\t\t\t<\/div>\n\t\t<\/section>\n\t\t\t\t<section class=\"elementor-section elementor-inner-section elementor-element elementor-element-e4983d2 elementor-section-content-bottom elementor-section-boxed elementor-section-height-default elementor-section-height-default\" data-id=\"e4983d2\" data-element_type=\"section\" data-e-type=\"section\">\n\t\t\t\t\t\t<div class=\"elementor-container elementor-column-gap-wider\">\n\t\t\t\t\t<div class=\"elementor-column elementor-col-33 elementor-inner-column elementor-element elementor-element-759db29\" data-id=\"759db29\" data-element_type=\"column\" data-e-type=\"column\">\n\t\t\t<div class=\"elementor-widget-wrap elementor-element-populated\">\n\t\t\t\t\t\t<div class=\"elementor-element elementor-element-1067e50 elementor-widget elementor-widget-image\" data-id=\"1067e50\" data-element_type=\"widget\" data-e-type=\"widget\" data-widget_type=\"image.default\">\n\t\t\t\t<div class=\"elementor-widget-container\">\n\t\t\t\t\t\t\t\t\t\t\t\t\t\t\t\t<a href=\"https:\/\/lunicars.com\/en\/fahrzeuge\/1948-bentley-mark-vi\/\">\n\t\t\t\t\t\t\t<img loading=\"lazy\" decoding=\"async\" width=\"1620\" height=\"1080\" src=\"https:\/\/lunicars.com\/wp-content\/uploads\/2026\/03\/1948-Bentley-Mark-VI-02.jpg\" class=\"elementor-animation-grow attachment-2048x2048 size-2048x2048 wp-image-47677\" alt=\"\" srcset=\"https:\/\/lunicars.com\/wp-content\/uploads\/2026\/03\/1948-Bentley-Mark-VI-02.jpg 1620w, https:\/\/lunicars.com\/wp-content\/uploads\/2026\/03\/1948-Bentley-Mark-VI-02-300x200.jpg 300w, https:\/\/lunicars.com\/wp-content\/uploads\/2026\/03\/1948-Bentley-Mark-VI-02-1024x683.jpg 1024w, https:\/\/lunicars.com\/wp-content\/uploads\/2026\/03\/1948-Bentley-Mark-VI-02-768x512.jpg 768w, https:\/\/lunicars.com\/wp-content\/uploads\/2026\/03\/1948-Bentley-Mark-VI-02-1536x1024.jpg 1536w, https:\/\/lunicars.com\/wp-content\/uploads\/2026\/03\/1948-Bentley-Mark-VI-02-18x12.jpg 18w\" sizes=\"auto, (max-width: 1620px) 100vw, 1620px\" \/>\t\t\t\t\t\t\t\t<\/a>\n\t\t\t\t\t\t\t\t\t\t\t\t\t\t\t<\/div>\n\t\t\t\t<\/div>\n\t\t\t\t\t<\/div>\n\t\t<\/div>\n\t\t\t\t<div class=\"elementor-column elementor-col-66 elementor-inner-column elementor-element elementor-element-3498831\" data-id=\"3498831\" data-element_type=\"column\" data-e-type=\"column\">\n\t\t\t<div class=\"elementor-widget-wrap elementor-element-populated\">\n\t\t\t\t\t\t<div class=\"elementor-element elementor-element-6ae1546 elementor-widget__width-initial elementor-widget elementor-widget-heading\" data-id=\"6ae1546\" data-element_type=\"widget\" data-e-type=\"widget\" data-widget_type=\"heading.default\">\n\t\t\t\t<div class=\"elementor-widget-container\">\n\t\t\t\t\t<div class=\"elementor-heading-title elementor-size-small\">89,000 CHF <\/div>\t\t\t\t<\/div>\n\t\t\t\t<\/div>\n\t\t\t\t<div class=\"elementor-element elementor-element-aa13f6a elementor-widget elementor-widget-heading\" data-id=\"aa13f6a\" data-element_type=\"widget\" data-e-type=\"widget\" data-widget_type=\"heading.default\">\n\t\t\t\t<div class=\"elementor-widget-container\">\n\t\t\t\t\t<h1 class=\"elementor-heading-title elementor-size-default\"><a href=\"https:\/\/lunicars.com\/en\/fahrzeuge\/1948-bentley-mark-vi\/\">Bentley Mark VI '48<\/a><\/h1>\t\t\t\t<\/div>\n\t\t\t\t<\/div>\n\t\t\t\t<div class=\"elementor-element elementor-element-532a9de elementor-widget elementor-widget-heading\" data-id=\"532a9de\" data-element_type=\"widget\" data-e-type=\"widget\" data-widget_type=\"heading.default\">\n\t\t\t\t<div class=\"elementor-widget-container\">\n\t\t\t\t\t<div class=\"elementor-heading-title elementor-size-small\">Quintessential British Bentley luxury: Revised inline-six with manual transmission, packaged in an unmistakable look.<\/div>\t\t\t\t<\/div>\n\t\t\t\t<\/div>\n\t\t\t\t\t<\/div>\n\t\t<\/div>\n\t\t\t\t\t<\/div>\n\t\t<\/section>\n\t\t\t\t<section class=\"elementor-section elementor-inner-section elementor-element elementor-element-7a403fb elementor-section-content-bottom elementor-section-boxed elementor-section-height-default elementor-section-height-default\" data-id=\"7a403fb\" data-element_type=\"section\" data-e-type=\"section\">\n\t\t\t\t\t\t<div class=\"elementor-container elementor-column-gap-wider\">\n\t\t\t\t\t<div class=\"elementor-column elementor-col-33 elementor-inner-column elementor-element elementor-element-d8831bc\" data-id=\"d8831bc\" data-element_type=\"column\" data-e-type=\"column\">\n\t\t\t<div class=\"elementor-widget-wrap elementor-element-populated\">\n\t\t\t\t\t\t<div class=\"elementor-element elementor-element-358f15d elementor-widget elementor-widget-image\" data-id=\"358f15d\" data-element_type=\"widget\" data-e-type=\"widget\" data-widget_type=\"image.default\">\n\t\t\t\t<div class=\"elementor-widget-container\">\n\t\t\t\t\t\t\t\t\t\t\t\t\t\t\t\t<a href=\"https:\/\/lunicars.com\/en\/fahrzeuge\/2012-ford-mustang-shelby-gt500\/\">\n\t\t\t\t\t\t\t<img loading=\"lazy\" decoding=\"async\" width=\"1620\" height=\"1080\" src=\"https:\/\/lunicars.com\/wp-content\/uploads\/2026\/03\/2012-Ford-Mustang-Shelby-GT500-02.jpg\" class=\"elementor-animation-grow attachment-2048x2048 size-2048x2048 wp-image-47740\" alt=\"\" srcset=\"https:\/\/lunicars.com\/wp-content\/uploads\/2026\/03\/2012-Ford-Mustang-Shelby-GT500-02.jpg 1620w, https:\/\/lunicars.com\/wp-content\/uploads\/2026\/03\/2012-Ford-Mustang-Shelby-GT500-02-300x200.jpg 300w, https:\/\/lunicars.com\/wp-content\/uploads\/2026\/03\/2012-Ford-Mustang-Shelby-GT500-02-1024x683.jpg 1024w, https:\/\/lunicars.com\/wp-content\/uploads\/2026\/03\/2012-Ford-Mustang-Shelby-GT500-02-768x512.jpg 768w, https:\/\/lunicars.com\/wp-content\/uploads\/2026\/03\/2012-Ford-Mustang-Shelby-GT500-02-1536x1024.jpg 1536w, https:\/\/lunicars.com\/wp-content\/uploads\/2026\/03\/2012-Ford-Mustang-Shelby-GT500-02-18x12.jpg 18w\" sizes=\"auto, (max-width: 1620px) 100vw, 1620px\" \/>\t\t\t\t\t\t\t\t<\/a>\n\t\t\t\t\t\t\t\t\t\t\t\t\t\t\t<\/div>\n\t\t\t\t<\/div>\n\t\t\t\t\t<\/div>\n\t\t<\/div>\n\t\t\t\t<div class=\"elementor-column elementor-col-66 elementor-inner-column elementor-element elementor-element-9364ae8\" data-id=\"9364ae8\" data-element_type=\"column\" data-e-type=\"column\">\n\t\t\t<div class=\"elementor-widget-wrap elementor-element-populated\">\n\t\t\t\t\t\t<div class=\"elementor-element elementor-element-8dd16a5 elementor-widget__width-initial elementor-widget elementor-widget-heading\" data-id=\"8dd16a5\" data-element_type=\"widget\" data-e-type=\"widget\" data-widget_type=\"heading.default\">\n\t\t\t\t<div class=\"elementor-widget-container\">\n\t\t\t\t\t<div class=\"elementor-heading-title elementor-size-small\">49,000 CHF <\/div>\t\t\t\t<\/div>\n\t\t\t\t<\/div>\n\t\t\t\t<div class=\"elementor-element elementor-element-39fbc05 elementor-widget elementor-widget-heading\" data-id=\"39fbc05\" data-element_type=\"widget\" data-e-type=\"widget\" data-widget_type=\"heading.default\">\n\t\t\t\t<div class=\"elementor-widget-container\">\n\t\t\t\t\t<h1 class=\"elementor-heading-title elementor-size-default\"><a href=\"https:\/\/lunicars.com\/en\/fahrzeuge\/2012-ford-mustang-shelby-gt500\/\">2012 Ford Mustang Shelby GT500<\/a><\/h1>\t\t\t\t<\/div>\n\t\t\t\t<\/div>\n\t\t\t\t<div class=\"elementor-element elementor-element-a3eebbf elementor-widget elementor-widget-heading\" data-id=\"a3eebbf\" data-element_type=\"widget\" data-e-type=\"widget\" data-widget_type=\"heading.default\">\n\t\t\t\t<div class=\"elementor-widget-container\">\n\t\t\t\t\t<div class=\"elementor-heading-title elementor-size-small\">M\u00e4chtiger Kompressor V8, knackige Handschaltung, kompromisslose amerikanische Performance und die fieseste Front auf dem Markt.<\/div>\t\t\t\t<\/div>\n\t\t\t\t<\/div>\n\t\t\t\t\t<\/div>\n\t\t<\/div>\n\t\t\t\t\t<\/div>\n\t\t<\/section>\n\t\t\t\t<section class=\"elementor-section elementor-inner-section elementor-element elementor-element-d3c4af0 elementor-section-content-bottom elementor-section-boxed elementor-section-height-default elementor-section-height-default\" data-id=\"d3c4af0\" data-element_type=\"section\" data-e-type=\"section\">\n\t\t\t\t\t\t<div class=\"elementor-container elementor-column-gap-wider\">\n\t\t\t\t\t<div class=\"elementor-column elementor-col-33 elementor-inner-column elementor-element elementor-element-a91317e\" data-id=\"a91317e\" data-element_type=\"column\" data-e-type=\"column\">\n\t\t\t<div class=\"elementor-widget-wrap elementor-element-populated\">\n\t\t\t\t\t\t<div class=\"elementor-element elementor-element-29abc07 elementor-widget elementor-widget-image\" data-id=\"29abc07\" data-element_type=\"widget\" data-e-type=\"widget\" data-widget_type=\"image.default\">\n\t\t\t\t<div class=\"elementor-widget-container\">\n\t\t\t\t\t\t\t\t\t\t\t\t\t\t\t\t<a href=\"https:\/\/lunicars.com\/en\/fahrzeuge\/1986-chevrolet-corvette-c4-2\/\">\n\t\t\t\t\t\t\t<img loading=\"lazy\" decoding=\"async\" width=\"1620\" height=\"1080\" src=\"https:\/\/lunicars.com\/wp-content\/uploads\/2026\/03\/1986-Chevrolet-Corvette-C4-Convertible-02.jpg\" class=\"elementor-animation-grow attachment-2048x2048 size-2048x2048 wp-image-47789\" alt=\"\" srcset=\"https:\/\/lunicars.com\/wp-content\/uploads\/2026\/03\/1986-Chevrolet-Corvette-C4-Convertible-02.jpg 1620w, https:\/\/lunicars.com\/wp-content\/uploads\/2026\/03\/1986-Chevrolet-Corvette-C4-Convertible-02-300x200.jpg 300w, https:\/\/lunicars.com\/wp-content\/uploads\/2026\/03\/1986-Chevrolet-Corvette-C4-Convertible-02-1024x683.jpg 1024w, https:\/\/lunicars.com\/wp-content\/uploads\/2026\/03\/1986-Chevrolet-Corvette-C4-Convertible-02-768x512.jpg 768w, https:\/\/lunicars.com\/wp-content\/uploads\/2026\/03\/1986-Chevrolet-Corvette-C4-Convertible-02-1536x1024.jpg 1536w, https:\/\/lunicars.com\/wp-content\/uploads\/2026\/03\/1986-Chevrolet-Corvette-C4-Convertible-02-18x12.jpg 18w\" sizes=\"auto, (max-width: 1620px) 100vw, 1620px\" \/>\t\t\t\t\t\t\t\t<\/a>\n\t\t\t\t\t\t\t\t\t\t\t\t\t\t\t<\/div>\n\t\t\t\t<\/div>\n\t\t\t\t\t<\/div>\n\t\t<\/div>\n\t\t\t\t<div class=\"elementor-column elementor-col-66 elementor-inner-column elementor-element elementor-element-ee7ebaa\" data-id=\"ee7ebaa\" data-element_type=\"column\" data-e-type=\"column\">\n\t\t\t<div class=\"elementor-widget-wrap elementor-element-populated\">\n\t\t\t\t\t\t<div class=\"elementor-element elementor-element-1f74ae9 elementor-widget__width-initial elementor-widget elementor-widget-heading\" data-id=\"1f74ae9\" data-element_type=\"widget\" data-e-type=\"widget\" data-widget_type=\"heading.default\">\n\t\t\t\t<div class=\"elementor-widget-container\">\n\t\t\t\t\t<div class=\"elementor-heading-title elementor-size-small\">17,900 CHF <\/div>\t\t\t\t<\/div>\n\t\t\t\t<\/div>\n\t\t\t\t<div class=\"elementor-element elementor-element-99b8d4b elementor-widget elementor-widget-heading\" data-id=\"99b8d4b\" data-element_type=\"widget\" data-e-type=\"widget\" data-widget_type=\"heading.default\">\n\t\t\t\t<div class=\"elementor-widget-container\">\n\t\t\t\t\t<h1 class=\"elementor-heading-title elementor-size-default\"><a href=\"https:\/\/lunicars.com\/en\/fahrzeuge\/1986-chevrolet-corvette-c4-2\/\">Chevrolet Corvette C4 Convertible '86<\/a><\/h1>\t\t\t\t<\/div>\n\t\t\t\t<\/div>\n\t\t\t\t<div class=\"elementor-element elementor-element-2c0ffd5 elementor-widget elementor-widget-heading\" data-id=\"2c0ffd5\" data-element_type=\"widget\" data-e-type=\"widget\" data-widget_type=\"heading.default\">\n\t\t\t\t<div class=\"elementor-widget-container\">\n\t\t\t\t\t<div class=\"elementor-heading-title elementor-size-small\">Ein amerikanisches Cabrio, das kaum eleganter sein k\u00f6nnte: Bordeauxroter Lack, beiges Mercedes-Leder und Holzapplikationen zieren den US-V8.<\/div>\t\t\t\t<\/div>\n\t\t\t\t<\/div>\n\t\t\t\t\t<\/div>\n\t\t<\/div>\n\t\t\t\t\t<\/div>\n\t\t<\/section>\n\t\t\t\t<section class=\"elementor-section elementor-inner-section elementor-element elementor-element-e814d36 elementor-section-content-bottom elementor-section-boxed elementor-section-height-default elementor-section-height-default\" data-id=\"e814d36\" data-element_type=\"section\" data-e-type=\"section\">\n\t\t\t\t\t\t<div class=\"elementor-container elementor-column-gap-wider\">\n\t\t\t\t\t<div class=\"elementor-column elementor-col-33 elementor-inner-column elementor-element elementor-element-c9045b9\" data-id=\"c9045b9\" data-element_type=\"column\" data-e-type=\"column\">\n\t\t\t<div class=\"elementor-widget-wrap elementor-element-populated\">\n\t\t\t\t\t\t<div class=\"elementor-element elementor-element-fd677c4 elementor-widget elementor-widget-image\" data-id=\"fd677c4\" data-element_type=\"widget\" data-e-type=\"widget\" data-widget_type=\"image.default\">\n\t\t\t\t<div class=\"elementor-widget-container\">\n\t\t\t\t\t\t\t\t\t\t\t\t\t\t\t\t<a href=\"https:\/\/lunicars.com\/en\/fahrzeuge\/1988-porsche-928\/\">\n\t\t\t\t\t\t\t<img loading=\"lazy\" decoding=\"async\" width=\"1620\" height=\"1080\" src=\"https:\/\/lunicars.com\/wp-content\/uploads\/2026\/04\/1988-Porsche-928-02.jpg\" class=\"elementor-animation-grow attachment-2048x2048 size-2048x2048 wp-image-47840\" alt=\"\" srcset=\"https:\/\/lunicars.com\/wp-content\/uploads\/2026\/04\/1988-Porsche-928-02.jpg 1620w, https:\/\/lunicars.com\/wp-content\/uploads\/2026\/04\/1988-Porsche-928-02-300x200.jpg 300w, https:\/\/lunicars.com\/wp-content\/uploads\/2026\/04\/1988-Porsche-928-02-1024x683.jpg 1024w, https:\/\/lunicars.com\/wp-content\/uploads\/2026\/04\/1988-Porsche-928-02-768x512.jpg 768w, https:\/\/lunicars.com\/wp-content\/uploads\/2026\/04\/1988-Porsche-928-02-1536x1024.jpg 1536w, https:\/\/lunicars.com\/wp-content\/uploads\/2026\/04\/1988-Porsche-928-02-18x12.jpg 18w\" sizes=\"auto, (max-width: 1620px) 100vw, 1620px\" \/>\t\t\t\t\t\t\t\t<\/a>\n\t\t\t\t\t\t\t\t\t\t\t\t\t\t\t<\/div>\n\t\t\t\t<\/div>\n\t\t\t\t\t<\/div>\n\t\t<\/div>\n\t\t\t\t<div class=\"elementor-column elementor-col-66 elementor-inner-column elementor-element elementor-element-4e6047d\" data-id=\"4e6047d\" data-element_type=\"column\" data-e-type=\"column\">\n\t\t\t<div class=\"elementor-widget-wrap elementor-element-populated\">\n\t\t\t\t\t\t<div class=\"elementor-element elementor-element-cdfd130 elementor-widget__width-initial elementor-widget elementor-widget-heading\" data-id=\"cdfd130\" data-element_type=\"widget\" data-e-type=\"widget\" data-widget_type=\"heading.default\">\n\t\t\t\t<div class=\"elementor-widget-container\">\n\t\t\t\t\t<div class=\"elementor-heading-title elementor-size-small\">29,000 CHF <\/div>\t\t\t\t<\/div>\n\t\t\t\t<\/div>\n\t\t\t\t<div class=\"elementor-element elementor-element-f259125 elementor-widget elementor-widget-heading\" data-id=\"f259125\" data-element_type=\"widget\" data-e-type=\"widget\" data-widget_type=\"heading.default\">\n\t\t\t\t<div class=\"elementor-widget-container\">\n\t\t\t\t\t<h1 class=\"elementor-heading-title elementor-size-default\"><a href=\"https:\/\/lunicars.com\/en\/fahrzeuge\/1988-porsche-928\/\">1988 Porsche 928 S4<\/a><\/h1>\t\t\t\t<\/div>\n\t\t\t\t<\/div>\n\t\t\t\t<div class=\"elementor-element elementor-element-b7d00f2 elementor-widget elementor-widget-heading\" data-id=\"b7d00f2\" data-element_type=\"widget\" data-e-type=\"widget\" data-widget_type=\"heading.default\">\n\t\t\t\t<div class=\"elementor-widget-container\">\n\t\t\t\t\t<div class=\"elementor-heading-title elementor-size-small\">Veneziablau Metallic, elfenbeinfarbenes Leder, Porsche V8 und sehr gepflegt: Dieser 928 ist ein Gran Turismo mit Gef\u00fchl und Substanz.<\/div>\t\t\t\t<\/div>\n\t\t\t\t<\/div>\n\t\t\t\t\t<\/div>\n\t\t<\/div>\n\t\t\t\t\t<\/div>\n\t\t<\/section>\n\t\t\t\t<section class=\"elementor-section elementor-inner-section elementor-element elementor-element-9263695 elementor-section-content-bottom elementor-section-boxed elementor-section-height-default elementor-section-height-default\" data-id=\"9263695\" data-element_type=\"section\" data-e-type=\"section\">\n\t\t\t\t\t\t<div class=\"elementor-container elementor-column-gap-wider\">\n\t\t\t\t\t<div class=\"elementor-column elementor-col-33 elementor-inner-column elementor-element elementor-element-2d2fb58\" data-id=\"2d2fb58\" data-element_type=\"column\" data-e-type=\"column\">\n\t\t\t<div class=\"elementor-widget-wrap elementor-element-populated\">\n\t\t\t\t\t\t<div class=\"elementor-element elementor-element-3f2c5b3 elementor-widget elementor-widget-image\" data-id=\"3f2c5b3\" data-element_type=\"widget\" data-e-type=\"widget\" data-widget_type=\"image.default\">\n\t\t\t\t<div class=\"elementor-widget-container\">\n\t\t\t\t\t\t\t\t\t\t\t\t\t\t\t\t<a href=\"https:\/\/lunicars.com\/en\/fahrzeuge\/1972-rover-p6-3500\/\">\n\t\t\t\t\t\t\t<img loading=\"lazy\" decoding=\"async\" width=\"1620\" height=\"1080\" src=\"https:\/\/lunicars.com\/wp-content\/uploads\/2026\/03\/1972-Rover-3500-02.jpg\" class=\"elementor-animation-grow attachment-2048x2048 size-2048x2048 wp-image-47615\" alt=\"\" srcset=\"https:\/\/lunicars.com\/wp-content\/uploads\/2026\/03\/1972-Rover-3500-02.jpg 1620w, https:\/\/lunicars.com\/wp-content\/uploads\/2026\/03\/1972-Rover-3500-02-300x200.jpg 300w, https:\/\/lunicars.com\/wp-content\/uploads\/2026\/03\/1972-Rover-3500-02-1024x683.jpg 1024w, https:\/\/lunicars.com\/wp-content\/uploads\/2026\/03\/1972-Rover-3500-02-768x512.jpg 768w, https:\/\/lunicars.com\/wp-content\/uploads\/2026\/03\/1972-Rover-3500-02-1536x1024.jpg 1536w, https:\/\/lunicars.com\/wp-content\/uploads\/2026\/03\/1972-Rover-3500-02-18x12.jpg 18w\" sizes=\"auto, (max-width: 1620px) 100vw, 1620px\" \/>\t\t\t\t\t\t\t\t<\/a>\n\t\t\t\t\t\t\t\t\t\t\t\t\t\t\t<\/div>\n\t\t\t\t<\/div>\n\t\t\t\t\t<\/div>\n\t\t<\/div>\n\t\t\t\t<div class=\"elementor-column elementor-col-66 elementor-inner-column elementor-element elementor-element-3ef558a\" data-id=\"3ef558a\" data-element_type=\"column\" data-e-type=\"column\">\n\t\t\t<div class=\"elementor-widget-wrap elementor-element-populated\">\n\t\t\t\t\t\t<div class=\"elementor-element elementor-element-67fd592 elementor-widget__width-initial elementor-widget elementor-widget-heading\" data-id=\"67fd592\" data-element_type=\"widget\" data-e-type=\"widget\" data-widget_type=\"heading.default\">\n\t\t\t\t<div class=\"elementor-widget-container\">\n\t\t\t\t\t<div class=\"elementor-heading-title elementor-size-small\">28,000 CHF <\/div>\t\t\t\t<\/div>\n\t\t\t\t<\/div>\n\t\t\t\t<div class=\"elementor-element elementor-element-a4b4a2e elementor-widget elementor-widget-heading\" data-id=\"a4b4a2e\" data-element_type=\"widget\" data-e-type=\"widget\" data-widget_type=\"heading.default\">\n\t\t\t\t<div class=\"elementor-widget-container\">\n\t\t\t\t\t<h1 class=\"elementor-heading-title elementor-size-default\"><a href=\"https:\/\/lunicars.com\/en\/fahrzeuge\/1972-rover-p6-3500\/\">Rover P6 3500 '72<\/a><\/h1>\t\t\t\t<\/div>\n\t\t\t\t<\/div>\n\t\t\t\t<div class=\"elementor-element elementor-element-a977f4a elementor-widget elementor-widget-heading\" data-id=\"a977f4a\" data-element_type=\"widget\" data-e-type=\"widget\" data-widget_type=\"heading.default\">\n\t\t\t\t<div class=\"elementor-widget-container\">\n\t\t\t\t\t<div class=\"elementor-heading-title elementor-size-small\">Eine aufwendig restaurierte Ikone in perfekter Farbkombination und in einmalig gutem Zustand - Souver\u00e4nit\u00e4t mit britischem Ingenieursgeist.<\/div>\t\t\t\t<\/div>\n\t\t\t\t<\/div>\n\t\t\t\t\t<\/div>\n\t\t<\/div>\n\t\t\t\t\t<\/div>\n\t\t<\/section>\n\t\t\t\t<section class=\"elementor-section elementor-inner-section elementor-element elementor-element-6b8b27b elementor-section-content-bottom elementor-section-boxed elementor-section-height-default elementor-section-height-default\" data-id=\"6b8b27b\" data-element_type=\"section\" data-e-type=\"section\">\n\t\t\t\t\t\t<div class=\"elementor-container elementor-column-gap-wider\">\n\t\t\t\t\t<div class=\"elementor-column elementor-col-33 elementor-inner-column elementor-element elementor-element-307d03a\" data-id=\"307d03a\" data-element_type=\"column\" data-e-type=\"column\">\n\t\t\t<div class=\"elementor-widget-wrap elementor-element-populated\">\n\t\t\t\t\t\t<div class=\"elementor-element elementor-element-4327ccf elementor-widget elementor-widget-image\" data-id=\"4327ccf\" data-element_type=\"widget\" data-e-type=\"widget\" data-widget_type=\"image.default\">\n\t\t\t\t<div class=\"elementor-widget-container\">\n\t\t\t\t\t\t\t\t\t\t\t\t\t\t\t\t<a href=\"https:\/\/lunicars.com\/en\/fahrzeuge\/1992-mercedes-benz-190e-2-3\/\">\n\t\t\t\t\t\t\t<img loading=\"lazy\" decoding=\"async\" width=\"1620\" height=\"1080\" src=\"https:\/\/lunicars.com\/wp-content\/uploads\/2026\/03\/1992-Mercedes-Benz-190E-2.3-02.jpg\" class=\"elementor-animation-grow attachment-2048x2048 size-2048x2048 wp-image-47473\" alt=\"\" srcset=\"https:\/\/lunicars.com\/wp-content\/uploads\/2026\/03\/1992-Mercedes-Benz-190E-2.3-02.jpg 1620w, https:\/\/lunicars.com\/wp-content\/uploads\/2026\/03\/1992-Mercedes-Benz-190E-2.3-02-300x200.jpg 300w, https:\/\/lunicars.com\/wp-content\/uploads\/2026\/03\/1992-Mercedes-Benz-190E-2.3-02-1024x683.jpg 1024w, https:\/\/lunicars.com\/wp-content\/uploads\/2026\/03\/1992-Mercedes-Benz-190E-2.3-02-768x512.jpg 768w, https:\/\/lunicars.com\/wp-content\/uploads\/2026\/03\/1992-Mercedes-Benz-190E-2.3-02-1536x1024.jpg 1536w, https:\/\/lunicars.com\/wp-content\/uploads\/2026\/03\/1992-Mercedes-Benz-190E-2.3-02-18x12.jpg 18w\" sizes=\"auto, (max-width: 1620px) 100vw, 1620px\" \/>\t\t\t\t\t\t\t\t<\/a>\n\t\t\t\t\t\t\t\t\t\t\t\t\t\t\t<\/div>\n\t\t\t\t<\/div>\n\t\t\t\t\t<\/div>\n\t\t<\/div>\n\t\t\t\t<div class=\"elementor-column elementor-col-66 elementor-inner-column elementor-element elementor-element-07a241f\" data-id=\"07a241f\" data-element_type=\"column\" data-e-type=\"column\">\n\t\t\t<div class=\"elementor-widget-wrap elementor-element-populated\">\n\t\t\t\t\t\t<div class=\"elementor-element elementor-element-01edd18 elementor-widget__width-initial elementor-widget elementor-widget-heading\" data-id=\"01edd18\" data-element_type=\"widget\" data-e-type=\"widget\" data-widget_type=\"heading.default\">\n\t\t\t\t<div class=\"elementor-widget-container\">\n\t\t\t\t\t<div class=\"elementor-heading-title elementor-size-small\">26'900 CHF <\/div>\t\t\t\t<\/div>\n\t\t\t\t<\/div>\n\t\t\t\t<div class=\"elementor-element elementor-element-536f535 elementor-widget elementor-widget-heading\" data-id=\"536f535\" data-element_type=\"widget\" data-e-type=\"widget\" data-widget_type=\"heading.default\">\n\t\t\t\t<div class=\"elementor-widget-container\">\n\t\t\t\t\t<h1 class=\"elementor-heading-title elementor-size-default\"><a href=\"https:\/\/lunicars.com\/en\/fahrzeuge\/1992-mercedes-benz-190e-2-3\/\">Mercedes-Benz 190E 2.3 '92<\/a><\/h1>\t\t\t\t<\/div>\n\t\t\t\t<\/div>\n\t\t\t\t<div class=\"elementor-element elementor-element-6dcd685 elementor-widget elementor-widget-heading\" data-id=\"6dcd685\" data-element_type=\"widget\" data-e-type=\"widget\" data-widget_type=\"heading.default\">\n\t\t\t\t<div class=\"elementor-widget-container\">\n\t\t\t\t\t<div class=\"elementor-heading-title elementor-size-small\">A baby Benz in exceptional condition - original, honest and with timeless class. In excellent condition all round and well equipped ex works.<\/div>\t\t\t\t<\/div>\n\t\t\t\t<\/div>\n\t\t\t\t\t<\/div>\n\t\t<\/div>\n\t\t\t\t\t<\/div>\n\t\t<\/section>\n\t\t\t\t<section class=\"elementor-section elementor-inner-section elementor-element elementor-element-eda760a elementor-section-content-bottom elementor-section-boxed elementor-section-height-default elementor-section-height-default\" data-id=\"eda760a\" data-element_type=\"section\" data-e-type=\"section\">\n\t\t\t\t\t\t<div class=\"elementor-container elementor-column-gap-wider\">\n\t\t\t\t\t<div class=\"elementor-column elementor-col-33 elementor-inner-column elementor-element elementor-element-d99beae\" data-id=\"d99beae\" data-element_type=\"column\" data-e-type=\"column\">\n\t\t\t<div class=\"elementor-widget-wrap elementor-element-populated\">\n\t\t\t\t\t\t<div class=\"elementor-element elementor-element-793c935 elementor-widget elementor-widget-image\" data-id=\"793c935\" data-element_type=\"widget\" data-e-type=\"widget\" data-widget_type=\"image.default\">\n\t\t\t\t<div class=\"elementor-widget-container\">\n\t\t\t\t\t\t\t\t\t\t\t\t\t\t\t\t<a href=\"https:\/\/lunicars.com\/en\/fahrzeuge\/1950-mercedes-benz-170s\/\">\n\t\t\t\t\t\t\t<img loading=\"lazy\" decoding=\"async\" width=\"1620\" height=\"1080\" src=\"https:\/\/lunicars.com\/wp-content\/uploads\/2026\/03\/1950-Mercedes-Benz-170S-02.jpg\" class=\"elementor-animation-grow attachment-2048x2048 size-2048x2048 wp-image-47414\" alt=\"\" srcset=\"https:\/\/lunicars.com\/wp-content\/uploads\/2026\/03\/1950-Mercedes-Benz-170S-02.jpg 1620w, https:\/\/lunicars.com\/wp-content\/uploads\/2026\/03\/1950-Mercedes-Benz-170S-02-300x200.jpg 300w, https:\/\/lunicars.com\/wp-content\/uploads\/2026\/03\/1950-Mercedes-Benz-170S-02-1024x683.jpg 1024w, https:\/\/lunicars.com\/wp-content\/uploads\/2026\/03\/1950-Mercedes-Benz-170S-02-768x512.jpg 768w, https:\/\/lunicars.com\/wp-content\/uploads\/2026\/03\/1950-Mercedes-Benz-170S-02-1536x1024.jpg 1536w, https:\/\/lunicars.com\/wp-content\/uploads\/2026\/03\/1950-Mercedes-Benz-170S-02-18x12.jpg 18w\" sizes=\"auto, (max-width: 1620px) 100vw, 1620px\" \/>\t\t\t\t\t\t\t\t<\/a>\n\t\t\t\t\t\t\t\t\t\t\t\t\t\t\t<\/div>\n\t\t\t\t<\/div>\n\t\t\t\t\t<\/div>\n\t\t<\/div>\n\t\t\t\t<div class=\"elementor-column elementor-col-66 elementor-inner-column elementor-element elementor-element-c9329b9\" data-id=\"c9329b9\" data-element_type=\"column\" data-e-type=\"column\">\n\t\t\t<div class=\"elementor-widget-wrap elementor-element-populated\">\n\t\t\t\t\t\t<div class=\"elementor-element elementor-element-2f292fb elementor-widget__width-initial elementor-widget elementor-widget-heading\" data-id=\"2f292fb\" data-element_type=\"widget\" data-e-type=\"widget\" data-widget_type=\"heading.default\">\n\t\t\t\t<div class=\"elementor-widget-container\">\n\t\t\t\t\t<div class=\"elementor-heading-title elementor-size-small\">39'000 CHF <\/div>\t\t\t\t<\/div>\n\t\t\t\t<\/div>\n\t\t\t\t<div class=\"elementor-element elementor-element-2edaad2 elementor-widget elementor-widget-heading\" data-id=\"2edaad2\" data-element_type=\"widget\" data-e-type=\"widget\" data-widget_type=\"heading.default\">\n\t\t\t\t<div class=\"elementor-widget-container\">\n\t\t\t\t\t<h1 class=\"elementor-heading-title elementor-size-default\"><a href=\"https:\/\/lunicars.com\/en\/fahrzeuge\/1950-mercedes-benz-170s\/\">Mercedes-Benz 170S '50<\/a><\/h1>\t\t\t\t<\/div>\n\t\t\t\t<\/div>\n\t\t\t\t<div class=\"elementor-element elementor-element-eabf67f elementor-widget elementor-widget-heading\" data-id=\"eabf67f\" data-element_type=\"widget\" data-e-type=\"widget\" data-widget_type=\"heading.default\">\n\t\t\t\t<div class=\"elementor-widget-container\">\n\t\t\t\t\t<div class=\"elementor-heading-title elementor-size-small\">Ein Mercedes, der in der Zeit des Wiederaufbaus Stabilit\u00e4t ausdr\u00fccken sollte. W\u00fcrdevoll, ehrlich und geschichtstr\u00e4chtig.<\/div>\t\t\t\t<\/div>\n\t\t\t\t<\/div>\n\t\t\t\t\t<\/div>\n\t\t<\/div>\n\t\t\t\t\t<\/div>\n\t\t<\/section>\n\t\t\t\t<section class=\"elementor-section elementor-inner-section elementor-element elementor-element-bcf59a4 elementor-section-content-bottom elementor-section-boxed elementor-section-height-default elementor-section-height-default\" data-id=\"bcf59a4\" data-element_type=\"section\" data-e-type=\"section\">\n\t\t\t\t\t\t<div class=\"elementor-container elementor-column-gap-wider\">\n\t\t\t\t\t<div class=\"elementor-column elementor-col-33 elementor-inner-column elementor-element elementor-element-54e3122\" data-id=\"54e3122\" data-element_type=\"column\" data-e-type=\"column\">\n\t\t\t<div class=\"elementor-widget-wrap elementor-element-populated\">\n\t\t\t\t\t\t<div class=\"elementor-element elementor-element-bdfc9c4 elementor-widget elementor-widget-image\" data-id=\"bdfc9c4\" data-element_type=\"widget\" data-e-type=\"widget\" data-widget_type=\"image.default\">\n\t\t\t\t<div class=\"elementor-widget-container\">\n\t\t\t\t\t\t\t\t\t\t\t\t\t\t\t\t<a href=\"https:\/\/lunicars.com\/en\/fahrzeuge\/1949-fiat-500-topolino-c\/\">\n\t\t\t\t\t\t\t<img loading=\"lazy\" decoding=\"async\" width=\"1620\" height=\"1080\" src=\"https:\/\/lunicars.com\/wp-content\/uploads\/2026\/01\/1949-Fiat-500-Topolino-C-02.jpg\" class=\"elementor-animation-grow attachment-2048x2048 size-2048x2048 wp-image-46267\" alt=\"\" srcset=\"https:\/\/lunicars.com\/wp-content\/uploads\/2026\/01\/1949-Fiat-500-Topolino-C-02.jpg 1620w, https:\/\/lunicars.com\/wp-content\/uploads\/2026\/01\/1949-Fiat-500-Topolino-C-02-300x200.jpg 300w, https:\/\/lunicars.com\/wp-content\/uploads\/2026\/01\/1949-Fiat-500-Topolino-C-02-1024x683.jpg 1024w, https:\/\/lunicars.com\/wp-content\/uploads\/2026\/01\/1949-Fiat-500-Topolino-C-02-768x512.jpg 768w, https:\/\/lunicars.com\/wp-content\/uploads\/2026\/01\/1949-Fiat-500-Topolino-C-02-1536x1024.jpg 1536w\" sizes=\"auto, (max-width: 1620px) 100vw, 1620px\" \/>\t\t\t\t\t\t\t\t<\/a>\n\t\t\t\t\t\t\t\t\t\t\t\t\t\t\t<\/div>\n\t\t\t\t<\/div>\n\t\t\t\t\t<\/div>\n\t\t<\/div>\n\t\t\t\t<div class=\"elementor-column elementor-col-66 elementor-inner-column elementor-element elementor-element-61bab62\" data-id=\"61bab62\" data-element_type=\"column\" data-e-type=\"column\">\n\t\t\t<div class=\"elementor-widget-wrap elementor-element-populated\">\n\t\t\t\t\t\t<div class=\"elementor-element elementor-element-f8c11bd elementor-widget__width-initial elementor-widget elementor-widget-heading\" data-id=\"f8c11bd\" data-element_type=\"widget\" data-e-type=\"widget\" data-widget_type=\"heading.default\">\n\t\t\t\t<div class=\"elementor-widget-container\">\n\t\t\t\t\t<div class=\"elementor-heading-title elementor-size-small\">13'900 CHF <\/div>\t\t\t\t<\/div>\n\t\t\t\t<\/div>\n\t\t\t\t<div class=\"elementor-element elementor-element-f4cde72 elementor-widget elementor-widget-heading\" data-id=\"f4cde72\" data-element_type=\"widget\" data-e-type=\"widget\" data-widget_type=\"heading.default\">\n\t\t\t\t<div class=\"elementor-widget-container\">\n\t\t\t\t\t<h1 class=\"elementor-heading-title elementor-size-default\"><a href=\"https:\/\/lunicars.com\/en\/fahrzeuge\/1949-fiat-500-topolino-c\/\">Fiat 500 Topolino C '49<\/a><\/h1>\t\t\t\t<\/div>\n\t\t\t\t<\/div>\n\t\t\t\t<div class=\"elementor-element elementor-element-39f0bf8 elementor-widget elementor-widget-heading\" data-id=\"39f0bf8\" data-element_type=\"widget\" data-e-type=\"widget\" data-widget_type=\"heading.default\">\n\t\t\t\t<div class=\"elementor-widget-container\">\n\t\t\t\t\t<div class=\"elementor-heading-title elementor-size-small\">Small engine, big heart: the Topolino is pure automotive history you can touch and is probably the most likeable therapy chair in the world.<\/div>\t\t\t\t<\/div>\n\t\t\t\t<\/div>\n\t\t\t\t\t<\/div>\n\t\t<\/div>\n\t\t\t\t\t<\/div>\n\t\t<\/section>\n\t\t\t\t<section class=\"elementor-section elementor-inner-section elementor-element elementor-element-97b8507 elementor-section-content-bottom elementor-section-boxed elementor-section-height-default elementor-section-height-default\" data-id=\"97b8507\" data-element_type=\"section\" data-e-type=\"section\">\n\t\t\t\t\t\t<div class=\"elementor-container elementor-column-gap-wider\">\n\t\t\t\t\t<div class=\"elementor-column elementor-col-33 elementor-inner-column elementor-element elementor-element-30124a8\" data-id=\"30124a8\" data-element_type=\"column\" data-e-type=\"column\">\n\t\t\t<div class=\"elementor-widget-wrap elementor-element-populated\">\n\t\t\t\t\t\t<div class=\"elementor-element elementor-element-e2cefea elementor-widget elementor-widget-image\" data-id=\"e2cefea\" data-element_type=\"widget\" data-e-type=\"widget\" data-widget_type=\"image.default\">\n\t\t\t\t<div class=\"elementor-widget-container\">\n\t\t\t\t\t\t\t\t\t\t\t\t\t\t\t\t<a href=\"https:\/\/lunicars.com\/en\/fahrzeuge\/1992-jeep-wrangler-islander-4-0-ho\/\">\n\t\t\t\t\t\t\t<img loading=\"lazy\" decoding=\"async\" width=\"1620\" height=\"1080\" src=\"https:\/\/lunicars.com\/wp-content\/uploads\/2026\/01\/1992-Jeep-Wrangler-4.0-Islander-02.jpg\" class=\"elementor-animation-grow attachment-2048x2048 size-2048x2048 wp-image-46217\" alt=\"\" srcset=\"https:\/\/lunicars.com\/wp-content\/uploads\/2026\/01\/1992-Jeep-Wrangler-4.0-Islander-02.jpg 1620w, https:\/\/lunicars.com\/wp-content\/uploads\/2026\/01\/1992-Jeep-Wrangler-4.0-Islander-02-300x200.jpg 300w, https:\/\/lunicars.com\/wp-content\/uploads\/2026\/01\/1992-Jeep-Wrangler-4.0-Islander-02-1024x683.jpg 1024w, https:\/\/lunicars.com\/wp-content\/uploads\/2026\/01\/1992-Jeep-Wrangler-4.0-Islander-02-768x512.jpg 768w, https:\/\/lunicars.com\/wp-content\/uploads\/2026\/01\/1992-Jeep-Wrangler-4.0-Islander-02-1536x1024.jpg 1536w\" sizes=\"auto, (max-width: 1620px) 100vw, 1620px\" \/>\t\t\t\t\t\t\t\t<\/a>\n\t\t\t\t\t\t\t\t\t\t\t\t\t\t\t<\/div>\n\t\t\t\t<\/div>\n\t\t\t\t\t<\/div>\n\t\t<\/div>\n\t\t\t\t<div class=\"elementor-column elementor-col-66 elementor-inner-column elementor-element elementor-element-38ac336\" data-id=\"38ac336\" data-element_type=\"column\" data-e-type=\"column\">\n\t\t\t<div class=\"elementor-widget-wrap elementor-element-populated\">\n\t\t\t\t\t\t<div class=\"elementor-element elementor-element-3e5e1ea elementor-widget__width-initial elementor-widget elementor-widget-heading\" data-id=\"3e5e1ea\" data-element_type=\"widget\" data-e-type=\"widget\" data-widget_type=\"heading.default\">\n\t\t\t\t<div class=\"elementor-widget-container\">\n\t\t\t\t\t<div class=\"elementor-heading-title elementor-size-small\">14'900 CHF <\/div>\t\t\t\t<\/div>\n\t\t\t\t<\/div>\n\t\t\t\t<div class=\"elementor-element elementor-element-a22bccf elementor-widget elementor-widget-heading\" data-id=\"a22bccf\" data-element_type=\"widget\" data-e-type=\"widget\" data-widget_type=\"heading.default\">\n\t\t\t\t<div class=\"elementor-widget-container\">\n\t\t\t\t\t<h1 class=\"elementor-heading-title elementor-size-default\"><a href=\"https:\/\/lunicars.com\/en\/fahrzeuge\/1992-jeep-wrangler-islander-4-0-ho\/\">Jeep Wrangler Islander 4.0 HO '92<\/a><\/h1>\t\t\t\t<\/div>\n\t\t\t\t<\/div>\n\t\t\t\t<div class=\"elementor-element elementor-element-0d4bee3 elementor-widget elementor-widget-heading\" data-id=\"0d4bee3\" data-element_type=\"widget\" data-e-type=\"widget\" data-widget_type=\"heading.default\">\n\t\t\t\t<div class=\"elementor-widget-container\">\n\t\t\t\t\t<div class=\"elementor-heading-title elementor-size-small\">Honest, raw, and unstoppable: The Jeep Wrangler YJ is comfortless and unfiltered freedom in its rawest form.<\/div>\t\t\t\t<\/div>\n\t\t\t\t<\/div>\n\t\t\t\t\t<\/div>\n\t\t<\/div>\n\t\t\t\t\t<\/div>\n\t\t<\/section>\n\t\t\t\t<section class=\"elementor-section elementor-inner-section elementor-element elementor-element-f71452b elementor-section-content-bottom elementor-section-boxed elementor-section-height-default elementor-section-height-default\" data-id=\"f71452b\" data-element_type=\"section\" data-e-type=\"section\">\n\t\t\t\t\t\t<div class=\"elementor-container elementor-column-gap-wider\">\n\t\t\t\t\t<div class=\"elementor-column elementor-col-33 elementor-inner-column elementor-element elementor-element-ab50cb2\" data-id=\"ab50cb2\" data-element_type=\"column\" data-e-type=\"column\">\n\t\t\t<div class=\"elementor-widget-wrap elementor-element-populated\">\n\t\t\t\t\t\t<div class=\"elementor-element elementor-element-773d9f3 elementor-widget elementor-widget-image\" data-id=\"773d9f3\" data-element_type=\"widget\" data-e-type=\"widget\" data-widget_type=\"image.default\">\n\t\t\t\t<div class=\"elementor-widget-container\">\n\t\t\t\t\t\t\t\t\t\t\t\t\t\t\t\t<a href=\"https:\/\/lunicars.com\/en\/fahrzeuge\/1968-vw-karmann-ghia\/\">\n\t\t\t\t\t\t\t<img loading=\"lazy\" decoding=\"async\" width=\"1225\" height=\"816\" src=\"https:\/\/lunicars.com\/wp-content\/uploads\/2025\/12\/1968-VW-Karmann-Ghia-Typ-14-02.jpg\" class=\"elementor-animation-grow attachment-2048x2048 size-2048x2048 wp-image-46020\" alt=\"\" srcset=\"https:\/\/lunicars.com\/wp-content\/uploads\/2025\/12\/1968-VW-Karmann-Ghia-Typ-14-02.jpg 1225w, https:\/\/lunicars.com\/wp-content\/uploads\/2025\/12\/1968-VW-Karmann-Ghia-Typ-14-02-300x200.jpg 300w, https:\/\/lunicars.com\/wp-content\/uploads\/2025\/12\/1968-VW-Karmann-Ghia-Typ-14-02-1024x682.jpg 1024w, https:\/\/lunicars.com\/wp-content\/uploads\/2025\/12\/1968-VW-Karmann-Ghia-Typ-14-02-768x512.jpg 768w\" sizes=\"auto, (max-width: 1225px) 100vw, 1225px\" \/>\t\t\t\t\t\t\t\t<\/a>\n\t\t\t\t\t\t\t\t\t\t\t\t\t\t\t<\/div>\n\t\t\t\t<\/div>\n\t\t\t\t\t<\/div>\n\t\t<\/div>\n\t\t\t\t<div class=\"elementor-column elementor-col-66 elementor-inner-column elementor-element elementor-element-d67fd18\" data-id=\"d67fd18\" data-element_type=\"column\" data-e-type=\"column\">\n\t\t\t<div class=\"elementor-widget-wrap elementor-element-populated\">\n\t\t\t\t\t\t<div class=\"elementor-element elementor-element-13fbfa2 elementor-widget__width-initial elementor-widget elementor-widget-heading\" data-id=\"13fbfa2\" data-element_type=\"widget\" data-e-type=\"widget\" data-widget_type=\"heading.default\">\n\t\t\t\t<div class=\"elementor-widget-container\">\n\t\t\t\t\t<div class=\"elementor-heading-title elementor-size-small\">24'900 CHF <\/div>\t\t\t\t<\/div>\n\t\t\t\t<\/div>\n\t\t\t\t<div class=\"elementor-element elementor-element-b1657c7 elementor-widget elementor-widget-heading\" data-id=\"b1657c7\" data-element_type=\"widget\" data-e-type=\"widget\" data-widget_type=\"heading.default\">\n\t\t\t\t<div class=\"elementor-widget-container\">\n\t\t\t\t\t<h1 class=\"elementor-heading-title elementor-size-default\"><a href=\"https:\/\/lunicars.com\/en\/fahrzeuge\/1968-vw-karmann-ghia\/\">VW Karmann-Ghia '73<\/a><\/h1>\t\t\t\t<\/div>\n\t\t\t\t<\/div>\n\t\t\t\t<div class=\"elementor-element elementor-element-38785ba elementor-widget elementor-widget-heading\" data-id=\"38785ba\" data-element_type=\"widget\" data-e-type=\"widget\" data-widget_type=\"heading.default\">\n\t\t\t\t<div class=\"elementor-widget-container\">\n\t\t\t\t\t<div class=\"elementor-heading-title elementor-size-small\">Elegante Linien, luftgek\u00fchlter Boxer und ein Hauch italienischer Sportlichkeit \u2013 dieser Karmann-Ghia verbindet Stil mit Fahrspass.<\/div>\t\t\t\t<\/div>\n\t\t\t\t<\/div>\n\t\t\t\t\t<\/div>\n\t\t<\/div>\n\t\t\t\t\t<\/div>\n\t\t<\/section>\n\t\t\t\t<section class=\"elementor-section elementor-inner-section elementor-element elementor-element-9eb52ee elementor-section-content-bottom elementor-section-boxed elementor-section-height-default elementor-section-height-default\" data-id=\"9eb52ee\" data-element_type=\"section\" data-e-type=\"section\">\n\t\t\t\t\t\t<div class=\"elementor-container elementor-column-gap-wider\">\n\t\t\t\t\t<div class=\"elementor-column elementor-col-33 elementor-inner-column elementor-element elementor-element-d3d1796\" data-id=\"d3d1796\" data-element_type=\"column\" data-e-type=\"column\">\n\t\t\t<div class=\"elementor-widget-wrap elementor-element-populated\">\n\t\t\t\t\t\t<div class=\"elementor-element elementor-element-169dc2b elementor-widget elementor-widget-image\" data-id=\"169dc2b\" data-element_type=\"widget\" data-e-type=\"widget\" data-widget_type=\"image.default\">\n\t\t\t\t<div class=\"elementor-widget-container\">\n\t\t\t\t\t\t\t\t\t\t\t\t\t\t\t\t<a href=\"https:\/\/lunicars.com\/en\/fahrzeuge\/1992-mazda-rx-7-turbo-ii\/\">\n\t\t\t\t\t\t\t<img loading=\"lazy\" decoding=\"async\" width=\"1732\" height=\"1155\" src=\"https:\/\/lunicars.com\/wp-content\/uploads\/2025\/05\/1992-Mazda-RX-7-Turbo-II-01.jpg\" class=\"elementor-animation-grow attachment-2048x2048 size-2048x2048 wp-image-43888\" alt=\"\" srcset=\"https:\/\/lunicars.com\/wp-content\/uploads\/2025\/05\/1992-Mazda-RX-7-Turbo-II-01.jpg 1732w, https:\/\/lunicars.com\/wp-content\/uploads\/2025\/05\/1992-Mazda-RX-7-Turbo-II-01-300x200.jpg 300w, https:\/\/lunicars.com\/wp-content\/uploads\/2025\/05\/1992-Mazda-RX-7-Turbo-II-01-1024x683.jpg 1024w, https:\/\/lunicars.com\/wp-content\/uploads\/2025\/05\/1992-Mazda-RX-7-Turbo-II-01-768x512.jpg 768w, https:\/\/lunicars.com\/wp-content\/uploads\/2025\/05\/1992-Mazda-RX-7-Turbo-II-01-1536x1024.jpg 1536w\" sizes=\"auto, (max-width: 1732px) 100vw, 1732px\" \/>\t\t\t\t\t\t\t\t<\/a>\n\t\t\t\t\t\t\t\t\t\t\t\t\t\t\t<\/div>\n\t\t\t\t<\/div>\n\t\t\t\t\t<\/div>\n\t\t<\/div>\n\t\t\t\t<div class=\"elementor-column elementor-col-66 elementor-inner-column elementor-element elementor-element-78f8737\" data-id=\"78f8737\" data-element_type=\"column\" data-e-type=\"column\">\n\t\t\t<div class=\"elementor-widget-wrap elementor-element-populated\">\n\t\t\t\t\t\t<div class=\"elementor-element elementor-element-fa63e92 elementor-widget__width-initial elementor-widget elementor-widget-heading\" data-id=\"fa63e92\" data-element_type=\"widget\" data-e-type=\"widget\" data-widget_type=\"heading.default\">\n\t\t\t\t<div class=\"elementor-widget-container\">\n\t\t\t\t\t<div class=\"elementor-heading-title elementor-size-small\">18'900 CHF <\/div>\t\t\t\t<\/div>\n\t\t\t\t<\/div>\n\t\t\t\t<div class=\"elementor-element elementor-element-665aebc elementor-widget elementor-widget-heading\" data-id=\"665aebc\" data-element_type=\"widget\" data-e-type=\"widget\" data-widget_type=\"heading.default\">\n\t\t\t\t<div class=\"elementor-widget-container\">\n\t\t\t\t\t<h1 class=\"elementor-heading-title elementor-size-default\"><a href=\"https:\/\/lunicars.com\/en\/fahrzeuge\/1992-mazda-rx-7-turbo-ii\/\">Mazda RX-7 Turbo II '92<\/a><\/h1>\t\t\t\t<\/div>\n\t\t\t\t<\/div>\n\t\t\t\t<div class=\"elementor-element elementor-element-55cc379 elementor-widget elementor-widget-heading\" data-id=\"55cc379\" data-element_type=\"widget\" data-e-type=\"widget\" data-widget_type=\"heading.default\">\n\t\t\t\t<div class=\"elementor-widget-container\">\n\t\t\t\t\t<div class=\"elementor-heading-title elementor-size-small\">Kein Kolben, kein Problem \u2013 der RX-7 Turbo II ist ein technischer Underdog mit Kultfaktor. Klappscheinwerfer, Turbolader und rotierende Magie aus Japan. Wer f\u00e4hrt, versteht.<\/div>\t\t\t\t<\/div>\n\t\t\t\t<\/div>\n\t\t\t\t\t<\/div>\n\t\t<\/div>\n\t\t\t\t\t<\/div>\n\t\t<\/section>\n\t\t\t\t<section class=\"elementor-section elementor-inner-section elementor-element elementor-element-d5b816e elementor-section-content-bottom elementor-section-boxed elementor-section-height-default elementor-section-height-default\" data-id=\"d5b816e\" data-element_type=\"section\" data-e-type=\"section\">\n\t\t\t\t\t\t<div class=\"elementor-container elementor-column-gap-wider\">\n\t\t\t\t\t<div class=\"elementor-column elementor-col-33 elementor-inner-column elementor-element elementor-element-5935242\" data-id=\"5935242\" data-element_type=\"column\" data-e-type=\"column\">\n\t\t\t<div class=\"elementor-widget-wrap elementor-element-populated\">\n\t\t\t\t\t\t<div class=\"elementor-element elementor-element-e1e164d elementor-widget elementor-widget-image\" data-id=\"e1e164d\" data-element_type=\"widget\" data-e-type=\"widget\" data-widget_type=\"image.default\">\n\t\t\t\t<div class=\"elementor-widget-container\">\n\t\t\t\t\t\t\t\t\t\t\t\t\t\t\t\t<a href=\"https:\/\/lunicars.com\/en\/fahrzeuge\/1948-daimler-db18-saloon\/\">\n\t\t\t\t\t\t\t<img loading=\"lazy\" decoding=\"async\" width=\"2048\" height=\"1366\" src=\"https:\/\/lunicars.com\/wp-content\/uploads\/2024\/07\/1948-Daimler-DB18-Saloon-01-2048x1366.jpg\" class=\"elementor-animation-grow attachment-2048x2048 size-2048x2048 wp-image-41082\" alt=\"\" srcset=\"https:\/\/lunicars.com\/wp-content\/uploads\/2024\/07\/1948-Daimler-DB18-Saloon-01-2048x1366.jpg 2048w, https:\/\/lunicars.com\/wp-content\/uploads\/2024\/07\/1948-Daimler-DB18-Saloon-01-300x200.jpg 300w, https:\/\/lunicars.com\/wp-content\/uploads\/2024\/07\/1948-Daimler-DB18-Saloon-01-1024x683.jpg 1024w, https:\/\/lunicars.com\/wp-content\/uploads\/2024\/07\/1948-Daimler-DB18-Saloon-01-768x512.jpg 768w, https:\/\/lunicars.com\/wp-content\/uploads\/2024\/07\/1948-Daimler-DB18-Saloon-01-1536x1024.jpg 1536w\" sizes=\"auto, (max-width: 2048px) 100vw, 2048px\" \/>\t\t\t\t\t\t\t\t<\/a>\n\t\t\t\t\t\t\t\t\t\t\t\t\t\t\t<\/div>\n\t\t\t\t<\/div>\n\t\t\t\t\t<\/div>\n\t\t<\/div>\n\t\t\t\t<div class=\"elementor-column elementor-col-66 elementor-inner-column elementor-element elementor-element-e70e80b\" data-id=\"e70e80b\" data-element_type=\"column\" data-e-type=\"column\">\n\t\t\t<div class=\"elementor-widget-wrap elementor-element-populated\">\n\t\t\t\t\t\t<div class=\"elementor-element elementor-element-d8d171b elementor-widget__width-initial elementor-widget elementor-widget-heading\" data-id=\"d8d171b\" data-element_type=\"widget\" data-e-type=\"widget\" data-widget_type=\"heading.default\">\n\t\t\t\t<div class=\"elementor-widget-container\">\n\t\t\t\t\t<div class=\"elementor-heading-title elementor-size-small\">35'000 CHF <\/div>\t\t\t\t<\/div>\n\t\t\t\t<\/div>\n\t\t\t\t<div class=\"elementor-element elementor-element-49367ce elementor-widget elementor-widget-heading\" data-id=\"49367ce\" data-element_type=\"widget\" data-e-type=\"widget\" data-widget_type=\"heading.default\">\n\t\t\t\t<div class=\"elementor-widget-container\">\n\t\t\t\t\t<h1 class=\"elementor-heading-title elementor-size-default\"><a href=\"https:\/\/lunicars.com\/en\/fahrzeuge\/1948-daimler-db18-saloon\/\">Daimler DB18 Saloon '48<\/a><\/h1>\t\t\t\t<\/div>\n\t\t\t\t<\/div>\n\t\t\t\t<div class=\"elementor-element elementor-element-df4f229 elementor-widget elementor-widget-heading\" data-id=\"df4f229\" data-element_type=\"widget\" data-e-type=\"widget\" data-widget_type=\"heading.default\">\n\t\t\t\t<div class=\"elementor-widget-container\">\n\t\t\t\t\t<div class=\"elementor-heading-title elementor-size-small\">A masterpiece of British automotive history, which bears witness to the elegance, luxury and technical sophistication of the time.<\/div>\t\t\t\t<\/div>\n\t\t\t\t<\/div>\n\t\t\t\t\t<\/div>\n\t\t<\/div>\n\t\t\t\t\t<\/div>\n\t\t<\/section>\n\t\t\t\t<section class=\"elementor-section elementor-inner-section elementor-element elementor-element-1953b04 elementor-section-content-bottom elementor-section-boxed elementor-section-height-default elementor-section-height-default\" data-id=\"1953b04\" data-element_type=\"section\" data-e-type=\"section\">\n\t\t\t\t\t\t<div class=\"elementor-container elementor-column-gap-wider\">\n\t\t\t\t\t<div class=\"elementor-column elementor-col-33 elementor-inner-column elementor-element elementor-element-1ae1abe\" data-id=\"1ae1abe\" data-element_type=\"column\" data-e-type=\"column\">\n\t\t\t<div class=\"elementor-widget-wrap elementor-element-populated\">\n\t\t\t\t\t\t<div class=\"elementor-element elementor-element-d11cee6 elementor-widget elementor-widget-image\" data-id=\"d11cee6\" data-element_type=\"widget\" data-e-type=\"widget\" data-widget_type=\"image.default\">\n\t\t\t\t<div class=\"elementor-widget-container\">\n\t\t\t\t\t\t\t\t\t\t\t\t\t\t\t\t<a href=\"https:\/\/lunicars.com\/en\/fahrzeuge\/1993-gmc-typhoon\/\">\n\t\t\t\t\t\t\t<img loading=\"lazy\" decoding=\"async\" width=\"1620\" height=\"1080\" src=\"https:\/\/lunicars.com\/wp-content\/uploads\/2026\/01\/1993-GMC-Typhoon-02.jpg\" class=\"elementor-animation-grow attachment-2048x2048 size-2048x2048 wp-image-46162\" alt=\"\" srcset=\"https:\/\/lunicars.com\/wp-content\/uploads\/2026\/01\/1993-GMC-Typhoon-02.jpg 1620w, https:\/\/lunicars.com\/wp-content\/uploads\/2026\/01\/1993-GMC-Typhoon-02-300x200.jpg 300w, https:\/\/lunicars.com\/wp-content\/uploads\/2026\/01\/1993-GMC-Typhoon-02-1024x683.jpg 1024w, https:\/\/lunicars.com\/wp-content\/uploads\/2026\/01\/1993-GMC-Typhoon-02-768x512.jpg 768w, https:\/\/lunicars.com\/wp-content\/uploads\/2026\/01\/1993-GMC-Typhoon-02-1536x1024.jpg 1536w\" sizes=\"auto, (max-width: 1620px) 100vw, 1620px\" \/>\t\t\t\t\t\t\t\t<\/a>\n\t\t\t\t\t\t\t\t\t\t\t\t\t\t\t<\/div>\n\t\t\t\t<\/div>\n\t\t\t\t\t<\/div>\n\t\t<\/div>\n\t\t\t\t<div class=\"elementor-column elementor-col-66 elementor-inner-column elementor-element elementor-element-865b832\" data-id=\"865b832\" data-element_type=\"column\" data-e-type=\"column\">\n\t\t\t<div class=\"elementor-widget-wrap elementor-element-populated\">\n\t\t\t\t\t\t<div class=\"elementor-element elementor-element-f6e4b58 elementor-widget__width-initial elementor-widget elementor-widget-heading\" data-id=\"f6e4b58\" data-element_type=\"widget\" data-e-type=\"widget\" data-widget_type=\"heading.default\">\n\t\t\t\t<div class=\"elementor-widget-container\">\n\t\t\t\t\t<div class=\"elementor-heading-title elementor-size-small\">18'900 CHF <\/div>\t\t\t\t<\/div>\n\t\t\t\t<\/div>\n\t\t\t\t<div class=\"elementor-element elementor-element-ba890b7 elementor-widget elementor-widget-heading\" data-id=\"ba890b7\" data-element_type=\"widget\" data-e-type=\"widget\" data-widget_type=\"heading.default\">\n\t\t\t\t<div class=\"elementor-widget-container\">\n\t\t\t\t\t<h1 class=\"elementor-heading-title elementor-size-default\"><a href=\"https:\/\/lunicars.com\/en\/fahrzeuge\/1993-gmc-typhoon\/\">GMC Typhoon '93<\/a><\/h1>\t\t\t\t<\/div>\n\t\t\t\t<\/div>\n\t\t\t\t<div class=\"elementor-element elementor-element-4f3db29 elementor-widget elementor-widget-heading\" data-id=\"4f3db29\" data-element_type=\"widget\" data-e-type=\"widget\" data-widget_type=\"heading.default\">\n\t\t\t\t<div class=\"elementor-widget-container\">\n\t\t\t\t\t<div class=\"elementor-heading-title elementor-size-small\">Bevor Performance-SUVs ein Trend wurden, gab es den Typhoon. Turbo, Intercooler, Allrad und brutale 90er-Attit\u00fcde.<\/div>\t\t\t\t<\/div>\n\t\t\t\t<\/div>\n\t\t\t\t\t<\/div>\n\t\t<\/div>\n\t\t\t\t\t<\/div>\n\t\t<\/section>\n\t\t\t\t<section class=\"elementor-section elementor-inner-section elementor-element elementor-element-ad0c438 elementor-section-content-bottom elementor-section-boxed elementor-section-height-default elementor-section-height-default\" data-id=\"ad0c438\" data-element_type=\"section\" data-e-type=\"section\">\n\t\t\t\t\t\t<div class=\"elementor-container elementor-column-gap-wider\">\n\t\t\t\t\t<div class=\"elementor-column elementor-col-33 elementor-inner-column elementor-element elementor-element-7b1d961\" data-id=\"7b1d961\" data-element_type=\"column\" data-e-type=\"column\">\n\t\t\t<div class=\"elementor-widget-wrap elementor-element-populated\">\n\t\t\t\t\t\t<div class=\"elementor-element elementor-element-c30c502 elementor-widget elementor-widget-image\" data-id=\"c30c502\" data-element_type=\"widget\" data-e-type=\"widget\" data-widget_type=\"image.default\">\n\t\t\t\t<div class=\"elementor-widget-container\">\n\t\t\t\t\t\t\t\t\t\t\t\t\t\t\t\t<a href=\"https:\/\/lunicars.com\/en\/fahrzeuge\/1964-abarth-850-t-c\/\">\n\t\t\t\t\t\t\t<img loading=\"lazy\" decoding=\"async\" width=\"1620\" height=\"1080\" src=\"https:\/\/lunicars.com\/wp-content\/uploads\/2025\/10\/1964-Abarth-850-T.C.-02.jpg\" class=\"elementor-animation-grow attachment-2048x2048 size-2048x2048 wp-image-45138\" alt=\"\" srcset=\"https:\/\/lunicars.com\/wp-content\/uploads\/2025\/10\/1964-Abarth-850-T.C.-02.jpg 1620w, https:\/\/lunicars.com\/wp-content\/uploads\/2025\/10\/1964-Abarth-850-T.C.-02-300x200.jpg 300w, https:\/\/lunicars.com\/wp-content\/uploads\/2025\/10\/1964-Abarth-850-T.C.-02-1024x683.jpg 1024w, https:\/\/lunicars.com\/wp-content\/uploads\/2025\/10\/1964-Abarth-850-T.C.-02-768x512.jpg 768w, https:\/\/lunicars.com\/wp-content\/uploads\/2025\/10\/1964-Abarth-850-T.C.-02-1536x1024.jpg 1536w\" sizes=\"auto, (max-width: 1620px) 100vw, 1620px\" \/>\t\t\t\t\t\t\t\t<\/a>\n\t\t\t\t\t\t\t\t\t\t\t\t\t\t\t<\/div>\n\t\t\t\t<\/div>\n\t\t\t\t\t<\/div>\n\t\t<\/div>\n\t\t\t\t<div class=\"elementor-column elementor-col-66 elementor-inner-column elementor-element elementor-element-926d765\" data-id=\"926d765\" data-element_type=\"column\" data-e-type=\"column\">\n\t\t\t<div class=\"elementor-widget-wrap elementor-element-populated\">\n\t\t\t\t\t\t<div class=\"elementor-element elementor-element-6580586 elementor-widget__width-initial elementor-widget elementor-widget-heading\" data-id=\"6580586\" data-element_type=\"widget\" data-e-type=\"widget\" data-widget_type=\"heading.default\">\n\t\t\t\t<div class=\"elementor-widget-container\">\n\t\t\t\t\t<div class=\"elementor-heading-title elementor-size-small\">69'000 CHF <\/div>\t\t\t\t<\/div>\n\t\t\t\t<\/div>\n\t\t\t\t<div class=\"elementor-element elementor-element-afc7d0b elementor-widget elementor-widget-heading\" data-id=\"afc7d0b\" data-element_type=\"widget\" data-e-type=\"widget\" data-widget_type=\"heading.default\">\n\t\t\t\t<div class=\"elementor-widget-container\">\n\t\t\t\t\t<h1 class=\"elementor-heading-title elementor-size-default\"><a href=\"https:\/\/lunicars.com\/en\/fahrzeuge\/1964-abarth-850-t-c\/\">Abarth 850 T.C. N\u00fcrburgring '64<\/a><\/h1>\t\t\t\t<\/div>\n\t\t\t\t<\/div>\n\t\t\t\t<div class=\"elementor-element elementor-element-eb41b04 elementor-widget elementor-widget-heading\" data-id=\"eb41b04\" data-element_type=\"widget\" data-e-type=\"widget\" data-widget_type=\"heading.default\">\n\t\t\t\t<div class=\"elementor-widget-container\">\n\t\t\t\t\t<div class=\"elementor-heading-title elementor-size-small\">Small engine, big myth: the Abarth 850 T.C. is pure passion in David-versus-Goliath format.<\/div>\t\t\t\t<\/div>\n\t\t\t\t<\/div>\n\t\t\t\t\t<\/div>\n\t\t<\/div>\n\t\t\t\t\t<\/div>\n\t\t<\/section>\n\t\t\t\t<section class=\"elementor-section elementor-inner-section elementor-element elementor-element-5fa906b elementor-section-content-bottom elementor-section-boxed elementor-section-height-default elementor-section-height-default\" data-id=\"5fa906b\" data-element_type=\"section\" data-e-type=\"section\">\n\t\t\t\t\t\t<div class=\"elementor-container elementor-column-gap-wider\">\n\t\t\t\t\t<div class=\"elementor-column elementor-col-33 elementor-inner-column elementor-element elementor-element-eaac997\" data-id=\"eaac997\" data-element_type=\"column\" data-e-type=\"column\">\n\t\t\t<div class=\"elementor-widget-wrap elementor-element-populated\">\n\t\t\t\t\t\t<div class=\"elementor-element elementor-element-1998b75 elementor-widget elementor-widget-image\" data-id=\"1998b75\" data-element_type=\"widget\" data-e-type=\"widget\" data-widget_type=\"image.default\">\n\t\t\t\t<div class=\"elementor-widget-container\">\n\t\t\t\t\t\t\t\t\t\t\t\t\t\t\t\t<a href=\"https:\/\/lunicars.com\/en\/fahrzeuge\/1969-triumph-gt6\/\">\n\t\t\t\t\t\t\t<img loading=\"lazy\" decoding=\"async\" width=\"1620\" height=\"1080\" src=\"https:\/\/lunicars.com\/wp-content\/uploads\/2025\/08\/1969-Triumph-GT6-03.jpg\" class=\"elementor-animation-grow attachment-2048x2048 size-2048x2048 wp-image-44819\" alt=\"\" srcset=\"https:\/\/lunicars.com\/wp-content\/uploads\/2025\/08\/1969-Triumph-GT6-03.jpg 1620w, https:\/\/lunicars.com\/wp-content\/uploads\/2025\/08\/1969-Triumph-GT6-03-300x200.jpg 300w, https:\/\/lunicars.com\/wp-content\/uploads\/2025\/08\/1969-Triumph-GT6-03-1024x683.jpg 1024w, https:\/\/lunicars.com\/wp-content\/uploads\/2025\/08\/1969-Triumph-GT6-03-768x512.jpg 768w, https:\/\/lunicars.com\/wp-content\/uploads\/2025\/08\/1969-Triumph-GT6-03-1536x1024.jpg 1536w\" sizes=\"auto, (max-width: 1620px) 100vw, 1620px\" \/>\t\t\t\t\t\t\t\t<\/a>\n\t\t\t\t\t\t\t\t\t\t\t\t\t\t\t<\/div>\n\t\t\t\t<\/div>\n\t\t\t\t\t<\/div>\n\t\t<\/div>\n\t\t\t\t<div class=\"elementor-column elementor-col-66 elementor-inner-column elementor-element elementor-element-7cc2ed1\" data-id=\"7cc2ed1\" data-element_type=\"column\" data-e-type=\"column\">\n\t\t\t<div class=\"elementor-widget-wrap elementor-element-populated\">\n\t\t\t\t\t\t<div class=\"elementor-element elementor-element-1358c0e elementor-widget__width-initial elementor-widget elementor-widget-heading\" data-id=\"1358c0e\" data-element_type=\"widget\" data-e-type=\"widget\" data-widget_type=\"heading.default\">\n\t\t\t\t<div class=\"elementor-widget-container\">\n\t\t\t\t\t<div class=\"elementor-heading-title elementor-size-small\">29'900 CHF <\/div>\t\t\t\t<\/div>\n\t\t\t\t<\/div>\n\t\t\t\t<div class=\"elementor-element elementor-element-61ab9e1 elementor-widget elementor-widget-heading\" data-id=\"61ab9e1\" data-element_type=\"widget\" data-e-type=\"widget\" data-widget_type=\"heading.default\">\n\t\t\t\t<div class=\"elementor-widget-container\">\n\t\t\t\t\t<h1 class=\"elementor-heading-title elementor-size-default\"><a href=\"https:\/\/lunicars.com\/en\/fahrzeuge\/1969-triumph-gt6\/\">Triumph GT6 Mk II '69<\/a><\/h1>\t\t\t\t<\/div>\n\t\t\t\t<\/div>\n\t\t\t\t<div class=\"elementor-element elementor-element-73471c0 elementor-widget elementor-widget-heading\" data-id=\"73471c0\" data-element_type=\"widget\" data-e-type=\"widget\" data-widget_type=\"heading.default\">\n\t\t\t\t<div class=\"elementor-widget-container\">\n\t\t\t\t\t<div class=\"elementor-heading-title elementor-size-small\">Reihensechser, Fastback-Karosserie und britischer Sportsgeist: Der Triumph GT6 ist die Coup\u00e9-Variante f\u00fcr Fahrer mit Stil \u2013 und Ohr f\u00fcr kernigen Sound.<\/div>\t\t\t\t<\/div>\n\t\t\t\t<\/div>\n\t\t\t\t\t<\/div>\n\t\t<\/div>\n\t\t\t\t\t<\/div>\n\t\t<\/section>\n\t\t\t\t<section class=\"elementor-section elementor-inner-section elementor-element elementor-element-988fdf6 elementor-section-content-bottom elementor-section-boxed elementor-section-height-default elementor-section-height-default\" data-id=\"988fdf6\" data-element_type=\"section\" data-e-type=\"section\">\n\t\t\t\t\t\t<div class=\"elementor-container elementor-column-gap-wider\">\n\t\t\t\t\t<div class=\"elementor-column elementor-col-33 elementor-inner-column elementor-element elementor-element-7981211\" data-id=\"7981211\" data-element_type=\"column\" data-e-type=\"column\">\n\t\t\t<div class=\"elementor-widget-wrap elementor-element-populated\">\n\t\t\t\t\t\t<div class=\"elementor-element elementor-element-dabfac6 elementor-widget elementor-widget-image\" data-id=\"dabfac6\" data-element_type=\"widget\" data-e-type=\"widget\" data-widget_type=\"image.default\">\n\t\t\t\t<div class=\"elementor-widget-container\">\n\t\t\t\t\t\t\t\t\t\t\t\t\t\t\t\t<a href=\"https:\/\/lunicars.com\/en\/fahrzeuge\/1979-vw-golf-i-cabrio-kamei\/\">\n\t\t\t\t\t\t\t<img loading=\"lazy\" decoding=\"async\" width=\"1440\" height=\"1080\" src=\"https:\/\/lunicars.com\/wp-content\/uploads\/2025\/10\/1979-VW-Golf-I-Cabrio-Kamei-03.jpg\" class=\"elementor-animation-grow attachment-2048x2048 size-2048x2048 wp-image-45504\" alt=\"\" srcset=\"https:\/\/lunicars.com\/wp-content\/uploads\/2025\/10\/1979-VW-Golf-I-Cabrio-Kamei-03.jpg 1440w, https:\/\/lunicars.com\/wp-content\/uploads\/2025\/10\/1979-VW-Golf-I-Cabrio-Kamei-03-300x225.jpg 300w, https:\/\/lunicars.com\/wp-content\/uploads\/2025\/10\/1979-VW-Golf-I-Cabrio-Kamei-03-1024x768.jpg 1024w, https:\/\/lunicars.com\/wp-content\/uploads\/2025\/10\/1979-VW-Golf-I-Cabrio-Kamei-03-768x576.jpg 768w\" sizes=\"auto, (max-width: 1440px) 100vw, 1440px\" \/>\t\t\t\t\t\t\t\t<\/a>\n\t\t\t\t\t\t\t\t\t\t\t\t\t\t\t<\/div>\n\t\t\t\t<\/div>\n\t\t\t\t\t<\/div>\n\t\t<\/div>\n\t\t\t\t<div class=\"elementor-column elementor-col-66 elementor-inner-column elementor-element elementor-element-2619fcf\" data-id=\"2619fcf\" data-element_type=\"column\" data-e-type=\"column\">\n\t\t\t<div class=\"elementor-widget-wrap elementor-element-populated\">\n\t\t\t\t\t\t<div class=\"elementor-element elementor-element-e682103 elementor-widget__width-initial elementor-widget elementor-widget-heading\" data-id=\"e682103\" data-element_type=\"widget\" data-e-type=\"widget\" data-widget_type=\"heading.default\">\n\t\t\t\t<div class=\"elementor-widget-container\">\n\t\t\t\t\t<div class=\"elementor-heading-title elementor-size-small\">15'900 CHF <\/div>\t\t\t\t<\/div>\n\t\t\t\t<\/div>\n\t\t\t\t<div class=\"elementor-element elementor-element-b20950e elementor-widget elementor-widget-heading\" data-id=\"b20950e\" data-element_type=\"widget\" data-e-type=\"widget\" data-widget_type=\"heading.default\">\n\t\t\t\t<div class=\"elementor-widget-container\">\n\t\t\t\t\t<h1 class=\"elementor-heading-title elementor-size-default\"><a href=\"https:\/\/lunicars.com\/en\/fahrzeuge\/1979-vw-golf-i-cabrio-kamei\/\">VW Golf I Cabrio \"Kamei\" '79<\/a><\/h1>\t\t\t\t<\/div>\n\t\t\t\t<\/div>\n\t\t\t\t<div class=\"elementor-element elementor-element-5d0dcc1 elementor-widget elementor-widget-heading\" data-id=\"5d0dcc1\" data-element_type=\"widget\" data-e-type=\"widget\" data-widget_type=\"heading.default\">\n\t\t\t\t<div class=\"elementor-widget-container\">\n\t\t\t\t\t<div class=\"elementor-heading-title elementor-size-small\">Gr\u00fcn, kantig, kultig \u2013 dieser Golf 1 in Tahitean Green mit zeitgem\u00e4ssem Kamei-Kit ist pure 70er-Jahre-Attit\u00fcde auf vier R\u00e4dern.<\/div>\t\t\t\t<\/div>\n\t\t\t\t<\/div>\n\t\t\t\t\t<\/div>\n\t\t<\/div>\n\t\t\t\t\t<\/div>\n\t\t<\/section>\n\t\t\t\t<section class=\"elementor-section elementor-inner-section elementor-element elementor-element-a081903 elementor-section-content-bottom elementor-section-boxed elementor-section-height-default elementor-section-height-default\" data-id=\"a081903\" data-element_type=\"section\" data-e-type=\"section\">\n\t\t\t\t\t\t<div class=\"elementor-container elementor-column-gap-wider\">\n\t\t\t\t\t<div class=\"elementor-column elementor-col-33 elementor-inner-column elementor-element elementor-element-07b60df\" data-id=\"07b60df\" data-element_type=\"column\" data-e-type=\"column\">\n\t\t\t<div class=\"elementor-widget-wrap elementor-element-populated\">\n\t\t\t\t\t\t<div class=\"elementor-element elementor-element-85acf84 elementor-widget elementor-widget-image\" data-id=\"85acf84\" data-element_type=\"widget\" data-e-type=\"widget\" data-widget_type=\"image.default\">\n\t\t\t\t<div class=\"elementor-widget-container\">\n\t\t\t\t\t\t\t\t\t\t\t\t\t\t\t\t<a href=\"https:\/\/lunicars.com\/en\/fahrzeuge\/1968-chevrolet-c10-stepside\/\">\n\t\t\t\t\t\t\t<img loading=\"lazy\" decoding=\"async\" width=\"1620\" height=\"1080\" src=\"https:\/\/lunicars.com\/wp-content\/uploads\/2025\/10\/1968-Chevrolet-C10-Stepside.-01.jpg\" class=\"elementor-animation-grow attachment-2048x2048 size-2048x2048 wp-image-45389\" alt=\"\" srcset=\"https:\/\/lunicars.com\/wp-content\/uploads\/2025\/10\/1968-Chevrolet-C10-Stepside.-01.jpg 1620w, https:\/\/lunicars.com\/wp-content\/uploads\/2025\/10\/1968-Chevrolet-C10-Stepside.-01-300x200.jpg 300w, https:\/\/lunicars.com\/wp-content\/uploads\/2025\/10\/1968-Chevrolet-C10-Stepside.-01-1024x683.jpg 1024w, https:\/\/lunicars.com\/wp-content\/uploads\/2025\/10\/1968-Chevrolet-C10-Stepside.-01-768x512.jpg 768w, https:\/\/lunicars.com\/wp-content\/uploads\/2025\/10\/1968-Chevrolet-C10-Stepside.-01-1536x1024.jpg 1536w\" sizes=\"auto, (max-width: 1620px) 100vw, 1620px\" \/>\t\t\t\t\t\t\t\t<\/a>\n\t\t\t\t\t\t\t\t\t\t\t\t\t\t\t<\/div>\n\t\t\t\t<\/div>\n\t\t\t\t\t<\/div>\n\t\t<\/div>\n\t\t\t\t<div class=\"elementor-column elementor-col-66 elementor-inner-column elementor-element elementor-element-ada5705\" data-id=\"ada5705\" data-element_type=\"column\" data-e-type=\"column\">\n\t\t\t<div class=\"elementor-widget-wrap elementor-element-populated\">\n\t\t\t\t\t\t<div class=\"elementor-element elementor-element-e3944d9 elementor-widget__width-initial elementor-widget elementor-widget-heading\" data-id=\"e3944d9\" data-element_type=\"widget\" data-e-type=\"widget\" data-widget_type=\"heading.default\">\n\t\t\t\t<div class=\"elementor-widget-container\">\n\t\t\t\t\t<div class=\"elementor-heading-title elementor-size-small\">39'000 CHF <\/div>\t\t\t\t<\/div>\n\t\t\t\t<\/div>\n\t\t\t\t<div class=\"elementor-element elementor-element-53513c3 elementor-widget elementor-widget-heading\" data-id=\"53513c3\" data-element_type=\"widget\" data-e-type=\"widget\" data-widget_type=\"heading.default\">\n\t\t\t\t<div class=\"elementor-widget-container\">\n\t\t\t\t\t<h1 class=\"elementor-heading-title elementor-size-default\"><a href=\"https:\/\/lunicars.com\/en\/fahrzeuge\/1968-chevrolet-c10-stepside\/\">Chevrolet C10 Custom pickup '68<\/a><\/h1>\t\t\t\t<\/div>\n\t\t\t\t<\/div>\n\t\t\t\t<div class=\"elementor-element elementor-element-51c18fc elementor-widget elementor-widget-heading\" data-id=\"51c18fc\" data-element_type=\"widget\" data-e-type=\"widget\" data-widget_type=\"heading.default\">\n\t\t\t\t<div class=\"elementor-widget-container\">\n\t\t\t\t\t<div class=\"elementor-heading-title elementor-size-small\">US-Custom in Pickup-Form \u2013 Dieser Chevy C10 Stepside mit 383er Stroker und Power ohne Ende liefert zuverl\u00e4ssig G\u00fcter und Freude im \u00dcbermass.<\/div>\t\t\t\t<\/div>\n\t\t\t\t<\/div>\n\t\t\t\t\t<\/div>\n\t\t<\/div>\n\t\t\t\t\t<\/div>\n\t\t<\/section>\n\t\t\t\t<section class=\"elementor-section elementor-inner-section elementor-element elementor-element-9c536ee elementor-section-content-bottom elementor-section-boxed elementor-section-height-default elementor-section-height-default\" data-id=\"9c536ee\" data-element_type=\"section\" data-e-type=\"section\">\n\t\t\t\t\t\t<div class=\"elementor-container elementor-column-gap-wider\">\n\t\t\t\t\t<div class=\"elementor-column elementor-col-33 elementor-inner-column elementor-element elementor-element-f2e5846\" data-id=\"f2e5846\" data-element_type=\"column\" data-e-type=\"column\">\n\t\t\t<div class=\"elementor-widget-wrap elementor-element-populated\">\n\t\t\t\t\t\t<div class=\"elementor-element elementor-element-44c9085 elementor-widget elementor-widget-image\" data-id=\"44c9085\" data-element_type=\"widget\" data-e-type=\"widget\" data-widget_type=\"image.default\">\n\t\t\t\t<div class=\"elementor-widget-container\">\n\t\t\t\t\t\t\t\t\t\t\t\t\t\t\t\t<a href=\"https:\/\/lunicars.com\/en\/fahrzeuge\/1962-chevrolet-corvette-c1-2\/\">\n\t\t\t\t\t\t\t<img loading=\"lazy\" decoding=\"async\" width=\"1620\" height=\"1080\" src=\"https:\/\/lunicars.com\/wp-content\/uploads\/2025\/07\/1962-Chevrolet-Corvette-C1-01.jpg\" class=\"elementor-animation-grow attachment-2048x2048 size-2048x2048 wp-image-44369\" alt=\"\" srcset=\"https:\/\/lunicars.com\/wp-content\/uploads\/2025\/07\/1962-Chevrolet-Corvette-C1-01.jpg 1620w, https:\/\/lunicars.com\/wp-content\/uploads\/2025\/07\/1962-Chevrolet-Corvette-C1-01-300x200.jpg 300w, https:\/\/lunicars.com\/wp-content\/uploads\/2025\/07\/1962-Chevrolet-Corvette-C1-01-1024x683.jpg 1024w, https:\/\/lunicars.com\/wp-content\/uploads\/2025\/07\/1962-Chevrolet-Corvette-C1-01-768x512.jpg 768w, https:\/\/lunicars.com\/wp-content\/uploads\/2025\/07\/1962-Chevrolet-Corvette-C1-01-1536x1024.jpg 1536w\" sizes=\"auto, (max-width: 1620px) 100vw, 1620px\" \/>\t\t\t\t\t\t\t\t<\/a>\n\t\t\t\t\t\t\t\t\t\t\t\t\t\t\t<\/div>\n\t\t\t\t<\/div>\n\t\t\t\t\t<\/div>\n\t\t<\/div>\n\t\t\t\t<div class=\"elementor-column elementor-col-66 elementor-inner-column elementor-element elementor-element-4f93aff\" data-id=\"4f93aff\" data-element_type=\"column\" data-e-type=\"column\">\n\t\t\t<div class=\"elementor-widget-wrap elementor-element-populated\">\n\t\t\t\t\t\t<div class=\"elementor-element elementor-element-653b3cd elementor-widget__width-initial elementor-widget elementor-widget-heading\" data-id=\"653b3cd\" data-element_type=\"widget\" data-e-type=\"widget\" data-widget_type=\"heading.default\">\n\t\t\t\t<div class=\"elementor-widget-container\">\n\t\t\t\t\t<div class=\"elementor-heading-title elementor-size-small\">150,000 CHF <\/div>\t\t\t\t<\/div>\n\t\t\t\t<\/div>\n\t\t\t\t<div class=\"elementor-element elementor-element-873b5f5 elementor-widget elementor-widget-heading\" data-id=\"873b5f5\" data-element_type=\"widget\" data-e-type=\"widget\" data-widget_type=\"heading.default\">\n\t\t\t\t<div class=\"elementor-widget-container\">\n\t\t\t\t\t<h1 class=\"elementor-heading-title elementor-size-default\"><a href=\"https:\/\/lunicars.com\/en\/fahrzeuge\/1962-chevrolet-corvette-c1-2\/\">Chevrolet Corvette C1 '62<\/a><\/h1>\t\t\t\t<\/div>\n\t\t\t\t<\/div>\n\t\t\t\t<div class=\"elementor-element elementor-element-7ef2973 elementor-widget elementor-widget-heading\" data-id=\"7ef2973\" data-element_type=\"widget\" data-e-type=\"widget\" data-widget_type=\"heading.default\">\n\t\t\t\t<div class=\"elementor-widget-container\">\n\t\t\t\t\t<div class=\"elementor-heading-title elementor-size-small\">An icon in perfection: this Corvette C1 was completely rebuilt down to the last screw.<\/div>\t\t\t\t<\/div>\n\t\t\t\t<\/div>\n\t\t\t\t\t<\/div>\n\t\t<\/div>\n\t\t\t\t\t<\/div>\n\t\t<\/section>\n\t\t\t\t<section class=\"elementor-section elementor-inner-section elementor-element elementor-element-5275f45 elementor-section-content-bottom elementor-section-boxed elementor-section-height-default elementor-section-height-default\" data-id=\"5275f45\" data-element_type=\"section\" data-e-type=\"section\">\n\t\t\t\t\t\t<div class=\"elementor-container elementor-column-gap-wider\">\n\t\t\t\t\t<div class=\"elementor-column elementor-col-33 elementor-inner-column elementor-element elementor-element-82951fc\" data-id=\"82951fc\" data-element_type=\"column\" data-e-type=\"column\">\n\t\t\t<div class=\"elementor-widget-wrap elementor-element-populated\">\n\t\t\t\t\t\t<div class=\"elementor-element elementor-element-383655d elementor-widget elementor-widget-image\" data-id=\"383655d\" data-element_type=\"widget\" data-e-type=\"widget\" data-widget_type=\"image.default\">\n\t\t\t\t<div class=\"elementor-widget-container\">\n\t\t\t\t\t\t\t\t\t\t\t\t\t\t\t\t<a href=\"https:\/\/lunicars.com\/en\/fahrzeuge\/2005-ford-mustang-gt\/\">\n\t\t\t\t\t\t\t<img loading=\"lazy\" decoding=\"async\" width=\"1732\" height=\"1155\" src=\"https:\/\/lunicars.com\/wp-content\/uploads\/2025\/05\/2005-Ford-Mustang-GT-02.jpg\" class=\"elementor-animation-grow attachment-2048x2048 size-2048x2048 wp-image-44077\" alt=\"\" srcset=\"https:\/\/lunicars.com\/wp-content\/uploads\/2025\/05\/2005-Ford-Mustang-GT-02.jpg 1732w, https:\/\/lunicars.com\/wp-content\/uploads\/2025\/05\/2005-Ford-Mustang-GT-02-300x200.jpg 300w, https:\/\/lunicars.com\/wp-content\/uploads\/2025\/05\/2005-Ford-Mustang-GT-02-1024x683.jpg 1024w, https:\/\/lunicars.com\/wp-content\/uploads\/2025\/05\/2005-Ford-Mustang-GT-02-768x512.jpg 768w, https:\/\/lunicars.com\/wp-content\/uploads\/2025\/05\/2005-Ford-Mustang-GT-02-1536x1024.jpg 1536w\" sizes=\"auto, (max-width: 1732px) 100vw, 1732px\" \/>\t\t\t\t\t\t\t\t<\/a>\n\t\t\t\t\t\t\t\t\t\t\t\t\t\t\t<\/div>\n\t\t\t\t<\/div>\n\t\t\t\t\t<\/div>\n\t\t<\/div>\n\t\t\t\t<div class=\"elementor-column elementor-col-66 elementor-inner-column elementor-element elementor-element-d33dd4d\" data-id=\"d33dd4d\" data-element_type=\"column\" data-e-type=\"column\">\n\t\t\t<div class=\"elementor-widget-wrap elementor-element-populated\">\n\t\t\t\t\t\t<div class=\"elementor-element elementor-element-4d57b74 elementor-widget__width-initial elementor-widget elementor-widget-heading\" data-id=\"4d57b74\" data-element_type=\"widget\" data-e-type=\"widget\" data-widget_type=\"heading.default\">\n\t\t\t\t<div class=\"elementor-widget-container\">\n\t\t\t\t\t<div class=\"elementor-heading-title elementor-size-small\">18'900 CHF <\/div>\t\t\t\t<\/div>\n\t\t\t\t<\/div>\n\t\t\t\t<div class=\"elementor-element elementor-element-bb5ef44 elementor-widget elementor-widget-heading\" data-id=\"bb5ef44\" data-element_type=\"widget\" data-e-type=\"widget\" data-widget_type=\"heading.default\">\n\t\t\t\t<div class=\"elementor-widget-container\">\n\t\t\t\t\t<h1 class=\"elementor-heading-title elementor-size-default\"><a href=\"https:\/\/lunicars.com\/en\/fahrzeuge\/2005-ford-mustang-gt\/\">Ford Mustang GT '05<\/a><\/h1>\t\t\t\t<\/div>\n\t\t\t\t<\/div>\n\t\t\t\t<div class=\"elementor-element elementor-element-b1e8368 elementor-widget elementor-widget-heading\" data-id=\"b1e8368\" data-element_type=\"widget\" data-e-type=\"widget\" data-widget_type=\"heading.default\">\n\t\t\t\t<div class=\"elementor-widget-container\">\n\t\t\t\t\t<div class=\"elementor-heading-title elementor-size-small\">Zur\u00fcck in der Spur \u2013 der 2005er Ford Mustang GT als Neugeburt einer Legende. Schnell, zuverl\u00e4ssig und alltagstauglich.<\/div>\t\t\t\t<\/div>\n\t\t\t\t<\/div>\n\t\t\t\t\t<\/div>\n\t\t<\/div>\n\t\t\t\t\t<\/div>\n\t\t<\/section>\n\t\t\t\t<section class=\"elementor-section elementor-inner-section elementor-element elementor-element-b2e17fa elementor-section-content-bottom elementor-section-boxed elementor-section-height-default elementor-section-height-default\" data-id=\"b2e17fa\" data-element_type=\"section\" data-e-type=\"section\">\n\t\t\t\t\t\t<div class=\"elementor-container elementor-column-gap-wider\">\n\t\t\t\t\t<div class=\"elementor-column elementor-col-33 elementor-inner-column elementor-element elementor-element-6e1bf7f\" data-id=\"6e1bf7f\" data-element_type=\"column\" data-e-type=\"column\">\n\t\t\t<div class=\"elementor-widget-wrap elementor-element-populated\">\n\t\t\t\t\t\t<div class=\"elementor-element elementor-element-370d11d elementor-widget elementor-widget-image\" data-id=\"370d11d\" data-element_type=\"widget\" data-e-type=\"widget\" data-widget_type=\"image.default\">\n\t\t\t\t<div class=\"elementor-widget-container\">\n\t\t\t\t\t\t\t\t\t\t\t\t\t\t\t\t<a href=\"https:\/\/lunicars.com\/en\/fahrzeuge\/2007-chevrolet-corvette-c6-z06-ron-fellows-edition\/\">\n\t\t\t\t\t\t\t<img loading=\"lazy\" decoding=\"async\" width=\"1732\" height=\"1155\" src=\"https:\/\/lunicars.com\/wp-content\/uploads\/2025\/05\/2007-Chevrolet-Corvette-Z06-Ron-Fellows-ALMS-GT1-Championship-Edition-01.jpg\" class=\"elementor-animation-grow attachment-2048x2048 size-2048x2048 wp-image-43819\" alt=\"\" srcset=\"https:\/\/lunicars.com\/wp-content\/uploads\/2025\/05\/2007-Chevrolet-Corvette-Z06-Ron-Fellows-ALMS-GT1-Championship-Edition-01.jpg 1732w, https:\/\/lunicars.com\/wp-content\/uploads\/2025\/05\/2007-Chevrolet-Corvette-Z06-Ron-Fellows-ALMS-GT1-Championship-Edition-01-300x200.jpg 300w, https:\/\/lunicars.com\/wp-content\/uploads\/2025\/05\/2007-Chevrolet-Corvette-Z06-Ron-Fellows-ALMS-GT1-Championship-Edition-01-1024x683.jpg 1024w, https:\/\/lunicars.com\/wp-content\/uploads\/2025\/05\/2007-Chevrolet-Corvette-Z06-Ron-Fellows-ALMS-GT1-Championship-Edition-01-768x512.jpg 768w, https:\/\/lunicars.com\/wp-content\/uploads\/2025\/05\/2007-Chevrolet-Corvette-Z06-Ron-Fellows-ALMS-GT1-Championship-Edition-01-1536x1024.jpg 1536w\" sizes=\"auto, (max-width: 1732px) 100vw, 1732px\" \/>\t\t\t\t\t\t\t\t<\/a>\n\t\t\t\t\t\t\t\t\t\t\t\t\t\t\t<\/div>\n\t\t\t\t<\/div>\n\t\t\t\t\t<\/div>\n\t\t<\/div>\n\t\t\t\t<div class=\"elementor-column elementor-col-66 elementor-inner-column elementor-element elementor-element-b972dbc\" data-id=\"b972dbc\" data-element_type=\"column\" data-e-type=\"column\">\n\t\t\t<div class=\"elementor-widget-wrap elementor-element-populated\">\n\t\t\t\t\t\t<div class=\"elementor-element elementor-element-2482715 elementor-widget__width-initial elementor-widget elementor-widget-heading\" data-id=\"2482715\" data-element_type=\"widget\" data-e-type=\"widget\" data-widget_type=\"heading.default\">\n\t\t\t\t<div class=\"elementor-widget-container\">\n\t\t\t\t\t<div class=\"elementor-heading-title elementor-size-small\">79'000 CHF <\/div>\t\t\t\t<\/div>\n\t\t\t\t<\/div>\n\t\t\t\t<div class=\"elementor-element elementor-element-abd2de6 elementor-widget elementor-widget-heading\" data-id=\"abd2de6\" data-element_type=\"widget\" data-e-type=\"widget\" data-widget_type=\"heading.default\">\n\t\t\t\t<div class=\"elementor-widget-container\">\n\t\t\t\t\t<h1 class=\"elementor-heading-title elementor-size-default\"><a href=\"https:\/\/lunicars.com\/en\/fahrzeuge\/2007-chevrolet-corvette-c6-z06-ron-fellows-edition\/\">Chevrolet Corvette C6 Z06 Ron Fellows '07<\/a><\/h1>\t\t\t\t<\/div>\n\t\t\t\t<\/div>\n\t\t\t\t<div class=\"elementor-element elementor-element-7e565be elementor-widget elementor-widget-heading\" data-id=\"7e565be\" data-element_type=\"widget\" data-e-type=\"widget\" data-widget_type=\"heading.default\">\n\t\t\t\t<div class=\"elementor-widget-container\">\n\t\t\t\t\t<div class=\"elementor-heading-title elementor-size-small\">Eine von 399 Z06 Ron Fellows Editions. 7 Liter Hubraum, 525 PS an der Hinterachse, handgefertigter LS7 V8. Besser wird\u2019s nicht.<\/div>\t\t\t\t<\/div>\n\t\t\t\t<\/div>\n\t\t\t\t\t<\/div>\n\t\t<\/div>\n\t\t\t\t\t<\/div>\n\t\t<\/section>\n\t\t\t\t<section class=\"elementor-section elementor-inner-section elementor-element elementor-element-b6f902e elementor-section-content-bottom elementor-section-boxed elementor-section-height-default elementor-section-height-default\" data-id=\"b6f902e\" data-element_type=\"section\" data-e-type=\"section\">\n\t\t\t\t\t\t<div class=\"elementor-container elementor-column-gap-wider\">\n\t\t\t\t\t<div class=\"elementor-column elementor-col-33 elementor-inner-column elementor-element elementor-element-1a7f019\" data-id=\"1a7f019\" data-element_type=\"column\" data-e-type=\"column\">\n\t\t\t<div class=\"elementor-widget-wrap elementor-element-populated\">\n\t\t\t\t\t\t<div class=\"elementor-element elementor-element-bf2a7a2 elementor-widget elementor-widget-image\" data-id=\"bf2a7a2\" data-element_type=\"widget\" data-e-type=\"widget\" data-widget_type=\"image.default\">\n\t\t\t\t<div class=\"elementor-widget-container\">\n\t\t\t\t\t\t\t\t\t\t\t\t\t\t\t\t<a href=\"https:\/\/lunicars.com\/en\/fahrzeuge\/1969-chevrolet-nova-632\/\">\n\t\t\t\t\t\t\t<img loading=\"lazy\" decoding=\"async\" width=\"2048\" height=\"1366\" src=\"https:\/\/lunicars.com\/wp-content\/uploads\/2024\/06\/1969-Chevrolet-Nova-Dragster-01-2048x1366.jpg\" class=\"elementor-animation-grow attachment-2048x2048 size-2048x2048 wp-image-40730\" alt=\"\" srcset=\"https:\/\/lunicars.com\/wp-content\/uploads\/2024\/06\/1969-Chevrolet-Nova-Dragster-01-2048x1366.jpg 2048w, https:\/\/lunicars.com\/wp-content\/uploads\/2024\/06\/1969-Chevrolet-Nova-Dragster-01-300x200.jpg 300w, https:\/\/lunicars.com\/wp-content\/uploads\/2024\/06\/1969-Chevrolet-Nova-Dragster-01-1024x683.jpg 1024w, https:\/\/lunicars.com\/wp-content\/uploads\/2024\/06\/1969-Chevrolet-Nova-Dragster-01-768x512.jpg 768w, https:\/\/lunicars.com\/wp-content\/uploads\/2024\/06\/1969-Chevrolet-Nova-Dragster-01-1536x1024.jpg 1536w\" sizes=\"auto, (max-width: 2048px) 100vw, 2048px\" \/>\t\t\t\t\t\t\t\t<\/a>\n\t\t\t\t\t\t\t\t\t\t\t\t\t\t\t<\/div>\n\t\t\t\t<\/div>\n\t\t\t\t\t<\/div>\n\t\t<\/div>\n\t\t\t\t<div class=\"elementor-column elementor-col-66 elementor-inner-column elementor-element elementor-element-f74fb0a\" data-id=\"f74fb0a\" data-element_type=\"column\" data-e-type=\"column\">\n\t\t\t<div class=\"elementor-widget-wrap elementor-element-populated\">\n\t\t\t\t\t\t<div class=\"elementor-element elementor-element-c9188d0 elementor-widget elementor-widget-heading\" data-id=\"c9188d0\" data-element_type=\"widget\" data-e-type=\"widget\" data-widget_type=\"heading.default\">\n\t\t\t\t<div class=\"elementor-widget-container\">\n\t\t\t\t\t<div class=\"elementor-heading-title elementor-size-small\">180'000 CHF <\/div>\t\t\t\t<\/div>\n\t\t\t\t<\/div>\n\t\t\t\t<div class=\"elementor-element elementor-element-5ff3e6c elementor-widget elementor-widget-heading\" data-id=\"5ff3e6c\" data-element_type=\"widget\" data-e-type=\"widget\" data-widget_type=\"heading.default\">\n\t\t\t\t<div class=\"elementor-widget-container\">\n\t\t\t\t\t<h1 class=\"elementor-heading-title elementor-size-default\"><a href=\"https:\/\/lunicars.com\/en\/fahrzeuge\/1969-chevrolet-nova-632\/\">Chevrolet Nova 632 '69<\/a><\/h1>\t\t\t\t<\/div>\n\t\t\t\t<\/div>\n\t\t\t\t<div class=\"elementor-element elementor-element-29bd937 elementor-widget elementor-widget-heading\" data-id=\"29bd937\" data-element_type=\"widget\" data-e-type=\"widget\" data-widget_type=\"heading.default\">\n\t\t\t\t<div class=\"elementor-widget-container\">\n\t\t\t\t\t<div class=\"elementor-heading-title elementor-size-small\">Der st\u00e4rkste Strassen-Nova Europas kommt ab Schweizer MFK und sucht einen ausreichend verr\u00fcckten Lenker.<\/div>\t\t\t\t<\/div>\n\t\t\t\t<\/div>\n\t\t\t\t\t<\/div>\n\t\t<\/div>\n\t\t\t\t\t<\/div>\n\t\t<\/section>\n\t\t\t\t<section class=\"elementor-section elementor-inner-section elementor-element elementor-element-6f4af07 elementor-section-content-bottom elementor-section-boxed elementor-section-height-default elementor-section-height-default\" data-id=\"6f4af07\" data-element_type=\"section\" data-e-type=\"section\">\n\t\t\t\t\t\t<div class=\"elementor-container elementor-column-gap-wider\">\n\t\t\t\t\t<div class=\"elementor-column elementor-col-33 elementor-inner-column elementor-element elementor-element-11cf365\" data-id=\"11cf365\" data-element_type=\"column\" data-e-type=\"column\">\n\t\t\t<div class=\"elementor-widget-wrap elementor-element-populated\">\n\t\t\t\t\t\t<div class=\"elementor-element elementor-element-45b7c07 elementor-widget elementor-widget-image\" data-id=\"45b7c07\" data-element_type=\"widget\" data-e-type=\"widget\" data-widget_type=\"image.default\">\n\t\t\t\t<div class=\"elementor-widget-container\">\n\t\t\t\t\t\t\t\t\t\t\t\t\t\t\t\t<a href=\"https:\/\/lunicars.com\/en\/fahrzeuge\/1972-fiat-130-coupe-silver\/\">\n\t\t\t\t\t\t\t<img loading=\"lazy\" decoding=\"async\" width=\"1732\" height=\"1155\" src=\"https:\/\/lunicars.com\/wp-content\/uploads\/2025\/01\/1972-Fiat-130-Coupe-01.jpg\" class=\"elementor-animation-grow attachment-2048x2048 size-2048x2048 wp-image-42532\" alt=\"\" srcset=\"https:\/\/lunicars.com\/wp-content\/uploads\/2025\/01\/1972-Fiat-130-Coupe-01.jpg 1732w, https:\/\/lunicars.com\/wp-content\/uploads\/2025\/01\/1972-Fiat-130-Coupe-01-300x200.jpg 300w, https:\/\/lunicars.com\/wp-content\/uploads\/2025\/01\/1972-Fiat-130-Coupe-01-1024x683.jpg 1024w, https:\/\/lunicars.com\/wp-content\/uploads\/2025\/01\/1972-Fiat-130-Coupe-01-768x512.jpg 768w, https:\/\/lunicars.com\/wp-content\/uploads\/2025\/01\/1972-Fiat-130-Coupe-01-1536x1024.jpg 1536w\" sizes=\"auto, (max-width: 1732px) 100vw, 1732px\" \/>\t\t\t\t\t\t\t\t<\/a>\n\t\t\t\t\t\t\t\t\t\t\t\t\t\t\t<\/div>\n\t\t\t\t<\/div>\n\t\t\t\t\t<\/div>\n\t\t<\/div>\n\t\t\t\t<div class=\"elementor-column elementor-col-66 elementor-inner-column elementor-element elementor-element-156e4c8\" data-id=\"156e4c8\" data-element_type=\"column\" data-e-type=\"column\">\n\t\t\t<div class=\"elementor-widget-wrap elementor-element-populated\">\n\t\t\t\t\t\t<div class=\"elementor-element elementor-element-a30a63e elementor-widget__width-initial elementor-widget elementor-widget-heading\" data-id=\"a30a63e\" data-element_type=\"widget\" data-e-type=\"widget\" data-widget_type=\"heading.default\">\n\t\t\t\t<div class=\"elementor-widget-container\">\n\t\t\t\t\t<div class=\"elementor-heading-title elementor-size-small\">28'900 CHF <\/div>\t\t\t\t<\/div>\n\t\t\t\t<\/div>\n\t\t\t\t<div class=\"elementor-element elementor-element-86c91ed elementor-widget elementor-widget-heading\" data-id=\"86c91ed\" data-element_type=\"widget\" data-e-type=\"widget\" data-widget_type=\"heading.default\">\n\t\t\t\t<div class=\"elementor-widget-container\">\n\t\t\t\t\t<h1 class=\"elementor-heading-title elementor-size-default\"><a href=\"https:\/\/lunicars.com\/en\/fahrzeuge\/1972-fiat-130-coupe-silver\/\">Fiat 130 Coup\u00e9 '72<\/a><\/h1>\t\t\t\t<\/div>\n\t\t\t\t<\/div>\n\t\t\t\t<div class=\"elementor-element elementor-element-b222c96 elementor-widget elementor-widget-heading\" data-id=\"b222c96\" data-element_type=\"widget\" data-e-type=\"widget\" data-widget_type=\"heading.default\">\n\t\t\t\t<div class=\"elementor-widget-container\">\n\t\t\t\t\t<div class=\"elementor-heading-title elementor-size-small\">Fabelhaftes Design und unerwarteter Komfort gepaart mit einem 3.2 Liter V6. Der Fiat 130 Coup\u00e9 ist ein italienisches Meisterwerk.<\/div>\t\t\t\t<\/div>\n\t\t\t\t<\/div>\n\t\t\t\t\t<\/div>\n\t\t<\/div>\n\t\t\t\t\t<\/div>\n\t\t<\/section>\n\t\t\t\t<section class=\"elementor-section elementor-inner-section elementor-element elementor-element-ec9a345 elementor-section-content-bottom elementor-section-boxed elementor-section-height-default elementor-section-height-default\" data-id=\"ec9a345\" data-element_type=\"section\" data-e-type=\"section\">\n\t\t\t\t\t\t<div class=\"elementor-container elementor-column-gap-wider\">\n\t\t\t\t\t<div class=\"elementor-column elementor-col-33 elementor-inner-column elementor-element elementor-element-c9ab9f9\" data-id=\"c9ab9f9\" data-element_type=\"column\" data-e-type=\"column\">\n\t\t\t<div class=\"elementor-widget-wrap elementor-element-populated\">\n\t\t\t\t\t\t<div class=\"elementor-element elementor-element-63e4e28 elementor-widget elementor-widget-image\" data-id=\"63e4e28\" data-element_type=\"widget\" data-e-type=\"widget\" data-widget_type=\"image.default\">\n\t\t\t\t<div class=\"elementor-widget-container\">\n\t\t\t\t\t\t\t\t\t\t\t\t\t\t\t\t<a href=\"https:\/\/lunicars.com\/en\/fahrzeuge\/1966-ford-mustang\/\">\n\t\t\t\t\t\t\t<img loading=\"lazy\" decoding=\"async\" width=\"1732\" height=\"1155\" src=\"https:\/\/lunicars.com\/wp-content\/uploads\/2024\/12\/1966-Ford-Mustang-08.jpg\" class=\"elementor-animation-grow attachment-2048x2048 size-2048x2048 wp-image-42317\" alt=\"\" srcset=\"https:\/\/lunicars.com\/wp-content\/uploads\/2024\/12\/1966-Ford-Mustang-08.jpg 1732w, https:\/\/lunicars.com\/wp-content\/uploads\/2024\/12\/1966-Ford-Mustang-08-300x200.jpg 300w, https:\/\/lunicars.com\/wp-content\/uploads\/2024\/12\/1966-Ford-Mustang-08-1024x683.jpg 1024w, https:\/\/lunicars.com\/wp-content\/uploads\/2024\/12\/1966-Ford-Mustang-08-768x512.jpg 768w, https:\/\/lunicars.com\/wp-content\/uploads\/2024\/12\/1966-Ford-Mustang-08-1536x1024.jpg 1536w\" sizes=\"auto, (max-width: 1732px) 100vw, 1732px\" \/>\t\t\t\t\t\t\t\t<\/a>\n\t\t\t\t\t\t\t\t\t\t\t\t\t\t\t<\/div>\n\t\t\t\t<\/div>\n\t\t\t\t\t<\/div>\n\t\t<\/div>\n\t\t\t\t<div class=\"elementor-column elementor-col-66 elementor-inner-column elementor-element elementor-element-c371b6d\" data-id=\"c371b6d\" data-element_type=\"column\" data-e-type=\"column\">\n\t\t\t<div class=\"elementor-widget-wrap elementor-element-populated\">\n\t\t\t\t\t\t<div class=\"elementor-element elementor-element-e4817e8 elementor-widget__width-initial elementor-widget elementor-widget-heading\" data-id=\"e4817e8\" data-element_type=\"widget\" data-e-type=\"widget\" data-widget_type=\"heading.default\">\n\t\t\t\t<div class=\"elementor-widget-container\">\n\t\t\t\t\t<div class=\"elementor-heading-title elementor-size-small\">45'000 CHF <\/div>\t\t\t\t<\/div>\n\t\t\t\t<\/div>\n\t\t\t\t<div class=\"elementor-element elementor-element-4ff5b6d elementor-widget elementor-widget-heading\" data-id=\"4ff5b6d\" data-element_type=\"widget\" data-e-type=\"widget\" data-widget_type=\"heading.default\">\n\t\t\t\t<div class=\"elementor-widget-container\">\n\t\t\t\t\t<h1 class=\"elementor-heading-title elementor-size-default\"><a href=\"https:\/\/lunicars.com\/en\/fahrzeuge\/1966-ford-mustang\/\">Ford Mustang '66<\/a><\/h1>\t\t\t\t<\/div>\n\t\t\t\t<\/div>\n\t\t\t\t<div class=\"elementor-element elementor-element-ffd240a elementor-widget elementor-widget-heading\" data-id=\"ffd240a\" data-element_type=\"widget\" data-e-type=\"widget\" data-widget_type=\"heading.default\">\n\t\t\t\t<div class=\"elementor-widget-container\">\n\t\t\t\t\t<div class=\"elementor-heading-title elementor-size-small\">The icon in fantastic technical condition. A high-performance Mustang with a great sound and plenty of power.<\/div>\t\t\t\t<\/div>\n\t\t\t\t<\/div>\n\t\t\t\t\t<\/div>\n\t\t<\/div>\n\t\t\t\t\t<\/div>\n\t\t<\/section>\n\t\t\t\t<section class=\"elementor-section elementor-inner-section elementor-element elementor-element-1d95dcb elementor-section-content-bottom elementor-section-boxed elementor-section-height-default elementor-section-height-default\" data-id=\"1d95dcb\" data-element_type=\"section\" data-e-type=\"section\">\n\t\t\t\t\t\t<div class=\"elementor-container elementor-column-gap-wider\">\n\t\t\t\t\t<div class=\"elementor-column elementor-col-33 elementor-inner-column elementor-element elementor-element-92fc6c7\" data-id=\"92fc6c7\" data-element_type=\"column\" data-e-type=\"column\">\n\t\t\t<div class=\"elementor-widget-wrap elementor-element-populated\">\n\t\t\t\t\t\t<div class=\"elementor-element elementor-element-690993c elementor-widget elementor-widget-image\" data-id=\"690993c\" data-element_type=\"widget\" data-e-type=\"widget\" data-widget_type=\"image.default\">\n\t\t\t\t<div class=\"elementor-widget-container\">\n\t\t\t\t\t\t\t\t\t\t\t\t\t\t\t\t<a href=\"https:\/\/lunicars.com\/en\/fahrzeuge\/1998-chevrolet-corvette-c5-convertible\/\">\n\t\t\t\t\t\t\t<img loading=\"lazy\" decoding=\"async\" width=\"1732\" height=\"1155\" src=\"https:\/\/lunicars.com\/wp-content\/uploads\/2024\/12\/1998-Chevrolet-Corvette-C5-01.jpg\" class=\"elementor-animation-grow attachment-2048x2048 size-2048x2048 wp-image-42267\" alt=\"\" srcset=\"https:\/\/lunicars.com\/wp-content\/uploads\/2024\/12\/1998-Chevrolet-Corvette-C5-01.jpg 1732w, https:\/\/lunicars.com\/wp-content\/uploads\/2024\/12\/1998-Chevrolet-Corvette-C5-01-300x200.jpg 300w, https:\/\/lunicars.com\/wp-content\/uploads\/2024\/12\/1998-Chevrolet-Corvette-C5-01-1024x683.jpg 1024w, https:\/\/lunicars.com\/wp-content\/uploads\/2024\/12\/1998-Chevrolet-Corvette-C5-01-768x512.jpg 768w, https:\/\/lunicars.com\/wp-content\/uploads\/2024\/12\/1998-Chevrolet-Corvette-C5-01-1536x1024.jpg 1536w\" sizes=\"auto, (max-width: 1732px) 100vw, 1732px\" \/>\t\t\t\t\t\t\t\t<\/a>\n\t\t\t\t\t\t\t\t\t\t\t\t\t\t\t<\/div>\n\t\t\t\t<\/div>\n\t\t\t\t\t<\/div>\n\t\t<\/div>\n\t\t\t\t<div class=\"elementor-column elementor-col-66 elementor-inner-column elementor-element elementor-element-13f1edd\" data-id=\"13f1edd\" data-element_type=\"column\" data-e-type=\"column\">\n\t\t\t<div class=\"elementor-widget-wrap elementor-element-populated\">\n\t\t\t\t\t\t<div class=\"elementor-element elementor-element-181aacc elementor-widget__width-initial elementor-widget elementor-widget-heading\" data-id=\"181aacc\" data-element_type=\"widget\" data-e-type=\"widget\" data-widget_type=\"heading.default\">\n\t\t\t\t<div class=\"elementor-widget-container\">\n\t\t\t\t\t<div class=\"elementor-heading-title elementor-size-small\">33,500 CHF <\/div>\t\t\t\t<\/div>\n\t\t\t\t<\/div>\n\t\t\t\t<div class=\"elementor-element elementor-element-69cb68c elementor-widget elementor-widget-heading\" data-id=\"69cb68c\" data-element_type=\"widget\" data-e-type=\"widget\" data-widget_type=\"heading.default\">\n\t\t\t\t<div class=\"elementor-widget-container\">\n\t\t\t\t\t<h1 class=\"elementor-heading-title elementor-size-default\"><a href=\"https:\/\/lunicars.com\/en\/fahrzeuge\/1998-chevrolet-corvette-c5-convertible\/\">Chevrolet Corvette C5 '05<\/a><\/h1>\t\t\t\t<\/div>\n\t\t\t\t<\/div>\n\t\t\t\t<div class=\"elementor-element elementor-element-24c92ea elementor-widget elementor-widget-heading\" data-id=\"24c92ea\" data-element_type=\"widget\" data-e-type=\"widget\" data-widget_type=\"heading.default\">\n\t\t\t\t<div class=\"elementor-widget-container\">\n\t\t\t\t\t<div class=\"elementor-heading-title elementor-size-small\"><div><span style=\"font-size: 16px;font-style: normal;font-weight: 400\">This C5 is an elegant blend of brute power and incomparable sound, packaged for everyday use.<\/span><span style=\"font-size: 15px\"><\/span><\/div><\/div>\t\t\t\t<\/div>\n\t\t\t\t<\/div>\n\t\t\t\t\t<\/div>\n\t\t<\/div>\n\t\t\t\t\t<\/div>\n\t\t<\/section>\n\t\t\t\t<section class=\"elementor-section elementor-inner-section elementor-element elementor-element-21825b8 elementor-section-content-bottom elementor-section-boxed elementor-section-height-default elementor-section-height-default\" data-id=\"21825b8\" data-element_type=\"section\" data-e-type=\"section\">\n\t\t\t\t\t\t<div class=\"elementor-container elementor-column-gap-wider\">\n\t\t\t\t\t<div class=\"elementor-column elementor-col-33 elementor-inner-column elementor-element elementor-element-873b298\" data-id=\"873b298\" data-element_type=\"column\" data-e-type=\"column\">\n\t\t\t<div class=\"elementor-widget-wrap elementor-element-populated\">\n\t\t\t\t\t\t<div class=\"elementor-element elementor-element-04fff34 elementor-widget elementor-widget-image\" data-id=\"04fff34\" data-element_type=\"widget\" data-e-type=\"widget\" data-widget_type=\"image.default\">\n\t\t\t\t<div class=\"elementor-widget-container\">\n\t\t\t\t\t\t\t\t\t\t\t\t\t\t\t\t<a href=\"https:\/\/lunicars.com\/en\/fahrzeuge\/1965-chevrolet-corvette-c2-sting-ray\/\">\n\t\t\t\t\t\t\t<img loading=\"lazy\" decoding=\"async\" width=\"2048\" height=\"1366\" src=\"https:\/\/lunicars.com\/wp-content\/uploads\/2023\/08\/1965-Chevrolet-Corvette-C2-01-2048x1366.jpg\" class=\"elementor-animation-grow attachment-2048x2048 size-2048x2048 wp-image-38464\" alt=\"\" srcset=\"https:\/\/lunicars.com\/wp-content\/uploads\/2023\/08\/1965-Chevrolet-Corvette-C2-01-2048x1366.jpg 2048w, https:\/\/lunicars.com\/wp-content\/uploads\/2023\/08\/1965-Chevrolet-Corvette-C2-01-300x200.jpg 300w, https:\/\/lunicars.com\/wp-content\/uploads\/2023\/08\/1965-Chevrolet-Corvette-C2-01-1024x683.jpg 1024w, https:\/\/lunicars.com\/wp-content\/uploads\/2023\/08\/1965-Chevrolet-Corvette-C2-01-768x512.jpg 768w, https:\/\/lunicars.com\/wp-content\/uploads\/2023\/08\/1965-Chevrolet-Corvette-C2-01-1536x1024.jpg 1536w\" sizes=\"auto, (max-width: 2048px) 100vw, 2048px\" \/>\t\t\t\t\t\t\t\t<\/a>\n\t\t\t\t\t\t\t\t\t\t\t\t\t\t\t<\/div>\n\t\t\t\t<\/div>\n\t\t\t\t\t<\/div>\n\t\t<\/div>\n\t\t\t\t<div class=\"elementor-column elementor-col-66 elementor-inner-column elementor-element elementor-element-f60754e\" data-id=\"f60754e\" data-element_type=\"column\" data-e-type=\"column\">\n\t\t\t<div class=\"elementor-widget-wrap elementor-element-populated\">\n\t\t\t\t\t\t<div class=\"elementor-element elementor-element-efecd23 elementor-widget elementor-widget-heading\" data-id=\"efecd23\" data-element_type=\"widget\" data-e-type=\"widget\" data-widget_type=\"heading.default\">\n\t\t\t\t<div class=\"elementor-widget-container\">\n\t\t\t\t\t<div class=\"elementor-heading-title elementor-size-small\">109,000 CHF <\/div>\t\t\t\t<\/div>\n\t\t\t\t<\/div>\n\t\t\t\t<div class=\"elementor-element elementor-element-4e1194a elementor-widget elementor-widget-heading\" data-id=\"4e1194a\" data-element_type=\"widget\" data-e-type=\"widget\" data-widget_type=\"heading.default\">\n\t\t\t\t<div class=\"elementor-widget-container\">\n\t\t\t\t\t<h1 class=\"elementor-heading-title elementor-size-default\"><a href=\"https:\/\/lunicars.com\/en\/fahrzeuge\/1965-chevrolet-corvette-c2-sting-ray\/\">Chevrolet Corvette C2 Sting Ray '65<\/a><\/h1>\t\t\t\t<\/div>\n\t\t\t\t<\/div>\n\t\t\t\t<div class=\"elementor-element elementor-element-93e5d96 elementor-widget elementor-widget-heading\" data-id=\"93e5d96\" data-element_type=\"widget\" data-e-type=\"widget\" data-widget_type=\"heading.default\">\n\t\t\t\t<div class=\"elementor-widget-container\">\n\t\t\t\t\t<div class=\"elementor-heading-title elementor-size-small\">Sporty, fast, low, loud and sexy: this Sting Ray comes in a perfect color combination with 350 hp and manual transmission.<\/div>\t\t\t\t<\/div>\n\t\t\t\t<\/div>\n\t\t\t\t\t<\/div>\n\t\t<\/div>\n\t\t\t\t\t<\/div>\n\t\t<\/section>\n\t\t\t\t<section class=\"elementor-section elementor-inner-section elementor-element elementor-element-f205810 elementor-section-content-bottom elementor-section-boxed elementor-section-height-default elementor-section-height-default\" data-id=\"f205810\" data-element_type=\"section\" data-e-type=\"section\">\n\t\t\t\t\t\t<div class=\"elementor-container elementor-column-gap-wider\">\n\t\t\t\t\t<div class=\"elementor-column elementor-col-33 elementor-inner-column elementor-element elementor-element-44e4edc\" data-id=\"44e4edc\" data-element_type=\"column\" data-e-type=\"column\">\n\t\t\t<div class=\"elementor-widget-wrap elementor-element-populated\">\n\t\t\t\t\t\t<div class=\"elementor-element elementor-element-47bf6de elementor-widget elementor-widget-image\" data-id=\"47bf6de\" data-element_type=\"widget\" data-e-type=\"widget\" data-widget_type=\"image.default\">\n\t\t\t\t<div class=\"elementor-widget-container\">\n\t\t\t\t\t\t\t\t\t\t\t\t\t\t\t\t<a href=\"https:\/\/lunicars.com\/en\/fahrzeuge\/2001-audi-rs4-avant-quattro\/\">\n\t\t\t\t\t\t\t<img loading=\"lazy\" decoding=\"async\" width=\"2048\" height=\"1366\" src=\"https:\/\/lunicars.com\/wp-content\/uploads\/2024\/06\/2001-Audi-RS4-Avant-Quattro-02-2048x1366.jpg\" class=\"elementor-animation-grow attachment-2048x2048 size-2048x2048 wp-image-40797\" alt=\"\" srcset=\"https:\/\/lunicars.com\/wp-content\/uploads\/2024\/06\/2001-Audi-RS4-Avant-Quattro-02-2048x1366.jpg 2048w, https:\/\/lunicars.com\/wp-content\/uploads\/2024\/06\/2001-Audi-RS4-Avant-Quattro-02-300x200.jpg 300w, https:\/\/lunicars.com\/wp-content\/uploads\/2024\/06\/2001-Audi-RS4-Avant-Quattro-02-1024x683.jpg 1024w, https:\/\/lunicars.com\/wp-content\/uploads\/2024\/06\/2001-Audi-RS4-Avant-Quattro-02-768x512.jpg 768w, https:\/\/lunicars.com\/wp-content\/uploads\/2024\/06\/2001-Audi-RS4-Avant-Quattro-02-1536x1024.jpg 1536w\" sizes=\"auto, (max-width: 2048px) 100vw, 2048px\" \/>\t\t\t\t\t\t\t\t<\/a>\n\t\t\t\t\t\t\t\t\t\t\t\t\t\t\t<\/div>\n\t\t\t\t<\/div>\n\t\t\t\t\t<\/div>\n\t\t<\/div>\n\t\t\t\t<div class=\"elementor-column elementor-col-66 elementor-inner-column elementor-element elementor-element-42fa368\" data-id=\"42fa368\" data-element_type=\"column\" data-e-type=\"column\">\n\t\t\t<div class=\"elementor-widget-wrap elementor-element-populated\">\n\t\t\t\t\t\t<div class=\"elementor-element elementor-element-56b446a elementor-widget elementor-widget-heading\" data-id=\"56b446a\" data-element_type=\"widget\" data-e-type=\"widget\" data-widget_type=\"heading.default\">\n\t\t\t\t<div class=\"elementor-widget-container\">\n\t\t\t\t\t<div class=\"elementor-heading-title elementor-size-small\">33'900 CHF <\/div>\t\t\t\t<\/div>\n\t\t\t\t<\/div>\n\t\t\t\t<div class=\"elementor-element elementor-element-823adf2 elementor-widget elementor-widget-heading\" data-id=\"823adf2\" data-element_type=\"widget\" data-e-type=\"widget\" data-widget_type=\"heading.default\">\n\t\t\t\t<div class=\"elementor-widget-container\">\n\t\t\t\t\t<h1 class=\"elementor-heading-title elementor-size-default\"><a href=\"https:\/\/lunicars.com\/en\/fahrzeuge\/2001-audi-rs4-avant-quattro\/\">Audi RS4 Avant Quattro Stage 2 '01<\/a><\/h1>\t\t\t\t<\/div>\n\t\t\t\t<\/div>\n\t\t\t\t<div class=\"elementor-element elementor-element-68d3297 elementor-widget elementor-widget-heading\" data-id=\"68d3297\" data-element_type=\"widget\" data-e-type=\"widget\" data-widget_type=\"heading.default\">\n\t\t\t\t<div class=\"elementor-widget-container\">\n\t\t\t\t\t<div class=\"elementor-heading-title elementor-size-small\">Der vielseitige \u00dcber-Youngtimer mit V6 Biturbo und feinem Sportec-Tuning. Ein Familiensportwagen vom Feinsten.<\/div>\t\t\t\t<\/div>\n\t\t\t\t<\/div>\n\t\t\t\t\t<\/div>\n\t\t<\/div>\n\t\t\t\t\t<\/div>\n\t\t<\/section>\n\t\t\t\t<section class=\"elementor-section elementor-inner-section elementor-element elementor-element-30c9466 elementor-section-content-bottom elementor-section-boxed elementor-section-height-default elementor-section-height-default\" data-id=\"30c9466\" data-element_type=\"section\" data-e-type=\"section\">\n\t\t\t\t\t\t<div class=\"elementor-container elementor-column-gap-wider\">\n\t\t\t\t\t<div class=\"elementor-column elementor-col-33 elementor-inner-column elementor-element elementor-element-eb47f9b\" data-id=\"eb47f9b\" data-element_type=\"column\" data-e-type=\"column\">\n\t\t\t<div class=\"elementor-widget-wrap elementor-element-populated\">\n\t\t\t\t\t\t<div class=\"elementor-element elementor-element-3b9425c elementor-widget elementor-widget-image\" data-id=\"3b9425c\" data-element_type=\"widget\" data-e-type=\"widget\" data-widget_type=\"image.default\">\n\t\t\t\t<div class=\"elementor-widget-container\">\n\t\t\t\t\t\t\t\t\t\t\t\t\t\t\t\t<a href=\"https:\/\/lunicars.com\/en\/fahrzeuge\/1981-ferrari-308-gtbi\/\">\n\t\t\t\t\t\t\t<img loading=\"lazy\" decoding=\"async\" width=\"1732\" height=\"1155\" src=\"https:\/\/lunicars.com\/wp-content\/uploads\/2024\/02\/1981-Ferrari-308-GTBi-01.jpg\" class=\"elementor-animation-grow attachment-2048x2048 size-2048x2048 wp-image-39822\" alt=\"\" srcset=\"https:\/\/lunicars.com\/wp-content\/uploads\/2024\/02\/1981-Ferrari-308-GTBi-01.jpg 1732w, https:\/\/lunicars.com\/wp-content\/uploads\/2024\/02\/1981-Ferrari-308-GTBi-01-300x200.jpg 300w, https:\/\/lunicars.com\/wp-content\/uploads\/2024\/02\/1981-Ferrari-308-GTBi-01-1024x683.jpg 1024w, https:\/\/lunicars.com\/wp-content\/uploads\/2024\/02\/1981-Ferrari-308-GTBi-01-768x512.jpg 768w, https:\/\/lunicars.com\/wp-content\/uploads\/2024\/02\/1981-Ferrari-308-GTBi-01-1536x1024.jpg 1536w\" sizes=\"auto, (max-width: 1732px) 100vw, 1732px\" \/>\t\t\t\t\t\t\t\t<\/a>\n\t\t\t\t\t\t\t\t\t\t\t\t\t\t\t<\/div>\n\t\t\t\t<\/div>\n\t\t\t\t\t<\/div>\n\t\t<\/div>\n\t\t\t\t<div class=\"elementor-column elementor-col-66 elementor-inner-column elementor-element elementor-element-dc70e01\" data-id=\"dc70e01\" data-element_type=\"column\" data-e-type=\"column\">\n\t\t\t<div class=\"elementor-widget-wrap elementor-element-populated\">\n\t\t\t\t\t\t<div class=\"elementor-element elementor-element-9fcbcef elementor-widget elementor-widget-heading\" data-id=\"9fcbcef\" data-element_type=\"widget\" data-e-type=\"widget\" data-widget_type=\"heading.default\">\n\t\t\t\t<div class=\"elementor-widget-container\">\n\t\t\t\t\t<div class=\"elementor-heading-title elementor-size-small\">75'000 CHF<\/div>\t\t\t\t<\/div>\n\t\t\t\t<\/div>\n\t\t\t\t<div class=\"elementor-element elementor-element-3bda5ef elementor-widget elementor-widget-heading\" data-id=\"3bda5ef\" data-element_type=\"widget\" data-e-type=\"widget\" data-widget_type=\"heading.default\">\n\t\t\t\t<div class=\"elementor-widget-container\">\n\t\t\t\t\t<h1 class=\"elementor-heading-title elementor-size-default\"><a href=\"https:\/\/lunicars.com\/en\/fahrzeuge\/1981-ferrari-308-gtbi\/\">Ferrari 308 GTBi '81<\/a><\/h1>\t\t\t\t<\/div>\n\t\t\t\t<\/div>\n\t\t\t\t<div class=\"elementor-element elementor-element-07e0beb elementor-widget elementor-widget-heading\" data-id=\"07e0beb\" data-element_type=\"widget\" data-e-type=\"widget\" data-widget_type=\"heading.default\">\n\t\t\t\t<div class=\"elementor-widget-container\">\n\t\t\t\t\t<div class=\"elementor-heading-title elementor-size-small\">An unmistakable Italian with a robust sound and amazing performance. Top maintenance, ex service and veteran MFK.<\/div>\t\t\t\t<\/div>\n\t\t\t\t<\/div>\n\t\t\t\t\t<\/div>\n\t\t<\/div>\n\t\t\t\t\t<\/div>\n\t\t<\/section>\n\t\t\t\t<section class=\"elementor-section elementor-inner-section elementor-element elementor-element-a4dd1e0 elementor-section-content-bottom elementor-section-boxed elementor-section-height-default elementor-section-height-default\" data-id=\"a4dd1e0\" data-element_type=\"section\" data-e-type=\"section\">\n\t\t\t\t\t\t<div class=\"elementor-container elementor-column-gap-wider\">\n\t\t\t\t\t<div class=\"elementor-column elementor-col-33 elementor-inner-column elementor-element elementor-element-8270656\" data-id=\"8270656\" data-element_type=\"column\" data-e-type=\"column\">\n\t\t\t<div class=\"elementor-widget-wrap elementor-element-populated\">\n\t\t\t\t\t\t<div class=\"elementor-element elementor-element-de4f1df elementor-widget elementor-widget-image\" data-id=\"de4f1df\" data-element_type=\"widget\" data-e-type=\"widget\" data-widget_type=\"image.default\">\n\t\t\t\t<div class=\"elementor-widget-container\">\n\t\t\t\t\t\t\t\t\t\t\t\t\t\t\t\t<a href=\"https:\/\/lunicars.com\/en\/fahrzeuge\/1947-lincoln-series-76h-club-coupe\/\">\n\t\t\t\t\t\t\t<img loading=\"lazy\" decoding=\"async\" width=\"2048\" height=\"1366\" src=\"https:\/\/lunicars.com\/wp-content\/uploads\/2023\/10\/1947-Lincoln-Series-76H-Club-Coupe-01-2048x1366.jpg\" class=\"elementor-animation-grow attachment-2048x2048 size-2048x2048 wp-image-38930\" alt=\"\" srcset=\"https:\/\/lunicars.com\/wp-content\/uploads\/2023\/10\/1947-Lincoln-Series-76H-Club-Coupe-01-2048x1366.jpg 2048w, https:\/\/lunicars.com\/wp-content\/uploads\/2023\/10\/1947-Lincoln-Series-76H-Club-Coupe-01-300x200.jpg 300w, https:\/\/lunicars.com\/wp-content\/uploads\/2023\/10\/1947-Lincoln-Series-76H-Club-Coupe-01-1024x683.jpg 1024w, https:\/\/lunicars.com\/wp-content\/uploads\/2023\/10\/1947-Lincoln-Series-76H-Club-Coupe-01-768x512.jpg 768w, https:\/\/lunicars.com\/wp-content\/uploads\/2023\/10\/1947-Lincoln-Series-76H-Club-Coupe-01-1536x1024.jpg 1536w\" sizes=\"auto, (max-width: 2048px) 100vw, 2048px\" \/>\t\t\t\t\t\t\t\t<\/a>\n\t\t\t\t\t\t\t\t\t\t\t\t\t\t\t<\/div>\n\t\t\t\t<\/div>\n\t\t\t\t\t<\/div>\n\t\t<\/div>\n\t\t\t\t<div class=\"elementor-column elementor-col-66 elementor-inner-column elementor-element elementor-element-d7fbbd1\" data-id=\"d7fbbd1\" data-element_type=\"column\" data-e-type=\"column\">\n\t\t\t<div class=\"elementor-widget-wrap elementor-element-populated\">\n\t\t\t\t\t\t<div class=\"elementor-element elementor-element-c3e40f9 elementor-widget elementor-widget-heading\" data-id=\"c3e40f9\" data-element_type=\"widget\" data-e-type=\"widget\" data-widget_type=\"heading.default\">\n\t\t\t\t<div class=\"elementor-widget-container\">\n\t\t\t\t\t<div class=\"elementor-heading-title elementor-size-small\">65'000 CHF <\/div>\t\t\t\t<\/div>\n\t\t\t\t<\/div>\n\t\t\t\t<div class=\"elementor-element elementor-element-2accd67 elementor-widget elementor-widget-heading\" data-id=\"2accd67\" data-element_type=\"widget\" data-e-type=\"widget\" data-widget_type=\"heading.default\">\n\t\t\t\t<div class=\"elementor-widget-container\">\n\t\t\t\t\t<h1 class=\"elementor-heading-title elementor-size-default\"><a href=\"https:\/\/lunicars.com\/en\/fahrzeuge\/1947-lincoln-series-76h-club-coupe\/\">Lincoln Series 76H Club Coupe '47<\/a><\/h1>\t\t\t\t<\/div>\n\t\t\t\t<\/div>\n\t\t\t\t<div class=\"elementor-element elementor-element-6736af1 elementor-widget elementor-widget-heading\" data-id=\"6736af1\" data-element_type=\"widget\" data-e-type=\"widget\" data-widget_type=\"heading.default\">\n\t\t\t\t<div class=\"elementor-widget-container\">\n\t\t\t\t\t<div class=\"elementor-heading-title elementor-size-small\">Stromlinienf\u00f6rmig, anmutig, selten und wundersch\u00f6n. Dieses Club Coup\u00e9 mit laufruhigem V12 ist ein unvergleichbarer Wegbegleiter.<\/div>\t\t\t\t<\/div>\n\t\t\t\t<\/div>\n\t\t\t\t\t<\/div>\n\t\t<\/div>\n\t\t\t\t\t<\/div>\n\t\t<\/section>\n\t\t\t\t<section class=\"elementor-section elementor-inner-section elementor-element elementor-element-32e3e9d elementor-section-content-bottom elementor-section-boxed elementor-section-height-default elementor-section-height-default\" data-id=\"32e3e9d\" data-element_type=\"section\" data-e-type=\"section\">\n\t\t\t\t\t\t<div class=\"elementor-container elementor-column-gap-wider\">\n\t\t\t\t\t<div class=\"elementor-column elementor-col-33 elementor-inner-column elementor-element elementor-element-476bb02\" data-id=\"476bb02\" data-element_type=\"column\" data-e-type=\"column\">\n\t\t\t<div class=\"elementor-widget-wrap elementor-element-populated\">\n\t\t\t\t\t\t<div class=\"elementor-element elementor-element-ba94dd9 elementor-widget elementor-widget-image\" data-id=\"ba94dd9\" data-element_type=\"widget\" data-e-type=\"widget\" data-widget_type=\"image.default\">\n\t\t\t\t<div class=\"elementor-widget-container\">\n\t\t\t\t\t\t\t\t\t\t\t\t\t\t\t\t<a href=\"https:\/\/lunicars.com\/en\/fahrzeuge\/1965-buick-skylark-convertible\/\">\n\t\t\t\t\t\t\t<img loading=\"lazy\" decoding=\"async\" width=\"1732\" height=\"1155\" src=\"https:\/\/lunicars.com\/wp-content\/uploads\/2024\/04\/1965-Buick-Skylark-01.jpg\" class=\"elementor-animation-grow attachment-2048x2048 size-2048x2048 wp-image-40450\" alt=\"\" srcset=\"https:\/\/lunicars.com\/wp-content\/uploads\/2024\/04\/1965-Buick-Skylark-01.jpg 1732w, https:\/\/lunicars.com\/wp-content\/uploads\/2024\/04\/1965-Buick-Skylark-01-300x200.jpg 300w, https:\/\/lunicars.com\/wp-content\/uploads\/2024\/04\/1965-Buick-Skylark-01-1024x683.jpg 1024w, https:\/\/lunicars.com\/wp-content\/uploads\/2024\/04\/1965-Buick-Skylark-01-768x512.jpg 768w, https:\/\/lunicars.com\/wp-content\/uploads\/2024\/04\/1965-Buick-Skylark-01-1536x1024.jpg 1536w\" sizes=\"auto, (max-width: 1732px) 100vw, 1732px\" \/>\t\t\t\t\t\t\t\t<\/a>\n\t\t\t\t\t\t\t\t\t\t\t\t\t\t\t<\/div>\n\t\t\t\t<\/div>\n\t\t\t\t\t<\/div>\n\t\t<\/div>\n\t\t\t\t<div class=\"elementor-column elementor-col-66 elementor-inner-column elementor-element elementor-element-fa84c00\" data-id=\"fa84c00\" data-element_type=\"column\" data-e-type=\"column\">\n\t\t\t<div class=\"elementor-widget-wrap elementor-element-populated\">\n\t\t\t\t\t\t<div class=\"elementor-element elementor-element-bc27849 elementor-widget elementor-widget-heading\" data-id=\"bc27849\" data-element_type=\"widget\" data-e-type=\"widget\" data-widget_type=\"heading.default\">\n\t\t\t\t<div class=\"elementor-widget-container\">\n\t\t\t\t\t<div class=\"elementor-heading-title elementor-size-small\">39'900 CHF <\/div>\t\t\t\t<\/div>\n\t\t\t\t<\/div>\n\t\t\t\t<div class=\"elementor-element elementor-element-4058e4a elementor-widget elementor-widget-heading\" data-id=\"4058e4a\" data-element_type=\"widget\" data-e-type=\"widget\" data-widget_type=\"heading.default\">\n\t\t\t\t<div class=\"elementor-widget-container\">\n\t\t\t\t\t<h1 class=\"elementor-heading-title elementor-size-default\"><a href=\"https:\/\/lunicars.com\/en\/fahrzeuge\/1965-buick-skylark-convertible\/\">Buick Skylark Convertible '65<\/a><\/h1>\t\t\t\t<\/div>\n\t\t\t\t<\/div>\n\t\t\t\t<div class=\"elementor-element elementor-element-a881b6a elementor-widget elementor-widget-heading\" data-id=\"a881b6a\" data-element_type=\"widget\" data-e-type=\"widget\" data-widget_type=\"heading.default\">\n\t\t\t\t<div class=\"elementor-widget-container\">\n\t\t\t\t\t<div class=\"elementor-heading-title elementor-size-small\">L\u00fcckenlos dokumentiert, hervorragend gewartet und ab Veteranen-MFK. Ein zeitloses und zuverl\u00e4ssiges Cabriolet zum Geniessen.<\/div>\t\t\t\t<\/div>\n\t\t\t\t<\/div>\n\t\t\t\t\t<\/div>\n\t\t<\/div>\n\t\t\t\t\t<\/div>\n\t\t<\/section>\n\t\t\t\t<section class=\"elementor-section elementor-inner-section elementor-element elementor-element-9548649 elementor-section-content-bottom elementor-section-boxed elementor-section-height-default elementor-section-height-default\" data-id=\"9548649\" data-element_type=\"section\" data-e-type=\"section\">\n\t\t\t\t\t\t<div class=\"elementor-container elementor-column-gap-wider\">\n\t\t\t\t\t<div class=\"elementor-column elementor-col-33 elementor-inner-column elementor-element elementor-element-cfaf1a0\" data-id=\"cfaf1a0\" data-element_type=\"column\" data-e-type=\"column\">\n\t\t\t<div class=\"elementor-widget-wrap elementor-element-populated\">\n\t\t\t\t\t\t<div class=\"elementor-element elementor-element-529b18d elementor-widget elementor-widget-image\" data-id=\"529b18d\" data-element_type=\"widget\" data-e-type=\"widget\" data-widget_type=\"image.default\">\n\t\t\t\t<div class=\"elementor-widget-container\">\n\t\t\t\t\t\t\t\t\t\t\t\t\t\t\t\t<a href=\"https:\/\/lunicars.com\/en\/fahrzeuge\/1968-rolls-royce-silver-shadow\/\">\n\t\t\t\t\t\t\t<img loading=\"lazy\" decoding=\"async\" width=\"2048\" height=\"1365\" src=\"https:\/\/lunicars.com\/wp-content\/uploads\/2023\/04\/1968-Rolls-Royce-Silver-Shadow-02-2048x1365.jpg\" class=\"elementor-animation-grow attachment-2048x2048 size-2048x2048 wp-image-36667\" alt=\"\" srcset=\"https:\/\/lunicars.com\/wp-content\/uploads\/2023\/04\/1968-Rolls-Royce-Silver-Shadow-02-2048x1365.jpg 2048w, https:\/\/lunicars.com\/wp-content\/uploads\/2023\/04\/1968-Rolls-Royce-Silver-Shadow-02-300x200.jpg 300w, https:\/\/lunicars.com\/wp-content\/uploads\/2023\/04\/1968-Rolls-Royce-Silver-Shadow-02-1024x683.jpg 1024w, https:\/\/lunicars.com\/wp-content\/uploads\/2023\/04\/1968-Rolls-Royce-Silver-Shadow-02-768x512.jpg 768w, https:\/\/lunicars.com\/wp-content\/uploads\/2023\/04\/1968-Rolls-Royce-Silver-Shadow-02-1536x1024.jpg 1536w\" sizes=\"auto, (max-width: 2048px) 100vw, 2048px\" \/>\t\t\t\t\t\t\t\t<\/a>\n\t\t\t\t\t\t\t\t\t\t\t\t\t\t\t<\/div>\n\t\t\t\t<\/div>\n\t\t\t\t\t<\/div>\n\t\t<\/div>\n\t\t\t\t<div class=\"elementor-column elementor-col-66 elementor-inner-column elementor-element elementor-element-7caf03d\" data-id=\"7caf03d\" data-element_type=\"column\" data-e-type=\"column\">\n\t\t\t<div class=\"elementor-widget-wrap elementor-element-populated\">\n\t\t\t\t\t\t<div class=\"elementor-element elementor-element-06c2f65 elementor-widget elementor-widget-heading\" data-id=\"06c2f65\" data-element_type=\"widget\" data-e-type=\"widget\" data-widget_type=\"heading.default\">\n\t\t\t\t<div class=\"elementor-widget-container\">\n\t\t\t\t\t<div class=\"elementor-heading-title elementor-size-small\">35'500 CHF<\/div>\t\t\t\t<\/div>\n\t\t\t\t<\/div>\n\t\t\t\t<div class=\"elementor-element elementor-element-c254cf7 elementor-widget elementor-widget-heading\" data-id=\"c254cf7\" data-element_type=\"widget\" data-e-type=\"widget\" data-widget_type=\"heading.default\">\n\t\t\t\t<div class=\"elementor-widget-container\">\n\t\t\t\t\t<h1 class=\"elementor-heading-title elementor-size-default\"><a href=\"https:\/\/lunicars.com\/en\/fahrzeuge\/1968-rolls-royce-silver-shadow\/\">Rolls Royce Silver Shadow '68<\/a><\/h1>\t\t\t\t<\/div>\n\t\t\t\t<\/div>\n\t\t\t\t<div class=\"elementor-element elementor-element-17bc69a elementor-widget elementor-widget-heading\" data-id=\"17bc69a\" data-element_type=\"widget\" data-e-type=\"widget\" data-widget_type=\"heading.default\">\n\t\t\t\t<div class=\"elementor-widget-container\">\n\t\t\t\t\t<div class=\"elementor-heading-title elementor-size-small\">Der bekannteste Rolls Royce \u00fcberhaupt: Dieser moderne und zuverl\u00e4ssige Silver Shadow f\u00e4hrt sich zuverl\u00e4ssig wie am ersten Tag.<\/div>\t\t\t\t<\/div>\n\t\t\t\t<\/div>\n\t\t\t\t\t<\/div>\n\t\t<\/div>\n\t\t\t\t\t<\/div>\n\t\t<\/section>\n\t\t\t\t<section class=\"elementor-section elementor-inner-section elementor-element elementor-element-c92283b elementor-section-content-bottom elementor-section-boxed elementor-section-height-default elementor-section-height-default\" data-id=\"c92283b\" data-element_type=\"section\" data-e-type=\"section\">\n\t\t\t\t\t\t<div class=\"elementor-container elementor-column-gap-wider\">\n\t\t\t\t\t<div class=\"elementor-column elementor-col-33 elementor-inner-column elementor-element elementor-element-c52cc52\" data-id=\"c52cc52\" data-element_type=\"column\" data-e-type=\"column\">\n\t\t\t<div class=\"elementor-widget-wrap elementor-element-populated\">\n\t\t\t\t\t\t<div class=\"elementor-element elementor-element-ff0757e elementor-widget elementor-widget-image\" data-id=\"ff0757e\" data-element_type=\"widget\" data-e-type=\"widget\" data-widget_type=\"image.default\">\n\t\t\t\t<div class=\"elementor-widget-container\">\n\t\t\t\t\t\t\t\t\t\t\t\t\t\t\t\t<a href=\"https:\/\/lunicars.com\/en\/fahrzeuge\/1968-oldsmobile-442-convertible\/\">\n\t\t\t\t\t\t\t<img loading=\"lazy\" decoding=\"async\" width=\"2048\" height=\"1366\" src=\"https:\/\/lunicars.com\/wp-content\/uploads\/2023\/06\/1968-Oldsmobile-442-Convertible-09-2048x1366.jpg\" class=\"elementor-animation-grow attachment-2048x2048 size-2048x2048 wp-image-37690\" alt=\"\" srcset=\"https:\/\/lunicars.com\/wp-content\/uploads\/2023\/06\/1968-Oldsmobile-442-Convertible-09-2048x1366.jpg 2048w, https:\/\/lunicars.com\/wp-content\/uploads\/2023\/06\/1968-Oldsmobile-442-Convertible-09-300x200.jpg 300w, https:\/\/lunicars.com\/wp-content\/uploads\/2023\/06\/1968-Oldsmobile-442-Convertible-09-1024x683.jpg 1024w, https:\/\/lunicars.com\/wp-content\/uploads\/2023\/06\/1968-Oldsmobile-442-Convertible-09-768x512.jpg 768w, https:\/\/lunicars.com\/wp-content\/uploads\/2023\/06\/1968-Oldsmobile-442-Convertible-09-1536x1024.jpg 1536w\" sizes=\"auto, (max-width: 2048px) 100vw, 2048px\" \/>\t\t\t\t\t\t\t\t<\/a>\n\t\t\t\t\t\t\t\t\t\t\t\t\t\t\t<\/div>\n\t\t\t\t<\/div>\n\t\t\t\t\t<\/div>\n\t\t<\/div>\n\t\t\t\t<div class=\"elementor-column elementor-col-66 elementor-inner-column elementor-element elementor-element-fd54958\" data-id=\"fd54958\" data-element_type=\"column\" data-e-type=\"column\">\n\t\t\t<div class=\"elementor-widget-wrap elementor-element-populated\">\n\t\t\t\t\t\t<div class=\"elementor-element elementor-element-b845437 elementor-widget elementor-widget-heading\" data-id=\"b845437\" data-element_type=\"widget\" data-e-type=\"widget\" data-widget_type=\"heading.default\">\n\t\t\t\t<div class=\"elementor-widget-container\">\n\t\t\t\t\t<div class=\"elementor-heading-title elementor-size-small\">59'000 CHF<\/div>\t\t\t\t<\/div>\n\t\t\t\t<\/div>\n\t\t\t\t<div class=\"elementor-element elementor-element-e975d15 elementor-widget elementor-widget-heading\" data-id=\"e975d15\" data-element_type=\"widget\" data-e-type=\"widget\" data-widget_type=\"heading.default\">\n\t\t\t\t<div class=\"elementor-widget-container\">\n\t\t\t\t\t<h1 class=\"elementor-heading-title elementor-size-default\"><a href=\"https:\/\/lunicars.com\/en\/fahrzeuge\/1968-oldsmobile-442-convertible\/\">Oldsmobile 442 Convertible '68<\/a><\/h1>\t\t\t\t<\/div>\n\t\t\t\t<\/div>\n\t\t\t\t<div class=\"elementor-element elementor-element-5823461 elementor-widget elementor-widget-heading\" data-id=\"5823461\" data-element_type=\"widget\" data-e-type=\"widget\" data-widget_type=\"heading.default\">\n\t\t\t\t<div class=\"elementor-widget-container\">\n\t\t\t\t\t<div class=\"elementor-heading-title elementor-size-small\">Kraftvoll und \u00e4usserst selten: Dieser originale 68er 4-4-2 von Oldsmobile ist ein echter Schweizer Survivor aus erster Familienhand.<\/div>\t\t\t\t<\/div>\n\t\t\t\t<\/div>\n\t\t\t\t\t<\/div>\n\t\t<\/div>\n\t\t\t\t\t<\/div>\n\t\t<\/section>\n\t\t\t\t<section class=\"elementor-section elementor-inner-section elementor-element elementor-element-265fbcb elementor-section-content-bottom elementor-section-boxed elementor-section-height-default elementor-section-height-default\" data-id=\"265fbcb\" data-element_type=\"section\" data-e-type=\"section\">\n\t\t\t\t\t\t<div class=\"elementor-container elementor-column-gap-wider\">\n\t\t\t\t\t<div class=\"elementor-column elementor-col-33 elementor-inner-column elementor-element elementor-element-ff115d9\" data-id=\"ff115d9\" data-element_type=\"column\" data-e-type=\"column\">\n\t\t\t<div class=\"elementor-widget-wrap elementor-element-populated\">\n\t\t\t\t\t\t<div class=\"elementor-element elementor-element-c3d3643 elementor-widget elementor-widget-image\" data-id=\"c3d3643\" data-element_type=\"widget\" data-e-type=\"widget\" data-widget_type=\"image.default\">\n\t\t\t\t<div class=\"elementor-widget-container\">\n\t\t\t\t\t\t\t\t\t\t\t\t\t\t\t\t<a href=\"https:\/\/lunicars.com\/en\/fahrzeuge\/1957-ford-fairlane-500-skyliner\/\">\n\t\t\t\t\t\t\t<img loading=\"lazy\" decoding=\"async\" width=\"1633\" height=\"1225\" src=\"https:\/\/lunicars.com\/wp-content\/uploads\/2024\/12\/1957-Ford-Fairlane-Skyliner-Retractable-01.jpg\" class=\"elementor-animation-grow attachment-2048x2048 size-2048x2048 wp-image-42470\" alt=\"\" srcset=\"https:\/\/lunicars.com\/wp-content\/uploads\/2024\/12\/1957-Ford-Fairlane-Skyliner-Retractable-01.jpg 1633w, https:\/\/lunicars.com\/wp-content\/uploads\/2024\/12\/1957-Ford-Fairlane-Skyliner-Retractable-01-300x225.jpg 300w, https:\/\/lunicars.com\/wp-content\/uploads\/2024\/12\/1957-Ford-Fairlane-Skyliner-Retractable-01-1024x768.jpg 1024w, https:\/\/lunicars.com\/wp-content\/uploads\/2024\/12\/1957-Ford-Fairlane-Skyliner-Retractable-01-768x576.jpg 768w, https:\/\/lunicars.com\/wp-content\/uploads\/2024\/12\/1957-Ford-Fairlane-Skyliner-Retractable-01-1536x1152.jpg 1536w\" sizes=\"auto, (max-width: 1633px) 100vw, 1633px\" \/>\t\t\t\t\t\t\t\t<\/a>\n\t\t\t\t\t\t\t\t\t\t\t\t\t\t\t<\/div>\n\t\t\t\t<\/div>\n\t\t\t\t\t<\/div>\n\t\t<\/div>\n\t\t\t\t<div class=\"elementor-column elementor-col-66 elementor-inner-column elementor-element elementor-element-d5ae79d\" data-id=\"d5ae79d\" data-element_type=\"column\" data-e-type=\"column\">\n\t\t\t<div class=\"elementor-widget-wrap elementor-element-populated\">\n\t\t\t\t\t\t<div class=\"elementor-element elementor-element-adac157 elementor-widget__width-initial elementor-widget elementor-widget-heading\" data-id=\"adac157\" data-element_type=\"widget\" data-e-type=\"widget\" data-widget_type=\"heading.default\">\n\t\t\t\t<div class=\"elementor-widget-container\">\n\t\t\t\t\t<div class=\"elementor-heading-title elementor-size-small\">89'900 CHF <\/div>\t\t\t\t<\/div>\n\t\t\t\t<\/div>\n\t\t\t\t<div class=\"elementor-element elementor-element-55ac2c5 elementor-widget elementor-widget-heading\" data-id=\"55ac2c5\" data-element_type=\"widget\" data-e-type=\"widget\" data-widget_type=\"heading.default\">\n\t\t\t\t<div class=\"elementor-widget-container\">\n\t\t\t\t\t<h1 class=\"elementor-heading-title elementor-size-default\"><a href=\"https:\/\/lunicars.com\/en\/fahrzeuge\/1957-ford-fairlane-500-skyliner\/\">Ford Fairlane 500 Skyliner '57<\/a><\/h1>\t\t\t\t<\/div>\n\t\t\t\t<\/div>\n\t\t\t\t<div class=\"elementor-element elementor-element-3061719 elementor-widget elementor-widget-heading\" data-id=\"3061719\" data-element_type=\"widget\" data-e-type=\"widget\" data-widget_type=\"heading.default\">\n\t\t\t\t<div class=\"elementor-widget-container\">\n\t\t\t\t\t<div class=\"elementor-heading-title elementor-size-small\">50er Jahre \u00c4sthetik und nahezu magische Technik, kombiniert in einem Familien-Cruiser. In der Schweiz restauriert und bereit f\u00fcr Neues.<\/div>\t\t\t\t<\/div>\n\t\t\t\t<\/div>\n\t\t\t\t\t<\/div>\n\t\t<\/div>\n\t\t\t\t\t<\/div>\n\t\t<\/section>\n\t\t\t\t\t<\/div>\n\t\t<\/div>\n\t\t\t\t\t<\/div>\n\t\t<\/section>\n\t\t\t\t<section class=\"elementor-section elementor-top-section elementor-element elementor-element-9ec2714 elementor-section-boxed elementor-section-height-default elementor-section-height-default\" data-id=\"9ec2714\" data-element_type=\"section\" data-e-type=\"section\" data-settings=\"{&quot;background_background&quot;:&quot;classic&quot;}\">\n\t\t\t\t\t\t<div class=\"elementor-container elementor-column-gap-default\">\n\t\t\t\t\t<div class=\"elementor-column elementor-col-100 elementor-top-column elementor-element elementor-element-bf48826\" data-id=\"bf48826\" data-element_type=\"column\" data-e-type=\"column\">\n\t\t\t<div class=\"elementor-widget-wrap elementor-element-populated\">\n\t\t\t\t\t\t<div class=\"elementor-element elementor-element-4a0cba1 elementor-widget elementor-widget-heading\" data-id=\"4a0cba1\" data-element_type=\"widget\" data-e-type=\"widget\" data-widget_type=\"heading.default\">\n\t\t\t\t<div class=\"elementor-widget-container\">\n\t\t\t\t\t<h2 class=\"elementor-heading-title elementor-size-default\">not what you are looking for?<\/h2>\t\t\t\t<\/div>\n\t\t\t\t<\/div>\n\t\t\t\t<div class=\"elementor-element elementor-element-290eeb8 elementor-widget elementor-widget-text-editor\" data-id=\"290eeb8\" data-element_type=\"widget\" data-e-type=\"widget\" data-widget_type=\"text-editor.default\">\n\t\t\t\t<div class=\"elementor-widget-container\">\n\t\t\t\t\t\t\t\t\t<p>We will be happy to find your individual dream vehicle.<\/p><p>Simply make a non-binding inquiry and benefit from our network.<\/p>\t\t\t\t\t\t\t\t<\/div>\n\t\t\t\t<\/div>\n\t\t\t\t\t<\/div>\n\t\t<\/div>\n\t\t\t\t\t<\/div>\n\t\t<\/section>\n\t\t\t\t<\/div>","protected":false},"excerpt":{"rendered":"<p>Cars Du m\u00f6chtest Dein Auto verkaufen? Kein Problem! Gerne kommen wir vorbei, begutachten den Wagen, holen ihn auf Wunsch ab, machen Bilder und Videos, sammeln Details und bieten Deinen Oldie auf allen g\u00e4ngigen Portalen an. Kein Stress, keine unn\u00f6tigen Anfragen, Termine und Verhandlungen. Mehr dazu auf der &#8222;Services&#8220;-Seite. Jetzt anfragen und einen Platz sichern 58&#8217;000 [&hellip;]<\/p>\n","protected":false},"author":1,"featured_media":0,"parent":0,"menu_order":0,"comment_status":"closed","ping_status":"closed","template":"","meta":{"_acf_changed":false,"site-sidebar-layout":"no-sidebar","site-content-layout":"page-builder","ast-site-content-layout":"full-width-container","site-content-style":"unboxed","site-sidebar-style":"unboxed","ast-global-header-display":"","ast-banner-title-visibility":"disabled","ast-main-header-display":"","ast-hfb-above-header-display":"","ast-hfb-below-header-display":"","ast-hfb-mobile-header-display":"","site-post-title":"","ast-breadcrumbs-content":"","ast-featured-img":"","footer-sml-layout":"","ast-disable-related-posts":"","theme-transparent-header-meta":"enabled","adv-header-id-meta":"","stick-header-meta":"","header-above-stick-meta":"","header-main-stick-meta":"","header-below-stick-meta":"","astra-migrate-meta-layouts":"set","ast-page-background-enabled":"default","ast-page-background-meta":{"desktop":{"background-color":"","background-image":"","background-repeat":"repeat","background-position":"center center","background-size":"auto","background-attachment":"scroll","background-type":"","background-media":"","overlay-type":"","overlay-color":"","overlay-opacity":"","overlay-gradient":""},"tablet":{"background-color":"","background-image":"","background-repeat":"repeat","background-position":"center center","background-size":"auto","background-attachment":"scroll","background-type":"","background-media":"","overlay-type":"","overlay-color":"","overlay-opacity":"","overlay-gradient":""},"mobile":{"background-color":"","background-image":"","background-repeat":"repeat","background-position":"center center","background-size":"auto","background-attachment":"scroll","background-type":"","background-media":"","overlay-type":"","overlay-color":"","overlay-opacity":"","overlay-gradient":""}},"ast-content-background-meta":{"desktop":{"background-color":"var(--ast-global-color-5)","background-image":"","background-repeat":"repeat","background-position":"center center","background-size":"auto","background-attachment":"scroll","background-type":"","background-media":"","overlay-type":"","overlay-color":"","overlay-opacity":"","overlay-gradient":""},"tablet":{"background-color":"var(--ast-global-color-5)","background-image":"","background-repeat":"repeat","background-position":"center center","background-size":"auto","background-attachment":"scroll","background-type":"","background-media":"","overlay-type":"","overlay-color":"","overlay-opacity":"","overlay-gradient":""},"mobile":{"background-color":"var(--ast-global-color-5)","background-image":"","background-repeat":"repeat","background-position":"center center","background-size":"auto","background-attachment":"scroll","background-type":"","background-media":"","overlay-type":"","overlay-color":"","overlay-opacity":"","overlay-gradient":""}},"footnotes":""},"class_list":["post-31","page","type-page","status-publish","hentry"],"acf":[],"yoast_head":"<!-- This site is optimized with the Yoast SEO plugin v27.4 - https:\/\/yoast.com\/product\/yoast-seo-wordpress\/ -->\n<title>Cars - LUNI Classic Cars<\/title>\n<meta name=\"description\" content=\"Hier findest Du Oldtimer aus aller Welt. Vom Fiat 500 bis zum amerikanischen V8-Dickschiff ist von allem etwas dabei.\" \/>\n<meta name=\"robots\" content=\"index, follow, max-snippet:-1, max-image-preview:large, max-video-preview:-1\" \/>\n<link rel=\"canonical\" href=\"https:\/\/lunicars.com\/en\/fahrzeuge\/\" \/>\n<meta property=\"og:locale\" content=\"en_US\" \/>\n<meta property=\"og:type\" content=\"article\" \/>\n<meta property=\"og:title\" content=\"Cars - LUNI Classic Cars\" \/>\n<meta property=\"og:description\" content=\"Hier findest Du Oldtimer aus aller Welt. Vom Fiat 500 bis zum amerikanischen V8-Dickschiff ist von allem etwas dabei.\" \/>\n<meta property=\"og:url\" content=\"https:\/\/lunicars.com\/en\/fahrzeuge\/\" \/>\n<meta property=\"og:site_name\" content=\"LUNI Classic Cars\" \/>\n<meta property=\"article:publisher\" content=\"https:\/\/www.facebook.com\/luniclassiccars\" \/>\n<meta property=\"article:modified_time\" content=\"2026-04-03T08:08:54+00:00\" \/>\n<meta property=\"og:image\" content=\"https:\/\/lunicars.com\/wp-content\/uploads\/2026\/04\/1958-Ford-Fairlane-500-Club-Victoria-02.jpg\" \/>\n\t<meta property=\"og:image:width\" content=\"1620\" \/>\n\t<meta property=\"og:image:height\" content=\"1080\" \/>\n\t<meta property=\"og:image:type\" content=\"image\/jpeg\" \/>\n<meta name=\"twitter:label1\" content=\"Est. reading time\" \/>\n\t<meta name=\"twitter:data1\" content=\"12 minutes\" \/>\n<script type=\"application\/ld+json\" class=\"yoast-schema-graph\">{\"@context\":\"https:\\\/\\\/schema.org\",\"@graph\":[{\"@type\":\"WebPage\",\"@id\":\"https:\\\/\\\/lunicars.com\\\/fahrzeuge\\\/\",\"url\":\"https:\\\/\\\/lunicars.com\\\/fahrzeuge\\\/\",\"name\":\"Cars - LUNI Classic Cars\",\"isPartOf\":{\"@id\":\"https:\\\/\\\/lunicars.com\\\/#website\"},\"primaryImageOfPage\":{\"@id\":\"https:\\\/\\\/lunicars.com\\\/fahrzeuge\\\/#primaryimage\"},\"image\":{\"@id\":\"https:\\\/\\\/lunicars.com\\\/fahrzeuge\\\/#primaryimage\"},\"thumbnailUrl\":\"https:\\\/\\\/lunicars.com\\\/wp-content\\\/uploads\\\/2026\\\/04\\\/1958-Ford-Fairlane-500-Club-Victoria-02.jpg\",\"datePublished\":\"2020-04-13T11:18:52+00:00\",\"dateModified\":\"2026-04-03T08:08:54+00:00\",\"description\":\"Hier findest Du Oldtimer aus aller Welt. Vom Fiat 500 bis zum amerikanischen V8-Dickschiff ist von allem etwas dabei.\",\"breadcrumb\":{\"@id\":\"https:\\\/\\\/lunicars.com\\\/fahrzeuge\\\/#breadcrumb\"},\"inLanguage\":\"en-US\",\"potentialAction\":[{\"@type\":\"ReadAction\",\"target\":[\"https:\\\/\\\/lunicars.com\\\/fahrzeuge\\\/\"]}]},{\"@type\":\"ImageObject\",\"inLanguage\":\"en-US\",\"@id\":\"https:\\\/\\\/lunicars.com\\\/fahrzeuge\\\/#primaryimage\",\"url\":\"https:\\\/\\\/lunicars.com\\\/wp-content\\\/uploads\\\/2026\\\/04\\\/1958-Ford-Fairlane-500-Club-Victoria-02.jpg\",\"contentUrl\":\"https:\\\/\\\/lunicars.com\\\/wp-content\\\/uploads\\\/2026\\\/04\\\/1958-Ford-Fairlane-500-Club-Victoria-02.jpg\"},{\"@type\":\"BreadcrumbList\",\"@id\":\"https:\\\/\\\/lunicars.com\\\/fahrzeuge\\\/#breadcrumb\",\"itemListElement\":[{\"@type\":\"ListItem\",\"position\":1,\"name\":\"Startseite\",\"item\":\"https:\\\/\\\/lunicars.com\\\/\"},{\"@type\":\"ListItem\",\"position\":2,\"name\":\"Cars\"}]},{\"@type\":\"WebSite\",\"@id\":\"https:\\\/\\\/lunicars.com\\\/#website\",\"url\":\"https:\\\/\\\/lunicars.com\\\/\",\"name\":\"LUNI Classic Cars\",\"description\":\"\",\"publisher\":{\"@id\":\"https:\\\/\\\/lunicars.com\\\/#organization\"},\"potentialAction\":[{\"@type\":\"SearchAction\",\"target\":{\"@type\":\"EntryPoint\",\"urlTemplate\":\"https:\\\/\\\/lunicars.com\\\/?s={search_term_string}\"},\"query-input\":{\"@type\":\"PropertyValueSpecification\",\"valueRequired\":true,\"valueName\":\"search_term_string\"}}],\"inLanguage\":\"en-US\"},{\"@type\":\"Organization\",\"@id\":\"https:\\\/\\\/lunicars.com\\\/#organization\",\"name\":\"LUNI Classic Cars GmbH\",\"url\":\"https:\\\/\\\/lunicars.com\\\/\",\"logo\":{\"@type\":\"ImageObject\",\"inLanguage\":\"en-US\",\"@id\":\"https:\\\/\\\/lunicars.com\\\/#\\\/schema\\\/logo\\\/image\\\/\",\"url\":\"https:\\\/\\\/lunicars.com\\\/wp-content\\\/uploads\\\/2026\\\/01\\\/V2-1.1-Transparent-scaled.png\",\"contentUrl\":\"https:\\\/\\\/lunicars.com\\\/wp-content\\\/uploads\\\/2026\\\/01\\\/V2-1.1-Transparent-scaled.png\",\"width\":2560,\"height\":419,\"caption\":\"LUNI Classic Cars GmbH\"},\"image\":{\"@id\":\"https:\\\/\\\/lunicars.com\\\/#\\\/schema\\\/logo\\\/image\\\/\"},\"sameAs\":[\"https:\\\/\\\/www.facebook.com\\\/luniclassiccars\",\"https:\\\/\\\/www.instagram.com\\\/luniclassiccars\\\/\",\"https:\\\/\\\/www.youtube.com\\\/@luniclassiccars\",\"https:\\\/\\\/www.linkedin.com\\\/company\\\/77098611\",\"https:\\\/\\\/www.tiktok.com\\\/@luniclassiccars\",\"https:\\\/\\\/ch.pinterest.com\\\/luniclassiccars\\\/\"]}]}<\/script>\n<!-- \/ Yoast SEO plugin. -->","yoast_head_json":{"title":"Cars - LUNI Classic Cars","description":"Hier findest Du Oldtimer aus aller Welt. Vom Fiat 500 bis zum amerikanischen V8-Dickschiff ist von allem etwas dabei.","robots":{"index":"index","follow":"follow","max-snippet":"max-snippet:-1","max-image-preview":"max-image-preview:large","max-video-preview":"max-video-preview:-1"},"canonical":"https:\/\/lunicars.com\/en\/fahrzeuge\/","og_locale":"en_US","og_type":"article","og_title":"Cars - LUNI Classic Cars","og_description":"Hier findest Du Oldtimer aus aller Welt. Vom Fiat 500 bis zum amerikanischen V8-Dickschiff ist von allem etwas dabei.","og_url":"https:\/\/lunicars.com\/en\/fahrzeuge\/","og_site_name":"LUNI Classic Cars","article_publisher":"https:\/\/www.facebook.com\/luniclassiccars","article_modified_time":"2026-04-03T08:08:54+00:00","og_image":[{"width":1620,"height":1080,"url":"https:\/\/lunicars.com\/wp-content\/uploads\/2026\/04\/1958-Ford-Fairlane-500-Club-Victoria-02.jpg","type":"image\/jpeg"}],"twitter_misc":{"Est. reading time":"12 minutes"},"schema":{"@context":"https:\/\/schema.org","@graph":[{"@type":"WebPage","@id":"https:\/\/lunicars.com\/fahrzeuge\/","url":"https:\/\/lunicars.com\/fahrzeuge\/","name":"Cars - LUNI Classic Cars","isPartOf":{"@id":"https:\/\/lunicars.com\/#website"},"primaryImageOfPage":{"@id":"https:\/\/lunicars.com\/fahrzeuge\/#primaryimage"},"image":{"@id":"https:\/\/lunicars.com\/fahrzeuge\/#primaryimage"},"thumbnailUrl":"https:\/\/lunicars.com\/wp-content\/uploads\/2026\/04\/1958-Ford-Fairlane-500-Club-Victoria-02.jpg","datePublished":"2020-04-13T11:18:52+00:00","dateModified":"2026-04-03T08:08:54+00:00","description":"Hier findest Du Oldtimer aus aller Welt. Vom Fiat 500 bis zum amerikanischen V8-Dickschiff ist von allem etwas dabei.","breadcrumb":{"@id":"https:\/\/lunicars.com\/fahrzeuge\/#breadcrumb"},"inLanguage":"en-US","potentialAction":[{"@type":"ReadAction","target":["https:\/\/lunicars.com\/fahrzeuge\/"]}]},{"@type":"ImageObject","inLanguage":"en-US","@id":"https:\/\/lunicars.com\/fahrzeuge\/#primaryimage","url":"https:\/\/lunicars.com\/wp-content\/uploads\/2026\/04\/1958-Ford-Fairlane-500-Club-Victoria-02.jpg","contentUrl":"https:\/\/lunicars.com\/wp-content\/uploads\/2026\/04\/1958-Ford-Fairlane-500-Club-Victoria-02.jpg"},{"@type":"BreadcrumbList","@id":"https:\/\/lunicars.com\/fahrzeuge\/#breadcrumb","itemListElement":[{"@type":"ListItem","position":1,"name":"Startseite","item":"https:\/\/lunicars.com\/"},{"@type":"ListItem","position":2,"name":"Cars"}]},{"@type":"WebSite","@id":"https:\/\/lunicars.com\/#website","url":"https:\/\/lunicars.com\/","name":"LUNI Classic Cars","description":"","publisher":{"@id":"https:\/\/lunicars.com\/#organization"},"potentialAction":[{"@type":"SearchAction","target":{"@type":"EntryPoint","urlTemplate":"https:\/\/lunicars.com\/?s={search_term_string}"},"query-input":{"@type":"PropertyValueSpecification","valueRequired":true,"valueName":"search_term_string"}}],"inLanguage":"en-US"},{"@type":"Organization","@id":"https:\/\/lunicars.com\/#organization","name":"LUNI Classic Cars GmbH","url":"https:\/\/lunicars.com\/","logo":{"@type":"ImageObject","inLanguage":"en-US","@id":"https:\/\/lunicars.com\/#\/schema\/logo\/image\/","url":"https:\/\/lunicars.com\/wp-content\/uploads\/2026\/01\/V2-1.1-Transparent-scaled.png","contentUrl":"https:\/\/lunicars.com\/wp-content\/uploads\/2026\/01\/V2-1.1-Transparent-scaled.png","width":2560,"height":419,"caption":"LUNI Classic Cars GmbH"},"image":{"@id":"https:\/\/lunicars.com\/#\/schema\/logo\/image\/"},"sameAs":["https:\/\/www.facebook.com\/luniclassiccars","https:\/\/www.instagram.com\/luniclassiccars\/","https:\/\/www.youtube.com\/@luniclassiccars","https:\/\/www.linkedin.com\/company\/77098611","https:\/\/www.tiktok.com\/@luniclassiccars","https:\/\/ch.pinterest.com\/luniclassiccars\/"]}]}},"_links":{"self":[{"href":"https:\/\/lunicars.com\/en\/wp-json\/wp\/v2\/pages\/31","targetHints":{"allow":["GET"]}}],"collection":[{"href":"https:\/\/lunicars.com\/en\/wp-json\/wp\/v2\/pages"}],"about":[{"href":"https:\/\/lunicars.com\/en\/wp-json\/wp\/v2\/types\/page"}],"author":[{"embeddable":true,"href":"https:\/\/lunicars.com\/en\/wp-json\/wp\/v2\/users\/1"}],"replies":[{"embeddable":true,"href":"https:\/\/lunicars.com\/en\/wp-json\/wp\/v2\/comments?post=31"}],"version-history":[{"count":1428,"href":"https:\/\/lunicars.com\/en\/wp-json\/wp\/v2\/pages\/31\/revisions"}],"predecessor-version":[{"id":48013,"href":"https:\/\/lunicars.com\/en\/wp-json\/wp\/v2\/pages\/31\/revisions\/48013"}],"wp:attachment":[{"href":"https:\/\/lunicars.com\/en\/wp-json\/wp\/v2\/media?parent=31"}],"curies":[{"name":"wp","href":"https:\/\/api.w.org\/{rel}","templated":true}]}}