{"id":37540,"date":"2023-05-22T11:19:06","date_gmt":"2023-05-22T09:19:06","guid":{"rendered":"https:\/\/lunicars.com\/?page_id=37540"},"modified":"2026-04-02T13:29:31","modified_gmt":"2026-04-02T11:29:31","slug":"verkaufte-fahrzeuge","status":"publish","type":"page","link":"https:\/\/lunicars.com\/en\/verkaufte-fahrzeuge\/","title":{"rendered":"Sold Vehicles"},"content":{"rendered":"<div data-elementor-type=\"wp-page\" data-elementor-id=\"37540\" class=\"elementor elementor-37540\">\n\t\t\t\t\t\t<section class=\"elementor-section elementor-top-section elementor-element elementor-element-5131a13e elementor-section-boxed elementor-section-height-default elementor-section-height-default\" data-id=\"5131a13e\" data-element_type=\"section\" data-e-type=\"section\" data-settings=\"{&quot;background_background&quot;:&quot;classic&quot;}\">\n\t\t\t\t\t\t\t<div class=\"elementor-background-overlay\"><\/div>\n\t\t\t\t\t\t\t<div class=\"elementor-container elementor-column-gap-default\">\n\t\t\t\t\t<div class=\"elementor-column elementor-col-100 elementor-top-column elementor-element elementor-element-1053ca7a\" data-id=\"1053ca7a\" data-element_type=\"column\" data-e-type=\"column\">\n\t\t\t<div class=\"elementor-widget-wrap elementor-element-populated\">\n\t\t\t\t\t\t<div class=\"elementor-element elementor-element-3d99e122 elementor-widget elementor-widget-heading\" data-id=\"3d99e122\" data-element_type=\"widget\" data-e-type=\"widget\" data-widget_type=\"heading.default\">\n\t\t\t\t<div class=\"elementor-widget-container\">\n\t\t\t\t\t<h1 class=\"elementor-heading-title elementor-size-default\">Sold<\/h1>\t\t\t\t<\/div>\n\t\t\t\t<\/div>\n\t\t\t\t\t<\/div>\n\t\t<\/div>\n\t\t\t\t\t<\/div>\n\t\t<\/section>\n\t\t\t\t<section class=\"elementor-section elementor-top-section elementor-element elementor-element-7760d3d elementor-section-boxed elementor-section-height-default elementor-section-height-default\" data-id=\"7760d3d\" data-element_type=\"section\" data-e-type=\"section\">\n\t\t\t\t\t\t<div class=\"elementor-container elementor-column-gap-default\">\n\t\t\t\t\t<div class=\"elementor-column elementor-col-100 elementor-top-column elementor-element elementor-element-a4d487c\" data-id=\"a4d487c\" data-element_type=\"column\" data-e-type=\"column\">\n\t\t\t<div class=\"elementor-widget-wrap elementor-element-populated\">\n\t\t\t\t\t\t<div class=\"elementor-element elementor-element-e4c2086 elementor-widget elementor-widget-heading\" data-id=\"e4c2086\" data-element_type=\"widget\" data-e-type=\"widget\" data-widget_type=\"heading.default\">\n\t\t\t\t<div class=\"elementor-widget-container\">\n\t\t\t\t\t<h2 class=\"elementor-heading-title elementor-size-default\">Du m\u00f6chtest auch Dein Auto verkauft wissen?<\/h2>\t\t\t\t<\/div>\n\t\t\t\t<\/div>\n\t\t\t\t<div class=\"elementor-element elementor-element-5e5c5a3 elementor-widget elementor-widget-text-editor\" data-id=\"5e5c5a3\" data-element_type=\"widget\" data-e-type=\"widget\" data-widget_type=\"text-editor.default\">\n\t\t\t\t<div class=\"elementor-widget-container\">\n\t\t\t\t\t\t\t\t\t<p>Kinderleicht &#8211; einfach per Telefon, E-Mail oder via Kontaktformular melden und nachdem wir die n\u00f6tigen Details erhalten haben, kannst Du Dich entspannen, w\u00e4hrend wir einen passenden K\u00e4ufer f\u00fcr Deinen Oldie finden.\u00a0<\/p>\t\t\t\t\t\t\t\t<\/div>\n\t\t\t\t<\/div>\n\t\t\t\t<div class=\"elementor-element elementor-element-f694c64 elementor-align-center elementor-widget elementor-widget-button\" data-id=\"f694c64\" data-element_type=\"widget\" data-e-type=\"widget\" data-widget_type=\"button.default\">\n\t\t\t\t<div class=\"elementor-widget-container\">\n\t\t\t\t\t\t\t\t\t<div class=\"elementor-button-wrapper\">\n\t\t\t\t\t<a class=\"elementor-button elementor-button-link elementor-size-sm\" href=\"https:\/\/lunicars.com\/en\/kontakt\/\">\n\t\t\t\t\t\t<span class=\"elementor-button-content-wrapper\">\n\t\t\t\t\t\t\t\t\t<span class=\"elementor-button-text\">Enquire now and secure a place<\/span>\n\t\t\t\t\t<\/span>\n\t\t\t\t\t<\/a>\n\t\t\t\t<\/div>\n\t\t\t\t\t\t\t\t<\/div>\n\t\t\t\t<\/div>\n\t\t\t\t<div class=\"elementor-element elementor-element-1672151 elementor-widget-divider--view-line elementor-widget elementor-widget-divider\" data-id=\"1672151\" data-element_type=\"widget\" data-e-type=\"widget\" data-widget_type=\"divider.default\">\n\t\t\t\t<div class=\"elementor-widget-container\">\n\t\t\t\t\t\t\t<div class=\"elementor-divider\">\n\t\t\t<span class=\"elementor-divider-separator\">\n\t\t\t\t\t\t<\/span>\n\t\t<\/div>\n\t\t\t\t\t\t<\/div>\n\t\t\t\t<\/div>\n\t\t\t\t\t<\/div>\n\t\t<\/div>\n\t\t\t\t\t<\/div>\n\t\t<\/section>\n\t\t\t\t<section class=\"elementor-section elementor-top-section elementor-element elementor-element-8105e30 elementor-section-boxed elementor-section-height-default elementor-section-height-default\" data-id=\"8105e30\" data-element_type=\"section\" data-e-type=\"section\">\n\t\t\t\t\t\t<div class=\"elementor-container elementor-column-gap-default\">\n\t\t\t\t\t<div class=\"elementor-column elementor-col-100 elementor-top-column elementor-element elementor-element-f149e63\" data-id=\"f149e63\" data-element_type=\"column\" data-e-type=\"column\">\n\t\t\t<div class=\"elementor-widget-wrap elementor-element-populated\">\n\t\t\t\t\t\t<section class=\"elementor-section elementor-inner-section elementor-element elementor-element-65d8cc4 elementor-section-content-bottom elementor-section-boxed elementor-section-height-default elementor-section-height-default\" data-id=\"65d8cc4\" data-element_type=\"section\" data-e-type=\"section\">\n\t\t\t\t\t\t<div class=\"elementor-container elementor-column-gap-wider\">\n\t\t\t\t\t<div class=\"elementor-column elementor-col-33 elementor-inner-column elementor-element elementor-element-3135367\" data-id=\"3135367\" data-element_type=\"column\" data-e-type=\"column\">\n\t\t\t<div class=\"elementor-widget-wrap elementor-element-populated\">\n\t\t\t\t\t\t<div class=\"elementor-element elementor-element-bd600fe elementor-widget elementor-widget-image\" data-id=\"bd600fe\" data-element_type=\"widget\" data-e-type=\"widget\" data-widget_type=\"image.default\">\n\t\t\t\t<div class=\"elementor-widget-container\">\n\t\t\t\t\t\t\t\t\t\t\t\t\t\t\t\t<a href=\"https:\/\/lunicars.com\/en\/fahrzeuge\/1974-mg-b-gt\/\">\n\t\t\t\t\t\t\t<img loading=\"lazy\" decoding=\"async\" width=\"1620\" height=\"1080\" src=\"https:\/\/lunicars.com\/wp-content\/uploads\/2026\/03\/1974-MG-B-GT-02.jpg\" class=\"elementor-animation-grow attachment-2048x2048 size-2048x2048 wp-image-47342\" alt=\"\" srcset=\"https:\/\/lunicars.com\/wp-content\/uploads\/2026\/03\/1974-MG-B-GT-02.jpg 1620w, https:\/\/lunicars.com\/wp-content\/uploads\/2026\/03\/1974-MG-B-GT-02-300x200.jpg 300w, https:\/\/lunicars.com\/wp-content\/uploads\/2026\/03\/1974-MG-B-GT-02-1024x683.jpg 1024w, https:\/\/lunicars.com\/wp-content\/uploads\/2026\/03\/1974-MG-B-GT-02-768x512.jpg 768w, https:\/\/lunicars.com\/wp-content\/uploads\/2026\/03\/1974-MG-B-GT-02-1536x1024.jpg 1536w, https:\/\/lunicars.com\/wp-content\/uploads\/2026\/03\/1974-MG-B-GT-02-18x12.jpg 18w\" sizes=\"auto, (max-width: 1620px) 100vw, 1620px\" \/>\t\t\t\t\t\t\t\t<\/a>\n\t\t\t\t\t\t\t\t\t\t\t\t\t\t\t<\/div>\n\t\t\t\t<\/div>\n\t\t\t\t\t<\/div>\n\t\t<\/div>\n\t\t\t\t<div class=\"elementor-column elementor-col-66 elementor-inner-column elementor-element elementor-element-e75c273\" data-id=\"e75c273\" data-element_type=\"column\" data-e-type=\"column\">\n\t\t\t<div class=\"elementor-widget-wrap elementor-element-populated\">\n\t\t\t\t\t\t<div class=\"elementor-element elementor-element-97c119f elementor-widget elementor-widget-heading\" data-id=\"97c119f\" data-element_type=\"widget\" data-e-type=\"widget\" data-widget_type=\"heading.default\">\n\t\t\t\t<div class=\"elementor-widget-container\">\n\t\t\t\t\t<div class=\"elementor-heading-title elementor-size-small\"><font color=\"#c48a02\">Sold<\/font><\/div>\t\t\t\t<\/div>\n\t\t\t\t<\/div>\n\t\t\t\t<div class=\"elementor-element elementor-element-b08c2cd elementor-widget elementor-widget-heading\" data-id=\"b08c2cd\" data-element_type=\"widget\" data-e-type=\"widget\" data-widget_type=\"heading.default\">\n\t\t\t\t<div class=\"elementor-widget-container\">\n\t\t\t\t\t<h1 class=\"elementor-heading-title elementor-size-default\"><a href=\"https:\/\/lunicars.com\/en\/fahrzeuge\/1974-mg-b-gt\/\">MG B GT '74<\/a><\/h1>\t\t\t\t<\/div>\n\t\t\t\t<\/div>\n\t\t\t\t<div class=\"elementor-element elementor-element-5d6e27e elementor-widget elementor-widget-heading\" data-id=\"5d6e27e\" data-element_type=\"widget\" data-e-type=\"widget\" data-widget_type=\"heading.default\">\n\t\t\t\t<div class=\"elementor-widget-container\">\n\t\t\t\t\t<div class=\"elementor-heading-title elementor-size-small\">Britischer Charme, kerniger Vierzylinder und perfekte Balance \u2013 ein sportlicher MG B GT in restauriertem Topzustand.<\/div>\t\t\t\t<\/div>\n\t\t\t\t<\/div>\n\t\t\t\t\t<\/div>\n\t\t<\/div>\n\t\t\t\t\t<\/div>\n\t\t<\/section>\n\t\t\t\t<section class=\"elementor-section elementor-inner-section elementor-element elementor-element-44e0fd5 elementor-section-content-bottom elementor-section-boxed elementor-section-height-default elementor-section-height-default\" data-id=\"44e0fd5\" data-element_type=\"section\" data-e-type=\"section\">\n\t\t\t\t\t\t<div class=\"elementor-container elementor-column-gap-wider\">\n\t\t\t\t\t<div class=\"elementor-column elementor-col-33 elementor-inner-column elementor-element elementor-element-8b716d2\" data-id=\"8b716d2\" data-element_type=\"column\" data-e-type=\"column\">\n\t\t\t<div class=\"elementor-widget-wrap elementor-element-populated\">\n\t\t\t\t\t\t<div class=\"elementor-element elementor-element-c98a690 elementor-widget elementor-widget-image\" data-id=\"c98a690\" data-element_type=\"widget\" data-e-type=\"widget\" data-widget_type=\"image.default\">\n\t\t\t\t<div class=\"elementor-widget-container\">\n\t\t\t\t\t\t\t\t\t\t\t\t\t\t\t\t<a href=\"https:\/\/lunicars.com\/en\/fahrzeuge\/1974-chevrolet-camaro-z28-lt\/\">\n\t\t\t\t\t\t\t<img loading=\"lazy\" decoding=\"async\" width=\"2048\" height=\"1366\" src=\"https:\/\/lunicars.com\/wp-content\/uploads\/2023\/11\/1974-Chevrolet-Camaro-LT-01-2048x1366.jpg\" class=\"elementor-animation-grow attachment-2048x2048 size-2048x2048 wp-image-39292\" alt=\"\" srcset=\"https:\/\/lunicars.com\/wp-content\/uploads\/2023\/11\/1974-Chevrolet-Camaro-LT-01-2048x1366.jpg 2048w, https:\/\/lunicars.com\/wp-content\/uploads\/2023\/11\/1974-Chevrolet-Camaro-LT-01-300x200.jpg 300w, https:\/\/lunicars.com\/wp-content\/uploads\/2023\/11\/1974-Chevrolet-Camaro-LT-01-1024x683.jpg 1024w, https:\/\/lunicars.com\/wp-content\/uploads\/2023\/11\/1974-Chevrolet-Camaro-LT-01-768x512.jpg 768w, https:\/\/lunicars.com\/wp-content\/uploads\/2023\/11\/1974-Chevrolet-Camaro-LT-01-1536x1024.jpg 1536w\" sizes=\"auto, (max-width: 2048px) 100vw, 2048px\" \/>\t\t\t\t\t\t\t\t<\/a>\n\t\t\t\t\t\t\t\t\t\t\t\t\t\t\t<\/div>\n\t\t\t\t<\/div>\n\t\t\t\t\t<\/div>\n\t\t<\/div>\n\t\t\t\t<div class=\"elementor-column elementor-col-66 elementor-inner-column elementor-element elementor-element-5ea1f0c\" data-id=\"5ea1f0c\" data-element_type=\"column\" data-e-type=\"column\">\n\t\t\t<div class=\"elementor-widget-wrap elementor-element-populated\">\n\t\t\t\t\t\t<div class=\"elementor-element elementor-element-93b878e elementor-widget elementor-widget-heading\" data-id=\"93b878e\" data-element_type=\"widget\" data-e-type=\"widget\" data-widget_type=\"heading.default\">\n\t\t\t\t<div class=\"elementor-widget-container\">\n\t\t\t\t\t<div class=\"elementor-heading-title elementor-size-small\"><font color=\"#c48a02\">Sold<\/font><\/div>\t\t\t\t<\/div>\n\t\t\t\t<\/div>\n\t\t\t\t<div class=\"elementor-element elementor-element-444f6dd elementor-widget elementor-widget-heading\" data-id=\"444f6dd\" data-element_type=\"widget\" data-e-type=\"widget\" data-widget_type=\"heading.default\">\n\t\t\t\t<div class=\"elementor-widget-container\">\n\t\t\t\t\t<h1 class=\"elementor-heading-title elementor-size-default\"><a href=\"https:\/\/lunicars.com\/en\/fahrzeuge\/1974-chevrolet-camaro-z28-lt\/\">Chevrolet Camaro Z28 LT '74<\/a><\/h1>\t\t\t\t<\/div>\n\t\t\t\t<\/div>\n\t\t\t\t<div class=\"elementor-element elementor-element-6790b1a elementor-widget elementor-widget-heading\" data-id=\"6790b1a\" data-element_type=\"widget\" data-e-type=\"widget\" data-widget_type=\"heading.default\">\n\t\t\t\t<div class=\"elementor-widget-container\">\n\t\t\t\t\t<div class=\"elementor-heading-title elementor-size-small\">B\u00f6se, laut und schnell: Dieser Z28 LT ist der Mobber unter den Verkehrsteilnehmern und er macht dabei m\u00e4chtig Laune.<\/div>\t\t\t\t<\/div>\n\t\t\t\t<\/div>\n\t\t\t\t\t<\/div>\n\t\t<\/div>\n\t\t\t\t\t<\/div>\n\t\t<\/section>\n\t\t\t\t<section class=\"elementor-section elementor-inner-section elementor-element elementor-element-153d6c5 elementor-section-content-bottom elementor-section-boxed elementor-section-height-default elementor-section-height-default\" data-id=\"153d6c5\" data-element_type=\"section\" data-e-type=\"section\">\n\t\t\t\t\t\t<div class=\"elementor-container elementor-column-gap-wider\">\n\t\t\t\t\t<div class=\"elementor-column elementor-col-33 elementor-inner-column elementor-element elementor-element-4c44b5d\" data-id=\"4c44b5d\" data-element_type=\"column\" data-e-type=\"column\">\n\t\t\t<div class=\"elementor-widget-wrap elementor-element-populated\">\n\t\t\t\t\t\t<div class=\"elementor-element elementor-element-0e263b8 elementor-widget elementor-widget-image\" data-id=\"0e263b8\" data-element_type=\"widget\" data-e-type=\"widget\" data-widget_type=\"image.default\">\n\t\t\t\t<div class=\"elementor-widget-container\">\n\t\t\t\t\t\t\t\t\t\t\t\t\t\t\t\t<a href=\"https:\/\/lunicars.com\/en\/fahrzeuge\/1932-ford-roadster-hotrod\/\">\n\t\t\t\t\t\t\t<img loading=\"lazy\" decoding=\"async\" width=\"1620\" height=\"1080\" src=\"https:\/\/lunicars.com\/wp-content\/uploads\/2025\/06\/1932-Ford-Roadster-Hotrod-01.jpg\" class=\"elementor-animation-grow attachment-2048x2048 size-2048x2048 wp-image-44288\" alt=\"\" srcset=\"https:\/\/lunicars.com\/wp-content\/uploads\/2025\/06\/1932-Ford-Roadster-Hotrod-01.jpg 1620w, https:\/\/lunicars.com\/wp-content\/uploads\/2025\/06\/1932-Ford-Roadster-Hotrod-01-300x200.jpg 300w, https:\/\/lunicars.com\/wp-content\/uploads\/2025\/06\/1932-Ford-Roadster-Hotrod-01-1024x683.jpg 1024w, https:\/\/lunicars.com\/wp-content\/uploads\/2025\/06\/1932-Ford-Roadster-Hotrod-01-768x512.jpg 768w, https:\/\/lunicars.com\/wp-content\/uploads\/2025\/06\/1932-Ford-Roadster-Hotrod-01-1536x1024.jpg 1536w\" sizes=\"auto, (max-width: 1620px) 100vw, 1620px\" \/>\t\t\t\t\t\t\t\t<\/a>\n\t\t\t\t\t\t\t\t\t\t\t\t\t\t\t<\/div>\n\t\t\t\t<\/div>\n\t\t\t\t\t<\/div>\n\t\t<\/div>\n\t\t\t\t<div class=\"elementor-column elementor-col-66 elementor-inner-column elementor-element elementor-element-fc61627\" data-id=\"fc61627\" data-element_type=\"column\" data-e-type=\"column\">\n\t\t\t<div class=\"elementor-widget-wrap elementor-element-populated\">\n\t\t\t\t\t\t<div class=\"elementor-element elementor-element-a77009d elementor-widget elementor-widget-heading\" data-id=\"a77009d\" data-element_type=\"widget\" data-e-type=\"widget\" data-widget_type=\"heading.default\">\n\t\t\t\t<div class=\"elementor-widget-container\">\n\t\t\t\t\t<div class=\"elementor-heading-title elementor-size-small\"><font color=\"#c48a02\">Sold<\/font><\/div>\t\t\t\t<\/div>\n\t\t\t\t<\/div>\n\t\t\t\t<div class=\"elementor-element elementor-element-36b1e74 elementor-widget elementor-widget-heading\" data-id=\"36b1e74\" data-element_type=\"widget\" data-e-type=\"widget\" data-widget_type=\"heading.default\">\n\t\t\t\t<div class=\"elementor-widget-container\">\n\t\t\t\t\t<h1 class=\"elementor-heading-title elementor-size-default\"><a href=\"https:\/\/lunicars.com\/en\/fahrzeuge\/1932-ford-roadster-hotrod\/\">Ford Roadster Hotrod '32<\/a><\/h1>\t\t\t\t<\/div>\n\t\t\t\t<\/div>\n\t\t\t\t<div class=\"elementor-element elementor-element-9a2f4b0 elementor-widget elementor-widget-heading\" data-id=\"9a2f4b0\" data-element_type=\"widget\" data-e-type=\"widget\" data-widget_type=\"heading.default\">\n\t\t\t\t<div class=\"elementor-widget-container\">\n\t\t\t\t\t<div class=\"elementor-heading-title elementor-size-small\">Rohe V8-Seele, offenes Dach, keine D\u00e4mmung, kein Radio, keine Kompromisse \u2013 der \u02bc32 Ford Hotrod lebt. Komplett revidiert und fahrbereit.<\/div>\t\t\t\t<\/div>\n\t\t\t\t<\/div>\n\t\t\t\t\t<\/div>\n\t\t<\/div>\n\t\t\t\t\t<\/div>\n\t\t<\/section>\n\t\t\t\t<section class=\"elementor-section elementor-inner-section elementor-element elementor-element-1308915 elementor-section-content-bottom elementor-section-boxed elementor-section-height-default elementor-section-height-default\" data-id=\"1308915\" data-element_type=\"section\" data-e-type=\"section\">\n\t\t\t\t\t\t<div class=\"elementor-container elementor-column-gap-wider\">\n\t\t\t\t\t<div class=\"elementor-column elementor-col-33 elementor-inner-column elementor-element elementor-element-238bf98\" data-id=\"238bf98\" data-element_type=\"column\" data-e-type=\"column\">\n\t\t\t<div class=\"elementor-widget-wrap elementor-element-populated\">\n\t\t\t\t\t\t<div class=\"elementor-element elementor-element-50b88c8 elementor-widget elementor-widget-image\" data-id=\"50b88c8\" data-element_type=\"widget\" data-e-type=\"widget\" data-widget_type=\"image.default\">\n\t\t\t\t<div class=\"elementor-widget-container\">\n\t\t\t\t\t\t\t\t\t\t\t\t\t\t\t\t<a href=\"https:\/\/lunicars.com\/en\/fahrzeuge\/1976-pontiac-firebird-trans-am\/\">\n\t\t\t\t\t\t\t<img loading=\"lazy\" decoding=\"async\" width=\"2048\" height=\"1366\" src=\"https:\/\/lunicars.com\/wp-content\/uploads\/2023\/10\/1976-Pontiac-Firebird-Trans-Am-01-2048x1366.jpg\" class=\"elementor-animation-grow attachment-2048x2048 size-2048x2048 wp-image-38798\" alt=\"\" srcset=\"https:\/\/lunicars.com\/wp-content\/uploads\/2023\/10\/1976-Pontiac-Firebird-Trans-Am-01-2048x1366.jpg 2048w, https:\/\/lunicars.com\/wp-content\/uploads\/2023\/10\/1976-Pontiac-Firebird-Trans-Am-01-300x200.jpg 300w, https:\/\/lunicars.com\/wp-content\/uploads\/2023\/10\/1976-Pontiac-Firebird-Trans-Am-01-1024x683.jpg 1024w, https:\/\/lunicars.com\/wp-content\/uploads\/2023\/10\/1976-Pontiac-Firebird-Trans-Am-01-768x512.jpg 768w, https:\/\/lunicars.com\/wp-content\/uploads\/2023\/10\/1976-Pontiac-Firebird-Trans-Am-01-1536x1024.jpg 1536w\" sizes=\"auto, (max-width: 2048px) 100vw, 2048px\" \/>\t\t\t\t\t\t\t\t<\/a>\n\t\t\t\t\t\t\t\t\t\t\t\t\t\t\t<\/div>\n\t\t\t\t<\/div>\n\t\t\t\t\t<\/div>\n\t\t<\/div>\n\t\t\t\t<div class=\"elementor-column elementor-col-66 elementor-inner-column elementor-element elementor-element-491f473\" data-id=\"491f473\" data-element_type=\"column\" data-e-type=\"column\">\n\t\t\t<div class=\"elementor-widget-wrap elementor-element-populated\">\n\t\t\t\t\t\t<div class=\"elementor-element elementor-element-956b7af elementor-widget elementor-widget-heading\" data-id=\"956b7af\" data-element_type=\"widget\" data-e-type=\"widget\" data-widget_type=\"heading.default\">\n\t\t\t\t<div class=\"elementor-widget-container\">\n\t\t\t\t\t<div class=\"elementor-heading-title elementor-size-small\"><font color=\"#c48a02\">Sold<\/font><\/div>\t\t\t\t<\/div>\n\t\t\t\t<\/div>\n\t\t\t\t<div class=\"elementor-element elementor-element-d96964d elementor-widget elementor-widget-heading\" data-id=\"d96964d\" data-element_type=\"widget\" data-e-type=\"widget\" data-widget_type=\"heading.default\">\n\t\t\t\t<div class=\"elementor-widget-container\">\n\t\t\t\t\t<h1 class=\"elementor-heading-title elementor-size-default\"><a href=\"https:\/\/lunicars.com\/en\/fahrzeuge\/1976-pontiac-firebird-trans-am\/\">Pontiac Firebird Trans Am '76<\/a><\/h1>\t\t\t\t<\/div>\n\t\t\t\t<\/div>\n\t\t\t\t<div class=\"elementor-element elementor-element-4f3d4c5 elementor-widget elementor-widget-heading\" data-id=\"4f3d4c5\" data-element_type=\"widget\" data-e-type=\"widget\" data-widget_type=\"heading.default\">\n\t\t\t\t<div class=\"elementor-widget-container\">\n\t\t\t\t\t<div class=\"elementor-heading-title elementor-size-small\">Gross, stark, auff\u00e4llig und so protzig, dass er schon wieder cool ist. Die Macho-Karre schlechthin in einem top Zustand und unerwartet fahrdynamisch.<\/div>\t\t\t\t<\/div>\n\t\t\t\t<\/div>\n\t\t\t\t\t<\/div>\n\t\t<\/div>\n\t\t\t\t\t<\/div>\n\t\t<\/section>\n\t\t\t\t<section class=\"elementor-section elementor-inner-section elementor-element elementor-element-0ede691 elementor-section-content-bottom elementor-section-boxed elementor-section-height-default elementor-section-height-default\" data-id=\"0ede691\" data-element_type=\"section\" data-e-type=\"section\">\n\t\t\t\t\t\t<div class=\"elementor-container elementor-column-gap-wider\">\n\t\t\t\t\t<div class=\"elementor-column elementor-col-33 elementor-inner-column elementor-element elementor-element-3ab4f82\" data-id=\"3ab4f82\" data-element_type=\"column\" data-e-type=\"column\">\n\t\t\t<div class=\"elementor-widget-wrap elementor-element-populated\">\n\t\t\t\t\t\t<div class=\"elementor-element elementor-element-c0c72ed elementor-widget elementor-widget-image\" data-id=\"c0c72ed\" data-element_type=\"widget\" data-e-type=\"widget\" data-widget_type=\"image.default\">\n\t\t\t\t<div class=\"elementor-widget-container\">\n\t\t\t\t\t\t\t\t\t\t\t\t\t\t\t\t<a href=\"https:\/\/lunicars.com\/en\/fahrzeuge\/harley-davidson-sportster-xl-1200-ns\/\">\n\t\t\t\t\t\t\t<img loading=\"lazy\" decoding=\"async\" width=\"1620\" height=\"1080\" src=\"https:\/\/lunicars.com\/wp-content\/uploads\/2025\/10\/Harley-Davidson-Sportster-XL-1200-NS-01.jpg\" class=\"elementor-animation-grow attachment-2048x2048 size-2048x2048 wp-image-45599\" alt=\"\" srcset=\"https:\/\/lunicars.com\/wp-content\/uploads\/2025\/10\/Harley-Davidson-Sportster-XL-1200-NS-01.jpg 1620w, https:\/\/lunicars.com\/wp-content\/uploads\/2025\/10\/Harley-Davidson-Sportster-XL-1200-NS-01-300x200.jpg 300w, https:\/\/lunicars.com\/wp-content\/uploads\/2025\/10\/Harley-Davidson-Sportster-XL-1200-NS-01-1024x683.jpg 1024w, https:\/\/lunicars.com\/wp-content\/uploads\/2025\/10\/Harley-Davidson-Sportster-XL-1200-NS-01-768x512.jpg 768w, https:\/\/lunicars.com\/wp-content\/uploads\/2025\/10\/Harley-Davidson-Sportster-XL-1200-NS-01-1536x1024.jpg 1536w\" sizes=\"auto, (max-width: 1620px) 100vw, 1620px\" \/>\t\t\t\t\t\t\t\t<\/a>\n\t\t\t\t\t\t\t\t\t\t\t\t\t\t\t<\/div>\n\t\t\t\t<\/div>\n\t\t\t\t\t<\/div>\n\t\t<\/div>\n\t\t\t\t<div class=\"elementor-column elementor-col-66 elementor-inner-column elementor-element elementor-element-f161872\" data-id=\"f161872\" data-element_type=\"column\" data-e-type=\"column\">\n\t\t\t<div class=\"elementor-widget-wrap elementor-element-populated\">\n\t\t\t\t\t\t<div class=\"elementor-element elementor-element-c80a817 elementor-widget elementor-widget-heading\" data-id=\"c80a817\" data-element_type=\"widget\" data-e-type=\"widget\" data-widget_type=\"heading.default\">\n\t\t\t\t<div class=\"elementor-widget-container\">\n\t\t\t\t\t<div class=\"elementor-heading-title elementor-size-small\"><font color=\"#c48a02\">Sold<\/font><\/div>\t\t\t\t<\/div>\n\t\t\t\t<\/div>\n\t\t\t\t<div class=\"elementor-element elementor-element-aa9b10c elementor-widget elementor-widget-heading\" data-id=\"aa9b10c\" data-element_type=\"widget\" data-e-type=\"widget\" data-widget_type=\"heading.default\">\n\t\t\t\t<div class=\"elementor-widget-container\">\n\t\t\t\t\t<h1 class=\"elementor-heading-title elementor-size-default\"><a href=\"https:\/\/lunicars.com\/en\/fahrzeuge\/harley-davidson-sportster-xl-1200-ns\/\">Harley-Davidson Sportster XL 1200 NS '19<\/a><\/h1>\t\t\t\t<\/div>\n\t\t\t\t<\/div>\n\t\t\t\t<div class=\"elementor-element elementor-element-9199dc2 elementor-widget elementor-widget-heading\" data-id=\"9199dc2\" data-element_type=\"widget\" data-e-type=\"widget\" data-widget_type=\"heading.default\">\n\t\t\t\t<div class=\"elementor-widget-container\">\n\t\t\t\t\t<div class=\"elementor-heading-title elementor-size-small\">Roh, laut, ehrlich und retro \u2013 die Harley-Davidson Sportster 1200 NS ist keine Maschine, sie ist eine Haltung.<\/div>\t\t\t\t<\/div>\n\t\t\t\t<\/div>\n\t\t\t\t\t<\/div>\n\t\t<\/div>\n\t\t\t\t\t<\/div>\n\t\t<\/section>\n\t\t\t\t<section class=\"elementor-section elementor-inner-section elementor-element elementor-element-1d549bd elementor-section-content-bottom elementor-section-boxed elementor-section-height-default elementor-section-height-default\" data-id=\"1d549bd\" data-element_type=\"section\" data-e-type=\"section\">\n\t\t\t\t\t\t<div class=\"elementor-container elementor-column-gap-wider\">\n\t\t\t\t\t<div class=\"elementor-column elementor-col-33 elementor-inner-column elementor-element elementor-element-c2be52c\" data-id=\"c2be52c\" data-element_type=\"column\" data-e-type=\"column\">\n\t\t\t<div class=\"elementor-widget-wrap elementor-element-populated\">\n\t\t\t\t\t\t<div class=\"elementor-element elementor-element-8a82d62 elementor-widget elementor-widget-image\" data-id=\"8a82d62\" data-element_type=\"widget\" data-e-type=\"widget\" data-widget_type=\"image.default\">\n\t\t\t\t<div class=\"elementor-widget-container\">\n\t\t\t\t\t\t\t\t\t\t\t\t\t\t\t\t<a href=\"https:\/\/lunicars.com\/en\/fahrzeuge\/1979-chevrolet-blazer-k5-cheyenne\/\">\n\t\t\t\t\t\t\t<img loading=\"lazy\" decoding=\"async\" width=\"2048\" height=\"1536\" src=\"https:\/\/lunicars.com\/wp-content\/uploads\/2024\/09\/1979-Chevrolet-Blazer-K5-Cheyenne-01-2048x1536.jpg\" class=\"elementor-animation-grow attachment-2048x2048 size-2048x2048 wp-image-41296\" alt=\"\" srcset=\"https:\/\/lunicars.com\/wp-content\/uploads\/2024\/09\/1979-Chevrolet-Blazer-K5-Cheyenne-01-2048x1536.jpg 2048w, https:\/\/lunicars.com\/wp-content\/uploads\/2024\/09\/1979-Chevrolet-Blazer-K5-Cheyenne-01-300x225.jpg 300w, https:\/\/lunicars.com\/wp-content\/uploads\/2024\/09\/1979-Chevrolet-Blazer-K5-Cheyenne-01-1024x768.jpg 1024w, https:\/\/lunicars.com\/wp-content\/uploads\/2024\/09\/1979-Chevrolet-Blazer-K5-Cheyenne-01-768x576.jpg 768w, https:\/\/lunicars.com\/wp-content\/uploads\/2024\/09\/1979-Chevrolet-Blazer-K5-Cheyenne-01-1536x1152.jpg 1536w\" sizes=\"auto, (max-width: 2048px) 100vw, 2048px\" \/>\t\t\t\t\t\t\t\t<\/a>\n\t\t\t\t\t\t\t\t\t\t\t\t\t\t\t<\/div>\n\t\t\t\t<\/div>\n\t\t\t\t\t<\/div>\n\t\t<\/div>\n\t\t\t\t<div class=\"elementor-column elementor-col-66 elementor-inner-column elementor-element elementor-element-86b13d7\" data-id=\"86b13d7\" data-element_type=\"column\" data-e-type=\"column\">\n\t\t\t<div class=\"elementor-widget-wrap elementor-element-populated\">\n\t\t\t\t\t\t<div class=\"elementor-element elementor-element-23a8ae5 elementor-widget elementor-widget-heading\" data-id=\"23a8ae5\" data-element_type=\"widget\" data-e-type=\"widget\" data-widget_type=\"heading.default\">\n\t\t\t\t<div class=\"elementor-widget-container\">\n\t\t\t\t\t<div class=\"elementor-heading-title elementor-size-small\"><font color=\"#c48a02\">Sold<\/font><\/div>\t\t\t\t<\/div>\n\t\t\t\t<\/div>\n\t\t\t\t<div class=\"elementor-element elementor-element-0861a53 elementor-widget elementor-widget-heading\" data-id=\"0861a53\" data-element_type=\"widget\" data-e-type=\"widget\" data-widget_type=\"heading.default\">\n\t\t\t\t<div class=\"elementor-widget-container\">\n\t\t\t\t\t<h1 class=\"elementor-heading-title elementor-size-default\"><a href=\"https:\/\/lunicars.com\/en\/fahrzeuge\/1979-chevrolet-blazer-k5-cheyenne\/\">Chevrolet Blazer K5 Cheyenne '79<\/a><\/h1>\t\t\t\t<\/div>\n\t\t\t\t<\/div>\n\t\t\t\t<div class=\"elementor-element elementor-element-ffab0d4 elementor-widget elementor-widget-heading\" data-id=\"ffab0d4\" data-element_type=\"widget\" data-e-type=\"widget\" data-widget_type=\"heading.default\">\n\t\t\t\t<div class=\"elementor-widget-container\">\n\t\t\t\t\t<div class=\"elementor-heading-title elementor-size-small\">Well maintained and in a very interesting original condition, this four-wheeler is waiting for its new home.<\/div>\t\t\t\t<\/div>\n\t\t\t\t<\/div>\n\t\t\t\t\t<\/div>\n\t\t<\/div>\n\t\t\t\t\t<\/div>\n\t\t<\/section>\n\t\t\t\t<section class=\"elementor-section elementor-inner-section elementor-element elementor-element-0643b63 elementor-section-content-bottom elementor-section-boxed elementor-section-height-default elementor-section-height-default\" data-id=\"0643b63\" data-element_type=\"section\" data-e-type=\"section\">\n\t\t\t\t\t\t<div class=\"elementor-container elementor-column-gap-wider\">\n\t\t\t\t\t<div class=\"elementor-column elementor-col-33 elementor-inner-column elementor-element elementor-element-3280223\" data-id=\"3280223\" data-element_type=\"column\" data-e-type=\"column\">\n\t\t\t<div class=\"elementor-widget-wrap elementor-element-populated\">\n\t\t\t\t\t\t<div class=\"elementor-element elementor-element-8b994d4 elementor-widget elementor-widget-image\" data-id=\"8b994d4\" data-element_type=\"widget\" data-e-type=\"widget\" data-widget_type=\"image.default\">\n\t\t\t\t<div class=\"elementor-widget-container\">\n\t\t\t\t\t\t\t\t\t\t\t\t\t\t\t\t<a href=\"https:\/\/lunicars.com\/en\/fahrzeuge\/1973-pontiac-gto\/\">\n\t\t\t\t\t\t\t<img loading=\"lazy\" decoding=\"async\" width=\"1620\" height=\"1080\" src=\"https:\/\/lunicars.com\/wp-content\/uploads\/2025\/10\/1973-Pontiac-GTO-02.jpg\" class=\"elementor-animation-grow attachment-2048x2048 size-2048x2048 wp-image-45256\" alt=\"\" srcset=\"https:\/\/lunicars.com\/wp-content\/uploads\/2025\/10\/1973-Pontiac-GTO-02.jpg 1620w, https:\/\/lunicars.com\/wp-content\/uploads\/2025\/10\/1973-Pontiac-GTO-02-300x200.jpg 300w, https:\/\/lunicars.com\/wp-content\/uploads\/2025\/10\/1973-Pontiac-GTO-02-1024x683.jpg 1024w, https:\/\/lunicars.com\/wp-content\/uploads\/2025\/10\/1973-Pontiac-GTO-02-768x512.jpg 768w, https:\/\/lunicars.com\/wp-content\/uploads\/2025\/10\/1973-Pontiac-GTO-02-1536x1024.jpg 1536w\" sizes=\"auto, (max-width: 1620px) 100vw, 1620px\" \/>\t\t\t\t\t\t\t\t<\/a>\n\t\t\t\t\t\t\t\t\t\t\t\t\t\t\t<\/div>\n\t\t\t\t<\/div>\n\t\t\t\t\t<\/div>\n\t\t<\/div>\n\t\t\t\t<div class=\"elementor-column elementor-col-66 elementor-inner-column elementor-element elementor-element-2c503bc\" data-id=\"2c503bc\" data-element_type=\"column\" data-e-type=\"column\">\n\t\t\t<div class=\"elementor-widget-wrap elementor-element-populated\">\n\t\t\t\t\t\t<div class=\"elementor-element elementor-element-f95702a elementor-widget elementor-widget-heading\" data-id=\"f95702a\" data-element_type=\"widget\" data-e-type=\"widget\" data-widget_type=\"heading.default\">\n\t\t\t\t<div class=\"elementor-widget-container\">\n\t\t\t\t\t<div class=\"elementor-heading-title elementor-size-small\"><font color=\"#c48a02\">Sold<\/font><\/div>\t\t\t\t<\/div>\n\t\t\t\t<\/div>\n\t\t\t\t<div class=\"elementor-element elementor-element-b9940da elementor-widget elementor-widget-heading\" data-id=\"b9940da\" data-element_type=\"widget\" data-e-type=\"widget\" data-widget_type=\"heading.default\">\n\t\t\t\t<div class=\"elementor-widget-container\">\n\t\t\t\t\t<h1 class=\"elementor-heading-title elementor-size-default\"><a href=\"https:\/\/lunicars.com\/en\/fahrzeuge\/1973-pontiac-gto\/\">Pontiac GTO '73<\/a><\/h1>\t\t\t\t<\/div>\n\t\t\t\t<\/div>\n\t\t\t\t<div class=\"elementor-element elementor-element-bbfd519 elementor-widget elementor-widget-heading\" data-id=\"bbfd519\" data-element_type=\"widget\" data-e-type=\"widget\" data-widget_type=\"heading.default\">\n\t\t\t\t<div class=\"elementor-widget-container\">\n\t\t\t\t\t<div class=\"elementor-heading-title elementor-size-small\">Der letzte echte GTO \u2013 V8, Stil und pure Geschichte. Dieser GTO ist das Verm\u00e4chtnis der Muscle-Car-\u00c4ra.<\/div>\t\t\t\t<\/div>\n\t\t\t\t<\/div>\n\t\t\t\t\t<\/div>\n\t\t<\/div>\n\t\t\t\t\t<\/div>\n\t\t<\/section>\n\t\t\t\t<section class=\"elementor-section elementor-inner-section elementor-element elementor-element-000a03d elementor-section-content-bottom elementor-section-boxed elementor-section-height-default elementor-section-height-default\" data-id=\"000a03d\" data-element_type=\"section\" data-e-type=\"section\">\n\t\t\t\t\t\t<div class=\"elementor-container elementor-column-gap-wider\">\n\t\t\t\t\t<div class=\"elementor-column elementor-col-33 elementor-inner-column elementor-element elementor-element-f363378\" data-id=\"f363378\" data-element_type=\"column\" data-e-type=\"column\">\n\t\t\t<div class=\"elementor-widget-wrap elementor-element-populated\">\n\t\t\t\t\t\t<div class=\"elementor-element elementor-element-c89edf8 elementor-widget elementor-widget-image\" data-id=\"c89edf8\" data-element_type=\"widget\" data-e-type=\"widget\" data-widget_type=\"image.default\">\n\t\t\t\t<div class=\"elementor-widget-container\">\n\t\t\t\t\t\t\t\t\t\t\t\t\t\t\t\t<a href=\"https:\/\/lunicars.com\/en\/fahrzeuge\/1955-ford-thunderbird\/\">\n\t\t\t\t\t\t\t<img loading=\"lazy\" decoding=\"async\" width=\"1620\" height=\"1080\" src=\"https:\/\/lunicars.com\/wp-content\/uploads\/2025\/08\/1955-Ford-Thunderbird-02.jpg\" class=\"elementor-animation-grow attachment-2048x2048 size-2048x2048 wp-image-44879\" alt=\"\" srcset=\"https:\/\/lunicars.com\/wp-content\/uploads\/2025\/08\/1955-Ford-Thunderbird-02.jpg 1620w, https:\/\/lunicars.com\/wp-content\/uploads\/2025\/08\/1955-Ford-Thunderbird-02-300x200.jpg 300w, https:\/\/lunicars.com\/wp-content\/uploads\/2025\/08\/1955-Ford-Thunderbird-02-1024x683.jpg 1024w, https:\/\/lunicars.com\/wp-content\/uploads\/2025\/08\/1955-Ford-Thunderbird-02-768x512.jpg 768w, https:\/\/lunicars.com\/wp-content\/uploads\/2025\/08\/1955-Ford-Thunderbird-02-1536x1024.jpg 1536w\" sizes=\"auto, (max-width: 1620px) 100vw, 1620px\" \/>\t\t\t\t\t\t\t\t<\/a>\n\t\t\t\t\t\t\t\t\t\t\t\t\t\t\t<\/div>\n\t\t\t\t<\/div>\n\t\t\t\t\t<\/div>\n\t\t<\/div>\n\t\t\t\t<div class=\"elementor-column elementor-col-66 elementor-inner-column elementor-element elementor-element-9173f96\" data-id=\"9173f96\" data-element_type=\"column\" data-e-type=\"column\">\n\t\t\t<div class=\"elementor-widget-wrap elementor-element-populated\">\n\t\t\t\t\t\t<div class=\"elementor-element elementor-element-5e4cec7 elementor-widget elementor-widget-heading\" data-id=\"5e4cec7\" data-element_type=\"widget\" data-e-type=\"widget\" data-widget_type=\"heading.default\">\n\t\t\t\t<div class=\"elementor-widget-container\">\n\t\t\t\t\t<div class=\"elementor-heading-title elementor-size-small\"><font color=\"#c48a02\">Sold<\/font><\/div>\t\t\t\t<\/div>\n\t\t\t\t<\/div>\n\t\t\t\t<div class=\"elementor-element elementor-element-e26bca2 elementor-widget elementor-widget-heading\" data-id=\"e26bca2\" data-element_type=\"widget\" data-e-type=\"widget\" data-widget_type=\"heading.default\">\n\t\t\t\t<div class=\"elementor-widget-container\">\n\t\t\t\t\t<h1 class=\"elementor-heading-title elementor-size-default\"><a href=\"https:\/\/lunicars.com\/en\/fahrzeuge\/1955-ford-thunderbird\/\">Ford Thunderbird '55<\/a><\/h1>\t\t\t\t<\/div>\n\t\t\t\t<\/div>\n\t\t\t\t<div class=\"elementor-element elementor-element-9d04850 elementor-widget elementor-widget-heading\" data-id=\"9d04850\" data-element_type=\"widget\" data-e-type=\"widget\" data-widget_type=\"heading.default\">\n\t\t\t\t<div class=\"elementor-widget-container\">\n\t\t\t\t\t<div class=\"elementor-heading-title elementor-size-small\">Als Stil noch Flossen hatte und Chrom K\u00f6nig war: Der erste Thunderbird ist ein rollender Mythos mit V8-Sound und Jet-Age-Design.<\/div>\t\t\t\t<\/div>\n\t\t\t\t<\/div>\n\t\t\t\t\t<\/div>\n\t\t<\/div>\n\t\t\t\t\t<\/div>\n\t\t<\/section>\n\t\t\t\t<section class=\"elementor-section elementor-inner-section elementor-element elementor-element-f9efa89 elementor-section-content-bottom elementor-section-boxed elementor-section-height-default elementor-section-height-default\" data-id=\"f9efa89\" data-element_type=\"section\" data-e-type=\"section\">\n\t\t\t\t\t\t<div class=\"elementor-container elementor-column-gap-wider\">\n\t\t\t\t\t<div class=\"elementor-column elementor-col-33 elementor-inner-column elementor-element elementor-element-712c129\" data-id=\"712c129\" data-element_type=\"column\" data-e-type=\"column\">\n\t\t\t<div class=\"elementor-widget-wrap elementor-element-populated\">\n\t\t\t\t\t\t<div class=\"elementor-element elementor-element-d8fd213 elementor-widget elementor-widget-image\" data-id=\"d8fd213\" data-element_type=\"widget\" data-e-type=\"widget\" data-widget_type=\"image.default\">\n\t\t\t\t<div class=\"elementor-widget-container\">\n\t\t\t\t\t\t\t\t\t\t\t\t\t\t\t\t<a href=\"https:\/\/lunicars.com\/en\/fahrzeuge\/1982-bmw-528i\/\">\n\t\t\t\t\t\t\t<img loading=\"lazy\" decoding=\"async\" width=\"1732\" height=\"1155\" src=\"https:\/\/lunicars.com\/wp-content\/uploads\/2025\/05\/1982-BMW-528i-01.jpg\" class=\"elementor-animation-grow attachment-2048x2048 size-2048x2048 wp-image-44017\" alt=\"\" srcset=\"https:\/\/lunicars.com\/wp-content\/uploads\/2025\/05\/1982-BMW-528i-01.jpg 1732w, https:\/\/lunicars.com\/wp-content\/uploads\/2025\/05\/1982-BMW-528i-01-300x200.jpg 300w, https:\/\/lunicars.com\/wp-content\/uploads\/2025\/05\/1982-BMW-528i-01-1024x683.jpg 1024w, https:\/\/lunicars.com\/wp-content\/uploads\/2025\/05\/1982-BMW-528i-01-768x512.jpg 768w, https:\/\/lunicars.com\/wp-content\/uploads\/2025\/05\/1982-BMW-528i-01-1536x1024.jpg 1536w\" sizes=\"auto, (max-width: 1732px) 100vw, 1732px\" \/>\t\t\t\t\t\t\t\t<\/a>\n\t\t\t\t\t\t\t\t\t\t\t\t\t\t\t<\/div>\n\t\t\t\t<\/div>\n\t\t\t\t\t<\/div>\n\t\t<\/div>\n\t\t\t\t<div class=\"elementor-column elementor-col-66 elementor-inner-column elementor-element elementor-element-56bd81e\" data-id=\"56bd81e\" data-element_type=\"column\" data-e-type=\"column\">\n\t\t\t<div class=\"elementor-widget-wrap elementor-element-populated\">\n\t\t\t\t\t\t<div class=\"elementor-element elementor-element-795af54 elementor-widget elementor-widget-heading\" data-id=\"795af54\" data-element_type=\"widget\" data-e-type=\"widget\" data-widget_type=\"heading.default\">\n\t\t\t\t<div class=\"elementor-widget-container\">\n\t\t\t\t\t<div class=\"elementor-heading-title elementor-size-small\"><font color=\"#c48a02\">Sold<\/font><\/div>\t\t\t\t<\/div>\n\t\t\t\t<\/div>\n\t\t\t\t<div class=\"elementor-element elementor-element-be0db28 elementor-widget elementor-widget-heading\" data-id=\"be0db28\" data-element_type=\"widget\" data-e-type=\"widget\" data-widget_type=\"heading.default\">\n\t\t\t\t<div class=\"elementor-widget-container\">\n\t\t\t\t\t<h1 class=\"elementor-heading-title elementor-size-default\"><a href=\"https:\/\/lunicars.com\/en\/fahrzeuge\/1982-bmw-528i\/\">BMW 528i E28 '82<\/a><\/h1>\t\t\t\t<\/div>\n\t\t\t\t<\/div>\n\t\t\t\t<div class=\"elementor-element elementor-element-53cee11 elementor-widget elementor-widget-heading\" data-id=\"53cee11\" data-element_type=\"widget\" data-e-type=\"widget\" data-widget_type=\"heading.default\">\n\t\t\t\t<div class=\"elementor-widget-container\">\n\t\t\t\t\t<div class=\"elementor-heading-title elementor-size-small\">Zeitlos, sportlich, souver\u00e4n, kraftvoll, komfortabel und dabei subtil \u2013 ein echter Wolf im Nadelstreifenanzug.<\/div>\t\t\t\t<\/div>\n\t\t\t\t<\/div>\n\t\t\t\t\t<\/div>\n\t\t<\/div>\n\t\t\t\t\t<\/div>\n\t\t<\/section>\n\t\t\t\t<section class=\"elementor-section elementor-inner-section elementor-element elementor-element-c4f8dba elementor-section-content-bottom elementor-section-boxed elementor-section-height-default elementor-section-height-default\" data-id=\"c4f8dba\" data-element_type=\"section\" data-e-type=\"section\">\n\t\t\t\t\t\t<div class=\"elementor-container elementor-column-gap-wider\">\n\t\t\t\t\t<div class=\"elementor-column elementor-col-33 elementor-inner-column elementor-element elementor-element-3ba0182\" data-id=\"3ba0182\" data-element_type=\"column\" data-e-type=\"column\">\n\t\t\t<div class=\"elementor-widget-wrap elementor-element-populated\">\n\t\t\t\t\t\t<div class=\"elementor-element elementor-element-66c0281 elementor-widget elementor-widget-image\" data-id=\"66c0281\" data-element_type=\"widget\" data-e-type=\"widget\" data-widget_type=\"image.default\">\n\t\t\t\t<div class=\"elementor-widget-container\">\n\t\t\t\t\t\t\t\t\t\t\t\t\t\t\t\t<a href=\"https:\/\/lunicars.com\/en\/fahrzeuge\/1996-rover-mini-cooper\/\">\n\t\t\t\t\t\t\t<img loading=\"lazy\" decoding=\"async\" width=\"1620\" height=\"1080\" src=\"https:\/\/lunicars.com\/wp-content\/uploads\/2025\/10\/1996-Morris-Mini-Cooper-02.jpg\" class=\"elementor-animation-grow attachment-2048x2048 size-2048x2048 wp-image-45081\" alt=\"\" srcset=\"https:\/\/lunicars.com\/wp-content\/uploads\/2025\/10\/1996-Morris-Mini-Cooper-02.jpg 1620w, https:\/\/lunicars.com\/wp-content\/uploads\/2025\/10\/1996-Morris-Mini-Cooper-02-300x200.jpg 300w, https:\/\/lunicars.com\/wp-content\/uploads\/2025\/10\/1996-Morris-Mini-Cooper-02-1024x683.jpg 1024w, https:\/\/lunicars.com\/wp-content\/uploads\/2025\/10\/1996-Morris-Mini-Cooper-02-768x512.jpg 768w, https:\/\/lunicars.com\/wp-content\/uploads\/2025\/10\/1996-Morris-Mini-Cooper-02-1536x1024.jpg 1536w\" sizes=\"auto, (max-width: 1620px) 100vw, 1620px\" \/>\t\t\t\t\t\t\t\t<\/a>\n\t\t\t\t\t\t\t\t\t\t\t\t\t\t\t<\/div>\n\t\t\t\t<\/div>\n\t\t\t\t\t<\/div>\n\t\t<\/div>\n\t\t\t\t<div class=\"elementor-column elementor-col-66 elementor-inner-column elementor-element elementor-element-a5160cf\" data-id=\"a5160cf\" data-element_type=\"column\" data-e-type=\"column\">\n\t\t\t<div class=\"elementor-widget-wrap elementor-element-populated\">\n\t\t\t\t\t\t<div class=\"elementor-element elementor-element-fe08dbc elementor-widget elementor-widget-heading\" data-id=\"fe08dbc\" data-element_type=\"widget\" data-e-type=\"widget\" data-widget_type=\"heading.default\">\n\t\t\t\t<div class=\"elementor-widget-container\">\n\t\t\t\t\t<div class=\"elementor-heading-title elementor-size-small\"><font color=\"#c48a02\">Sold<\/font><\/div>\t\t\t\t<\/div>\n\t\t\t\t<\/div>\n\t\t\t\t<div class=\"elementor-element elementor-element-2d045c2 elementor-widget elementor-widget-heading\" data-id=\"2d045c2\" data-element_type=\"widget\" data-e-type=\"widget\" data-widget_type=\"heading.default\">\n\t\t\t\t<div class=\"elementor-widget-container\">\n\t\t\t\t\t<h1 class=\"elementor-heading-title elementor-size-default\"><a href=\"https:\/\/lunicars.com\/en\/fahrzeuge\/1996-rover-mini-cooper\/\">Rover Mini Cooper '96<\/a><\/h1>\t\t\t\t<\/div>\n\t\t\t\t<\/div>\n\t\t\t\t<div class=\"elementor-element elementor-element-1f4cc73 elementor-widget elementor-widget-heading\" data-id=\"1f4cc73\" data-element_type=\"widget\" data-e-type=\"widget\" data-widget_type=\"heading.default\">\n\t\t\t\t<div class=\"elementor-widget-container\">\n\t\t\t\t\t<div class=\"elementor-heading-title elementor-size-small\">Klein, schnell, legend\u00e4r \u2013 der Mini Cooper zeigt, dass wahre Gr\u00f6sse nicht in PS gemessen wird.<\/div>\t\t\t\t<\/div>\n\t\t\t\t<\/div>\n\t\t\t\t\t<\/div>\n\t\t<\/div>\n\t\t\t\t\t<\/div>\n\t\t<\/section>\n\t\t\t\t<section class=\"elementor-section elementor-inner-section elementor-element elementor-element-185be50 elementor-section-content-bottom elementor-section-boxed elementor-section-height-default elementor-section-height-default\" data-id=\"185be50\" data-element_type=\"section\" data-e-type=\"section\">\n\t\t\t\t\t\t<div class=\"elementor-container elementor-column-gap-wider\">\n\t\t\t\t\t<div class=\"elementor-column elementor-col-33 elementor-inner-column elementor-element elementor-element-e7d870b\" data-id=\"e7d870b\" data-element_type=\"column\" data-e-type=\"column\">\n\t\t\t<div class=\"elementor-widget-wrap elementor-element-populated\">\n\t\t\t\t\t\t<div class=\"elementor-element elementor-element-352b22d elementor-widget elementor-widget-image\" data-id=\"352b22d\" data-element_type=\"widget\" data-e-type=\"widget\" data-widget_type=\"image.default\">\n\t\t\t\t<div class=\"elementor-widget-container\">\n\t\t\t\t\t\t\t\t\t\t\t\t\t\t\t\t<a href=\"https:\/\/lunicars.com\/en\/fahrzeuge\/1982-leyland-mini-1000-hl-2\/\">\n\t\t\t\t\t\t\t<img loading=\"lazy\" decoding=\"async\" width=\"1620\" height=\"1080\" src=\"https:\/\/lunicars.com\/wp-content\/uploads\/2025\/10\/1982-Mini-1000-02.jpg\" class=\"elementor-animation-grow attachment-2048x2048 size-2048x2048 wp-image-45452\" alt=\"\" srcset=\"https:\/\/lunicars.com\/wp-content\/uploads\/2025\/10\/1982-Mini-1000-02.jpg 1620w, https:\/\/lunicars.com\/wp-content\/uploads\/2025\/10\/1982-Mini-1000-02-300x200.jpg 300w, https:\/\/lunicars.com\/wp-content\/uploads\/2025\/10\/1982-Mini-1000-02-1024x683.jpg 1024w, https:\/\/lunicars.com\/wp-content\/uploads\/2025\/10\/1982-Mini-1000-02-768x512.jpg 768w, https:\/\/lunicars.com\/wp-content\/uploads\/2025\/10\/1982-Mini-1000-02-1536x1024.jpg 1536w\" sizes=\"auto, (max-width: 1620px) 100vw, 1620px\" \/>\t\t\t\t\t\t\t\t<\/a>\n\t\t\t\t\t\t\t\t\t\t\t\t\t\t\t<\/div>\n\t\t\t\t<\/div>\n\t\t\t\t\t<\/div>\n\t\t<\/div>\n\t\t\t\t<div class=\"elementor-column elementor-col-66 elementor-inner-column elementor-element elementor-element-eccff53\" data-id=\"eccff53\" data-element_type=\"column\" data-e-type=\"column\">\n\t\t\t<div class=\"elementor-widget-wrap elementor-element-populated\">\n\t\t\t\t\t\t<div class=\"elementor-element elementor-element-75eec78 elementor-widget elementor-widget-heading\" data-id=\"75eec78\" data-element_type=\"widget\" data-e-type=\"widget\" data-widget_type=\"heading.default\">\n\t\t\t\t<div class=\"elementor-widget-container\">\n\t\t\t\t\t<div class=\"elementor-heading-title elementor-size-small\"><font color=\"#c48a02\">Sold<\/font><\/div>\t\t\t\t<\/div>\n\t\t\t\t<\/div>\n\t\t\t\t<div class=\"elementor-element elementor-element-cf1354c elementor-widget elementor-widget-heading\" data-id=\"cf1354c\" data-element_type=\"widget\" data-e-type=\"widget\" data-widget_type=\"heading.default\">\n\t\t\t\t<div class=\"elementor-widget-container\">\n\t\t\t\t\t<h1 class=\"elementor-heading-title elementor-size-default\"><a href=\"https:\/\/lunicars.com\/en\/fahrzeuge\/1982-leyland-mini-1000-hl-2\/\">Leyland Mini 1000 HL '82<\/a><\/h1>\t\t\t\t<\/div>\n\t\t\t\t<\/div>\n\t\t\t\t<div class=\"elementor-element elementor-element-df32bee elementor-widget elementor-widget-heading\" data-id=\"df32bee\" data-element_type=\"widget\" data-e-type=\"widget\" data-widget_type=\"heading.default\">\n\t\t\t\t<div class=\"elementor-widget-container\">\n\t\t\t\t\t<div class=\"elementor-heading-title elementor-size-small\">Klein, kultig, unverwechselbar \u2013 dieser hellblaue Mini 1000 HL beweist, dass Fahrfreude kein Platzproblem kennt.<\/div>\t\t\t\t<\/div>\n\t\t\t\t<\/div>\n\t\t\t\t\t<\/div>\n\t\t<\/div>\n\t\t\t\t\t<\/div>\n\t\t<\/section>\n\t\t\t\t<section class=\"elementor-section elementor-inner-section elementor-element elementor-element-c957002 elementor-section-content-bottom elementor-section-boxed elementor-section-height-default elementor-section-height-default\" data-id=\"c957002\" data-element_type=\"section\" data-e-type=\"section\">\n\t\t\t\t\t\t<div class=\"elementor-container elementor-column-gap-wider\">\n\t\t\t\t\t<div class=\"elementor-column elementor-col-33 elementor-inner-column elementor-element elementor-element-96c22ec\" data-id=\"96c22ec\" data-element_type=\"column\" data-e-type=\"column\">\n\t\t\t<div class=\"elementor-widget-wrap elementor-element-populated\">\n\t\t\t\t\t\t<div class=\"elementor-element elementor-element-ead3e16 elementor-widget elementor-widget-image\" data-id=\"ead3e16\" data-element_type=\"widget\" data-e-type=\"widget\" data-widget_type=\"image.default\">\n\t\t\t\t<div class=\"elementor-widget-container\">\n\t\t\t\t\t\t\t\t\t\t\t\t\t\t\t\t<a href=\"https:\/\/lunicars.com\/en\/fahrzeuge\/1976-ford-mustang-cobra-ii\/\">\n\t\t\t\t\t\t\t<img loading=\"lazy\" decoding=\"async\" width=\"1620\" height=\"1080\" src=\"https:\/\/lunicars.com\/wp-content\/uploads\/2025\/12\/1976-Ford-Mustang-Cobra-II-02.jpg\" class=\"elementor-animation-grow attachment-2048x2048 size-2048x2048 wp-image-45899\" alt=\"\" srcset=\"https:\/\/lunicars.com\/wp-content\/uploads\/2025\/12\/1976-Ford-Mustang-Cobra-II-02.jpg 1620w, https:\/\/lunicars.com\/wp-content\/uploads\/2025\/12\/1976-Ford-Mustang-Cobra-II-02-300x200.jpg 300w, https:\/\/lunicars.com\/wp-content\/uploads\/2025\/12\/1976-Ford-Mustang-Cobra-II-02-1024x683.jpg 1024w, https:\/\/lunicars.com\/wp-content\/uploads\/2025\/12\/1976-Ford-Mustang-Cobra-II-02-768x512.jpg 768w, https:\/\/lunicars.com\/wp-content\/uploads\/2025\/12\/1976-Ford-Mustang-Cobra-II-02-1536x1024.jpg 1536w\" sizes=\"auto, (max-width: 1620px) 100vw, 1620px\" \/>\t\t\t\t\t\t\t\t<\/a>\n\t\t\t\t\t\t\t\t\t\t\t\t\t\t\t<\/div>\n\t\t\t\t<\/div>\n\t\t\t\t\t<\/div>\n\t\t<\/div>\n\t\t\t\t<div class=\"elementor-column elementor-col-66 elementor-inner-column elementor-element elementor-element-04afdef\" data-id=\"04afdef\" data-element_type=\"column\" data-e-type=\"column\">\n\t\t\t<div class=\"elementor-widget-wrap elementor-element-populated\">\n\t\t\t\t\t\t<div class=\"elementor-element elementor-element-0825c77 elementor-widget elementor-widget-heading\" data-id=\"0825c77\" data-element_type=\"widget\" data-e-type=\"widget\" data-widget_type=\"heading.default\">\n\t\t\t\t<div class=\"elementor-widget-container\">\n\t\t\t\t\t<div class=\"elementor-heading-title elementor-size-small\"><font color=\"#c48a02\">Sold<\/font><\/div>\t\t\t\t<\/div>\n\t\t\t\t<\/div>\n\t\t\t\t<div class=\"elementor-element elementor-element-3c0b20e elementor-widget elementor-widget-heading\" data-id=\"3c0b20e\" data-element_type=\"widget\" data-e-type=\"widget\" data-widget_type=\"heading.default\">\n\t\t\t\t<div class=\"elementor-widget-container\">\n\t\t\t\t\t<h1 class=\"elementor-heading-title elementor-size-default\"><a href=\"https:\/\/lunicars.com\/en\/fahrzeuge\/1976-ford-mustang-cobra-ii\/\">Ford Mustang Cobra II '76<\/a><\/h1>\t\t\t\t<\/div>\n\t\t\t\t<\/div>\n\t\t\t\t<div class=\"elementor-element elementor-element-b38ed98 elementor-widget elementor-widget-heading\" data-id=\"b38ed98\" data-element_type=\"widget\" data-e-type=\"widget\" data-widget_type=\"heading.default\">\n\t\t\t\t<div class=\"elementor-widget-container\">\n\t\t\t\t\t<div class=\"elementor-heading-title elementor-size-small\">V8-Klang, 70er-Style und jede Menge Charakter \u2013 dieser Mustang Cobra II ist ein echter Kultdarsteller in hervorragendem Zustand.<\/div>\t\t\t\t<\/div>\n\t\t\t\t<\/div>\n\t\t\t\t\t<\/div>\n\t\t<\/div>\n\t\t\t\t\t<\/div>\n\t\t<\/section>\n\t\t\t\t<section class=\"elementor-section elementor-inner-section elementor-element elementor-element-5fe3ee0 elementor-section-content-bottom elementor-section-boxed elementor-section-height-default elementor-section-height-default\" data-id=\"5fe3ee0\" data-element_type=\"section\" data-e-type=\"section\">\n\t\t\t\t\t\t<div class=\"elementor-container elementor-column-gap-wider\">\n\t\t\t\t\t<div class=\"elementor-column elementor-col-33 elementor-inner-column elementor-element elementor-element-3513c20\" data-id=\"3513c20\" data-element_type=\"column\" data-e-type=\"column\">\n\t\t\t<div class=\"elementor-widget-wrap elementor-element-populated\">\n\t\t\t\t\t\t<div class=\"elementor-element elementor-element-a11dc99 elementor-widget elementor-widget-image\" data-id=\"a11dc99\" data-element_type=\"widget\" data-e-type=\"widget\" data-widget_type=\"image.default\">\n\t\t\t\t<div class=\"elementor-widget-container\">\n\t\t\t\t\t\t\t\t\t\t\t\t\t\t\t\t<a href=\"https:\/\/lunicars.com\/en\/fahrzeuge\/1953-chrysler-imperial-custom\/\">\n\t\t\t\t\t\t\t<img loading=\"lazy\" decoding=\"async\" width=\"1732\" height=\"1155\" src=\"https:\/\/lunicars.com\/wp-content\/uploads\/2025\/02\/1953-Chrysler-Imperial-Custom-01.jpg\" class=\"elementor-animation-grow attachment-2048x2048 size-2048x2048 wp-image-42940\" alt=\"\" srcset=\"https:\/\/lunicars.com\/wp-content\/uploads\/2025\/02\/1953-Chrysler-Imperial-Custom-01.jpg 1732w, https:\/\/lunicars.com\/wp-content\/uploads\/2025\/02\/1953-Chrysler-Imperial-Custom-01-300x200.jpg 300w, https:\/\/lunicars.com\/wp-content\/uploads\/2025\/02\/1953-Chrysler-Imperial-Custom-01-1024x683.jpg 1024w, https:\/\/lunicars.com\/wp-content\/uploads\/2025\/02\/1953-Chrysler-Imperial-Custom-01-768x512.jpg 768w, https:\/\/lunicars.com\/wp-content\/uploads\/2025\/02\/1953-Chrysler-Imperial-Custom-01-1536x1024.jpg 1536w\" sizes=\"auto, (max-width: 1732px) 100vw, 1732px\" \/>\t\t\t\t\t\t\t\t<\/a>\n\t\t\t\t\t\t\t\t\t\t\t\t\t\t\t<\/div>\n\t\t\t\t<\/div>\n\t\t\t\t\t<\/div>\n\t\t<\/div>\n\t\t\t\t<div class=\"elementor-column elementor-col-66 elementor-inner-column elementor-element elementor-element-a772786\" data-id=\"a772786\" data-element_type=\"column\" data-e-type=\"column\">\n\t\t\t<div class=\"elementor-widget-wrap elementor-element-populated\">\n\t\t\t\t\t\t<div class=\"elementor-element elementor-element-65fac43 elementor-widget elementor-widget-heading\" data-id=\"65fac43\" data-element_type=\"widget\" data-e-type=\"widget\" data-widget_type=\"heading.default\">\n\t\t\t\t<div class=\"elementor-widget-container\">\n\t\t\t\t\t<div class=\"elementor-heading-title elementor-size-small\"><font color=\"#c48a02\">Sold<\/font><\/div>\t\t\t\t<\/div>\n\t\t\t\t<\/div>\n\t\t\t\t<div class=\"elementor-element elementor-element-cdbe32f elementor-widget elementor-widget-heading\" data-id=\"cdbe32f\" data-element_type=\"widget\" data-e-type=\"widget\" data-widget_type=\"heading.default\">\n\t\t\t\t<div class=\"elementor-widget-container\">\n\t\t\t\t\t<h1 class=\"elementor-heading-title elementor-size-default\"><a href=\"https:\/\/lunicars.com\/en\/fahrzeuge\/1953-chrysler-imperial-custom\/\">Chrysler Imperial Custom '53<\/a><\/h1>\t\t\t\t<\/div>\n\t\t\t\t<\/div>\n\t\t\t\t<div class=\"elementor-element elementor-element-b4f19a8 elementor-widget elementor-widget-heading\" data-id=\"b4f19a8\" data-element_type=\"widget\" data-e-type=\"widget\" data-widget_type=\"heading.default\">\n\t\t\t\t<div class=\"elementor-widget-container\">\n\t\t\t\t\t<div class=\"elementor-heading-title elementor-size-small\">Luxus, Klasse und ein sehr angenehmes Fahrgef\u00fchl: Der Imperial ist ein Wagen, der jede Sonntagsfahrt zum Erlebnis macht.<\/div>\t\t\t\t<\/div>\n\t\t\t\t<\/div>\n\t\t\t\t\t<\/div>\n\t\t<\/div>\n\t\t\t\t\t<\/div>\n\t\t<\/section>\n\t\t\t\t<section class=\"elementor-section elementor-inner-section elementor-element elementor-element-18484bc elementor-section-content-bottom elementor-section-boxed elementor-section-height-default elementor-section-height-default\" data-id=\"18484bc\" data-element_type=\"section\" data-e-type=\"section\">\n\t\t\t\t\t\t<div class=\"elementor-container elementor-column-gap-wider\">\n\t\t\t\t\t<div class=\"elementor-column elementor-col-33 elementor-inner-column elementor-element elementor-element-a3c05b2\" data-id=\"a3c05b2\" data-element_type=\"column\" data-e-type=\"column\">\n\t\t\t<div class=\"elementor-widget-wrap elementor-element-populated\">\n\t\t\t\t\t\t<div class=\"elementor-element elementor-element-ea6b28a elementor-widget elementor-widget-image\" data-id=\"ea6b28a\" data-element_type=\"widget\" data-e-type=\"widget\" data-widget_type=\"image.default\">\n\t\t\t\t<div class=\"elementor-widget-container\">\n\t\t\t\t\t\t\t\t\t\t\t\t\t\t\t\t<a href=\"https:\/\/lunicars.com\/en\/fahrzeuge\/1988-jeep-wrangler-laredo\/\">\n\t\t\t\t\t\t\t<img loading=\"lazy\" decoding=\"async\" width=\"1732\" height=\"1155\" src=\"https:\/\/lunicars.com\/wp-content\/uploads\/2025\/04\/1988-Jeep-Wrangler-Laredo-01.jpg\" class=\"elementor-animation-grow attachment-2048x2048 size-2048x2048 wp-image-43634\" alt=\"\" srcset=\"https:\/\/lunicars.com\/wp-content\/uploads\/2025\/04\/1988-Jeep-Wrangler-Laredo-01.jpg 1732w, https:\/\/lunicars.com\/wp-content\/uploads\/2025\/04\/1988-Jeep-Wrangler-Laredo-01-300x200.jpg 300w, https:\/\/lunicars.com\/wp-content\/uploads\/2025\/04\/1988-Jeep-Wrangler-Laredo-01-1024x683.jpg 1024w, https:\/\/lunicars.com\/wp-content\/uploads\/2025\/04\/1988-Jeep-Wrangler-Laredo-01-768x512.jpg 768w, https:\/\/lunicars.com\/wp-content\/uploads\/2025\/04\/1988-Jeep-Wrangler-Laredo-01-1536x1024.jpg 1536w\" sizes=\"auto, (max-width: 1732px) 100vw, 1732px\" \/>\t\t\t\t\t\t\t\t<\/a>\n\t\t\t\t\t\t\t\t\t\t\t\t\t\t\t<\/div>\n\t\t\t\t<\/div>\n\t\t\t\t\t<\/div>\n\t\t<\/div>\n\t\t\t\t<div class=\"elementor-column elementor-col-66 elementor-inner-column elementor-element elementor-element-b1163bf\" data-id=\"b1163bf\" data-element_type=\"column\" data-e-type=\"column\">\n\t\t\t<div class=\"elementor-widget-wrap elementor-element-populated\">\n\t\t\t\t\t\t<div class=\"elementor-element elementor-element-1361381 elementor-widget elementor-widget-heading\" data-id=\"1361381\" data-element_type=\"widget\" data-e-type=\"widget\" data-widget_type=\"heading.default\">\n\t\t\t\t<div class=\"elementor-widget-container\">\n\t\t\t\t\t<div class=\"elementor-heading-title elementor-size-small\"><font color=\"#c48a02\">Sold<\/font><\/div>\t\t\t\t<\/div>\n\t\t\t\t<\/div>\n\t\t\t\t<div class=\"elementor-element elementor-element-8702104 elementor-widget elementor-widget-heading\" data-id=\"8702104\" data-element_type=\"widget\" data-e-type=\"widget\" data-widget_type=\"heading.default\">\n\t\t\t\t<div class=\"elementor-widget-container\">\n\t\t\t\t\t<h1 class=\"elementor-heading-title elementor-size-default\"><a href=\"https:\/\/lunicars.com\/en\/fahrzeuge\/1988-jeep-wrangler-laredo\/\">JEEP Wrangler Laredo '88<\/a><\/h1>\t\t\t\t<\/div>\n\t\t\t\t<\/div>\n\t\t\t\t<div class=\"elementor-element elementor-element-3829015 elementor-widget elementor-widget-heading\" data-id=\"3829015\" data-element_type=\"widget\" data-e-type=\"widget\" data-widget_type=\"heading.default\">\n\t\t\t\t<div class=\"elementor-widget-container\">\n\t\t\t\t\t<div class=\"elementor-heading-title elementor-size-small\">Der Klassiker f\u00fcrs Grobe \u2013 rustikal, robust und mit einer kantigen Seele. Als Laredo aber sehr charmant eingerichtet.<\/div>\t\t\t\t<\/div>\n\t\t\t\t<\/div>\n\t\t\t\t\t<\/div>\n\t\t<\/div>\n\t\t\t\t\t<\/div>\n\t\t<\/section>\n\t\t\t\t<section class=\"elementor-section elementor-inner-section elementor-element elementor-element-f9ad2cd elementor-section-content-bottom elementor-section-boxed elementor-section-height-default elementor-section-height-default\" data-id=\"f9ad2cd\" data-element_type=\"section\" data-e-type=\"section\">\n\t\t\t\t\t\t<div class=\"elementor-container elementor-column-gap-wider\">\n\t\t\t\t\t<div class=\"elementor-column elementor-col-33 elementor-inner-column elementor-element elementor-element-9bd1a71\" data-id=\"9bd1a71\" data-element_type=\"column\" data-e-type=\"column\">\n\t\t\t<div class=\"elementor-widget-wrap elementor-element-populated\">\n\t\t\t\t\t\t<div class=\"elementor-element elementor-element-cee58d5 elementor-widget elementor-widget-image\" data-id=\"cee58d5\" data-element_type=\"widget\" data-e-type=\"widget\" data-widget_type=\"image.default\">\n\t\t\t\t<div class=\"elementor-widget-container\">\n\t\t\t\t\t\t\t\t\t\t\t\t\t\t\t\t<a href=\"https:\/\/lunicars.com\/en\/fahrzeuge\/1991-mercedes-benz-190e-2-3\/\">\n\t\t\t\t\t\t\t<img loading=\"lazy\" decoding=\"async\" width=\"1620\" height=\"1080\" src=\"https:\/\/lunicars.com\/wp-content\/uploads\/2025\/12\/1991-Mercedes-Benz-190E-02.jpg\" class=\"elementor-animation-grow attachment-2048x2048 size-2048x2048 wp-image-45845\" alt=\"\" srcset=\"https:\/\/lunicars.com\/wp-content\/uploads\/2025\/12\/1991-Mercedes-Benz-190E-02.jpg 1620w, https:\/\/lunicars.com\/wp-content\/uploads\/2025\/12\/1991-Mercedes-Benz-190E-02-300x200.jpg 300w, https:\/\/lunicars.com\/wp-content\/uploads\/2025\/12\/1991-Mercedes-Benz-190E-02-1024x683.jpg 1024w, https:\/\/lunicars.com\/wp-content\/uploads\/2025\/12\/1991-Mercedes-Benz-190E-02-768x512.jpg 768w, https:\/\/lunicars.com\/wp-content\/uploads\/2025\/12\/1991-Mercedes-Benz-190E-02-1536x1024.jpg 1536w\" sizes=\"auto, (max-width: 1620px) 100vw, 1620px\" \/>\t\t\t\t\t\t\t\t<\/a>\n\t\t\t\t\t\t\t\t\t\t\t\t\t\t\t<\/div>\n\t\t\t\t<\/div>\n\t\t\t\t\t<\/div>\n\t\t<\/div>\n\t\t\t\t<div class=\"elementor-column elementor-col-66 elementor-inner-column elementor-element elementor-element-ab4263f\" data-id=\"ab4263f\" data-element_type=\"column\" data-e-type=\"column\">\n\t\t\t<div class=\"elementor-widget-wrap elementor-element-populated\">\n\t\t\t\t\t\t<div class=\"elementor-element elementor-element-100f77b elementor-widget elementor-widget-heading\" data-id=\"100f77b\" data-element_type=\"widget\" data-e-type=\"widget\" data-widget_type=\"heading.default\">\n\t\t\t\t<div class=\"elementor-widget-container\">\n\t\t\t\t\t<div class=\"elementor-heading-title elementor-size-small\"><font color=\"#c48a02\">Sold<\/font><\/div>\t\t\t\t<\/div>\n\t\t\t\t<\/div>\n\t\t\t\t<div class=\"elementor-element elementor-element-65c506d elementor-widget elementor-widget-heading\" data-id=\"65c506d\" data-element_type=\"widget\" data-e-type=\"widget\" data-widget_type=\"heading.default\">\n\t\t\t\t<div class=\"elementor-widget-container\">\n\t\t\t\t\t<h1 class=\"elementor-heading-title elementor-size-default\"><a href=\"https:\/\/lunicars.com\/en\/fahrzeuge\/1991-mercedes-benz-190e-2-3\/\">Mercedes-Benz 190E 2.3 '91<\/a><\/h1>\t\t\t\t<\/div>\n\t\t\t\t<\/div>\n\t\t\t\t<div class=\"elementor-element elementor-element-9589a2a elementor-widget elementor-widget-heading\" data-id=\"9589a2a\" data-element_type=\"widget\" data-e-type=\"widget\" data-widget_type=\"heading.default\">\n\t\t\t\t<div class=\"elementor-widget-container\">\n\t\t\t\t\t<div class=\"elementor-heading-title elementor-size-small\">The honest classic: a 190E 2.3 with clean engine running, optional 5-speed manual transmission and the timeless charm of the W201.<\/div>\t\t\t\t<\/div>\n\t\t\t\t<\/div>\n\t\t\t\t\t<\/div>\n\t\t<\/div>\n\t\t\t\t\t<\/div>\n\t\t<\/section>\n\t\t\t\t<section class=\"elementor-section elementor-inner-section elementor-element elementor-element-100d9af elementor-section-content-bottom elementor-section-boxed elementor-section-height-default elementor-section-height-default\" data-id=\"100d9af\" data-element_type=\"section\" data-e-type=\"section\">\n\t\t\t\t\t\t<div class=\"elementor-container elementor-column-gap-wider\">\n\t\t\t\t\t<div class=\"elementor-column elementor-col-33 elementor-inner-column elementor-element elementor-element-ab0bd67\" data-id=\"ab0bd67\" data-element_type=\"column\" data-e-type=\"column\">\n\t\t\t<div class=\"elementor-widget-wrap elementor-element-populated\">\n\t\t\t\t\t\t<div class=\"elementor-element elementor-element-b6b89c1 elementor-widget elementor-widget-image\" data-id=\"b6b89c1\" data-element_type=\"widget\" data-e-type=\"widget\" data-widget_type=\"image.default\">\n\t\t\t\t<div class=\"elementor-widget-container\">\n\t\t\t\t\t\t\t\t\t\t\t\t\t\t\t\t<a href=\"https:\/\/lunicars.com\/en\/fahrzeuge\/1932-talbot-m78\/\">\n\t\t\t\t\t\t\t<img loading=\"lazy\" decoding=\"async\" width=\"1620\" height=\"1080\" src=\"https:\/\/lunicars.com\/wp-content\/uploads\/2025\/11\/1932-Talbot-M78-02.jpg\" class=\"elementor-animation-grow attachment-2048x2048 size-2048x2048 wp-image-45726\" alt=\"\" srcset=\"https:\/\/lunicars.com\/wp-content\/uploads\/2025\/11\/1932-Talbot-M78-02.jpg 1620w, https:\/\/lunicars.com\/wp-content\/uploads\/2025\/11\/1932-Talbot-M78-02-300x200.jpg 300w, https:\/\/lunicars.com\/wp-content\/uploads\/2025\/11\/1932-Talbot-M78-02-1024x683.jpg 1024w, https:\/\/lunicars.com\/wp-content\/uploads\/2025\/11\/1932-Talbot-M78-02-768x512.jpg 768w, https:\/\/lunicars.com\/wp-content\/uploads\/2025\/11\/1932-Talbot-M78-02-1536x1024.jpg 1536w\" sizes=\"auto, (max-width: 1620px) 100vw, 1620px\" \/>\t\t\t\t\t\t\t\t<\/a>\n\t\t\t\t\t\t\t\t\t\t\t\t\t\t\t<\/div>\n\t\t\t\t<\/div>\n\t\t\t\t\t<\/div>\n\t\t<\/div>\n\t\t\t\t<div class=\"elementor-column elementor-col-66 elementor-inner-column elementor-element elementor-element-15772e1\" data-id=\"15772e1\" data-element_type=\"column\" data-e-type=\"column\">\n\t\t\t<div class=\"elementor-widget-wrap elementor-element-populated\">\n\t\t\t\t\t\t<div class=\"elementor-element elementor-element-63b05b8 elementor-widget elementor-widget-heading\" data-id=\"63b05b8\" data-element_type=\"widget\" data-e-type=\"widget\" data-widget_type=\"heading.default\">\n\t\t\t\t<div class=\"elementor-widget-container\">\n\t\t\t\t\t<div class=\"elementor-heading-title elementor-size-small\"><font color=\"#c48a02\">Sold<\/font><\/div>\t\t\t\t<\/div>\n\t\t\t\t<\/div>\n\t\t\t\t<div class=\"elementor-element elementor-element-8f416df elementor-widget elementor-widget-heading\" data-id=\"8f416df\" data-element_type=\"widget\" data-e-type=\"widget\" data-widget_type=\"heading.default\">\n\t\t\t\t<div class=\"elementor-widget-container\">\n\t\t\t\t\t<h1 class=\"elementor-heading-title elementor-size-default\"><a href=\"https:\/\/lunicars.com\/en\/fahrzeuge\/1932-talbot-m78\/\">Talbot M78 '32<\/a><\/h1>\t\t\t\t<\/div>\n\t\t\t\t<\/div>\n\t\t\t\t<div class=\"elementor-element elementor-element-8f243cc elementor-widget elementor-widget-heading\" data-id=\"8f243cc\" data-element_type=\"widget\" data-e-type=\"widget\" data-widget_type=\"heading.default\">\n\t\t\t\t<div class=\"elementor-widget-container\">\n\t\t\t\t\t<div class=\"elementor-heading-title elementor-size-small\">Eleganz pur, Vorkriegsstil und britisch-franz\u00f6sische Seele: Der 1932er Talbot M78 ist ein automobiler Gentleman mit Geschichte.<\/div>\t\t\t\t<\/div>\n\t\t\t\t<\/div>\n\t\t\t\t\t<\/div>\n\t\t<\/div>\n\t\t\t\t\t<\/div>\n\t\t<\/section>\n\t\t\t\t<section class=\"elementor-section elementor-inner-section elementor-element elementor-element-bb9c7d4 elementor-section-content-bottom elementor-section-boxed elementor-section-height-default elementor-section-height-default\" data-id=\"bb9c7d4\" data-element_type=\"section\" data-e-type=\"section\">\n\t\t\t\t\t\t<div class=\"elementor-container elementor-column-gap-wider\">\n\t\t\t\t\t<div class=\"elementor-column elementor-col-33 elementor-inner-column elementor-element elementor-element-1612604\" data-id=\"1612604\" data-element_type=\"column\" data-e-type=\"column\">\n\t\t\t<div class=\"elementor-widget-wrap elementor-element-populated\">\n\t\t\t\t\t\t<div class=\"elementor-element elementor-element-07aa5d5 elementor-widget elementor-widget-image\" data-id=\"07aa5d5\" data-element_type=\"widget\" data-e-type=\"widget\" data-widget_type=\"image.default\">\n\t\t\t\t<div class=\"elementor-widget-container\">\n\t\t\t\t\t\t\t\t\t\t\t\t\t\t\t\t<a href=\"https:\/\/lunicars.com\/en\/fahrzeuge\/1979-triumph-spitfire-1500\/\">\n\t\t\t\t\t\t\t<img loading=\"lazy\" decoding=\"async\" width=\"1620\" height=\"1080\" src=\"https:\/\/lunicars.com\/wp-content\/uploads\/2025\/10\/1979-Triumph-Spitfire-1500-02.jpg\" class=\"elementor-animation-grow attachment-2048x2048 size-2048x2048 wp-image-45337\" alt=\"\" srcset=\"https:\/\/lunicars.com\/wp-content\/uploads\/2025\/10\/1979-Triumph-Spitfire-1500-02.jpg 1620w, https:\/\/lunicars.com\/wp-content\/uploads\/2025\/10\/1979-Triumph-Spitfire-1500-02-300x200.jpg 300w, https:\/\/lunicars.com\/wp-content\/uploads\/2025\/10\/1979-Triumph-Spitfire-1500-02-1024x683.jpg 1024w, https:\/\/lunicars.com\/wp-content\/uploads\/2025\/10\/1979-Triumph-Spitfire-1500-02-768x512.jpg 768w, https:\/\/lunicars.com\/wp-content\/uploads\/2025\/10\/1979-Triumph-Spitfire-1500-02-1536x1024.jpg 1536w\" sizes=\"auto, (max-width: 1620px) 100vw, 1620px\" \/>\t\t\t\t\t\t\t\t<\/a>\n\t\t\t\t\t\t\t\t\t\t\t\t\t\t\t<\/div>\n\t\t\t\t<\/div>\n\t\t\t\t\t<\/div>\n\t\t<\/div>\n\t\t\t\t<div class=\"elementor-column elementor-col-66 elementor-inner-column elementor-element elementor-element-7c7176d\" data-id=\"7c7176d\" data-element_type=\"column\" data-e-type=\"column\">\n\t\t\t<div class=\"elementor-widget-wrap elementor-element-populated\">\n\t\t\t\t\t\t<div class=\"elementor-element elementor-element-05480ad elementor-widget elementor-widget-heading\" data-id=\"05480ad\" data-element_type=\"widget\" data-e-type=\"widget\" data-widget_type=\"heading.default\">\n\t\t\t\t<div class=\"elementor-widget-container\">\n\t\t\t\t\t<div class=\"elementor-heading-title elementor-size-small\"><font color=\"#c48a02\">Sold<\/font><\/div>\t\t\t\t<\/div>\n\t\t\t\t<\/div>\n\t\t\t\t<div class=\"elementor-element elementor-element-2e9c362 elementor-widget elementor-widget-heading\" data-id=\"2e9c362\" data-element_type=\"widget\" data-e-type=\"widget\" data-widget_type=\"heading.default\">\n\t\t\t\t<div class=\"elementor-widget-container\">\n\t\t\t\t\t<h1 class=\"elementor-heading-title elementor-size-default\"><a href=\"https:\/\/lunicars.com\/en\/fahrzeuge\/1979-triumph-spitfire-1500\/\">Triumph Spitfire 1500 '79<\/a><\/h1>\t\t\t\t<\/div>\n\t\t\t\t<\/div>\n\t\t\t\t<div class=\"elementor-element elementor-element-a9aecdd elementor-widget elementor-widget-heading\" data-id=\"a9aecdd\" data-element_type=\"widget\" data-e-type=\"widget\" data-widget_type=\"heading.default\">\n\t\t\t\t<div class=\"elementor-widget-container\">\n\t\t\t\t\t<div class=\"elementor-heading-title elementor-size-small\">Offen. Ehrlich. Echt. \u2013 Dieser Triumph Spitfire mit dem \"grossen\" 1500er ist der perfekte Einstiegs-Klassiker und bietet puren Fahrspass.<\/div>\t\t\t\t<\/div>\n\t\t\t\t<\/div>\n\t\t\t\t\t<\/div>\n\t\t<\/div>\n\t\t\t\t\t<\/div>\n\t\t<\/section>\n\t\t\t\t<section class=\"elementor-section elementor-inner-section elementor-element elementor-element-d0ac384 elementor-section-content-bottom elementor-section-boxed elementor-section-height-default elementor-section-height-default\" data-id=\"d0ac384\" data-element_type=\"section\" data-e-type=\"section\">\n\t\t\t\t\t\t<div class=\"elementor-container elementor-column-gap-wider\">\n\t\t\t\t\t<div class=\"elementor-column elementor-col-33 elementor-inner-column elementor-element elementor-element-bd1f091\" data-id=\"bd1f091\" data-element_type=\"column\" data-e-type=\"column\">\n\t\t\t<div class=\"elementor-widget-wrap elementor-element-populated\">\n\t\t\t\t\t\t<div class=\"elementor-element elementor-element-2f601c8 elementor-widget elementor-widget-image\" data-id=\"2f601c8\" data-element_type=\"widget\" data-e-type=\"widget\" data-widget_type=\"image.default\">\n\t\t\t\t<div class=\"elementor-widget-container\">\n\t\t\t\t\t\t\t\t\t\t\t\t\t\t\t\t<a href=\"https:\/\/lunicars.com\/en\/fahrzeuge\/1982-alfa-romeo-spider-2000\/\">\n\t\t\t\t\t\t\t<img loading=\"lazy\" decoding=\"async\" width=\"1620\" height=\"1080\" src=\"https:\/\/lunicars.com\/wp-content\/uploads\/2025\/08\/1982-Alfa-Romeo-Spider-2000-02.jpg\" class=\"elementor-animation-grow attachment-2048x2048 size-2048x2048 wp-image-44939\" alt=\"\" srcset=\"https:\/\/lunicars.com\/wp-content\/uploads\/2025\/08\/1982-Alfa-Romeo-Spider-2000-02.jpg 1620w, https:\/\/lunicars.com\/wp-content\/uploads\/2025\/08\/1982-Alfa-Romeo-Spider-2000-02-300x200.jpg 300w, https:\/\/lunicars.com\/wp-content\/uploads\/2025\/08\/1982-Alfa-Romeo-Spider-2000-02-1024x683.jpg 1024w, https:\/\/lunicars.com\/wp-content\/uploads\/2025\/08\/1982-Alfa-Romeo-Spider-2000-02-768x512.jpg 768w, https:\/\/lunicars.com\/wp-content\/uploads\/2025\/08\/1982-Alfa-Romeo-Spider-2000-02-1536x1024.jpg 1536w\" sizes=\"auto, (max-width: 1620px) 100vw, 1620px\" \/>\t\t\t\t\t\t\t\t<\/a>\n\t\t\t\t\t\t\t\t\t\t\t\t\t\t\t<\/div>\n\t\t\t\t<\/div>\n\t\t\t\t\t<\/div>\n\t\t<\/div>\n\t\t\t\t<div class=\"elementor-column elementor-col-66 elementor-inner-column elementor-element elementor-element-84c6be2\" data-id=\"84c6be2\" data-element_type=\"column\" data-e-type=\"column\">\n\t\t\t<div class=\"elementor-widget-wrap elementor-element-populated\">\n\t\t\t\t\t\t<div class=\"elementor-element elementor-element-66378f9 elementor-widget elementor-widget-heading\" data-id=\"66378f9\" data-element_type=\"widget\" data-e-type=\"widget\" data-widget_type=\"heading.default\">\n\t\t\t\t<div class=\"elementor-widget-container\">\n\t\t\t\t\t<div class=\"elementor-heading-title elementor-size-small\"><font color=\"#c48a02\">Sold<\/font><\/div>\t\t\t\t<\/div>\n\t\t\t\t<\/div>\n\t\t\t\t<div class=\"elementor-element elementor-element-bb6e5eb elementor-widget elementor-widget-heading\" data-id=\"bb6e5eb\" data-element_type=\"widget\" data-e-type=\"widget\" data-widget_type=\"heading.default\">\n\t\t\t\t<div class=\"elementor-widget-container\">\n\t\t\t\t\t<h1 class=\"elementor-heading-title elementor-size-default\"><a href=\"https:\/\/lunicars.com\/en\/fahrzeuge\/1982-alfa-romeo-spider-2000\/\">Alfa Romeo Spider 2000 '82<\/a><\/h1>\t\t\t\t<\/div>\n\t\t\t\t<\/div>\n\t\t\t\t<div class=\"elementor-element elementor-element-f288385 elementor-widget elementor-widget-heading\" data-id=\"f288385\" data-element_type=\"widget\" data-e-type=\"widget\" data-widget_type=\"heading.default\">\n\t\t\t\t<div class=\"elementor-widget-container\">\n\t\t\t\t\t<div class=\"elementor-heading-title elementor-size-small\">Italienische Eleganz, reiner Roadster-Charme und ein Klang, der s\u00fcchtig macht \u2013 der Alfa Spider 2000 ist pure Emotion.<\/div>\t\t\t\t<\/div>\n\t\t\t\t<\/div>\n\t\t\t\t\t<\/div>\n\t\t<\/div>\n\t\t\t\t\t<\/div>\n\t\t<\/section>\n\t\t\t\t<section class=\"elementor-section elementor-inner-section elementor-element elementor-element-aa1ee43 elementor-section-content-bottom elementor-section-boxed elementor-section-height-default elementor-section-height-default\" data-id=\"aa1ee43\" data-element_type=\"section\" data-e-type=\"section\">\n\t\t\t\t\t\t<div class=\"elementor-container elementor-column-gap-wider\">\n\t\t\t\t\t<div class=\"elementor-column elementor-col-33 elementor-inner-column elementor-element elementor-element-81decb5\" data-id=\"81decb5\" data-element_type=\"column\" data-e-type=\"column\">\n\t\t\t<div class=\"elementor-widget-wrap elementor-element-populated\">\n\t\t\t\t\t\t<div class=\"elementor-element elementor-element-9a95d16 elementor-widget elementor-widget-image\" data-id=\"9a95d16\" data-element_type=\"widget\" data-e-type=\"widget\" data-widget_type=\"image.default\">\n\t\t\t\t<div class=\"elementor-widget-container\">\n\t\t\t\t\t\t\t\t\t\t\t\t\t\t\t\t<a href=\"https:\/\/lunicars.com\/en\/fahrzeuge\/1935-morris-eight\/\">\n\t\t\t\t\t\t\t<img loading=\"lazy\" decoding=\"async\" width=\"1620\" height=\"1080\" src=\"https:\/\/lunicars.com\/wp-content\/uploads\/2025\/11\/1935-Morris-Eight-02.jpg\" class=\"elementor-animation-grow attachment-2048x2048 size-2048x2048 wp-image-45681\" alt=\"\" srcset=\"https:\/\/lunicars.com\/wp-content\/uploads\/2025\/11\/1935-Morris-Eight-02.jpg 1620w, https:\/\/lunicars.com\/wp-content\/uploads\/2025\/11\/1935-Morris-Eight-02-300x200.jpg 300w, https:\/\/lunicars.com\/wp-content\/uploads\/2025\/11\/1935-Morris-Eight-02-1024x683.jpg 1024w, https:\/\/lunicars.com\/wp-content\/uploads\/2025\/11\/1935-Morris-Eight-02-768x512.jpg 768w, https:\/\/lunicars.com\/wp-content\/uploads\/2025\/11\/1935-Morris-Eight-02-1536x1024.jpg 1536w\" sizes=\"auto, (max-width: 1620px) 100vw, 1620px\" \/>\t\t\t\t\t\t\t\t<\/a>\n\t\t\t\t\t\t\t\t\t\t\t\t\t\t\t<\/div>\n\t\t\t\t<\/div>\n\t\t\t\t\t<\/div>\n\t\t<\/div>\n\t\t\t\t<div class=\"elementor-column elementor-col-66 elementor-inner-column elementor-element elementor-element-9efe370\" data-id=\"9efe370\" data-element_type=\"column\" data-e-type=\"column\">\n\t\t\t<div class=\"elementor-widget-wrap elementor-element-populated\">\n\t\t\t\t\t\t<div class=\"elementor-element elementor-element-e8fd4ec elementor-widget elementor-widget-heading\" data-id=\"e8fd4ec\" data-element_type=\"widget\" data-e-type=\"widget\" data-widget_type=\"heading.default\">\n\t\t\t\t<div class=\"elementor-widget-container\">\n\t\t\t\t\t<div class=\"elementor-heading-title elementor-size-small\"><font color=\"#c48a02\">Sold<\/font><\/div>\t\t\t\t<\/div>\n\t\t\t\t<\/div>\n\t\t\t\t<div class=\"elementor-element elementor-element-02f28c3 elementor-widget elementor-widget-heading\" data-id=\"02f28c3\" data-element_type=\"widget\" data-e-type=\"widget\" data-widget_type=\"heading.default\">\n\t\t\t\t<div class=\"elementor-widget-container\">\n\t\t\t\t\t<h1 class=\"elementor-heading-title elementor-size-default\"><a href=\"https:\/\/lunicars.com\/en\/fahrzeuge\/1935-morris-eight\/\">Morris Eight '35<\/a><\/h1>\t\t\t\t<\/div>\n\t\t\t\t<\/div>\n\t\t\t\t<div class=\"elementor-element elementor-element-ffec28f elementor-widget elementor-widget-heading\" data-id=\"ffec28f\" data-element_type=\"widget\" data-e-type=\"widget\" data-widget_type=\"heading.default\">\n\t\t\t\t<div class=\"elementor-widget-container\">\n\t\t\t\t\t<div class=\"elementor-heading-title elementor-size-small\">Ein britischer Vorkriegsklassiker voller Charme - klein, leicht, zuverl\u00e4ssig und unwiderstehlich sympathisch.<\/div>\t\t\t\t<\/div>\n\t\t\t\t<\/div>\n\t\t\t\t\t<\/div>\n\t\t<\/div>\n\t\t\t\t\t<\/div>\n\t\t<\/section>\n\t\t\t\t<section class=\"elementor-section elementor-inner-section elementor-element elementor-element-c498c1d elementor-section-content-bottom elementor-section-boxed elementor-section-height-default elementor-section-height-default\" data-id=\"c498c1d\" data-element_type=\"section\" data-e-type=\"section\">\n\t\t\t\t\t\t<div class=\"elementor-container elementor-column-gap-wider\">\n\t\t\t\t\t<div class=\"elementor-column elementor-col-33 elementor-inner-column elementor-element elementor-element-5576247\" data-id=\"5576247\" data-element_type=\"column\" data-e-type=\"column\">\n\t\t\t<div class=\"elementor-widget-wrap elementor-element-populated\">\n\t\t\t\t\t\t<div class=\"elementor-element elementor-element-b98cea5 elementor-widget elementor-widget-image\" data-id=\"b98cea5\" data-element_type=\"widget\" data-e-type=\"widget\" data-widget_type=\"image.default\">\n\t\t\t\t<div class=\"elementor-widget-container\">\n\t\t\t\t\t\t\t\t\t\t\t\t\t\t\t\t<a href=\"https:\/\/lunicars.com\/en\/fahrzeuge\/1943-willys-mb\/\">\n\t\t\t\t\t\t\t<img loading=\"lazy\" decoding=\"async\" width=\"1620\" height=\"1080\" src=\"https:\/\/lunicars.com\/wp-content\/uploads\/2025\/10\/1944-Willys-MB-02.jpg\" class=\"elementor-animation-grow attachment-2048x2048 size-2048x2048 wp-image-45196\" alt=\"\" srcset=\"https:\/\/lunicars.com\/wp-content\/uploads\/2025\/10\/1944-Willys-MB-02.jpg 1620w, https:\/\/lunicars.com\/wp-content\/uploads\/2025\/10\/1944-Willys-MB-02-300x200.jpg 300w, https:\/\/lunicars.com\/wp-content\/uploads\/2025\/10\/1944-Willys-MB-02-1024x683.jpg 1024w, https:\/\/lunicars.com\/wp-content\/uploads\/2025\/10\/1944-Willys-MB-02-768x512.jpg 768w, https:\/\/lunicars.com\/wp-content\/uploads\/2025\/10\/1944-Willys-MB-02-1536x1024.jpg 1536w\" sizes=\"auto, (max-width: 1620px) 100vw, 1620px\" \/>\t\t\t\t\t\t\t\t<\/a>\n\t\t\t\t\t\t\t\t\t\t\t\t\t\t\t<\/div>\n\t\t\t\t<\/div>\n\t\t\t\t\t<\/div>\n\t\t<\/div>\n\t\t\t\t<div class=\"elementor-column elementor-col-66 elementor-inner-column elementor-element elementor-element-6704111\" data-id=\"6704111\" data-element_type=\"column\" data-e-type=\"column\">\n\t\t\t<div class=\"elementor-widget-wrap elementor-element-populated\">\n\t\t\t\t\t\t<div class=\"elementor-element elementor-element-aaa57ee elementor-widget elementor-widget-heading\" data-id=\"aaa57ee\" data-element_type=\"widget\" data-e-type=\"widget\" data-widget_type=\"heading.default\">\n\t\t\t\t<div class=\"elementor-widget-container\">\n\t\t\t\t\t<div class=\"elementor-heading-title elementor-size-small\"><font color=\"#c48a02\">Sold<\/font><\/div>\t\t\t\t<\/div>\n\t\t\t\t<\/div>\n\t\t\t\t<div class=\"elementor-element elementor-element-d837242 elementor-widget elementor-widget-heading\" data-id=\"d837242\" data-element_type=\"widget\" data-e-type=\"widget\" data-widget_type=\"heading.default\">\n\t\t\t\t<div class=\"elementor-widget-container\">\n\t\t\t\t\t<h1 class=\"elementor-heading-title elementor-size-default\"><a href=\"https:\/\/lunicars.com\/en\/fahrzeuge\/1943-willys-mb\/\">Willys MB '43<\/a><\/h1>\t\t\t\t<\/div>\n\t\t\t\t<\/div>\n\t\t\t\t<div class=\"elementor-element elementor-element-89516ff elementor-widget elementor-widget-heading\" data-id=\"89516ff\" data-element_type=\"widget\" data-e-type=\"widget\" data-widget_type=\"heading.default\">\n\t\t\t\t<div class=\"elementor-widget-container\">\n\t\t\t\t\t<div class=\"elementor-heading-title elementor-size-small\">Der Jeep, der Geschichte schrieb: Der 1943er Willys MB ist pure Mechanik, Ehrlichkeit und Abenteuerlust \u2013 der Ursprung aller Offroader.<\/div>\t\t\t\t<\/div>\n\t\t\t\t<\/div>\n\t\t\t\t\t<\/div>\n\t\t<\/div>\n\t\t\t\t\t<\/div>\n\t\t<\/section>\n\t\t\t\t<section class=\"elementor-section elementor-inner-section elementor-element elementor-element-6e01230 elementor-section-content-bottom elementor-section-boxed elementor-section-height-default elementor-section-height-default\" data-id=\"6e01230\" data-element_type=\"section\" data-e-type=\"section\">\n\t\t\t\t\t\t<div class=\"elementor-container elementor-column-gap-wider\">\n\t\t\t\t\t<div class=\"elementor-column elementor-col-33 elementor-inner-column elementor-element elementor-element-25c67ff\" data-id=\"25c67ff\" data-element_type=\"column\" data-e-type=\"column\">\n\t\t\t<div class=\"elementor-widget-wrap elementor-element-populated\">\n\t\t\t\t\t\t<div class=\"elementor-element elementor-element-72e9be7 elementor-widget elementor-widget-image\" data-id=\"72e9be7\" data-element_type=\"widget\" data-e-type=\"widget\" data-widget_type=\"image.default\">\n\t\t\t\t<div class=\"elementor-widget-container\">\n\t\t\t\t\t\t\t\t\t\t\t\t\t\t\t\t<a href=\"https:\/\/lunicars.com\/en\/fahrzeuge\/1965-ford-mustang-289-dynasty-green\/\">\n\t\t\t\t\t\t\t<img loading=\"lazy\" decoding=\"async\" width=\"1732\" height=\"1155\" src=\"https:\/\/lunicars.com\/wp-content\/uploads\/2025\/03\/1965-Ford-Mustang-289-Tuerkis-01.jpg\" class=\"elementor-animation-grow attachment-2048x2048 size-2048x2048 wp-image-43176\" alt=\"\" srcset=\"https:\/\/lunicars.com\/wp-content\/uploads\/2025\/03\/1965-Ford-Mustang-289-Tuerkis-01.jpg 1732w, https:\/\/lunicars.com\/wp-content\/uploads\/2025\/03\/1965-Ford-Mustang-289-Tuerkis-01-300x200.jpg 300w, https:\/\/lunicars.com\/wp-content\/uploads\/2025\/03\/1965-Ford-Mustang-289-Tuerkis-01-1024x683.jpg 1024w, https:\/\/lunicars.com\/wp-content\/uploads\/2025\/03\/1965-Ford-Mustang-289-Tuerkis-01-768x512.jpg 768w, https:\/\/lunicars.com\/wp-content\/uploads\/2025\/03\/1965-Ford-Mustang-289-Tuerkis-01-1536x1024.jpg 1536w\" sizes=\"auto, (max-width: 1732px) 100vw, 1732px\" \/>\t\t\t\t\t\t\t\t<\/a>\n\t\t\t\t\t\t\t\t\t\t\t\t\t\t\t<\/div>\n\t\t\t\t<\/div>\n\t\t\t\t\t<\/div>\n\t\t<\/div>\n\t\t\t\t<div class=\"elementor-column elementor-col-66 elementor-inner-column elementor-element elementor-element-190a469\" data-id=\"190a469\" data-element_type=\"column\" data-e-type=\"column\">\n\t\t\t<div class=\"elementor-widget-wrap elementor-element-populated\">\n\t\t\t\t\t\t<div class=\"elementor-element elementor-element-0f4ed78 elementor-widget elementor-widget-heading\" data-id=\"0f4ed78\" data-element_type=\"widget\" data-e-type=\"widget\" data-widget_type=\"heading.default\">\n\t\t\t\t<div class=\"elementor-widget-container\">\n\t\t\t\t\t<div class=\"elementor-heading-title elementor-size-small\"><font color=\"#c48a02\">Sold<\/font><\/div>\t\t\t\t<\/div>\n\t\t\t\t<\/div>\n\t\t\t\t<div class=\"elementor-element elementor-element-76e28c5 elementor-widget elementor-widget-heading\" data-id=\"76e28c5\" data-element_type=\"widget\" data-e-type=\"widget\" data-widget_type=\"heading.default\">\n\t\t\t\t<div class=\"elementor-widget-container\">\n\t\t\t\t\t<h1 class=\"elementor-heading-title elementor-size-default\"><a href=\"https:\/\/lunicars.com\/en\/fahrzeuge\/1965-ford-mustang-289-dynasty-green\/\">Ford Mustang V8 '65<\/a><\/h1>\t\t\t\t<\/div>\n\t\t\t\t<\/div>\n\t\t\t\t<div class=\"elementor-element elementor-element-e8e6a9b elementor-widget elementor-widget-heading\" data-id=\"e8e6a9b\" data-element_type=\"widget\" data-e-type=\"widget\" data-widget_type=\"heading.default\">\n\t\t\t\t<div class=\"elementor-widget-container\">\n\t\t\t\t\t<div class=\"elementor-heading-title elementor-size-small\">Ein Rassepferd in seltener Kombination: Dieser tadellose Mustang namens \"Dolly\" \u00fcberzeugt mit Kraft, \u00c4sthetik und Geschichte.<\/div>\t\t\t\t<\/div>\n\t\t\t\t<\/div>\n\t\t\t\t\t<\/div>\n\t\t<\/div>\n\t\t\t\t\t<\/div>\n\t\t<\/section>\n\t\t\t\t<section class=\"elementor-section elementor-inner-section elementor-element elementor-element-6be1be4 elementor-section-content-bottom elementor-section-boxed elementor-section-height-default elementor-section-height-default\" data-id=\"6be1be4\" data-element_type=\"section\" data-e-type=\"section\">\n\t\t\t\t\t\t<div class=\"elementor-container elementor-column-gap-wider\">\n\t\t\t\t\t<div class=\"elementor-column elementor-col-33 elementor-inner-column elementor-element elementor-element-51ff63c\" data-id=\"51ff63c\" data-element_type=\"column\" data-e-type=\"column\">\n\t\t\t<div class=\"elementor-widget-wrap elementor-element-populated\">\n\t\t\t\t\t\t<div class=\"elementor-element elementor-element-540e2ad elementor-widget elementor-widget-image\" data-id=\"540e2ad\" data-element_type=\"widget\" data-e-type=\"widget\" data-widget_type=\"image.default\">\n\t\t\t\t<div class=\"elementor-widget-container\">\n\t\t\t\t\t\t\t\t\t\t\t\t\t\t\t\t<a href=\"https:\/\/lunicars.com\/en\/fahrzeuge\/1955-mg-tf-1500\/\">\n\t\t\t\t\t\t\t<img loading=\"lazy\" decoding=\"async\" width=\"1732\" height=\"1155\" src=\"https:\/\/lunicars.com\/wp-content\/uploads\/2025\/05\/1955-MG-TF-1500-03.jpg\" class=\"elementor-animation-grow attachment-2048x2048 size-2048x2048 wp-image-43946\" alt=\"\" srcset=\"https:\/\/lunicars.com\/wp-content\/uploads\/2025\/05\/1955-MG-TF-1500-03.jpg 1732w, https:\/\/lunicars.com\/wp-content\/uploads\/2025\/05\/1955-MG-TF-1500-03-300x200.jpg 300w, https:\/\/lunicars.com\/wp-content\/uploads\/2025\/05\/1955-MG-TF-1500-03-1024x683.jpg 1024w, https:\/\/lunicars.com\/wp-content\/uploads\/2025\/05\/1955-MG-TF-1500-03-768x512.jpg 768w, https:\/\/lunicars.com\/wp-content\/uploads\/2025\/05\/1955-MG-TF-1500-03-1536x1024.jpg 1536w\" sizes=\"auto, (max-width: 1732px) 100vw, 1732px\" \/>\t\t\t\t\t\t\t\t<\/a>\n\t\t\t\t\t\t\t\t\t\t\t\t\t\t\t<\/div>\n\t\t\t\t<\/div>\n\t\t\t\t\t<\/div>\n\t\t<\/div>\n\t\t\t\t<div class=\"elementor-column elementor-col-66 elementor-inner-column elementor-element elementor-element-c2342d8\" data-id=\"c2342d8\" data-element_type=\"column\" data-e-type=\"column\">\n\t\t\t<div class=\"elementor-widget-wrap elementor-element-populated\">\n\t\t\t\t\t\t<div class=\"elementor-element elementor-element-4b6d8ec elementor-widget elementor-widget-heading\" data-id=\"4b6d8ec\" data-element_type=\"widget\" data-e-type=\"widget\" data-widget_type=\"heading.default\">\n\t\t\t\t<div class=\"elementor-widget-container\">\n\t\t\t\t\t<div class=\"elementor-heading-title elementor-size-small\"><font color=\"#c48a02\">Sold<\/font><\/div>\t\t\t\t<\/div>\n\t\t\t\t<\/div>\n\t\t\t\t<div class=\"elementor-element elementor-element-5117187 elementor-widget elementor-widget-heading\" data-id=\"5117187\" data-element_type=\"widget\" data-e-type=\"widget\" data-widget_type=\"heading.default\">\n\t\t\t\t<div class=\"elementor-widget-container\">\n\t\t\t\t\t<h1 class=\"elementor-heading-title elementor-size-default\"><a href=\"https:\/\/lunicars.com\/en\/fahrzeuge\/1955-mg-tf-1500\/\">MG TF 1500 '55<\/a><\/h1>\t\t\t\t<\/div>\n\t\t\t\t<\/div>\n\t\t\t\t<div class=\"elementor-element elementor-element-627f053 elementor-widget elementor-widget-heading\" data-id=\"627f053\" data-element_type=\"widget\" data-e-type=\"widget\" data-widget_type=\"heading.default\">\n\t\t\t\t<div class=\"elementor-widget-container\">\n\t\t\t\t\t<div class=\"elementor-heading-title elementor-size-small\">A rare British roadster with class. Low weight, great sound and amazing handling.<\/div>\t\t\t\t<\/div>\n\t\t\t\t<\/div>\n\t\t\t\t\t<\/div>\n\t\t<\/div>\n\t\t\t\t\t<\/div>\n\t\t<\/section>\n\t\t\t\t<section class=\"elementor-section elementor-inner-section elementor-element elementor-element-82a6bd1 elementor-section-content-bottom elementor-section-boxed elementor-section-height-default elementor-section-height-default\" data-id=\"82a6bd1\" data-element_type=\"section\" data-e-type=\"section\">\n\t\t\t\t\t\t<div class=\"elementor-container elementor-column-gap-wider\">\n\t\t\t\t\t<div class=\"elementor-column elementor-col-33 elementor-inner-column elementor-element elementor-element-e040030\" data-id=\"e040030\" data-element_type=\"column\" data-e-type=\"column\">\n\t\t\t<div class=\"elementor-widget-wrap elementor-element-populated\">\n\t\t\t\t\t\t<div class=\"elementor-element elementor-element-c475434 elementor-widget elementor-widget-image\" data-id=\"c475434\" data-element_type=\"widget\" data-e-type=\"widget\" data-widget_type=\"image.default\">\n\t\t\t\t<div class=\"elementor-widget-container\">\n\t\t\t\t\t\t\t\t\t\t\t\t\t\t\t\t<a href=\"https:\/\/lunicars.com\/en\/fahrzeuge\/1999-subaru-impreza-2-0-gt-turbo-4wd\/\">\n\t\t\t\t\t\t\t<img loading=\"lazy\" decoding=\"async\" width=\"1732\" height=\"1155\" src=\"https:\/\/lunicars.com\/wp-content\/uploads\/2025\/03\/1999-Subaru-Impreza-2.0-GT-01.jpg\" class=\"elementor-animation-grow attachment-2048x2048 size-2048x2048 wp-image-43393\" alt=\"\" srcset=\"https:\/\/lunicars.com\/wp-content\/uploads\/2025\/03\/1999-Subaru-Impreza-2.0-GT-01.jpg 1732w, https:\/\/lunicars.com\/wp-content\/uploads\/2025\/03\/1999-Subaru-Impreza-2.0-GT-01-300x200.jpg 300w, https:\/\/lunicars.com\/wp-content\/uploads\/2025\/03\/1999-Subaru-Impreza-2.0-GT-01-1024x683.jpg 1024w, https:\/\/lunicars.com\/wp-content\/uploads\/2025\/03\/1999-Subaru-Impreza-2.0-GT-01-768x512.jpg 768w, https:\/\/lunicars.com\/wp-content\/uploads\/2025\/03\/1999-Subaru-Impreza-2.0-GT-01-1536x1024.jpg 1536w\" sizes=\"auto, (max-width: 1732px) 100vw, 1732px\" \/>\t\t\t\t\t\t\t\t<\/a>\n\t\t\t\t\t\t\t\t\t\t\t\t\t\t\t<\/div>\n\t\t\t\t<\/div>\n\t\t\t\t\t<\/div>\n\t\t<\/div>\n\t\t\t\t<div class=\"elementor-column elementor-col-66 elementor-inner-column elementor-element elementor-element-6a5e3a9\" data-id=\"6a5e3a9\" data-element_type=\"column\" data-e-type=\"column\">\n\t\t\t<div class=\"elementor-widget-wrap elementor-element-populated\">\n\t\t\t\t\t\t<div class=\"elementor-element elementor-element-a5ea73a elementor-widget elementor-widget-heading\" data-id=\"a5ea73a\" data-element_type=\"widget\" data-e-type=\"widget\" data-widget_type=\"heading.default\">\n\t\t\t\t<div class=\"elementor-widget-container\">\n\t\t\t\t\t<div class=\"elementor-heading-title elementor-size-small\"><font color=\"#c48a02\">Sold<\/font><\/div>\t\t\t\t<\/div>\n\t\t\t\t<\/div>\n\t\t\t\t<div class=\"elementor-element elementor-element-6c860d8 elementor-widget elementor-widget-heading\" data-id=\"6c860d8\" data-element_type=\"widget\" data-e-type=\"widget\" data-widget_type=\"heading.default\">\n\t\t\t\t<div class=\"elementor-widget-container\">\n\t\t\t\t\t<h1 class=\"elementor-heading-title elementor-size-default\"><a href=\"https:\/\/lunicars.com\/en\/fahrzeuge\/1999-subaru-impreza-2-0-gt-turbo-4wd\/\">Subaru Impreza 2.0 GT Turbo '99<\/a><\/h1>\t\t\t\t<\/div>\n\t\t\t\t<\/div>\n\t\t\t\t<div class=\"elementor-element elementor-element-fa18a2a elementor-widget elementor-widget-heading\" data-id=\"fa18a2a\" data-element_type=\"widget\" data-e-type=\"widget\" data-widget_type=\"heading.default\">\n\t\t\t\t<div class=\"elementor-widget-container\">\n\t\t\t\t\t<div class=\"elementor-heading-title elementor-size-small\">Ein alltagstauglicher Youngtimer mit enormem Spasspotential. Rostfrei, aufgeladen und bereit f\u00fcr neue Pisten.<\/div>\t\t\t\t<\/div>\n\t\t\t\t<\/div>\n\t\t\t\t\t<\/div>\n\t\t<\/div>\n\t\t\t\t\t<\/div>\n\t\t<\/section>\n\t\t\t\t<section class=\"elementor-section elementor-inner-section elementor-element elementor-element-04bebe2 elementor-section-content-bottom elementor-section-boxed elementor-section-height-default elementor-section-height-default\" data-id=\"04bebe2\" data-element_type=\"section\" data-e-type=\"section\">\n\t\t\t\t\t\t<div class=\"elementor-container elementor-column-gap-wider\">\n\t\t\t\t\t<div class=\"elementor-column elementor-col-33 elementor-inner-column elementor-element elementor-element-b5e3f8f\" data-id=\"b5e3f8f\" data-element_type=\"column\" data-e-type=\"column\">\n\t\t\t<div class=\"elementor-widget-wrap elementor-element-populated\">\n\t\t\t\t\t\t<div class=\"elementor-element elementor-element-72c5c38 elementor-widget elementor-widget-image\" data-id=\"72c5c38\" data-element_type=\"widget\" data-e-type=\"widget\" data-widget_type=\"image.default\">\n\t\t\t\t<div class=\"elementor-widget-container\">\n\t\t\t\t\t\t\t\t\t\t\t\t\t\t\t\t<a href=\"https:\/\/lunicars.com\/en\/fahrzeuge\/1979-chevrolet-corvette-c3-2\/\">\n\t\t\t\t\t\t\t<img loading=\"lazy\" decoding=\"async\" width=\"1732\" height=\"1155\" src=\"https:\/\/lunicars.com\/wp-content\/uploads\/2025\/04\/1979-Chevrolet-Corvette-C3-01.jpg\" class=\"elementor-animation-grow attachment-2048x2048 size-2048x2048 wp-image-43575\" alt=\"\" srcset=\"https:\/\/lunicars.com\/wp-content\/uploads\/2025\/04\/1979-Chevrolet-Corvette-C3-01.jpg 1732w, https:\/\/lunicars.com\/wp-content\/uploads\/2025\/04\/1979-Chevrolet-Corvette-C3-01-300x200.jpg 300w, https:\/\/lunicars.com\/wp-content\/uploads\/2025\/04\/1979-Chevrolet-Corvette-C3-01-1024x683.jpg 1024w, https:\/\/lunicars.com\/wp-content\/uploads\/2025\/04\/1979-Chevrolet-Corvette-C3-01-768x512.jpg 768w, https:\/\/lunicars.com\/wp-content\/uploads\/2025\/04\/1979-Chevrolet-Corvette-C3-01-1536x1024.jpg 1536w\" sizes=\"auto, (max-width: 1732px) 100vw, 1732px\" \/>\t\t\t\t\t\t\t\t<\/a>\n\t\t\t\t\t\t\t\t\t\t\t\t\t\t\t<\/div>\n\t\t\t\t<\/div>\n\t\t\t\t\t<\/div>\n\t\t<\/div>\n\t\t\t\t<div class=\"elementor-column elementor-col-66 elementor-inner-column elementor-element elementor-element-03ab738\" data-id=\"03ab738\" data-element_type=\"column\" data-e-type=\"column\">\n\t\t\t<div class=\"elementor-widget-wrap elementor-element-populated\">\n\t\t\t\t\t\t<div class=\"elementor-element elementor-element-305ef9a elementor-widget elementor-widget-heading\" data-id=\"305ef9a\" data-element_type=\"widget\" data-e-type=\"widget\" data-widget_type=\"heading.default\">\n\t\t\t\t<div class=\"elementor-widget-container\">\n\t\t\t\t\t<div class=\"elementor-heading-title elementor-size-small\"><font color=\"#c48a02\">Sold<\/font><\/div>\t\t\t\t<\/div>\n\t\t\t\t<\/div>\n\t\t\t\t<div class=\"elementor-element elementor-element-a0490fa elementor-widget elementor-widget-heading\" data-id=\"a0490fa\" data-element_type=\"widget\" data-e-type=\"widget\" data-widget_type=\"heading.default\">\n\t\t\t\t<div class=\"elementor-widget-container\">\n\t\t\t\t\t<h1 class=\"elementor-heading-title elementor-size-default\"><a href=\"https:\/\/lunicars.com\/en\/fahrzeuge\/1979-chevrolet-corvette-c3-2\/\">Chevrolet Corvette C3 '79<\/a><\/h1>\t\t\t\t<\/div>\n\t\t\t\t<\/div>\n\t\t\t\t<div class=\"elementor-element elementor-element-c56bee2 elementor-widget elementor-widget-heading\" data-id=\"c56bee2\" data-element_type=\"widget\" data-e-type=\"widget\" data-widget_type=\"heading.default\">\n\t\t\t\t<div class=\"elementor-widget-container\">\n\t\t\t\t\t<div class=\"elementor-heading-title elementor-size-small\">An American icon that has been mechanically rebuilt and optimized at great expense. Strong, fast, sporty and sexy.<\/div>\t\t\t\t<\/div>\n\t\t\t\t<\/div>\n\t\t\t\t\t<\/div>\n\t\t<\/div>\n\t\t\t\t\t<\/div>\n\t\t<\/section>\n\t\t\t\t<section class=\"elementor-section elementor-inner-section elementor-element elementor-element-a00062c elementor-section-content-bottom elementor-section-boxed elementor-section-height-default elementor-section-height-default\" data-id=\"a00062c\" data-element_type=\"section\" data-e-type=\"section\">\n\t\t\t\t\t\t<div class=\"elementor-container elementor-column-gap-wider\">\n\t\t\t\t\t<div class=\"elementor-column elementor-col-33 elementor-inner-column elementor-element elementor-element-53878a4\" data-id=\"53878a4\" data-element_type=\"column\" data-e-type=\"column\">\n\t\t\t<div class=\"elementor-widget-wrap elementor-element-populated\">\n\t\t\t\t\t\t<div class=\"elementor-element elementor-element-e800663 elementor-widget elementor-widget-image\" data-id=\"e800663\" data-element_type=\"widget\" data-e-type=\"widget\" data-widget_type=\"image.default\">\n\t\t\t\t<div class=\"elementor-widget-container\">\n\t\t\t\t\t\t\t\t\t\t\t\t\t\t\t\t<a href=\"https:\/\/lunicars.com\/en\/fahrzeuge\/1989-pontiac-firebird-trans-am\/\">\n\t\t\t\t\t\t\t<img loading=\"lazy\" decoding=\"async\" width=\"1732\" height=\"1155\" src=\"https:\/\/lunicars.com\/wp-content\/uploads\/2025\/05\/1989-Pontiac-Firebird-Trans-Am-01.jpg\" class=\"elementor-animation-grow attachment-2048x2048 size-2048x2048 wp-image-44139\" alt=\"\" srcset=\"https:\/\/lunicars.com\/wp-content\/uploads\/2025\/05\/1989-Pontiac-Firebird-Trans-Am-01.jpg 1732w, https:\/\/lunicars.com\/wp-content\/uploads\/2025\/05\/1989-Pontiac-Firebird-Trans-Am-01-300x200.jpg 300w, https:\/\/lunicars.com\/wp-content\/uploads\/2025\/05\/1989-Pontiac-Firebird-Trans-Am-01-1024x683.jpg 1024w, https:\/\/lunicars.com\/wp-content\/uploads\/2025\/05\/1989-Pontiac-Firebird-Trans-Am-01-768x512.jpg 768w, https:\/\/lunicars.com\/wp-content\/uploads\/2025\/05\/1989-Pontiac-Firebird-Trans-Am-01-1536x1024.jpg 1536w\" sizes=\"auto, (max-width: 1732px) 100vw, 1732px\" \/>\t\t\t\t\t\t\t\t<\/a>\n\t\t\t\t\t\t\t\t\t\t\t\t\t\t\t<\/div>\n\t\t\t\t<\/div>\n\t\t\t\t\t<\/div>\n\t\t<\/div>\n\t\t\t\t<div class=\"elementor-column elementor-col-66 elementor-inner-column elementor-element elementor-element-cadd6ce\" data-id=\"cadd6ce\" data-element_type=\"column\" data-e-type=\"column\">\n\t\t\t<div class=\"elementor-widget-wrap elementor-element-populated\">\n\t\t\t\t\t\t<div class=\"elementor-element elementor-element-6844da1 elementor-widget elementor-widget-heading\" data-id=\"6844da1\" data-element_type=\"widget\" data-e-type=\"widget\" data-widget_type=\"heading.default\">\n\t\t\t\t<div class=\"elementor-widget-container\">\n\t\t\t\t\t<div class=\"elementor-heading-title elementor-size-small\"><font color=\"#c48a02\">Sold<\/font><\/div>\t\t\t\t<\/div>\n\t\t\t\t<\/div>\n\t\t\t\t<div class=\"elementor-element elementor-element-f1a5ea4 elementor-widget elementor-widget-heading\" data-id=\"f1a5ea4\" data-element_type=\"widget\" data-e-type=\"widget\" data-widget_type=\"heading.default\">\n\t\t\t\t<div class=\"elementor-widget-container\">\n\t\t\t\t\t<h1 class=\"elementor-heading-title elementor-size-default\"><a href=\"https:\/\/lunicars.com\/en\/fahrzeuge\/1989-pontiac-firebird-trans-am\/\">Pontiac Firebird Trans Am '89<\/a><\/h1>\t\t\t\t<\/div>\n\t\t\t\t<\/div>\n\t\t\t\t<div class=\"elementor-element elementor-element-3fc48fa elementor-widget elementor-widget-heading\" data-id=\"3fc48fa\" data-element_type=\"widget\" data-e-type=\"widget\" data-widget_type=\"heading.default\">\n\t\t\t\t<div class=\"elementor-widget-container\">\n\t\t\t\t\t<div class=\"elementor-heading-title elementor-size-small\">Firebird Trans Am \u2013 amerikanisches Muscle-Drama in Reinkultur. V8-Power, T-Top und massig Charakter inklusive.<\/div>\t\t\t\t<\/div>\n\t\t\t\t<\/div>\n\t\t\t\t\t<\/div>\n\t\t<\/div>\n\t\t\t\t\t<\/div>\n\t\t<\/section>\n\t\t\t\t<section class=\"elementor-section elementor-inner-section elementor-element elementor-element-b102b5e elementor-section-content-bottom elementor-section-boxed elementor-section-height-default elementor-section-height-default\" data-id=\"b102b5e\" data-element_type=\"section\" data-e-type=\"section\">\n\t\t\t\t\t\t<div class=\"elementor-container elementor-column-gap-wider\">\n\t\t\t\t\t<div class=\"elementor-column elementor-col-33 elementor-inner-column elementor-element elementor-element-3047598\" data-id=\"3047598\" data-element_type=\"column\" data-e-type=\"column\">\n\t\t\t<div class=\"elementor-widget-wrap elementor-element-populated\">\n\t\t\t\t\t\t<div class=\"elementor-element elementor-element-ab25505 elementor-widget elementor-widget-image\" data-id=\"ab25505\" data-element_type=\"widget\" data-e-type=\"widget\" data-widget_type=\"image.default\">\n\t\t\t\t<div class=\"elementor-widget-container\">\n\t\t\t\t\t\t\t\t\t\t\t\t\t\t\t\t<a href=\"https:\/\/lunicars.com\/en\/fahrzeuge\/1965-ford-mustang-gt-coupe\/\">\n\t\t\t\t\t\t\t<img loading=\"lazy\" decoding=\"async\" width=\"1620\" height=\"1080\" src=\"https:\/\/lunicars.com\/wp-content\/uploads\/2025\/07\/1965-Ford-Mustang-GT-Coupe-02.jpg\" class=\"elementor-animation-grow attachment-2048x2048 size-2048x2048 wp-image-44539\" alt=\"\" srcset=\"https:\/\/lunicars.com\/wp-content\/uploads\/2025\/07\/1965-Ford-Mustang-GT-Coupe-02.jpg 1620w, https:\/\/lunicars.com\/wp-content\/uploads\/2025\/07\/1965-Ford-Mustang-GT-Coupe-02-300x200.jpg 300w, https:\/\/lunicars.com\/wp-content\/uploads\/2025\/07\/1965-Ford-Mustang-GT-Coupe-02-1024x683.jpg 1024w, https:\/\/lunicars.com\/wp-content\/uploads\/2025\/07\/1965-Ford-Mustang-GT-Coupe-02-768x512.jpg 768w, https:\/\/lunicars.com\/wp-content\/uploads\/2025\/07\/1965-Ford-Mustang-GT-Coupe-02-1536x1024.jpg 1536w\" sizes=\"auto, (max-width: 1620px) 100vw, 1620px\" \/>\t\t\t\t\t\t\t\t<\/a>\n\t\t\t\t\t\t\t\t\t\t\t\t\t\t\t<\/div>\n\t\t\t\t<\/div>\n\t\t\t\t\t<\/div>\n\t\t<\/div>\n\t\t\t\t<div class=\"elementor-column elementor-col-66 elementor-inner-column elementor-element elementor-element-0688a53\" data-id=\"0688a53\" data-element_type=\"column\" data-e-type=\"column\">\n\t\t\t<div class=\"elementor-widget-wrap elementor-element-populated\">\n\t\t\t\t\t\t<div class=\"elementor-element elementor-element-313c60a elementor-widget elementor-widget-heading\" data-id=\"313c60a\" data-element_type=\"widget\" data-e-type=\"widget\" data-widget_type=\"heading.default\">\n\t\t\t\t<div class=\"elementor-widget-container\">\n\t\t\t\t\t<div class=\"elementor-heading-title elementor-size-small\"><font color=\"#c48a02\">Sold<\/font><\/div>\t\t\t\t<\/div>\n\t\t\t\t<\/div>\n\t\t\t\t<div class=\"elementor-element elementor-element-617cb57 elementor-widget elementor-widget-heading\" data-id=\"617cb57\" data-element_type=\"widget\" data-e-type=\"widget\" data-widget_type=\"heading.default\">\n\t\t\t\t<div class=\"elementor-widget-container\">\n\t\t\t\t\t<h1 class=\"elementor-heading-title elementor-size-default\"><a href=\"https:\/\/lunicars.com\/en\/fahrzeuge\/1965-ford-mustang-gt-coupe\/\">Ford Mustang GT Coup\u00e9 '65<\/a><\/h1>\t\t\t\t<\/div>\n\t\t\t\t<\/div>\n\t\t\t\t<div class=\"elementor-element elementor-element-abb1ee2 elementor-widget elementor-widget-heading\" data-id=\"abb1ee2\" data-element_type=\"widget\" data-e-type=\"widget\" data-widget_type=\"heading.default\">\n\t\t\t\t<div class=\"elementor-widget-container\">\n\t\t\t\t\t<div class=\"elementor-heading-title elementor-size-small\">Der Ursprung der Legende \u2013 ein 65er Mustang GT als originaler Handschalter und in Originalfarbe. Restauriert und in hervorragendem Zustand.<\/div>\t\t\t\t<\/div>\n\t\t\t\t<\/div>\n\t\t\t\t\t<\/div>\n\t\t<\/div>\n\t\t\t\t\t<\/div>\n\t\t<\/section>\n\t\t\t\t<section class=\"elementor-section elementor-inner-section elementor-element elementor-element-27c7985 elementor-section-content-bottom elementor-section-boxed elementor-section-height-default elementor-section-height-default\" data-id=\"27c7985\" data-element_type=\"section\" data-e-type=\"section\">\n\t\t\t\t\t\t<div class=\"elementor-container elementor-column-gap-wider\">\n\t\t\t\t\t<div class=\"elementor-column elementor-col-33 elementor-inner-column elementor-element elementor-element-5104a7b\" data-id=\"5104a7b\" data-element_type=\"column\" data-e-type=\"column\">\n\t\t\t<div class=\"elementor-widget-wrap elementor-element-populated\">\n\t\t\t\t\t\t<div class=\"elementor-element elementor-element-d8d4495 elementor-widget elementor-widget-image\" data-id=\"d8d4495\" data-element_type=\"widget\" data-e-type=\"widget\" data-widget_type=\"image.default\">\n\t\t\t\t<div class=\"elementor-widget-container\">\n\t\t\t\t\t\t\t\t\t\t\t\t\t\t\t\t<a href=\"https:\/\/lunicars.com\/en\/fahrzeuge\/1965-alfa-romeo-giulietta-sprint-1300\/\">\n\t\t\t\t\t\t\t<img loading=\"lazy\" decoding=\"async\" width=\"1732\" height=\"1155\" src=\"https:\/\/lunicars.com\/wp-content\/uploads\/2025\/05\/1965-Alfa-Romeo-Giulietta-Sprint-1300-01.jpg\" class=\"elementor-animation-grow attachment-2048x2048 size-2048x2048 wp-image-43736\" alt=\"\" srcset=\"https:\/\/lunicars.com\/wp-content\/uploads\/2025\/05\/1965-Alfa-Romeo-Giulietta-Sprint-1300-01.jpg 1732w, https:\/\/lunicars.com\/wp-content\/uploads\/2025\/05\/1965-Alfa-Romeo-Giulietta-Sprint-1300-01-300x200.jpg 300w, https:\/\/lunicars.com\/wp-content\/uploads\/2025\/05\/1965-Alfa-Romeo-Giulietta-Sprint-1300-01-1024x683.jpg 1024w, https:\/\/lunicars.com\/wp-content\/uploads\/2025\/05\/1965-Alfa-Romeo-Giulietta-Sprint-1300-01-768x512.jpg 768w, https:\/\/lunicars.com\/wp-content\/uploads\/2025\/05\/1965-Alfa-Romeo-Giulietta-Sprint-1300-01-1536x1024.jpg 1536w\" sizes=\"auto, (max-width: 1732px) 100vw, 1732px\" \/>\t\t\t\t\t\t\t\t<\/a>\n\t\t\t\t\t\t\t\t\t\t\t\t\t\t\t<\/div>\n\t\t\t\t<\/div>\n\t\t\t\t\t<\/div>\n\t\t<\/div>\n\t\t\t\t<div class=\"elementor-column elementor-col-66 elementor-inner-column elementor-element elementor-element-1d9c0f2\" data-id=\"1d9c0f2\" data-element_type=\"column\" data-e-type=\"column\">\n\t\t\t<div class=\"elementor-widget-wrap elementor-element-populated\">\n\t\t\t\t\t\t<div class=\"elementor-element elementor-element-f2fee3b elementor-widget elementor-widget-heading\" data-id=\"f2fee3b\" data-element_type=\"widget\" data-e-type=\"widget\" data-widget_type=\"heading.default\">\n\t\t\t\t<div class=\"elementor-widget-container\">\n\t\t\t\t\t<div class=\"elementor-heading-title elementor-size-small\"><font color=\"#c48a02\">Sold<\/font><\/div>\t\t\t\t<\/div>\n\t\t\t\t<\/div>\n\t\t\t\t<div class=\"elementor-element elementor-element-8368b6a elementor-widget elementor-widget-heading\" data-id=\"8368b6a\" data-element_type=\"widget\" data-e-type=\"widget\" data-widget_type=\"heading.default\">\n\t\t\t\t<div class=\"elementor-widget-container\">\n\t\t\t\t\t<h1 class=\"elementor-heading-title elementor-size-default\"><a href=\"https:\/\/lunicars.com\/en\/fahrzeuge\/1965-alfa-romeo-giulietta-sprint-1300\/\">Alfa Romeo Giulietta Sprint 1300 '65<\/a><\/h1>\t\t\t\t<\/div>\n\t\t\t\t<\/div>\n\t\t\t\t<div class=\"elementor-element elementor-element-21ec14d elementor-widget elementor-widget-heading\" data-id=\"21ec14d\" data-element_type=\"widget\" data-e-type=\"widget\" data-widget_type=\"heading.default\">\n\t\t\t\t<div class=\"elementor-widget-container\">\n\t\t\t\t\t<div class=\"elementor-heading-title elementor-size-small\">Ein wundersch\u00f6nes Coup\u00e9 aus dem Hause Bertone gepaart mit einem Motor aus dem Hause Ferrari. Emotion und Design pur.<\/div>\t\t\t\t<\/div>\n\t\t\t\t<\/div>\n\t\t\t\t\t<\/div>\n\t\t<\/div>\n\t\t\t\t\t<\/div>\n\t\t<\/section>\n\t\t\t\t<section class=\"elementor-section elementor-inner-section elementor-element elementor-element-8231594 elementor-section-content-bottom elementor-section-boxed elementor-section-height-default elementor-section-height-default\" data-id=\"8231594\" data-element_type=\"section\" data-e-type=\"section\">\n\t\t\t\t\t\t<div class=\"elementor-container elementor-column-gap-wider\">\n\t\t\t\t\t<div class=\"elementor-column elementor-col-33 elementor-inner-column elementor-element elementor-element-b3a83ac\" data-id=\"b3a83ac\" data-element_type=\"column\" data-e-type=\"column\">\n\t\t\t<div class=\"elementor-widget-wrap elementor-element-populated\">\n\t\t\t\t\t\t<div class=\"elementor-element elementor-element-82c62b6 elementor-widget elementor-widget-image\" data-id=\"82c62b6\" data-element_type=\"widget\" data-e-type=\"widget\" data-widget_type=\"image.default\">\n\t\t\t\t<div class=\"elementor-widget-container\">\n\t\t\t\t\t\t\t\t\t\t\t\t\t\t\t\t<a href=\"https:\/\/lunicars.com\/en\/fahrzeuge\/1979-chevrolet-suburban\/\">\n\t\t\t\t\t\t\t<img loading=\"lazy\" decoding=\"async\" width=\"1620\" height=\"1080\" src=\"https:\/\/lunicars.com\/wp-content\/uploads\/2025\/07\/1979-Chevrolet-Suburban-01.jpg\" class=\"elementor-animation-grow attachment-2048x2048 size-2048x2048 wp-image-44448\" alt=\"\" srcset=\"https:\/\/lunicars.com\/wp-content\/uploads\/2025\/07\/1979-Chevrolet-Suburban-01.jpg 1620w, https:\/\/lunicars.com\/wp-content\/uploads\/2025\/07\/1979-Chevrolet-Suburban-01-300x200.jpg 300w, https:\/\/lunicars.com\/wp-content\/uploads\/2025\/07\/1979-Chevrolet-Suburban-01-1024x683.jpg 1024w, https:\/\/lunicars.com\/wp-content\/uploads\/2025\/07\/1979-Chevrolet-Suburban-01-768x512.jpg 768w, https:\/\/lunicars.com\/wp-content\/uploads\/2025\/07\/1979-Chevrolet-Suburban-01-1536x1024.jpg 1536w\" sizes=\"auto, (max-width: 1620px) 100vw, 1620px\" \/>\t\t\t\t\t\t\t\t<\/a>\n\t\t\t\t\t\t\t\t\t\t\t\t\t\t\t<\/div>\n\t\t\t\t<\/div>\n\t\t\t\t\t<\/div>\n\t\t<\/div>\n\t\t\t\t<div class=\"elementor-column elementor-col-66 elementor-inner-column elementor-element elementor-element-ff10879\" data-id=\"ff10879\" data-element_type=\"column\" data-e-type=\"column\">\n\t\t\t<div class=\"elementor-widget-wrap elementor-element-populated\">\n\t\t\t\t\t\t<div class=\"elementor-element elementor-element-173c8a4 elementor-widget elementor-widget-heading\" data-id=\"173c8a4\" data-element_type=\"widget\" data-e-type=\"widget\" data-widget_type=\"heading.default\">\n\t\t\t\t<div class=\"elementor-widget-container\">\n\t\t\t\t\t<div class=\"elementor-heading-title elementor-size-small\"><font color=\"#c48a02\">Sold<\/font><\/div>\t\t\t\t<\/div>\n\t\t\t\t<\/div>\n\t\t\t\t<div class=\"elementor-element elementor-element-896d7bd elementor-widget elementor-widget-heading\" data-id=\"896d7bd\" data-element_type=\"widget\" data-e-type=\"widget\" data-widget_type=\"heading.default\">\n\t\t\t\t<div class=\"elementor-widget-container\">\n\t\t\t\t\t<h1 class=\"elementor-heading-title elementor-size-default\"><a href=\"https:\/\/lunicars.com\/en\/fahrzeuge\/1979-chevrolet-suburban\/\">Chevrolet Suburban '79<\/a><\/h1>\t\t\t\t<\/div>\n\t\t\t\t<\/div>\n\t\t\t\t<div class=\"elementor-element elementor-element-86d0e12 elementor-widget elementor-widget-heading\" data-id=\"86d0e12\" data-element_type=\"widget\" data-e-type=\"widget\" data-widget_type=\"heading.default\">\n\t\t\t\t<div class=\"elementor-widget-container\">\n\t\t\t\t\t<div class=\"elementor-heading-title elementor-size-small\">Ein gelber Riese, der f\u00fcr die Ewigkeit gebaut wurde \u2013 der 1979er Chevy Suburban. Platz, Charakter, Kult und Sound.<\/div>\t\t\t\t<\/div>\n\t\t\t\t<\/div>\n\t\t\t\t\t<\/div>\n\t\t<\/div>\n\t\t\t\t\t<\/div>\n\t\t<\/section>\n\t\t\t\t<section class=\"elementor-section elementor-inner-section elementor-element elementor-element-947f784 elementor-section-content-bottom elementor-section-boxed elementor-section-height-default elementor-section-height-default\" data-id=\"947f784\" data-element_type=\"section\" data-e-type=\"section\">\n\t\t\t\t\t\t<div class=\"elementor-container elementor-column-gap-wider\">\n\t\t\t\t\t<div class=\"elementor-column elementor-col-33 elementor-inner-column elementor-element elementor-element-ea94197\" data-id=\"ea94197\" data-element_type=\"column\" data-e-type=\"column\">\n\t\t\t<div class=\"elementor-widget-wrap elementor-element-populated\">\n\t\t\t\t\t\t<div class=\"elementor-element elementor-element-c411437 elementor-widget elementor-widget-image\" data-id=\"c411437\" data-element_type=\"widget\" data-e-type=\"widget\" data-widget_type=\"image.default\">\n\t\t\t\t<div class=\"elementor-widget-container\">\n\t\t\t\t\t\t\t\t\t\t\t\t\t\t\t\t<a href=\"https:\/\/lunicars.com\/en\/fahrzeuge\/1987-weinem-shelby-cobra-replica\/\">\n\t\t\t\t\t\t\t<img loading=\"lazy\" decoding=\"async\" width=\"1732\" height=\"1155\" src=\"https:\/\/lunicars.com\/wp-content\/uploads\/2025\/03\/1987-Weinem-Spider-Shelby-Cobra-Replica-01.jpg\" class=\"elementor-animation-grow attachment-2048x2048 size-2048x2048 wp-image-43115\" alt=\"\" srcset=\"https:\/\/lunicars.com\/wp-content\/uploads\/2025\/03\/1987-Weinem-Spider-Shelby-Cobra-Replica-01.jpg 1732w, https:\/\/lunicars.com\/wp-content\/uploads\/2025\/03\/1987-Weinem-Spider-Shelby-Cobra-Replica-01-300x200.jpg 300w, https:\/\/lunicars.com\/wp-content\/uploads\/2025\/03\/1987-Weinem-Spider-Shelby-Cobra-Replica-01-1024x683.jpg 1024w, https:\/\/lunicars.com\/wp-content\/uploads\/2025\/03\/1987-Weinem-Spider-Shelby-Cobra-Replica-01-768x512.jpg 768w, https:\/\/lunicars.com\/wp-content\/uploads\/2025\/03\/1987-Weinem-Spider-Shelby-Cobra-Replica-01-1536x1024.jpg 1536w\" sizes=\"auto, (max-width: 1732px) 100vw, 1732px\" \/>\t\t\t\t\t\t\t\t<\/a>\n\t\t\t\t\t\t\t\t\t\t\t\t\t\t\t<\/div>\n\t\t\t\t<\/div>\n\t\t\t\t\t<\/div>\n\t\t<\/div>\n\t\t\t\t<div class=\"elementor-column elementor-col-66 elementor-inner-column elementor-element elementor-element-6f7ece8\" data-id=\"6f7ece8\" data-element_type=\"column\" data-e-type=\"column\">\n\t\t\t<div class=\"elementor-widget-wrap elementor-element-populated\">\n\t\t\t\t\t\t<div class=\"elementor-element elementor-element-a270fcb elementor-widget elementor-widget-heading\" data-id=\"a270fcb\" data-element_type=\"widget\" data-e-type=\"widget\" data-widget_type=\"heading.default\">\n\t\t\t\t<div class=\"elementor-widget-container\">\n\t\t\t\t\t<div class=\"elementor-heading-title elementor-size-small\"><font color=\"#c48a02\">Sold<\/font><\/div>\t\t\t\t<\/div>\n\t\t\t\t<\/div>\n\t\t\t\t<div class=\"elementor-element elementor-element-ef08d3a elementor-widget elementor-widget-heading\" data-id=\"ef08d3a\" data-element_type=\"widget\" data-e-type=\"widget\" data-widget_type=\"heading.default\">\n\t\t\t\t<div class=\"elementor-widget-container\">\n\t\t\t\t\t<h1 class=\"elementor-heading-title elementor-size-default\"><a href=\"https:\/\/lunicars.com\/en\/fahrzeuge\/1987-weinem-shelby-cobra-replica\/\">WEINEM Shelby Cobra Replica '87<\/a><\/h1>\t\t\t\t<\/div>\n\t\t\t\t<\/div>\n\t\t\t\t<div class=\"elementor-element elementor-element-fe81308 elementor-widget elementor-widget-heading\" data-id=\"fe81308\" data-element_type=\"widget\" data-e-type=\"widget\" data-widget_type=\"heading.default\">\n\t\t\t\t<div class=\"elementor-widget-container\">\n\t\t\t\t\t<div class=\"elementor-heading-title elementor-size-small\">Ein hochexklusives St\u00fcck Schweizer Automobilgeschichte in ihrer sch\u00f6nsten Form: Die Shelby Cobra von J\u00fcrg Weinem.<\/div>\t\t\t\t<\/div>\n\t\t\t\t<\/div>\n\t\t\t\t\t<\/div>\n\t\t<\/div>\n\t\t\t\t\t<\/div>\n\t\t<\/section>\n\t\t\t\t<section class=\"elementor-section elementor-inner-section elementor-element elementor-element-ccafaa4 elementor-section-content-bottom elementor-section-boxed elementor-section-height-default elementor-section-height-default\" data-id=\"ccafaa4\" data-element_type=\"section\" data-e-type=\"section\">\n\t\t\t\t\t\t<div class=\"elementor-container elementor-column-gap-wider\">\n\t\t\t\t\t<div class=\"elementor-column elementor-col-33 elementor-inner-column elementor-element elementor-element-ad4b01d\" data-id=\"ad4b01d\" data-element_type=\"column\" data-e-type=\"column\">\n\t\t\t<div class=\"elementor-widget-wrap elementor-element-populated\">\n\t\t\t\t\t\t<div class=\"elementor-element elementor-element-d26ba36 elementor-widget elementor-widget-image\" data-id=\"d26ba36\" data-element_type=\"widget\" data-e-type=\"widget\" data-widget_type=\"image.default\">\n\t\t\t\t<div class=\"elementor-widget-container\">\n\t\t\t\t\t\t\t\t\t\t\t\t\t\t\t\t<a href=\"https:\/\/lunicars.com\/en\/fahrzeuge\/1970-fiat-124-sport-spider-1600\/\">\n\t\t\t\t\t\t\t<img loading=\"lazy\" decoding=\"async\" width=\"1620\" height=\"1080\" src=\"https:\/\/lunicars.com\/wp-content\/uploads\/2025\/07\/1970-Fiat-124-Sport-Spider-1600-02.jpg\" class=\"elementor-animation-grow attachment-2048x2048 size-2048x2048 wp-image-44622\" alt=\"\" srcset=\"https:\/\/lunicars.com\/wp-content\/uploads\/2025\/07\/1970-Fiat-124-Sport-Spider-1600-02.jpg 1620w, https:\/\/lunicars.com\/wp-content\/uploads\/2025\/07\/1970-Fiat-124-Sport-Spider-1600-02-300x200.jpg 300w, https:\/\/lunicars.com\/wp-content\/uploads\/2025\/07\/1970-Fiat-124-Sport-Spider-1600-02-1024x683.jpg 1024w, https:\/\/lunicars.com\/wp-content\/uploads\/2025\/07\/1970-Fiat-124-Sport-Spider-1600-02-768x512.jpg 768w, https:\/\/lunicars.com\/wp-content\/uploads\/2025\/07\/1970-Fiat-124-Sport-Spider-1600-02-1536x1024.jpg 1536w\" sizes=\"auto, (max-width: 1620px) 100vw, 1620px\" \/>\t\t\t\t\t\t\t\t<\/a>\n\t\t\t\t\t\t\t\t\t\t\t\t\t\t\t<\/div>\n\t\t\t\t<\/div>\n\t\t\t\t\t<\/div>\n\t\t<\/div>\n\t\t\t\t<div class=\"elementor-column elementor-col-66 elementor-inner-column elementor-element elementor-element-e2c87d3\" data-id=\"e2c87d3\" data-element_type=\"column\" data-e-type=\"column\">\n\t\t\t<div class=\"elementor-widget-wrap elementor-element-populated\">\n\t\t\t\t\t\t<div class=\"elementor-element elementor-element-3574524 elementor-widget elementor-widget-heading\" data-id=\"3574524\" data-element_type=\"widget\" data-e-type=\"widget\" data-widget_type=\"heading.default\">\n\t\t\t\t<div class=\"elementor-widget-container\">\n\t\t\t\t\t<div class=\"elementor-heading-title elementor-size-small\"><font color=\"#c48a02\">Sold<\/font><\/div>\t\t\t\t<\/div>\n\t\t\t\t<\/div>\n\t\t\t\t<div class=\"elementor-element elementor-element-f2be92b elementor-widget elementor-widget-heading\" data-id=\"f2be92b\" data-element_type=\"widget\" data-e-type=\"widget\" data-widget_type=\"heading.default\">\n\t\t\t\t<div class=\"elementor-widget-container\">\n\t\t\t\t\t<h1 class=\"elementor-heading-title elementor-size-default\"><a href=\"https:\/\/lunicars.com\/en\/fahrzeuge\/1970-fiat-124-sport-spider-1600\/\">Fiat 124 Sport Spider 1600 '70<\/a><\/h1>\t\t\t\t<\/div>\n\t\t\t\t<\/div>\n\t\t\t\t<div class=\"elementor-element elementor-element-3173351 elementor-widget elementor-widget-heading\" data-id=\"3173351\" data-element_type=\"widget\" data-e-type=\"widget\" data-widget_type=\"heading.default\">\n\t\t\t\t<div class=\"elementor-widget-container\">\n\t\t\t\t\t<div class=\"elementor-heading-title elementor-size-small\">Italian lightness with soul and a powerful 1600cc twin cam. Technically rebuilt and very sporty.<\/div>\t\t\t\t<\/div>\n\t\t\t\t<\/div>\n\t\t\t\t\t<\/div>\n\t\t<\/div>\n\t\t\t\t\t<\/div>\n\t\t<\/section>\n\t\t\t\t<section class=\"elementor-section elementor-inner-section elementor-element elementor-element-3b88927 elementor-section-content-bottom elementor-section-boxed elementor-section-height-default elementor-section-height-default\" data-id=\"3b88927\" data-element_type=\"section\" data-e-type=\"section\">\n\t\t\t\t\t\t<div class=\"elementor-container elementor-column-gap-wider\">\n\t\t\t\t\t<div class=\"elementor-column elementor-col-33 elementor-inner-column elementor-element elementor-element-95f2a72\" data-id=\"95f2a72\" data-element_type=\"column\" data-e-type=\"column\">\n\t\t\t<div class=\"elementor-widget-wrap elementor-element-populated\">\n\t\t\t\t\t\t<div class=\"elementor-element elementor-element-e710fe9 elementor-widget elementor-widget-image\" data-id=\"e710fe9\" data-element_type=\"widget\" data-e-type=\"widget\" data-widget_type=\"image.default\">\n\t\t\t\t<div class=\"elementor-widget-container\">\n\t\t\t\t\t\t\t\t\t\t\t\t\t\t\t\t<a href=\"https:\/\/lunicars.com\/en\/fahrzeuge\/1986-chevrolet-blazer-k5\/\">\n\t\t\t\t\t\t\t<img loading=\"lazy\" decoding=\"async\" width=\"2048\" height=\"1366\" src=\"https:\/\/lunicars.com\/wp-content\/uploads\/2024\/06\/1986-Chevrolet-Blazer-K5-02-2048x1366.jpg\" class=\"elementor-animation-grow attachment-2048x2048 size-2048x2048 wp-image-40845\" alt=\"\" srcset=\"https:\/\/lunicars.com\/wp-content\/uploads\/2024\/06\/1986-Chevrolet-Blazer-K5-02-2048x1366.jpg 2048w, https:\/\/lunicars.com\/wp-content\/uploads\/2024\/06\/1986-Chevrolet-Blazer-K5-02-300x200.jpg 300w, https:\/\/lunicars.com\/wp-content\/uploads\/2024\/06\/1986-Chevrolet-Blazer-K5-02-1024x683.jpg 1024w, https:\/\/lunicars.com\/wp-content\/uploads\/2024\/06\/1986-Chevrolet-Blazer-K5-02-768x512.jpg 768w, https:\/\/lunicars.com\/wp-content\/uploads\/2024\/06\/1986-Chevrolet-Blazer-K5-02-1536x1024.jpg 1536w\" sizes=\"auto, (max-width: 2048px) 100vw, 2048px\" \/>\t\t\t\t\t\t\t\t<\/a>\n\t\t\t\t\t\t\t\t\t\t\t\t\t\t\t<\/div>\n\t\t\t\t<\/div>\n\t\t\t\t\t<\/div>\n\t\t<\/div>\n\t\t\t\t<div class=\"elementor-column elementor-col-66 elementor-inner-column elementor-element elementor-element-277d3aa\" data-id=\"277d3aa\" data-element_type=\"column\" data-e-type=\"column\">\n\t\t\t<div class=\"elementor-widget-wrap elementor-element-populated\">\n\t\t\t\t\t\t<div class=\"elementor-element elementor-element-edf1b7b elementor-widget elementor-widget-heading\" data-id=\"edf1b7b\" data-element_type=\"widget\" data-e-type=\"widget\" data-widget_type=\"heading.default\">\n\t\t\t\t<div class=\"elementor-widget-container\">\n\t\t\t\t\t<div class=\"elementor-heading-title elementor-size-small\"><font color=\"#c48a02\">Sold<\/font><\/div>\t\t\t\t<\/div>\n\t\t\t\t<\/div>\n\t\t\t\t<div class=\"elementor-element elementor-element-baf7fed elementor-widget elementor-widget-heading\" data-id=\"baf7fed\" data-element_type=\"widget\" data-e-type=\"widget\" data-widget_type=\"heading.default\">\n\t\t\t\t<div class=\"elementor-widget-container\">\n\t\t\t\t\t<h1 class=\"elementor-heading-title elementor-size-default\"><a href=\"https:\/\/lunicars.com\/en\/fahrzeuge\/1986-chevrolet-blazer-k5\/\">Chevrolet Blazer K5 '86<\/a><\/h1>\t\t\t\t<\/div>\n\t\t\t\t<\/div>\n\t\t\t\t<div class=\"elementor-element elementor-element-f18c837 elementor-widget elementor-widget-heading\" data-id=\"f18c837\" data-element_type=\"widget\" data-e-type=\"widget\" data-widget_type=\"heading.default\">\n\t\t\t\t<div class=\"elementor-widget-container\">\n\t\t\t\t\t<div class=\"elementor-heading-title elementor-size-small\">Cruisen auf hohem Niveau: Dieser r\u00f6hrende K5 ist gross, stark, bequem und dank sehr gutem Zustand auch pflegeleicht.<\/div>\t\t\t\t<\/div>\n\t\t\t\t<\/div>\n\t\t\t\t\t<\/div>\n\t\t<\/div>\n\t\t\t\t\t<\/div>\n\t\t<\/section>\n\t\t\t\t<section class=\"elementor-section elementor-inner-section elementor-element elementor-element-cb5426f elementor-section-content-bottom elementor-section-boxed elementor-section-height-default elementor-section-height-default\" data-id=\"cb5426f\" data-element_type=\"section\" data-e-type=\"section\">\n\t\t\t\t\t\t<div class=\"elementor-container elementor-column-gap-wider\">\n\t\t\t\t\t<div class=\"elementor-column elementor-col-33 elementor-inner-column elementor-element elementor-element-0958a38\" data-id=\"0958a38\" data-element_type=\"column\" data-e-type=\"column\">\n\t\t\t<div class=\"elementor-widget-wrap elementor-element-populated\">\n\t\t\t\t\t\t<div class=\"elementor-element elementor-element-371d8de elementor-widget elementor-widget-image\" data-id=\"371d8de\" data-element_type=\"widget\" data-e-type=\"widget\" data-widget_type=\"image.default\">\n\t\t\t\t<div class=\"elementor-widget-container\">\n\t\t\t\t\t\t\t\t\t\t\t\t\t\t\t\t<a href=\"https:\/\/lunicars.com\/en\/fahrzeuge\/1999-rover-mini-1-3\/\">\n\t\t\t\t\t\t\t<img loading=\"lazy\" decoding=\"async\" width=\"1732\" height=\"1155\" src=\"https:\/\/lunicars.com\/wp-content\/uploads\/2025\/04\/1999-Rover-Mini-1.3-02.jpg\" class=\"elementor-animation-grow attachment-2048x2048 size-2048x2048 wp-image-43500\" alt=\"\" srcset=\"https:\/\/lunicars.com\/wp-content\/uploads\/2025\/04\/1999-Rover-Mini-1.3-02.jpg 1732w, https:\/\/lunicars.com\/wp-content\/uploads\/2025\/04\/1999-Rover-Mini-1.3-02-300x200.jpg 300w, https:\/\/lunicars.com\/wp-content\/uploads\/2025\/04\/1999-Rover-Mini-1.3-02-1024x683.jpg 1024w, https:\/\/lunicars.com\/wp-content\/uploads\/2025\/04\/1999-Rover-Mini-1.3-02-768x512.jpg 768w, https:\/\/lunicars.com\/wp-content\/uploads\/2025\/04\/1999-Rover-Mini-1.3-02-1536x1024.jpg 1536w\" sizes=\"auto, (max-width: 1732px) 100vw, 1732px\" \/>\t\t\t\t\t\t\t\t<\/a>\n\t\t\t\t\t\t\t\t\t\t\t\t\t\t\t<\/div>\n\t\t\t\t<\/div>\n\t\t\t\t\t<\/div>\n\t\t<\/div>\n\t\t\t\t<div class=\"elementor-column elementor-col-66 elementor-inner-column elementor-element elementor-element-ad146f2\" data-id=\"ad146f2\" data-element_type=\"column\" data-e-type=\"column\">\n\t\t\t<div class=\"elementor-widget-wrap elementor-element-populated\">\n\t\t\t\t\t\t<div class=\"elementor-element elementor-element-523de59 elementor-widget elementor-widget-heading\" data-id=\"523de59\" data-element_type=\"widget\" data-e-type=\"widget\" data-widget_type=\"heading.default\">\n\t\t\t\t<div class=\"elementor-widget-container\">\n\t\t\t\t\t<div class=\"elementor-heading-title elementor-size-small\"><font color=\"#c48a02\">Sold<\/font><\/div>\t\t\t\t<\/div>\n\t\t\t\t<\/div>\n\t\t\t\t<div class=\"elementor-element elementor-element-4af18fc elementor-widget elementor-widget-heading\" data-id=\"4af18fc\" data-element_type=\"widget\" data-e-type=\"widget\" data-widget_type=\"heading.default\">\n\t\t\t\t<div class=\"elementor-widget-container\">\n\t\t\t\t\t<h1 class=\"elementor-heading-title elementor-size-default\"><a href=\"https:\/\/lunicars.com\/en\/fahrzeuge\/1999-rover-mini-1-3\/\">Rover Mini Mayfair '99<\/a><\/h1>\t\t\t\t<\/div>\n\t\t\t\t<\/div>\n\t\t\t\t<div class=\"elementor-element elementor-element-a2083fd elementor-widget elementor-widget-heading\" data-id=\"a2083fd\" data-element_type=\"widget\" data-e-type=\"widget\" data-widget_type=\"heading.default\">\n\t\t\t\t<div class=\"elementor-widget-container\">\n\t\t\t\t\t<div class=\"elementor-heading-title elementor-size-small\">Gerne gesehen und noch lieber gefahren: Der klassische Mini mit 1.3 Liter MPI Motor ist der letzte und zuverl\u00e4ssigste seiner Art.<\/div>\t\t\t\t<\/div>\n\t\t\t\t<\/div>\n\t\t\t\t\t<\/div>\n\t\t<\/div>\n\t\t\t\t\t<\/div>\n\t\t<\/section>\n\t\t\t\t<section class=\"elementor-section elementor-inner-section elementor-element elementor-element-e356cb1 elementor-section-content-bottom elementor-section-boxed elementor-section-height-default elementor-section-height-default\" data-id=\"e356cb1\" data-element_type=\"section\" data-e-type=\"section\">\n\t\t\t\t\t\t<div class=\"elementor-container elementor-column-gap-wider\">\n\t\t\t\t\t<div class=\"elementor-column elementor-col-33 elementor-inner-column elementor-element elementor-element-cd0bdd4\" data-id=\"cd0bdd4\" data-element_type=\"column\" data-e-type=\"column\">\n\t\t\t<div class=\"elementor-widget-wrap elementor-element-populated\">\n\t\t\t\t\t\t<div class=\"elementor-element elementor-element-91438d7 elementor-widget elementor-widget-image\" data-id=\"91438d7\" data-element_type=\"widget\" data-e-type=\"widget\" data-widget_type=\"image.default\">\n\t\t\t\t<div class=\"elementor-widget-container\">\n\t\t\t\t\t\t\t\t\t\t\t\t\t\t\t\t<a href=\"https:\/\/lunicars.com\/en\/fahrzeuge\/1971-dodge-challenger-r-t\/\">\n\t\t\t\t\t\t\t<img loading=\"lazy\" decoding=\"async\" width=\"2048\" height=\"1366\" src=\"https:\/\/lunicars.com\/wp-content\/uploads\/2024\/06\/1971-Dodge-Challenger-RT-02-2048x1366.jpg\" class=\"elementor-animation-grow attachment-2048x2048 size-2048x2048 wp-image-40897\" alt=\"\" srcset=\"https:\/\/lunicars.com\/wp-content\/uploads\/2024\/06\/1971-Dodge-Challenger-RT-02-2048x1366.jpg 2048w, https:\/\/lunicars.com\/wp-content\/uploads\/2024\/06\/1971-Dodge-Challenger-RT-02-300x200.jpg 300w, https:\/\/lunicars.com\/wp-content\/uploads\/2024\/06\/1971-Dodge-Challenger-RT-02-1024x683.jpg 1024w, https:\/\/lunicars.com\/wp-content\/uploads\/2024\/06\/1971-Dodge-Challenger-RT-02-768x512.jpg 768w, https:\/\/lunicars.com\/wp-content\/uploads\/2024\/06\/1971-Dodge-Challenger-RT-02-1536x1024.jpg 1536w\" sizes=\"auto, (max-width: 2048px) 100vw, 2048px\" \/>\t\t\t\t\t\t\t\t<\/a>\n\t\t\t\t\t\t\t\t\t\t\t\t\t\t\t<\/div>\n\t\t\t\t<\/div>\n\t\t\t\t\t<\/div>\n\t\t<\/div>\n\t\t\t\t<div class=\"elementor-column elementor-col-66 elementor-inner-column elementor-element elementor-element-75345a5\" data-id=\"75345a5\" data-element_type=\"column\" data-e-type=\"column\">\n\t\t\t<div class=\"elementor-widget-wrap elementor-element-populated\">\n\t\t\t\t\t\t<div class=\"elementor-element elementor-element-227f1c8 elementor-widget elementor-widget-heading\" data-id=\"227f1c8\" data-element_type=\"widget\" data-e-type=\"widget\" data-widget_type=\"heading.default\">\n\t\t\t\t<div class=\"elementor-widget-container\">\n\t\t\t\t\t<div class=\"elementor-heading-title elementor-size-small\"><font color=\"#c48a02\">Sold<\/font><\/div>\t\t\t\t<\/div>\n\t\t\t\t<\/div>\n\t\t\t\t<div class=\"elementor-element elementor-element-32a161c elementor-widget elementor-widget-heading\" data-id=\"32a161c\" data-element_type=\"widget\" data-e-type=\"widget\" data-widget_type=\"heading.default\">\n\t\t\t\t<div class=\"elementor-widget-container\">\n\t\t\t\t\t<h1 class=\"elementor-heading-title elementor-size-default\"><a href=\"https:\/\/lunicars.com\/en\/fahrzeuge\/1971-dodge-challenger-r-t\/\">Dodge Challenger R\/T '71<\/a><\/h1>\t\t\t\t<\/div>\n\t\t\t\t<\/div>\n\t\t\t\t<div class=\"elementor-element elementor-element-ba28905 elementor-widget elementor-widget-heading\" data-id=\"ba28905\" data-element_type=\"widget\" data-e-type=\"widget\" data-widget_type=\"heading.default\">\n\t\t\t\t<div class=\"elementor-widget-container\">\n\t\t\t\t\t<div class=\"elementor-heading-title elementor-size-small\">A classic muscle car in almost perfectly restored original condition. A truly unique vehicle.<\/div>\t\t\t\t<\/div>\n\t\t\t\t<\/div>\n\t\t\t\t\t<\/div>\n\t\t<\/div>\n\t\t\t\t\t<\/div>\n\t\t<\/section>\n\t\t\t\t<section class=\"elementor-section elementor-inner-section elementor-element elementor-element-3eb114c elementor-section-content-bottom elementor-section-boxed elementor-section-height-default elementor-section-height-default\" data-id=\"3eb114c\" data-element_type=\"section\" data-e-type=\"section\">\n\t\t\t\t\t\t<div class=\"elementor-container elementor-column-gap-wider\">\n\t\t\t\t\t<div class=\"elementor-column elementor-col-33 elementor-inner-column elementor-element elementor-element-461a40d\" data-id=\"461a40d\" data-element_type=\"column\" data-e-type=\"column\">\n\t\t\t<div class=\"elementor-widget-wrap elementor-element-populated\">\n\t\t\t\t\t\t<div class=\"elementor-element elementor-element-81df59f elementor-widget elementor-widget-image\" data-id=\"81df59f\" data-element_type=\"widget\" data-e-type=\"widget\" data-widget_type=\"image.default\">\n\t\t\t\t<div class=\"elementor-widget-container\">\n\t\t\t\t\t\t\t\t\t\t\t\t\t\t\t\t<a href=\"https:\/\/lunicars.com\/en\/fahrzeuge\/1973-vw-kafer-1303-ls-cabrio\/\">\n\t\t\t\t\t\t\t<img loading=\"lazy\" decoding=\"async\" width=\"1732\" height=\"1155\" src=\"https:\/\/lunicars.com\/wp-content\/uploads\/2025\/02\/1973-VW-Kaefer-1303-LS-Cabrio-01.jpg\" class=\"elementor-animation-grow attachment-2048x2048 size-2048x2048 wp-image-43084\" alt=\"\" srcset=\"https:\/\/lunicars.com\/wp-content\/uploads\/2025\/02\/1973-VW-Kaefer-1303-LS-Cabrio-01.jpg 1732w, https:\/\/lunicars.com\/wp-content\/uploads\/2025\/02\/1973-VW-Kaefer-1303-LS-Cabrio-01-300x200.jpg 300w, https:\/\/lunicars.com\/wp-content\/uploads\/2025\/02\/1973-VW-Kaefer-1303-LS-Cabrio-01-1024x683.jpg 1024w, https:\/\/lunicars.com\/wp-content\/uploads\/2025\/02\/1973-VW-Kaefer-1303-LS-Cabrio-01-768x512.jpg 768w, https:\/\/lunicars.com\/wp-content\/uploads\/2025\/02\/1973-VW-Kaefer-1303-LS-Cabrio-01-1536x1024.jpg 1536w\" sizes=\"auto, (max-width: 1732px) 100vw, 1732px\" \/>\t\t\t\t\t\t\t\t<\/a>\n\t\t\t\t\t\t\t\t\t\t\t\t\t\t\t<\/div>\n\t\t\t\t<\/div>\n\t\t\t\t\t<\/div>\n\t\t<\/div>\n\t\t\t\t<div class=\"elementor-column elementor-col-66 elementor-inner-column elementor-element elementor-element-fb1f427\" data-id=\"fb1f427\" data-element_type=\"column\" data-e-type=\"column\">\n\t\t\t<div class=\"elementor-widget-wrap elementor-element-populated\">\n\t\t\t\t\t\t<div class=\"elementor-element elementor-element-b9ca987 elementor-widget elementor-widget-heading\" data-id=\"b9ca987\" data-element_type=\"widget\" data-e-type=\"widget\" data-widget_type=\"heading.default\">\n\t\t\t\t<div class=\"elementor-widget-container\">\n\t\t\t\t\t<div class=\"elementor-heading-title elementor-size-small\"><font color=\"#c48a02\">Sold<\/font><\/div>\t\t\t\t<\/div>\n\t\t\t\t<\/div>\n\t\t\t\t<div class=\"elementor-element elementor-element-120a1de elementor-widget elementor-widget-heading\" data-id=\"120a1de\" data-element_type=\"widget\" data-e-type=\"widget\" data-widget_type=\"heading.default\">\n\t\t\t\t<div class=\"elementor-widget-container\">\n\t\t\t\t\t<h1 class=\"elementor-heading-title elementor-size-default\"><a href=\"https:\/\/lunicars.com\/en\/fahrzeuge\/1973-vw-kafer-1303-ls-cabrio\/\">VW K\u00e4fer 1303 LS Cabrio '73<\/a><\/h1>\t\t\t\t<\/div>\n\t\t\t\t<\/div>\n\t\t\t\t<div class=\"elementor-element elementor-element-f36bb3f elementor-widget elementor-widget-heading\" data-id=\"f36bb3f\" data-element_type=\"widget\" data-e-type=\"widget\" data-widget_type=\"heading.default\">\n\t\t\t\t<div class=\"elementor-widget-container\">\n\t\t\t\t\t<div class=\"elementor-heading-title elementor-size-small\">Aufw\u00e4ndig restauriert und bereit f\u00fcr neue Abenteuer: Dieser K\u00e4fer l\u00e4sst kaum W\u00fcnsche offen und bietet ordentlich Frischluft.<\/div>\t\t\t\t<\/div>\n\t\t\t\t<\/div>\n\t\t\t\t\t<\/div>\n\t\t<\/div>\n\t\t\t\t\t<\/div>\n\t\t<\/section>\n\t\t\t\t<section class=\"elementor-section elementor-inner-section elementor-element elementor-element-64a7df4 elementor-section-content-bottom elementor-section-boxed elementor-section-height-default elementor-section-height-default\" data-id=\"64a7df4\" data-element_type=\"section\" data-e-type=\"section\">\n\t\t\t\t\t\t<div class=\"elementor-container elementor-column-gap-wider\">\n\t\t\t\t\t<div class=\"elementor-column elementor-col-33 elementor-inner-column elementor-element elementor-element-c5c41c6\" data-id=\"c5c41c6\" data-element_type=\"column\" data-e-type=\"column\">\n\t\t\t<div class=\"elementor-widget-wrap elementor-element-populated\">\n\t\t\t\t\t\t<div class=\"elementor-element elementor-element-bbfb7a3 elementor-widget elementor-widget-image\" data-id=\"bbfb7a3\" data-element_type=\"widget\" data-e-type=\"widget\" data-widget_type=\"image.default\">\n\t\t\t\t<div class=\"elementor-widget-container\">\n\t\t\t\t\t\t\t\t\t\t\t\t\t\t\t\t<a href=\"https:\/\/lunicars.com\/en\/fahrzeuge\/1975-bmw-3-3-l\/\">\n\t\t\t\t\t\t\t<img loading=\"lazy\" decoding=\"async\" width=\"1732\" height=\"1155\" src=\"https:\/\/lunicars.com\/wp-content\/uploads\/2024\/10\/1975-BMW-3.3-L-E3-04.jpg\" class=\"elementor-animation-grow attachment-2048x2048 size-2048x2048 wp-image-42003\" alt=\"\" srcset=\"https:\/\/lunicars.com\/wp-content\/uploads\/2024\/10\/1975-BMW-3.3-L-E3-04.jpg 1732w, https:\/\/lunicars.com\/wp-content\/uploads\/2024\/10\/1975-BMW-3.3-L-E3-04-300x200.jpg 300w, https:\/\/lunicars.com\/wp-content\/uploads\/2024\/10\/1975-BMW-3.3-L-E3-04-1024x683.jpg 1024w, https:\/\/lunicars.com\/wp-content\/uploads\/2024\/10\/1975-BMW-3.3-L-E3-04-768x512.jpg 768w, https:\/\/lunicars.com\/wp-content\/uploads\/2024\/10\/1975-BMW-3.3-L-E3-04-1536x1024.jpg 1536w\" sizes=\"auto, (max-width: 1732px) 100vw, 1732px\" \/>\t\t\t\t\t\t\t\t<\/a>\n\t\t\t\t\t\t\t\t\t\t\t\t\t\t\t<\/div>\n\t\t\t\t<\/div>\n\t\t\t\t\t<\/div>\n\t\t<\/div>\n\t\t\t\t<div class=\"elementor-column elementor-col-66 elementor-inner-column elementor-element elementor-element-6320d03\" data-id=\"6320d03\" data-element_type=\"column\" data-e-type=\"column\">\n\t\t\t<div class=\"elementor-widget-wrap elementor-element-populated\">\n\t\t\t\t\t\t<div class=\"elementor-element elementor-element-0306772 elementor-widget elementor-widget-heading\" data-id=\"0306772\" data-element_type=\"widget\" data-e-type=\"widget\" data-widget_type=\"heading.default\">\n\t\t\t\t<div class=\"elementor-widget-container\">\n\t\t\t\t\t<div class=\"elementor-heading-title elementor-size-small\"><font color=\"#c48a02\">Sold<\/font><\/div>\t\t\t\t<\/div>\n\t\t\t\t<\/div>\n\t\t\t\t<div class=\"elementor-element elementor-element-2709370 elementor-widget elementor-widget-heading\" data-id=\"2709370\" data-element_type=\"widget\" data-e-type=\"widget\" data-widget_type=\"heading.default\">\n\t\t\t\t<div class=\"elementor-widget-container\">\n\t\t\t\t\t<h1 class=\"elementor-heading-title elementor-size-default\"><a href=\"https:\/\/lunicars.com\/en\/fahrzeuge\/1975-bmw-3-3-l\/\">BMW 3.3 L E3 '75<\/a><\/h1>\t\t\t\t<\/div>\n\t\t\t\t<\/div>\n\t\t\t\t<div class=\"elementor-element elementor-element-8b510ad elementor-widget elementor-widget-heading\" data-id=\"8b510ad\" data-element_type=\"widget\" data-e-type=\"widget\" data-widget_type=\"heading.default\">\n\t\t\t\t<div class=\"elementor-widget-container\">\n\t\t\t\t\t<div class=\"elementor-heading-title elementor-size-small\">Der K\u00f6nig seiner Klasse, der Sportler unter den Luxus-Limousinen, der Anfang eines neuen Kapitels: Der BMW E3.<\/div>\t\t\t\t<\/div>\n\t\t\t\t<\/div>\n\t\t\t\t\t<\/div>\n\t\t<\/div>\n\t\t\t\t\t<\/div>\n\t\t<\/section>\n\t\t\t\t<section class=\"elementor-section elementor-inner-section elementor-element elementor-element-05b925f elementor-section-content-bottom elementor-section-boxed elementor-section-height-default elementor-section-height-default\" data-id=\"05b925f\" data-element_type=\"section\" data-e-type=\"section\">\n\t\t\t\t\t\t<div class=\"elementor-container elementor-column-gap-wider\">\n\t\t\t\t\t<div class=\"elementor-column elementor-col-33 elementor-inner-column elementor-element elementor-element-c224147\" data-id=\"c224147\" data-element_type=\"column\" data-e-type=\"column\">\n\t\t\t<div class=\"elementor-widget-wrap elementor-element-populated\">\n\t\t\t\t\t\t<div class=\"elementor-element elementor-element-e8d8b45 elementor-widget elementor-widget-image\" data-id=\"e8d8b45\" data-element_type=\"widget\" data-e-type=\"widget\" data-widget_type=\"image.default\">\n\t\t\t\t<div class=\"elementor-widget-container\">\n\t\t\t\t\t\t\t\t\t\t\t\t\t\t\t\t<a href=\"https:\/\/lunicars.com\/en\/fahrzeuge\/1973-fiat-130-coupe\/\">\n\t\t\t\t\t\t\t<img loading=\"lazy\" decoding=\"async\" width=\"1732\" height=\"1155\" src=\"https:\/\/lunicars.com\/wp-content\/uploads\/2025\/02\/1973-Fiat-130-Coupe-01.jpg\" class=\"elementor-animation-grow attachment-2048x2048 size-2048x2048 wp-image-42803\" alt=\"\" srcset=\"https:\/\/lunicars.com\/wp-content\/uploads\/2025\/02\/1973-Fiat-130-Coupe-01.jpg 1732w, https:\/\/lunicars.com\/wp-content\/uploads\/2025\/02\/1973-Fiat-130-Coupe-01-300x200.jpg 300w, https:\/\/lunicars.com\/wp-content\/uploads\/2025\/02\/1973-Fiat-130-Coupe-01-1024x683.jpg 1024w, https:\/\/lunicars.com\/wp-content\/uploads\/2025\/02\/1973-Fiat-130-Coupe-01-768x512.jpg 768w, https:\/\/lunicars.com\/wp-content\/uploads\/2025\/02\/1973-Fiat-130-Coupe-01-1536x1024.jpg 1536w\" sizes=\"auto, (max-width: 1732px) 100vw, 1732px\" \/>\t\t\t\t\t\t\t\t<\/a>\n\t\t\t\t\t\t\t\t\t\t\t\t\t\t\t<\/div>\n\t\t\t\t<\/div>\n\t\t\t\t\t<\/div>\n\t\t<\/div>\n\t\t\t\t<div class=\"elementor-column elementor-col-66 elementor-inner-column elementor-element elementor-element-64b9e69\" data-id=\"64b9e69\" data-element_type=\"column\" data-e-type=\"column\">\n\t\t\t<div class=\"elementor-widget-wrap elementor-element-populated\">\n\t\t\t\t\t\t<div class=\"elementor-element elementor-element-a7201c5 elementor-widget elementor-widget-heading\" data-id=\"a7201c5\" data-element_type=\"widget\" data-e-type=\"widget\" data-widget_type=\"heading.default\">\n\t\t\t\t<div class=\"elementor-widget-container\">\n\t\t\t\t\t<div class=\"elementor-heading-title elementor-size-small\"><font color=\"#c48a02\">Sold<\/font><\/div>\t\t\t\t<\/div>\n\t\t\t\t<\/div>\n\t\t\t\t<div class=\"elementor-element elementor-element-61d60e1 elementor-widget elementor-widget-heading\" data-id=\"61d60e1\" data-element_type=\"widget\" data-e-type=\"widget\" data-widget_type=\"heading.default\">\n\t\t\t\t<div class=\"elementor-widget-container\">\n\t\t\t\t\t<h1 class=\"elementor-heading-title elementor-size-default\"><a href=\"https:\/\/lunicars.com\/en\/fahrzeuge\/1973-fiat-130-coupe\/\">Fiat 130 Coup\u00e9 '73<\/a><\/h1>\t\t\t\t<\/div>\n\t\t\t\t<\/div>\n\t\t\t\t<div class=\"elementor-element elementor-element-859e51d elementor-widget elementor-widget-heading\" data-id=\"859e51d\" data-element_type=\"widget\" data-e-type=\"widget\" data-widget_type=\"heading.default\">\n\t\t\t\t<div class=\"elementor-widget-container\">\n\t\t\t\t\t<div class=\"elementor-heading-title elementor-size-small\">Pininfarina-Design im Luxus-Segment der fr\u00fchen 70er: \"La Centotrenta Coupe\" ist ein elegantes Statement aus den goldenen Zeiten des Autobaus.<\/div>\t\t\t\t<\/div>\n\t\t\t\t<\/div>\n\t\t\t\t\t<\/div>\n\t\t<\/div>\n\t\t\t\t\t<\/div>\n\t\t<\/section>\n\t\t\t\t<section class=\"elementor-section elementor-inner-section elementor-element elementor-element-33f30d3 elementor-section-content-bottom elementor-section-boxed elementor-section-height-default elementor-section-height-default\" data-id=\"33f30d3\" data-element_type=\"section\" data-e-type=\"section\">\n\t\t\t\t\t\t<div class=\"elementor-container elementor-column-gap-wider\">\n\t\t\t\t\t<div class=\"elementor-column elementor-col-33 elementor-inner-column elementor-element elementor-element-1143e1d\" data-id=\"1143e1d\" data-element_type=\"column\" data-e-type=\"column\">\n\t\t\t<div class=\"elementor-widget-wrap elementor-element-populated\">\n\t\t\t\t\t\t<div class=\"elementor-element elementor-element-1edf1e7 elementor-widget elementor-widget-image\" data-id=\"1edf1e7\" data-element_type=\"widget\" data-e-type=\"widget\" data-widget_type=\"image.default\">\n\t\t\t\t<div class=\"elementor-widget-container\">\n\t\t\t\t\t\t\t\t\t\t\t\t\t\t\t\t<a href=\"https:\/\/lunicars.com\/en\/fahrzeuge\/1998-jeep-cherokee-limited-xj-4-0\/\">\n\t\t\t\t\t\t\t<img loading=\"lazy\" decoding=\"async\" width=\"1732\" height=\"1155\" src=\"https:\/\/lunicars.com\/wp-content\/uploads\/2025\/03\/1998-Jeep-Cherokee-XJ-4.0-01.jpg\" class=\"elementor-animation-grow attachment-2048x2048 size-2048x2048 wp-image-43254\" alt=\"\" srcset=\"https:\/\/lunicars.com\/wp-content\/uploads\/2025\/03\/1998-Jeep-Cherokee-XJ-4.0-01.jpg 1732w, https:\/\/lunicars.com\/wp-content\/uploads\/2025\/03\/1998-Jeep-Cherokee-XJ-4.0-01-300x200.jpg 300w, https:\/\/lunicars.com\/wp-content\/uploads\/2025\/03\/1998-Jeep-Cherokee-XJ-4.0-01-1024x683.jpg 1024w, https:\/\/lunicars.com\/wp-content\/uploads\/2025\/03\/1998-Jeep-Cherokee-XJ-4.0-01-768x512.jpg 768w, https:\/\/lunicars.com\/wp-content\/uploads\/2025\/03\/1998-Jeep-Cherokee-XJ-4.0-01-1536x1024.jpg 1536w\" sizes=\"auto, (max-width: 1732px) 100vw, 1732px\" \/>\t\t\t\t\t\t\t\t<\/a>\n\t\t\t\t\t\t\t\t\t\t\t\t\t\t\t<\/div>\n\t\t\t\t<\/div>\n\t\t\t\t\t<\/div>\n\t\t<\/div>\n\t\t\t\t<div class=\"elementor-column elementor-col-66 elementor-inner-column elementor-element elementor-element-daee49a\" data-id=\"daee49a\" data-element_type=\"column\" data-e-type=\"column\">\n\t\t\t<div class=\"elementor-widget-wrap elementor-element-populated\">\n\t\t\t\t\t\t<div class=\"elementor-element elementor-element-0621aca elementor-widget elementor-widget-heading\" data-id=\"0621aca\" data-element_type=\"widget\" data-e-type=\"widget\" data-widget_type=\"heading.default\">\n\t\t\t\t<div class=\"elementor-widget-container\">\n\t\t\t\t\t<div class=\"elementor-heading-title elementor-size-small\"><font color=\"#c48a02\">Sold<\/font><\/div>\t\t\t\t<\/div>\n\t\t\t\t<\/div>\n\t\t\t\t<div class=\"elementor-element elementor-element-23fdc1b elementor-widget elementor-widget-heading\" data-id=\"23fdc1b\" data-element_type=\"widget\" data-e-type=\"widget\" data-widget_type=\"heading.default\">\n\t\t\t\t<div class=\"elementor-widget-container\">\n\t\t\t\t\t<h1 class=\"elementor-heading-title elementor-size-default\"><a href=\"https:\/\/lunicars.com\/en\/fahrzeuge\/1998-jeep-cherokee-limited-xj-4-0\/\">Jeep Cherokee Limited 4.0 '98<\/a><\/h1>\t\t\t\t<\/div>\n\t\t\t\t<\/div>\n\t\t\t\t<div class=\"elementor-element elementor-element-115cae2 elementor-widget elementor-widget-heading\" data-id=\"115cae2\" data-element_type=\"widget\" data-e-type=\"widget\" data-widget_type=\"heading.default\">\n\t\t\t\t<div class=\"elementor-widget-container\">\n\t\t\t\t\t<div class=\"elementor-heading-title elementor-size-small\">Whether city or country, road or mountain, family or adventurer - the XJ has everything you need and looks great at the same time.<\/div>\t\t\t\t<\/div>\n\t\t\t\t<\/div>\n\t\t\t\t\t<\/div>\n\t\t<\/div>\n\t\t\t\t\t<\/div>\n\t\t<\/section>\n\t\t\t\t<section class=\"elementor-section elementor-inner-section elementor-element elementor-element-f2a4d9a elementor-section-content-bottom elementor-section-boxed elementor-section-height-default elementor-section-height-default\" data-id=\"f2a4d9a\" data-element_type=\"section\" data-e-type=\"section\">\n\t\t\t\t\t\t<div class=\"elementor-container elementor-column-gap-wider\">\n\t\t\t\t\t<div class=\"elementor-column elementor-col-33 elementor-inner-column elementor-element elementor-element-6ad52d7\" data-id=\"6ad52d7\" data-element_type=\"column\" data-e-type=\"column\">\n\t\t\t<div class=\"elementor-widget-wrap elementor-element-populated\">\n\t\t\t\t\t\t<div class=\"elementor-element elementor-element-d3dc929 elementor-widget elementor-widget-image\" data-id=\"d3dc929\" data-element_type=\"widget\" data-e-type=\"widget\" data-widget_type=\"image.default\">\n\t\t\t\t<div class=\"elementor-widget-container\">\n\t\t\t\t\t\t\t\t\t\t\t\t\t\t\t\t<a href=\"https:\/\/lunicars.com\/en\/fahrzeuge\/1980-chevrolet-corvette-c3-l82\/\">\n\t\t\t\t\t\t\t<img loading=\"lazy\" decoding=\"async\" width=\"1732\" height=\"1155\" src=\"https:\/\/lunicars.com\/wp-content\/uploads\/2024\/03\/1980-Chevrolet-Corvette-C3-01.jpg\" class=\"elementor-animation-grow attachment-2048x2048 size-2048x2048 wp-image-40126\" alt=\"\" srcset=\"https:\/\/lunicars.com\/wp-content\/uploads\/2024\/03\/1980-Chevrolet-Corvette-C3-01.jpg 1732w, https:\/\/lunicars.com\/wp-content\/uploads\/2024\/03\/1980-Chevrolet-Corvette-C3-01-300x200.jpg 300w, https:\/\/lunicars.com\/wp-content\/uploads\/2024\/03\/1980-Chevrolet-Corvette-C3-01-1024x683.jpg 1024w, https:\/\/lunicars.com\/wp-content\/uploads\/2024\/03\/1980-Chevrolet-Corvette-C3-01-768x512.jpg 768w, https:\/\/lunicars.com\/wp-content\/uploads\/2024\/03\/1980-Chevrolet-Corvette-C3-01-1536x1024.jpg 1536w\" sizes=\"auto, (max-width: 1732px) 100vw, 1732px\" \/>\t\t\t\t\t\t\t\t<\/a>\n\t\t\t\t\t\t\t\t\t\t\t\t\t\t\t<\/div>\n\t\t\t\t<\/div>\n\t\t\t\t\t<\/div>\n\t\t<\/div>\n\t\t\t\t<div class=\"elementor-column elementor-col-66 elementor-inner-column elementor-element elementor-element-9db5a24\" data-id=\"9db5a24\" data-element_type=\"column\" data-e-type=\"column\">\n\t\t\t<div class=\"elementor-widget-wrap elementor-element-populated\">\n\t\t\t\t\t\t<div class=\"elementor-element elementor-element-199c4e4 elementor-widget elementor-widget-heading\" data-id=\"199c4e4\" data-element_type=\"widget\" data-e-type=\"widget\" data-widget_type=\"heading.default\">\n\t\t\t\t<div class=\"elementor-widget-container\">\n\t\t\t\t\t<div class=\"elementor-heading-title elementor-size-small\"><font color=\"#c48a02\">Sold<\/font><\/div>\t\t\t\t<\/div>\n\t\t\t\t<\/div>\n\t\t\t\t<div class=\"elementor-element elementor-element-6b3d28f elementor-widget elementor-widget-heading\" data-id=\"6b3d28f\" data-element_type=\"widget\" data-e-type=\"widget\" data-widget_type=\"heading.default\">\n\t\t\t\t<div class=\"elementor-widget-container\">\n\t\t\t\t\t<h1 class=\"elementor-heading-title elementor-size-default\"><a href=\"https:\/\/lunicars.com\/en\/fahrzeuge\/1980-chevrolet-corvette-c3-l82\/\">Chevrolet Corvette C3 '30<\/a><\/h1>\t\t\t\t<\/div>\n\t\t\t\t<\/div>\n\t\t\t\t<div class=\"elementor-element elementor-element-2930e39 elementor-widget elementor-widget-heading\" data-id=\"2930e39\" data-element_type=\"widget\" data-e-type=\"widget\" data-widget_type=\"heading.default\">\n\t\t\t\t<div class=\"elementor-widget-container\">\n\t\t\t\t\t<div class=\"elementor-heading-title elementor-size-small\">Eine schwarze Sch\u00f6nheit in sehr gepflegtem Zustand. Ausger\u00fcstet mit dem starken und zuverl\u00e4ssigen L82 Motor.<\/div>\t\t\t\t<\/div>\n\t\t\t\t<\/div>\n\t\t\t\t\t<\/div>\n\t\t<\/div>\n\t\t\t\t\t<\/div>\n\t\t<\/section>\n\t\t\t\t<section class=\"elementor-section elementor-inner-section elementor-element elementor-element-cf59701 elementor-section-content-bottom elementor-section-boxed elementor-section-height-default elementor-section-height-default\" data-id=\"cf59701\" data-element_type=\"section\" data-e-type=\"section\">\n\t\t\t\t\t\t<div class=\"elementor-container elementor-column-gap-wider\">\n\t\t\t\t\t<div class=\"elementor-column elementor-col-33 elementor-inner-column elementor-element elementor-element-4e02459\" data-id=\"4e02459\" data-element_type=\"column\" data-e-type=\"column\">\n\t\t\t<div class=\"elementor-widget-wrap elementor-element-populated\">\n\t\t\t\t\t\t<div class=\"elementor-element elementor-element-67141dc elementor-widget elementor-widget-image\" data-id=\"67141dc\" data-element_type=\"widget\" data-e-type=\"widget\" data-widget_type=\"image.default\">\n\t\t\t\t<div class=\"elementor-widget-container\">\n\t\t\t\t\t\t\t\t\t\t\t\t\t\t\t\t<a href=\"https:\/\/lunicars.com\/en\/fahrzeuge\/1998-ford-mustang-gt-convertible\/\">\n\t\t\t\t\t\t\t<img loading=\"lazy\" decoding=\"async\" width=\"1732\" height=\"1155\" src=\"https:\/\/lunicars.com\/wp-content\/uploads\/2024\/04\/1998-Ford-Mustang-GT-Convertible-02.jpg\" class=\"elementor-animation-grow attachment-2048x2048 size-2048x2048 wp-image-40410\" alt=\"\" srcset=\"https:\/\/lunicars.com\/wp-content\/uploads\/2024\/04\/1998-Ford-Mustang-GT-Convertible-02.jpg 1732w, https:\/\/lunicars.com\/wp-content\/uploads\/2024\/04\/1998-Ford-Mustang-GT-Convertible-02-300x200.jpg 300w, https:\/\/lunicars.com\/wp-content\/uploads\/2024\/04\/1998-Ford-Mustang-GT-Convertible-02-1024x683.jpg 1024w, https:\/\/lunicars.com\/wp-content\/uploads\/2024\/04\/1998-Ford-Mustang-GT-Convertible-02-768x512.jpg 768w, https:\/\/lunicars.com\/wp-content\/uploads\/2024\/04\/1998-Ford-Mustang-GT-Convertible-02-1536x1024.jpg 1536w\" sizes=\"auto, (max-width: 1732px) 100vw, 1732px\" \/>\t\t\t\t\t\t\t\t<\/a>\n\t\t\t\t\t\t\t\t\t\t\t\t\t\t\t<\/div>\n\t\t\t\t<\/div>\n\t\t\t\t\t<\/div>\n\t\t<\/div>\n\t\t\t\t<div class=\"elementor-column elementor-col-66 elementor-inner-column elementor-element elementor-element-987ce76\" data-id=\"987ce76\" data-element_type=\"column\" data-e-type=\"column\">\n\t\t\t<div class=\"elementor-widget-wrap elementor-element-populated\">\n\t\t\t\t\t\t<div class=\"elementor-element elementor-element-65a5610 elementor-widget elementor-widget-heading\" data-id=\"65a5610\" data-element_type=\"widget\" data-e-type=\"widget\" data-widget_type=\"heading.default\">\n\t\t\t\t<div class=\"elementor-widget-container\">\n\t\t\t\t\t<div class=\"elementor-heading-title elementor-size-small\"><font color=\"#c48a02\">Sold<\/font><\/div>\t\t\t\t<\/div>\n\t\t\t\t<\/div>\n\t\t\t\t<div class=\"elementor-element elementor-element-876f524 elementor-widget elementor-widget-heading\" data-id=\"876f524\" data-element_type=\"widget\" data-e-type=\"widget\" data-widget_type=\"heading.default\">\n\t\t\t\t<div class=\"elementor-widget-container\">\n\t\t\t\t\t<h1 class=\"elementor-heading-title elementor-size-default\"><a href=\"https:\/\/lunicars.com\/en\/fahrzeuge\/1998-ford-mustang-gt-convertible\/\">Ford Mustang GT Convertible '98<\/a><\/h1>\t\t\t\t<\/div>\n\t\t\t\t<\/div>\n\t\t\t\t<div class=\"elementor-element elementor-element-7cbb298 elementor-widget elementor-widget-heading\" data-id=\"7cbb298\" data-element_type=\"widget\" data-e-type=\"widget\" data-widget_type=\"heading.default\">\n\t\t\t\t<div class=\"elementor-widget-container\">\n\t\t\t\t\t<div class=\"elementor-heading-title elementor-size-small\">Dieser sehr gepflegte Mustang GT der Serie SN95 \u00fcberzeugt durch hervorragende Fahreigenschaften und tadellose Technik.<\/div>\t\t\t\t<\/div>\n\t\t\t\t<\/div>\n\t\t\t\t\t<\/div>\n\t\t<\/div>\n\t\t\t\t\t<\/div>\n\t\t<\/section>\n\t\t\t\t<section class=\"elementor-section elementor-inner-section elementor-element elementor-element-b878b82 elementor-section-content-bottom elementor-section-boxed elementor-section-height-default elementor-section-height-default\" data-id=\"b878b82\" data-element_type=\"section\" data-e-type=\"section\">\n\t\t\t\t\t\t<div class=\"elementor-container elementor-column-gap-wider\">\n\t\t\t\t\t<div class=\"elementor-column elementor-col-33 elementor-inner-column elementor-element elementor-element-55fcb56\" data-id=\"55fcb56\" data-element_type=\"column\" data-e-type=\"column\">\n\t\t\t<div class=\"elementor-widget-wrap elementor-element-populated\">\n\t\t\t\t\t\t<div class=\"elementor-element elementor-element-e86ea60 elementor-widget elementor-widget-image\" data-id=\"e86ea60\" data-element_type=\"widget\" data-e-type=\"widget\" data-widget_type=\"image.default\">\n\t\t\t\t<div class=\"elementor-widget-container\">\n\t\t\t\t\t\t\t\t\t\t\t\t\t\t\t\t<a href=\"https:\/\/lunicars.com\/en\/fahrzeuge\/1988-porsche-928-s4-strosek\/\">\n\t\t\t\t\t\t\t<img loading=\"lazy\" decoding=\"async\" width=\"1732\" height=\"1155\" src=\"https:\/\/lunicars.com\/wp-content\/uploads\/2025\/02\/1988-Porsche-928-S4-Strosek-02.jpg\" class=\"elementor-animation-grow attachment-2048x2048 size-2048x2048 wp-image-42861\" alt=\"\" srcset=\"https:\/\/lunicars.com\/wp-content\/uploads\/2025\/02\/1988-Porsche-928-S4-Strosek-02.jpg 1732w, https:\/\/lunicars.com\/wp-content\/uploads\/2025\/02\/1988-Porsche-928-S4-Strosek-02-300x200.jpg 300w, https:\/\/lunicars.com\/wp-content\/uploads\/2025\/02\/1988-Porsche-928-S4-Strosek-02-1024x683.jpg 1024w, https:\/\/lunicars.com\/wp-content\/uploads\/2025\/02\/1988-Porsche-928-S4-Strosek-02-768x512.jpg 768w, https:\/\/lunicars.com\/wp-content\/uploads\/2025\/02\/1988-Porsche-928-S4-Strosek-02-1536x1024.jpg 1536w\" sizes=\"auto, (max-width: 1732px) 100vw, 1732px\" \/>\t\t\t\t\t\t\t\t<\/a>\n\t\t\t\t\t\t\t\t\t\t\t\t\t\t\t<\/div>\n\t\t\t\t<\/div>\n\t\t\t\t\t<\/div>\n\t\t<\/div>\n\t\t\t\t<div class=\"elementor-column elementor-col-66 elementor-inner-column elementor-element elementor-element-48c471e\" data-id=\"48c471e\" data-element_type=\"column\" data-e-type=\"column\">\n\t\t\t<div class=\"elementor-widget-wrap elementor-element-populated\">\n\t\t\t\t\t\t<div class=\"elementor-element elementor-element-dd1f84d elementor-widget elementor-widget-heading\" data-id=\"dd1f84d\" data-element_type=\"widget\" data-e-type=\"widget\" data-widget_type=\"heading.default\">\n\t\t\t\t<div class=\"elementor-widget-container\">\n\t\t\t\t\t<div class=\"elementor-heading-title elementor-size-small\"><font color=\"#c48a02\">Sold<\/font><\/div>\t\t\t\t<\/div>\n\t\t\t\t<\/div>\n\t\t\t\t<div class=\"elementor-element elementor-element-622f3ce elementor-widget elementor-widget-heading\" data-id=\"622f3ce\" data-element_type=\"widget\" data-e-type=\"widget\" data-widget_type=\"heading.default\">\n\t\t\t\t<div class=\"elementor-widget-container\">\n\t\t\t\t\t<h1 class=\"elementor-heading-title elementor-size-default\"><a href=\"https:\/\/lunicars.com\/en\/fahrzeuge\/1988-porsche-928-s4-strosek\/\">Porsche 928 S4 Strosek '88<\/a><\/h1>\t\t\t\t<\/div>\n\t\t\t\t<\/div>\n\t\t\t\t<div class=\"elementor-element elementor-element-541106d elementor-widget elementor-widget-heading\" data-id=\"541106d\" data-element_type=\"widget\" data-e-type=\"widget\" data-widget_type=\"heading.default\">\n\t\t\t\t<div class=\"elementor-widget-container\">\n\t\t\t\t\t<div class=\"elementor-heading-title elementor-size-small\">Porsche-Qualit\u00e4t und Strosek Design - Ein schneller Klassiker mit V8-Frontmotor, Transaxle-Bauweise und perfektem Handling.<\/div>\t\t\t\t<\/div>\n\t\t\t\t<\/div>\n\t\t\t\t\t<\/div>\n\t\t<\/div>\n\t\t\t\t\t<\/div>\n\t\t<\/section>\n\t\t\t\t<section class=\"elementor-section elementor-inner-section elementor-element elementor-element-0cf7497 elementor-section-content-bottom elementor-section-boxed elementor-section-height-default elementor-section-height-default\" data-id=\"0cf7497\" data-element_type=\"section\" data-e-type=\"section\">\n\t\t\t\t\t\t<div class=\"elementor-container elementor-column-gap-wider\">\n\t\t\t\t\t<div class=\"elementor-column elementor-col-33 elementor-inner-column elementor-element elementor-element-10ce31a\" data-id=\"10ce31a\" data-element_type=\"column\" data-e-type=\"column\">\n\t\t\t<div class=\"elementor-widget-wrap elementor-element-populated\">\n\t\t\t\t\t\t<div class=\"elementor-element elementor-element-819318e elementor-widget elementor-widget-image\" data-id=\"819318e\" data-element_type=\"widget\" data-e-type=\"widget\" data-widget_type=\"image.default\">\n\t\t\t\t<div class=\"elementor-widget-container\">\n\t\t\t\t\t\t\t\t\t\t\t\t\t\t\t\t<a href=\"https:\/\/lunicars.com\/en\/fahrzeuge\/1991-ame-st-802-chopper\/\">\n\t\t\t\t\t\t\t<img loading=\"lazy\" decoding=\"async\" width=\"1732\" height=\"1155\" src=\"https:\/\/lunicars.com\/wp-content\/uploads\/2024\/02\/1991-AME-ST-802-01.jpg\" class=\"elementor-animation-grow attachment-2048x2048 size-2048x2048 wp-image-39891\" alt=\"\" srcset=\"https:\/\/lunicars.com\/wp-content\/uploads\/2024\/02\/1991-AME-ST-802-01.jpg 1732w, https:\/\/lunicars.com\/wp-content\/uploads\/2024\/02\/1991-AME-ST-802-01-300x200.jpg 300w, https:\/\/lunicars.com\/wp-content\/uploads\/2024\/02\/1991-AME-ST-802-01-1024x683.jpg 1024w, https:\/\/lunicars.com\/wp-content\/uploads\/2024\/02\/1991-AME-ST-802-01-768x512.jpg 768w, https:\/\/lunicars.com\/wp-content\/uploads\/2024\/02\/1991-AME-ST-802-01-1536x1024.jpg 1536w\" sizes=\"auto, (max-width: 1732px) 100vw, 1732px\" \/>\t\t\t\t\t\t\t\t<\/a>\n\t\t\t\t\t\t\t\t\t\t\t\t\t\t\t<\/div>\n\t\t\t\t<\/div>\n\t\t\t\t\t<\/div>\n\t\t<\/div>\n\t\t\t\t<div class=\"elementor-column elementor-col-66 elementor-inner-column elementor-element elementor-element-9c25377\" data-id=\"9c25377\" data-element_type=\"column\" data-e-type=\"column\">\n\t\t\t<div class=\"elementor-widget-wrap elementor-element-populated\">\n\t\t\t\t\t\t<div class=\"elementor-element elementor-element-ce702bf elementor-widget elementor-widget-heading\" data-id=\"ce702bf\" data-element_type=\"widget\" data-e-type=\"widget\" data-widget_type=\"heading.default\">\n\t\t\t\t<div class=\"elementor-widget-container\">\n\t\t\t\t\t<div class=\"elementor-heading-title elementor-size-small\"><font color=\"#c48a02\">Sold<\/font><\/div>\t\t\t\t<\/div>\n\t\t\t\t<\/div>\n\t\t\t\t<div class=\"elementor-element elementor-element-079835d elementor-widget elementor-widget-heading\" data-id=\"079835d\" data-element_type=\"widget\" data-e-type=\"widget\" data-widget_type=\"heading.default\">\n\t\t\t\t<div class=\"elementor-widget-container\">\n\t\t\t\t\t<h1 class=\"elementor-heading-title elementor-size-default\"><a href=\"https:\/\/lunicars.com\/en\/fahrzeuge\/1991-ame-st-802-chopper\/\">AME ST 802 Chopper '91<\/a><\/h1>\t\t\t\t<\/div>\n\t\t\t\t<\/div>\n\t\t\t\t<div class=\"elementor-element elementor-element-0cceb2f elementor-widget elementor-widget-heading\" data-id=\"0cceb2f\" data-element_type=\"widget\" data-e-type=\"widget\" data-widget_type=\"heading.default\">\n\t\t\t\t<div class=\"elementor-widget-container\">\n\t\t\t\t\t<div class=\"elementor-heading-title elementor-size-small\">Retrolook und moderne Fahreigenschaften - daf\u00fcr stehen die Rahmen von AME. Verbaut ist der solide Harley-Davidson Evo Motor.<\/div>\t\t\t\t<\/div>\n\t\t\t\t<\/div>\n\t\t\t\t\t<\/div>\n\t\t<\/div>\n\t\t\t\t\t<\/div>\n\t\t<\/section>\n\t\t\t\t<section class=\"elementor-section elementor-inner-section elementor-element elementor-element-79a6cb9 elementor-section-content-bottom elementor-section-boxed elementor-section-height-default elementor-section-height-default\" data-id=\"79a6cb9\" data-element_type=\"section\" data-e-type=\"section\">\n\t\t\t\t\t\t<div class=\"elementor-container elementor-column-gap-wider\">\n\t\t\t\t\t<div class=\"elementor-column elementor-col-33 elementor-inner-column elementor-element elementor-element-6ed707e\" data-id=\"6ed707e\" data-element_type=\"column\" data-e-type=\"column\">\n\t\t\t<div class=\"elementor-widget-wrap elementor-element-populated\">\n\t\t\t\t\t\t<div class=\"elementor-element elementor-element-8a52a53 elementor-widget elementor-widget-image\" data-id=\"8a52a53\" data-element_type=\"widget\" data-e-type=\"widget\" data-widget_type=\"image.default\">\n\t\t\t\t<div class=\"elementor-widget-container\">\n\t\t\t\t\t\t\t\t\t\t\t\t\t\t\t\t<a href=\"https:\/\/lunicars.com\/en\/fahrzeuge\/2015-dodge-ram-1500-sport-crew-cab\/\">\n\t\t\t\t\t\t\t<img loading=\"lazy\" decoding=\"async\" width=\"1732\" height=\"1155\" src=\"https:\/\/lunicars.com\/wp-content\/uploads\/2024\/12\/2015-Dodge-Ram-1500-Sport-01.jpg\" class=\"elementor-animation-grow attachment-2048x2048 size-2048x2048 wp-image-42133\" alt=\"\" srcset=\"https:\/\/lunicars.com\/wp-content\/uploads\/2024\/12\/2015-Dodge-Ram-1500-Sport-01.jpg 1732w, https:\/\/lunicars.com\/wp-content\/uploads\/2024\/12\/2015-Dodge-Ram-1500-Sport-01-300x200.jpg 300w, https:\/\/lunicars.com\/wp-content\/uploads\/2024\/12\/2015-Dodge-Ram-1500-Sport-01-1024x683.jpg 1024w, https:\/\/lunicars.com\/wp-content\/uploads\/2024\/12\/2015-Dodge-Ram-1500-Sport-01-768x512.jpg 768w, https:\/\/lunicars.com\/wp-content\/uploads\/2024\/12\/2015-Dodge-Ram-1500-Sport-01-1536x1024.jpg 1536w\" sizes=\"auto, (max-width: 1732px) 100vw, 1732px\" \/>\t\t\t\t\t\t\t\t<\/a>\n\t\t\t\t\t\t\t\t\t\t\t\t\t\t\t<\/div>\n\t\t\t\t<\/div>\n\t\t\t\t\t<\/div>\n\t\t<\/div>\n\t\t\t\t<div class=\"elementor-column elementor-col-66 elementor-inner-column elementor-element elementor-element-35b6cfa\" data-id=\"35b6cfa\" data-element_type=\"column\" data-e-type=\"column\">\n\t\t\t<div class=\"elementor-widget-wrap elementor-element-populated\">\n\t\t\t\t\t\t<div class=\"elementor-element elementor-element-cc2f76c elementor-widget elementor-widget-heading\" data-id=\"cc2f76c\" data-element_type=\"widget\" data-e-type=\"widget\" data-widget_type=\"heading.default\">\n\t\t\t\t<div class=\"elementor-widget-container\">\n\t\t\t\t\t<div class=\"elementor-heading-title elementor-size-small\"><font color=\"#c48a02\">Sold<\/font><\/div>\t\t\t\t<\/div>\n\t\t\t\t<\/div>\n\t\t\t\t<div class=\"elementor-element elementor-element-6670496 elementor-widget elementor-widget-heading\" data-id=\"6670496\" data-element_type=\"widget\" data-e-type=\"widget\" data-widget_type=\"heading.default\">\n\t\t\t\t<div class=\"elementor-widget-container\">\n\t\t\t\t\t<h1 class=\"elementor-heading-title elementor-size-default\"><a href=\"https:\/\/lunicars.com\/en\/fahrzeuge\/2015-dodge-ram-1500-sport-crew-cab\/\">Dodge Ram 1500 Sport '15<\/a><\/h1>\t\t\t\t<\/div>\n\t\t\t\t<\/div>\n\t\t\t\t<div class=\"elementor-element elementor-element-93161c2 elementor-widget elementor-widget-heading\" data-id=\"93161c2\" data-element_type=\"widget\" data-e-type=\"widget\" data-widget_type=\"heading.default\">\n\t\t\t\t<div class=\"elementor-widget-container\">\n\t\t\t\t\t<div class=\"elementor-heading-title elementor-size-small\">Gross, stark und luxuri\u00f6s und vielseitig: Dieser Ram bringt die Kinder zur Schule, die Maschinen zur Baustelle und die Fahrer aufs Gel\u00e4nde.<\/div>\t\t\t\t<\/div>\n\t\t\t\t<\/div>\n\t\t\t\t\t<\/div>\n\t\t<\/div>\n\t\t\t\t\t<\/div>\n\t\t<\/section>\n\t\t\t\t<section class=\"elementor-section elementor-inner-section elementor-element elementor-element-8335d39 elementor-section-content-bottom elementor-section-boxed elementor-section-height-default elementor-section-height-default\" data-id=\"8335d39\" data-element_type=\"section\" data-e-type=\"section\">\n\t\t\t\t\t\t<div class=\"elementor-container elementor-column-gap-wider\">\n\t\t\t\t\t<div class=\"elementor-column elementor-col-33 elementor-inner-column elementor-element elementor-element-7930d40\" data-id=\"7930d40\" data-element_type=\"column\" data-e-type=\"column\">\n\t\t\t<div class=\"elementor-widget-wrap elementor-element-populated\">\n\t\t\t\t\t\t<div class=\"elementor-element elementor-element-1623fdd elementor-widget elementor-widget-image\" data-id=\"1623fdd\" data-element_type=\"widget\" data-e-type=\"widget\" data-widget_type=\"image.default\">\n\t\t\t\t<div class=\"elementor-widget-container\">\n\t\t\t\t\t\t\t\t\t\t\t\t\t\t\t\t<a href=\"https:\/\/lunicars.com\/en\/fahrzeuge\/1964-buick-electra-225\/\">\n\t\t\t\t\t\t\t<img loading=\"lazy\" decoding=\"async\" width=\"2048\" height=\"1366\" src=\"https:\/\/lunicars.com\/wp-content\/uploads\/2024\/08\/1964-Buick-Electra-225-Convertible-01-2048x1366.jpg\" class=\"elementor-animation-grow attachment-2048x2048 size-2048x2048 wp-image-41210\" alt=\"\" srcset=\"https:\/\/lunicars.com\/wp-content\/uploads\/2024\/08\/1964-Buick-Electra-225-Convertible-01-2048x1366.jpg 2048w, https:\/\/lunicars.com\/wp-content\/uploads\/2024\/08\/1964-Buick-Electra-225-Convertible-01-300x200.jpg 300w, https:\/\/lunicars.com\/wp-content\/uploads\/2024\/08\/1964-Buick-Electra-225-Convertible-01-1024x683.jpg 1024w, https:\/\/lunicars.com\/wp-content\/uploads\/2024\/08\/1964-Buick-Electra-225-Convertible-01-768x512.jpg 768w, https:\/\/lunicars.com\/wp-content\/uploads\/2024\/08\/1964-Buick-Electra-225-Convertible-01-1536x1024.jpg 1536w\" sizes=\"auto, (max-width: 2048px) 100vw, 2048px\" \/>\t\t\t\t\t\t\t\t<\/a>\n\t\t\t\t\t\t\t\t\t\t\t\t\t\t\t<\/div>\n\t\t\t\t<\/div>\n\t\t\t\t\t<\/div>\n\t\t<\/div>\n\t\t\t\t<div class=\"elementor-column elementor-col-66 elementor-inner-column elementor-element elementor-element-0b7308c\" data-id=\"0b7308c\" data-element_type=\"column\" data-e-type=\"column\">\n\t\t\t<div class=\"elementor-widget-wrap elementor-element-populated\">\n\t\t\t\t\t\t<div class=\"elementor-element elementor-element-661008a elementor-widget elementor-widget-heading\" data-id=\"661008a\" data-element_type=\"widget\" data-e-type=\"widget\" data-widget_type=\"heading.default\">\n\t\t\t\t<div class=\"elementor-widget-container\">\n\t\t\t\t\t<div class=\"elementor-heading-title elementor-size-small\"><font color=\"#c48a02\">Sold<\/font><\/div>\t\t\t\t<\/div>\n\t\t\t\t<\/div>\n\t\t\t\t<div class=\"elementor-element elementor-element-da2c32a elementor-widget elementor-widget-heading\" data-id=\"da2c32a\" data-element_type=\"widget\" data-e-type=\"widget\" data-widget_type=\"heading.default\">\n\t\t\t\t<div class=\"elementor-widget-container\">\n\t\t\t\t\t<h1 class=\"elementor-heading-title elementor-size-default\"><a href=\"https:\/\/lunicars.com\/en\/fahrzeuge\/1964-buick-electra-225\/\">Buick Electra 225 '64<\/a><\/h1>\t\t\t\t<\/div>\n\t\t\t\t<\/div>\n\t\t\t\t<div class=\"elementor-element elementor-element-95c13a5 elementor-widget elementor-widget-heading\" data-id=\"95c13a5\" data-element_type=\"widget\" data-e-type=\"widget\" data-widget_type=\"heading.default\">\n\t\t\t\t<div class=\"elementor-widget-container\">\n\t\t\t\t\t<div class=\"elementor-heading-title elementor-size-small\">Das Spitzenmodell aus Buicks Modellpalette in einem sagenhaften, restaurierten Zustand. Ein Cabrio mit m\u00e4chtig viel Platz, Power und Stil.<\/div>\t\t\t\t<\/div>\n\t\t\t\t<\/div>\n\t\t\t\t\t<\/div>\n\t\t<\/div>\n\t\t\t\t\t<\/div>\n\t\t<\/section>\n\t\t\t\t<section class=\"elementor-section elementor-inner-section elementor-element elementor-element-73b4f5e elementor-section-content-bottom elementor-section-boxed elementor-section-height-default elementor-section-height-default\" data-id=\"73b4f5e\" data-element_type=\"section\" data-e-type=\"section\">\n\t\t\t\t\t\t<div class=\"elementor-container elementor-column-gap-wider\">\n\t\t\t\t\t<div class=\"elementor-column elementor-col-33 elementor-inner-column elementor-element elementor-element-1def501\" data-id=\"1def501\" data-element_type=\"column\" data-e-type=\"column\">\n\t\t\t<div class=\"elementor-widget-wrap elementor-element-populated\">\n\t\t\t\t\t\t<div class=\"elementor-element elementor-element-ddcf576 elementor-widget elementor-widget-image\" data-id=\"ddcf576\" data-element_type=\"widget\" data-e-type=\"widget\" data-widget_type=\"image.default\">\n\t\t\t\t<div class=\"elementor-widget-container\">\n\t\t\t\t\t\t\t\t\t\t\t\t\t\t\t\t<a href=\"https:\/\/lunicars.com\/en\/fahrzeuge\/1987-toyota-mr2-aw11\/\">\n\t\t\t\t\t\t\t<img loading=\"lazy\" decoding=\"async\" width=\"1732\" height=\"1155\" src=\"https:\/\/lunicars.com\/wp-content\/uploads\/2024\/12\/1987-Toyota-MR2-AW11-01.jpg\" class=\"elementor-animation-grow attachment-2048x2048 size-2048x2048 wp-image-42172\" alt=\"\" srcset=\"https:\/\/lunicars.com\/wp-content\/uploads\/2024\/12\/1987-Toyota-MR2-AW11-01.jpg 1732w, https:\/\/lunicars.com\/wp-content\/uploads\/2024\/12\/1987-Toyota-MR2-AW11-01-300x200.jpg 300w, https:\/\/lunicars.com\/wp-content\/uploads\/2024\/12\/1987-Toyota-MR2-AW11-01-1024x683.jpg 1024w, https:\/\/lunicars.com\/wp-content\/uploads\/2024\/12\/1987-Toyota-MR2-AW11-01-768x512.jpg 768w, https:\/\/lunicars.com\/wp-content\/uploads\/2024\/12\/1987-Toyota-MR2-AW11-01-1536x1024.jpg 1536w\" sizes=\"auto, (max-width: 1732px) 100vw, 1732px\" \/>\t\t\t\t\t\t\t\t<\/a>\n\t\t\t\t\t\t\t\t\t\t\t\t\t\t\t<\/div>\n\t\t\t\t<\/div>\n\t\t\t\t\t<\/div>\n\t\t<\/div>\n\t\t\t\t<div class=\"elementor-column elementor-col-66 elementor-inner-column elementor-element elementor-element-f732326\" data-id=\"f732326\" data-element_type=\"column\" data-e-type=\"column\">\n\t\t\t<div class=\"elementor-widget-wrap elementor-element-populated\">\n\t\t\t\t\t\t<div class=\"elementor-element elementor-element-26ed341 elementor-widget elementor-widget-heading\" data-id=\"26ed341\" data-element_type=\"widget\" data-e-type=\"widget\" data-widget_type=\"heading.default\">\n\t\t\t\t<div class=\"elementor-widget-container\">\n\t\t\t\t\t<div class=\"elementor-heading-title elementor-size-small\"><font color=\"#c48a02\">Sold<\/font><\/div>\t\t\t\t<\/div>\n\t\t\t\t<\/div>\n\t\t\t\t<div class=\"elementor-element elementor-element-6a207d7 elementor-widget elementor-widget-heading\" data-id=\"6a207d7\" data-element_type=\"widget\" data-e-type=\"widget\" data-widget_type=\"heading.default\">\n\t\t\t\t<div class=\"elementor-widget-container\">\n\t\t\t\t\t<h1 class=\"elementor-heading-title elementor-size-default\"><a href=\"https:\/\/lunicars.com\/en\/fahrzeuge\/1987-toyota-mr2-aw11\/\">Toyota MR2 AW11 '87<\/a><\/h1>\t\t\t\t<\/div>\n\t\t\t\t<\/div>\n\t\t\t\t<div class=\"elementor-element elementor-element-b4b2b3f elementor-widget elementor-widget-heading\" data-id=\"b4b2b3f\" data-element_type=\"widget\" data-e-type=\"widget\" data-widget_type=\"heading.default\">\n\t\t\t\t<div class=\"elementor-widget-container\">\n\t\t\t\t\t<div class=\"elementor-heading-title elementor-size-small\">Anyone who can do without a certain amount of comfort will have an incredible amount of fun with the Toyota MR2.<\/div>\t\t\t\t<\/div>\n\t\t\t\t<\/div>\n\t\t\t\t\t<\/div>\n\t\t<\/div>\n\t\t\t\t\t<\/div>\n\t\t<\/section>\n\t\t\t\t<section class=\"elementor-section elementor-inner-section elementor-element elementor-element-e0404ac elementor-section-content-bottom elementor-section-boxed elementor-section-height-default elementor-section-height-default\" data-id=\"e0404ac\" data-element_type=\"section\" data-e-type=\"section\">\n\t\t\t\t\t\t<div class=\"elementor-container elementor-column-gap-wider\">\n\t\t\t\t\t<div class=\"elementor-column elementor-col-33 elementor-inner-column elementor-element elementor-element-33219ef\" data-id=\"33219ef\" data-element_type=\"column\" data-e-type=\"column\">\n\t\t\t<div class=\"elementor-widget-wrap elementor-element-populated\">\n\t\t\t\t\t\t<div class=\"elementor-element elementor-element-1dc2f59 elementor-widget elementor-widget-image\" data-id=\"1dc2f59\" data-element_type=\"widget\" data-e-type=\"widget\" data-widget_type=\"image.default\">\n\t\t\t\t<div class=\"elementor-widget-container\">\n\t\t\t\t\t\t\t\t\t\t\t\t\t\t\t\t<a href=\"https:\/\/lunicars.com\/en\/fahrzeuge\/1969-oldsmobile-442\/\">\n\t\t\t\t\t\t\t<img loading=\"lazy\" decoding=\"async\" width=\"2048\" height=\"1393\" src=\"https:\/\/lunicars.com\/wp-content\/uploads\/2022\/02\/DSC05060-2048x1393.jpg\" class=\"elementor-animation-grow attachment-2048x2048 size-2048x2048 wp-image-32530\" alt=\"\" srcset=\"https:\/\/lunicars.com\/wp-content\/uploads\/2022\/02\/DSC05060-2048x1393.jpg 2048w, https:\/\/lunicars.com\/wp-content\/uploads\/2022\/02\/DSC05060-300x204.jpg 300w, https:\/\/lunicars.com\/wp-content\/uploads\/2022\/02\/DSC05060-1024x696.jpg 1024w, https:\/\/lunicars.com\/wp-content\/uploads\/2022\/02\/DSC05060-768x522.jpg 768w, https:\/\/lunicars.com\/wp-content\/uploads\/2022\/02\/DSC05060-1536x1044.jpg 1536w\" sizes=\"auto, (max-width: 2048px) 100vw, 2048px\" \/>\t\t\t\t\t\t\t\t<\/a>\n\t\t\t\t\t\t\t\t\t\t\t\t\t\t\t<\/div>\n\t\t\t\t<\/div>\n\t\t\t\t\t<\/div>\n\t\t<\/div>\n\t\t\t\t<div class=\"elementor-column elementor-col-66 elementor-inner-column elementor-element elementor-element-265c481\" data-id=\"265c481\" data-element_type=\"column\" data-e-type=\"column\">\n\t\t\t<div class=\"elementor-widget-wrap elementor-element-populated\">\n\t\t\t\t\t\t<div class=\"elementor-element elementor-element-c454697 elementor-widget elementor-widget-heading\" data-id=\"c454697\" data-element_type=\"widget\" data-e-type=\"widget\" data-widget_type=\"heading.default\">\n\t\t\t\t<div class=\"elementor-widget-container\">\n\t\t\t\t\t<div class=\"elementor-heading-title elementor-size-small\"><font color=\"#c48a02\">Sold<\/font><\/div>\t\t\t\t<\/div>\n\t\t\t\t<\/div>\n\t\t\t\t<div class=\"elementor-element elementor-element-f4f3683 elementor-widget elementor-widget-heading\" data-id=\"f4f3683\" data-element_type=\"widget\" data-e-type=\"widget\" data-widget_type=\"heading.default\">\n\t\t\t\t<div class=\"elementor-widget-container\">\n\t\t\t\t\t<h1 class=\"elementor-heading-title elementor-size-default\"><a href=\"https:\/\/lunicars.com\/en\/fahrzeuge\/1969-oldsmobile-442\/\">Oldsmobile 442 '69<\/a><\/h1>\t\t\t\t<\/div>\n\t\t\t\t<\/div>\n\t\t\t\t<div class=\"elementor-element elementor-element-9145775 elementor-widget elementor-widget-heading\" data-id=\"9145775\" data-element_type=\"widget\" data-e-type=\"widget\" data-widget_type=\"heading.default\">\n\t\t\t\t<div class=\"elementor-widget-container\">\n\t\t\t\t\t<div class=\"elementor-heading-title elementor-size-small\">Ein Traum auf vier R\u00e4dern: Dieser Oldsmobile 442 wurde \u00fcber mehrere Jahre bis ins kleinste Detail originalgetreu in der Schweiz restauriert.<\/div>\t\t\t\t<\/div>\n\t\t\t\t<\/div>\n\t\t\t\t\t<\/div>\n\t\t<\/div>\n\t\t\t\t\t<\/div>\n\t\t<\/section>\n\t\t\t\t<section class=\"elementor-section elementor-inner-section elementor-element elementor-element-9949055 elementor-section-content-bottom elementor-section-boxed elementor-section-height-default elementor-section-height-default\" data-id=\"9949055\" data-element_type=\"section\" data-e-type=\"section\">\n\t\t\t\t\t\t<div class=\"elementor-container elementor-column-gap-wider\">\n\t\t\t\t\t<div class=\"elementor-column elementor-col-33 elementor-inner-column elementor-element elementor-element-d8bc501\" data-id=\"d8bc501\" data-element_type=\"column\" data-e-type=\"column\">\n\t\t\t<div class=\"elementor-widget-wrap elementor-element-populated\">\n\t\t\t\t\t\t<div class=\"elementor-element elementor-element-bd6915f elementor-widget elementor-widget-image\" data-id=\"bd6915f\" data-element_type=\"widget\" data-e-type=\"widget\" data-widget_type=\"image.default\">\n\t\t\t\t<div class=\"elementor-widget-container\">\n\t\t\t\t\t\t\t\t\t\t\t\t\t\t\t\t<a href=\"https:\/\/lunicars.com\/en\/fahrzeuge\/1986-vw-t3-typ-2-caravelle-c\/\">\n\t\t\t\t\t\t\t<img loading=\"lazy\" decoding=\"async\" width=\"1732\" height=\"1155\" src=\"https:\/\/lunicars.com\/wp-content\/uploads\/2024\/04\/1986-VW-T3-Caravelle-01.jpg\" class=\"elementor-animation-grow attachment-2048x2048 size-2048x2048 wp-image-40496\" alt=\"\" srcset=\"https:\/\/lunicars.com\/wp-content\/uploads\/2024\/04\/1986-VW-T3-Caravelle-01.jpg 1732w, https:\/\/lunicars.com\/wp-content\/uploads\/2024\/04\/1986-VW-T3-Caravelle-01-300x200.jpg 300w, https:\/\/lunicars.com\/wp-content\/uploads\/2024\/04\/1986-VW-T3-Caravelle-01-1024x683.jpg 1024w, https:\/\/lunicars.com\/wp-content\/uploads\/2024\/04\/1986-VW-T3-Caravelle-01-768x512.jpg 768w, https:\/\/lunicars.com\/wp-content\/uploads\/2024\/04\/1986-VW-T3-Caravelle-01-1536x1024.jpg 1536w\" sizes=\"auto, (max-width: 1732px) 100vw, 1732px\" \/>\t\t\t\t\t\t\t\t<\/a>\n\t\t\t\t\t\t\t\t\t\t\t\t\t\t\t<\/div>\n\t\t\t\t<\/div>\n\t\t\t\t\t<\/div>\n\t\t<\/div>\n\t\t\t\t<div class=\"elementor-column elementor-col-66 elementor-inner-column elementor-element elementor-element-23c2ee8\" data-id=\"23c2ee8\" data-element_type=\"column\" data-e-type=\"column\">\n\t\t\t<div class=\"elementor-widget-wrap elementor-element-populated\">\n\t\t\t\t\t\t<div class=\"elementor-element elementor-element-9e8c620 elementor-widget elementor-widget-heading\" data-id=\"9e8c620\" data-element_type=\"widget\" data-e-type=\"widget\" data-widget_type=\"heading.default\">\n\t\t\t\t<div class=\"elementor-widget-container\">\n\t\t\t\t\t<div class=\"elementor-heading-title elementor-size-small\"><font color=\"#c48a02\">Sold<\/font><\/div>\t\t\t\t<\/div>\n\t\t\t\t<\/div>\n\t\t\t\t<div class=\"elementor-element elementor-element-9f718a6 elementor-widget elementor-widget-heading\" data-id=\"9f718a6\" data-element_type=\"widget\" data-e-type=\"widget\" data-widget_type=\"heading.default\">\n\t\t\t\t<div class=\"elementor-widget-container\">\n\t\t\t\t\t<h1 class=\"elementor-heading-title elementor-size-default\"><a href=\"https:\/\/lunicars.com\/en\/fahrzeuge\/1986-vw-t3-typ-2-caravelle-c\/\">VW T3 Type 2 Caravelle C '86<\/a><\/h1>\t\t\t\t<\/div>\n\t\t\t\t<\/div>\n\t\t\t\t<div class=\"elementor-element elementor-element-037aa62 elementor-widget elementor-widget-heading\" data-id=\"037aa62\" data-element_type=\"widget\" data-e-type=\"widget\" data-widget_type=\"heading.default\">\n\t\t\t\t<div class=\"elementor-widget-container\">\n\t\t\t\t\t<div class=\"elementor-heading-title elementor-size-small\">Dieser Wagen ist original bis hin zum Dachhimmel. Die Substanz ist hervorragend und das l\u00fcckenlose Serviceheft spricht B\u00e4nde.<\/div>\t\t\t\t<\/div>\n\t\t\t\t<\/div>\n\t\t\t\t\t<\/div>\n\t\t<\/div>\n\t\t\t\t\t<\/div>\n\t\t<\/section>\n\t\t\t\t<section class=\"elementor-section elementor-inner-section elementor-element elementor-element-169ebc7 elementor-section-content-bottom elementor-section-boxed elementor-section-height-default elementor-section-height-default\" data-id=\"169ebc7\" data-element_type=\"section\" data-e-type=\"section\">\n\t\t\t\t\t\t<div class=\"elementor-container elementor-column-gap-wider\">\n\t\t\t\t\t<div class=\"elementor-column elementor-col-33 elementor-inner-column elementor-element elementor-element-b257670\" data-id=\"b257670\" data-element_type=\"column\" data-e-type=\"column\">\n\t\t\t<div class=\"elementor-widget-wrap elementor-element-populated\">\n\t\t\t\t\t\t<div class=\"elementor-element elementor-element-27764d0 elementor-widget elementor-widget-image\" data-id=\"27764d0\" data-element_type=\"widget\" data-e-type=\"widget\" data-widget_type=\"image.default\">\n\t\t\t\t<div class=\"elementor-widget-container\">\n\t\t\t\t\t\t\t\t\t\t\t\t\t\t\t\t<a href=\"https:\/\/lunicars.com\/en\/fahrzeuge\/1968-plymouth-sport-fury\/\">\n\t\t\t\t\t\t\t<img loading=\"lazy\" decoding=\"async\" width=\"2048\" height=\"1366\" src=\"https:\/\/lunicars.com\/wp-content\/uploads\/2024\/07\/1968-Plymouth-Sport-Fury-01-2048x1366.jpg\" class=\"elementor-animation-grow attachment-2048x2048 size-2048x2048 wp-image-41080\" alt=\"\" srcset=\"https:\/\/lunicars.com\/wp-content\/uploads\/2024\/07\/1968-Plymouth-Sport-Fury-01-2048x1366.jpg 2048w, https:\/\/lunicars.com\/wp-content\/uploads\/2024\/07\/1968-Plymouth-Sport-Fury-01-300x200.jpg 300w, https:\/\/lunicars.com\/wp-content\/uploads\/2024\/07\/1968-Plymouth-Sport-Fury-01-1024x683.jpg 1024w, https:\/\/lunicars.com\/wp-content\/uploads\/2024\/07\/1968-Plymouth-Sport-Fury-01-768x512.jpg 768w, https:\/\/lunicars.com\/wp-content\/uploads\/2024\/07\/1968-Plymouth-Sport-Fury-01-1536x1024.jpg 1536w\" sizes=\"auto, (max-width: 2048px) 100vw, 2048px\" \/>\t\t\t\t\t\t\t\t<\/a>\n\t\t\t\t\t\t\t\t\t\t\t\t\t\t\t<\/div>\n\t\t\t\t<\/div>\n\t\t\t\t\t<\/div>\n\t\t<\/div>\n\t\t\t\t<div class=\"elementor-column elementor-col-66 elementor-inner-column elementor-element elementor-element-f93c72d\" data-id=\"f93c72d\" data-element_type=\"column\" data-e-type=\"column\">\n\t\t\t<div class=\"elementor-widget-wrap elementor-element-populated\">\n\t\t\t\t\t\t<div class=\"elementor-element elementor-element-e2bd506 elementor-widget elementor-widget-heading\" data-id=\"e2bd506\" data-element_type=\"widget\" data-e-type=\"widget\" data-widget_type=\"heading.default\">\n\t\t\t\t<div class=\"elementor-widget-container\">\n\t\t\t\t\t<div class=\"elementor-heading-title elementor-size-small\"><font color=\"#c48a02\">Sold<\/font><\/div>\t\t\t\t<\/div>\n\t\t\t\t<\/div>\n\t\t\t\t<div class=\"elementor-element elementor-element-97cbfe4 elementor-widget elementor-widget-heading\" data-id=\"97cbfe4\" data-element_type=\"widget\" data-e-type=\"widget\" data-widget_type=\"heading.default\">\n\t\t\t\t<div class=\"elementor-widget-container\">\n\t\t\t\t\t<h1 class=\"elementor-heading-title elementor-size-default\"><a href=\"https:\/\/lunicars.com\/en\/fahrzeuge\/1968-plymouth-sport-fury\/\">Plymouth Sport Fury '68<\/a><\/h1>\t\t\t\t<\/div>\n\t\t\t\t<\/div>\n\t\t\t\t<div class=\"elementor-element elementor-element-176d463 elementor-widget elementor-widget-heading\" data-id=\"176d463\" data-element_type=\"widget\" data-e-type=\"widget\" data-widget_type=\"heading.default\">\n\t\t\t\t<div class=\"elementor-widget-container\">\n\t\t\t\t\t<div class=\"elementor-heading-title elementor-size-small\">Ein traumhaft sch\u00f6nes und zuverl\u00e4ssiges Full-Size-Coupe f\u00fcr entspanntes Cruisen. Luxus, Beinfreiheit, Leistung und Stil ohne Ende.<\/div>\t\t\t\t<\/div>\n\t\t\t\t<\/div>\n\t\t\t\t\t<\/div>\n\t\t<\/div>\n\t\t\t\t\t<\/div>\n\t\t<\/section>\n\t\t\t\t<section class=\"elementor-section elementor-inner-section elementor-element elementor-element-2e3adc0 elementor-section-content-bottom elementor-section-boxed elementor-section-height-default elementor-section-height-default\" data-id=\"2e3adc0\" data-element_type=\"section\" data-e-type=\"section\">\n\t\t\t\t\t\t<div class=\"elementor-container elementor-column-gap-wider\">\n\t\t\t\t\t<div class=\"elementor-column elementor-col-33 elementor-inner-column elementor-element elementor-element-bf2810d\" data-id=\"bf2810d\" data-element_type=\"column\" data-e-type=\"column\">\n\t\t\t<div class=\"elementor-widget-wrap elementor-element-populated\">\n\t\t\t\t\t\t<div class=\"elementor-element elementor-element-0d9a2d3 elementor-widget elementor-widget-image\" data-id=\"0d9a2d3\" data-element_type=\"widget\" data-e-type=\"widget\" data-widget_type=\"image.default\">\n\t\t\t\t<div class=\"elementor-widget-container\">\n\t\t\t\t\t\t\t\t\t\t\t\t\t\t\t\t<a href=\"https:\/\/lunicars.com\/en\/fahrzeuge\/1983-pininfarina-124-ds-spyder\/\">\n\t\t\t\t\t\t\t<img loading=\"lazy\" decoding=\"async\" width=\"1732\" height=\"1155\" src=\"https:\/\/lunicars.com\/wp-content\/uploads\/2024\/10\/1983-Pininfarina-124-DS-Spyder-08.jpg\" class=\"elementor-animation-grow attachment-2048x2048 size-2048x2048 wp-image-41921\" alt=\"\" srcset=\"https:\/\/lunicars.com\/wp-content\/uploads\/2024\/10\/1983-Pininfarina-124-DS-Spyder-08.jpg 1732w, https:\/\/lunicars.com\/wp-content\/uploads\/2024\/10\/1983-Pininfarina-124-DS-Spyder-08-300x200.jpg 300w, https:\/\/lunicars.com\/wp-content\/uploads\/2024\/10\/1983-Pininfarina-124-DS-Spyder-08-1024x683.jpg 1024w, https:\/\/lunicars.com\/wp-content\/uploads\/2024\/10\/1983-Pininfarina-124-DS-Spyder-08-768x512.jpg 768w, https:\/\/lunicars.com\/wp-content\/uploads\/2024\/10\/1983-Pininfarina-124-DS-Spyder-08-1536x1024.jpg 1536w\" sizes=\"auto, (max-width: 1732px) 100vw, 1732px\" \/>\t\t\t\t\t\t\t\t<\/a>\n\t\t\t\t\t\t\t\t\t\t\t\t\t\t\t<\/div>\n\t\t\t\t<\/div>\n\t\t\t\t\t<\/div>\n\t\t<\/div>\n\t\t\t\t<div class=\"elementor-column elementor-col-66 elementor-inner-column elementor-element elementor-element-848b806\" data-id=\"848b806\" data-element_type=\"column\" data-e-type=\"column\">\n\t\t\t<div class=\"elementor-widget-wrap elementor-element-populated\">\n\t\t\t\t\t\t<div class=\"elementor-element elementor-element-4be643e elementor-widget elementor-widget-heading\" data-id=\"4be643e\" data-element_type=\"widget\" data-e-type=\"widget\" data-widget_type=\"heading.default\">\n\t\t\t\t<div class=\"elementor-widget-container\">\n\t\t\t\t\t<div class=\"elementor-heading-title elementor-size-small\"><font color=\"#c48a02\">Sold<\/font><\/div>\t\t\t\t<\/div>\n\t\t\t\t<\/div>\n\t\t\t\t<div class=\"elementor-element elementor-element-0138212 elementor-widget elementor-widget-heading\" data-id=\"0138212\" data-element_type=\"widget\" data-e-type=\"widget\" data-widget_type=\"heading.default\">\n\t\t\t\t<div class=\"elementor-widget-container\">\n\t\t\t\t\t<h1 class=\"elementor-heading-title elementor-size-default\"><a href=\"https:\/\/lunicars.com\/en\/fahrzeuge\/1983-pininfarina-124-ds-spyder\/\">Pininfarina 124 DS Spyder '83<\/a><\/h1>\t\t\t\t<\/div>\n\t\t\t\t<\/div>\n\t\t\t\t<div class=\"elementor-element elementor-element-d68b82d elementor-widget elementor-widget-heading\" data-id=\"d68b82d\" data-element_type=\"widget\" data-e-type=\"widget\" data-widget_type=\"heading.default\">\n\t\t\t\t<div class=\"elementor-widget-container\">\n\t\t\t\t\t<div class=\"elementor-heading-title elementor-size-small\">Fahrdynamisch, zeitlos elegant, zuverl\u00e4ssig UND Italiener? Der Pininfarina (Fiat) 124 ist der unbestrittene Beweis.<\/div>\t\t\t\t<\/div>\n\t\t\t\t<\/div>\n\t\t\t\t\t<\/div>\n\t\t<\/div>\n\t\t\t\t\t<\/div>\n\t\t<\/section>\n\t\t\t\t<section class=\"elementor-section elementor-inner-section elementor-element elementor-element-7c117b4 elementor-section-content-bottom elementor-section-boxed elementor-section-height-default elementor-section-height-default\" data-id=\"7c117b4\" data-element_type=\"section\" data-e-type=\"section\">\n\t\t\t\t\t\t<div class=\"elementor-container elementor-column-gap-wider\">\n\t\t\t\t\t<div class=\"elementor-column elementor-col-33 elementor-inner-column elementor-element elementor-element-3c23f69\" data-id=\"3c23f69\" data-element_type=\"column\" data-e-type=\"column\">\n\t\t\t<div class=\"elementor-widget-wrap elementor-element-populated\">\n\t\t\t\t\t\t<div class=\"elementor-element elementor-element-ecbd175 elementor-widget elementor-widget-image\" data-id=\"ecbd175\" data-element_type=\"widget\" data-e-type=\"widget\" data-widget_type=\"image.default\">\n\t\t\t\t<div class=\"elementor-widget-container\">\n\t\t\t\t\t\t\t\t\t\t\t\t\t\t\t\t<a href=\"https:\/\/lunicars.com\/en\/fahrzeuge\/1992-mercedes-benz-sl-500-mae\/\">\n\t\t\t\t\t\t\t<img loading=\"lazy\" decoding=\"async\" width=\"1732\" height=\"1155\" src=\"https:\/\/lunicars.com\/wp-content\/uploads\/2024\/09\/1992-Mercedes-Benz-SL-500-MAE-01.jpg\" class=\"elementor-animation-grow attachment-2048x2048 size-2048x2048 wp-image-41653\" alt=\"\" srcset=\"https:\/\/lunicars.com\/wp-content\/uploads\/2024\/09\/1992-Mercedes-Benz-SL-500-MAE-01.jpg 1732w, https:\/\/lunicars.com\/wp-content\/uploads\/2024\/09\/1992-Mercedes-Benz-SL-500-MAE-01-300x200.jpg 300w, https:\/\/lunicars.com\/wp-content\/uploads\/2024\/09\/1992-Mercedes-Benz-SL-500-MAE-01-1024x683.jpg 1024w, https:\/\/lunicars.com\/wp-content\/uploads\/2024\/09\/1992-Mercedes-Benz-SL-500-MAE-01-768x512.jpg 768w, https:\/\/lunicars.com\/wp-content\/uploads\/2024\/09\/1992-Mercedes-Benz-SL-500-MAE-01-1536x1024.jpg 1536w\" sizes=\"auto, (max-width: 1732px) 100vw, 1732px\" \/>\t\t\t\t\t\t\t\t<\/a>\n\t\t\t\t\t\t\t\t\t\t\t\t\t\t\t<\/div>\n\t\t\t\t<\/div>\n\t\t\t\t\t<\/div>\n\t\t<\/div>\n\t\t\t\t<div class=\"elementor-column elementor-col-66 elementor-inner-column elementor-element elementor-element-250799e\" data-id=\"250799e\" data-element_type=\"column\" data-e-type=\"column\">\n\t\t\t<div class=\"elementor-widget-wrap elementor-element-populated\">\n\t\t\t\t\t\t<div class=\"elementor-element elementor-element-e0923e9 elementor-widget elementor-widget-heading\" data-id=\"e0923e9\" data-element_type=\"widget\" data-e-type=\"widget\" data-widget_type=\"heading.default\">\n\t\t\t\t<div class=\"elementor-widget-container\">\n\t\t\t\t\t<div class=\"elementor-heading-title elementor-size-small\"><font color=\"#c48a02\">Sold<\/font><\/div>\t\t\t\t<\/div>\n\t\t\t\t<\/div>\n\t\t\t\t<div class=\"elementor-element elementor-element-4643534 elementor-widget elementor-widget-heading\" data-id=\"4643534\" data-element_type=\"widget\" data-e-type=\"widget\" data-widget_type=\"heading.default\">\n\t\t\t\t<div class=\"elementor-widget-container\">\n\t\t\t\t\t<h1 class=\"elementor-heading-title elementor-size-default\"><a href=\"https:\/\/lunicars.com\/en\/fahrzeuge\/1992-mercedes-benz-sl-500-mae\/\">Mercedes-Benz SL 500 MAE '92<\/a><\/h1>\t\t\t\t<\/div>\n\t\t\t\t<\/div>\n\t\t\t\t<div class=\"elementor-element elementor-element-e6fd86c elementor-widget elementor-widget-heading\" data-id=\"e6fd86c\" data-element_type=\"widget\" data-e-type=\"widget\" data-widget_type=\"heading.default\">\n\t\t\t\t<div class=\"elementor-widget-container\">\n\t\t\t\t\t<div class=\"elementor-heading-title elementor-size-small\">Ein technisches Meisterwerk mit pr\u00e4chtigem F\u00fcnfliter-V8, zeitloser Optik von Bruno Sacco und hochkar\u00e4tigem MAE-Tuning.<\/div>\t\t\t\t<\/div>\n\t\t\t\t<\/div>\n\t\t\t\t\t<\/div>\n\t\t<\/div>\n\t\t\t\t\t<\/div>\n\t\t<\/section>\n\t\t\t\t<section class=\"elementor-section elementor-inner-section elementor-element elementor-element-c5cd3a6 elementor-section-content-bottom elementor-section-boxed elementor-section-height-default elementor-section-height-default\" data-id=\"c5cd3a6\" data-element_type=\"section\" data-e-type=\"section\">\n\t\t\t\t\t\t<div class=\"elementor-container elementor-column-gap-wider\">\n\t\t\t\t\t<div class=\"elementor-column elementor-col-33 elementor-inner-column elementor-element elementor-element-1471aa6\" data-id=\"1471aa6\" data-element_type=\"column\" data-e-type=\"column\">\n\t\t\t<div class=\"elementor-widget-wrap elementor-element-populated\">\n\t\t\t\t\t\t<div class=\"elementor-element elementor-element-327fbfc elementor-widget elementor-widget-image\" data-id=\"327fbfc\" data-element_type=\"widget\" data-e-type=\"widget\" data-widget_type=\"image.default\">\n\t\t\t\t<div class=\"elementor-widget-container\">\n\t\t\t\t\t\t\t\t\t\t\t\t\t\t\t\t<a href=\"https:\/\/lunicars.com\/en\/fahrzeuge\/1973-chevrolet-corvette-c3-weiss\/\">\n\t\t\t\t\t\t\t<img loading=\"lazy\" decoding=\"async\" width=\"1732\" height=\"1155\" src=\"https:\/\/lunicars.com\/wp-content\/uploads\/2024\/04\/1973-Chevrolet-Corvette-C3-weiss-01.jpg\" class=\"elementor-animation-grow attachment-2048x2048 size-2048x2048 wp-image-40368\" alt=\"\" srcset=\"https:\/\/lunicars.com\/wp-content\/uploads\/2024\/04\/1973-Chevrolet-Corvette-C3-weiss-01.jpg 1732w, https:\/\/lunicars.com\/wp-content\/uploads\/2024\/04\/1973-Chevrolet-Corvette-C3-weiss-01-300x200.jpg 300w, https:\/\/lunicars.com\/wp-content\/uploads\/2024\/04\/1973-Chevrolet-Corvette-C3-weiss-01-1024x683.jpg 1024w, https:\/\/lunicars.com\/wp-content\/uploads\/2024\/04\/1973-Chevrolet-Corvette-C3-weiss-01-768x512.jpg 768w, https:\/\/lunicars.com\/wp-content\/uploads\/2024\/04\/1973-Chevrolet-Corvette-C3-weiss-01-1536x1024.jpg 1536w\" sizes=\"auto, (max-width: 1732px) 100vw, 1732px\" \/>\t\t\t\t\t\t\t\t<\/a>\n\t\t\t\t\t\t\t\t\t\t\t\t\t\t\t<\/div>\n\t\t\t\t<\/div>\n\t\t\t\t\t<\/div>\n\t\t<\/div>\n\t\t\t\t<div class=\"elementor-column elementor-col-66 elementor-inner-column elementor-element elementor-element-e487658\" data-id=\"e487658\" data-element_type=\"column\" data-e-type=\"column\">\n\t\t\t<div class=\"elementor-widget-wrap elementor-element-populated\">\n\t\t\t\t\t\t<div class=\"elementor-element elementor-element-8d630df elementor-widget elementor-widget-heading\" data-id=\"8d630df\" data-element_type=\"widget\" data-e-type=\"widget\" data-widget_type=\"heading.default\">\n\t\t\t\t<div class=\"elementor-widget-container\">\n\t\t\t\t\t<div class=\"elementor-heading-title elementor-size-small\"><font color=\"#c48a02\">Sold<\/font><\/div>\t\t\t\t<\/div>\n\t\t\t\t<\/div>\n\t\t\t\t<div class=\"elementor-element elementor-element-8ed6a73 elementor-widget elementor-widget-heading\" data-id=\"8ed6a73\" data-element_type=\"widget\" data-e-type=\"widget\" data-widget_type=\"heading.default\">\n\t\t\t\t<div class=\"elementor-widget-container\">\n\t\t\t\t\t<h1 class=\"elementor-heading-title elementor-size-default\"><a href=\"https:\/\/lunicars.com\/en\/fahrzeuge\/1973-chevrolet-corvette-c3-weiss\/\">Chevrolet Corvette C3 '73<\/a><\/h1>\t\t\t\t<\/div>\n\t\t\t\t<\/div>\n\t\t\t\t<div class=\"elementor-element elementor-element-d614d74 elementor-widget elementor-widget-heading\" data-id=\"d614d74\" data-element_type=\"widget\" data-e-type=\"widget\" data-widget_type=\"heading.default\">\n\t\t\t\t<div class=\"elementor-widget-container\">\n\t\t\t\t\t<div class=\"elementor-heading-title elementor-size-small\">Veteranengepr\u00fcft und mit sehr vielen Neuteilen ausgestattet, bietet diese C3 viel Handlungsspielraum.<\/div>\t\t\t\t<\/div>\n\t\t\t\t<\/div>\n\t\t\t\t\t<\/div>\n\t\t<\/div>\n\t\t\t\t\t<\/div>\n\t\t<\/section>\n\t\t\t\t<section class=\"elementor-section elementor-inner-section elementor-element elementor-element-adc4cf8 elementor-section-content-bottom elementor-section-boxed elementor-section-height-default elementor-section-height-default\" data-id=\"adc4cf8\" data-element_type=\"section\" data-e-type=\"section\">\n\t\t\t\t\t\t<div class=\"elementor-container elementor-column-gap-wider\">\n\t\t\t\t\t<div class=\"elementor-column elementor-col-33 elementor-inner-column elementor-element elementor-element-7fc04a3\" data-id=\"7fc04a3\" data-element_type=\"column\" data-e-type=\"column\">\n\t\t\t<div class=\"elementor-widget-wrap elementor-element-populated\">\n\t\t\t\t\t\t<div class=\"elementor-element elementor-element-41501d2 elementor-widget elementor-widget-image\" data-id=\"41501d2\" data-element_type=\"widget\" data-e-type=\"widget\" data-widget_type=\"image.default\">\n\t\t\t\t<div class=\"elementor-widget-container\">\n\t\t\t\t\t\t\t\t\t\t\t\t\t\t\t\t<a href=\"https:\/\/lunicars.com\/en\/fahrzeuge\/2005-chevrolet-corvette-c6-convertible\/\">\n\t\t\t\t\t\t\t<img loading=\"lazy\" decoding=\"async\" width=\"1732\" height=\"1155\" src=\"https:\/\/lunicars.com\/wp-content\/uploads\/2024\/04\/2005-Chevrolet-Corvette-C6-Convertible-25.jpg\" class=\"elementor-animation-grow attachment-2048x2048 size-2048x2048 wp-image-40561\" alt=\"\" srcset=\"https:\/\/lunicars.com\/wp-content\/uploads\/2024\/04\/2005-Chevrolet-Corvette-C6-Convertible-25.jpg 1732w, https:\/\/lunicars.com\/wp-content\/uploads\/2024\/04\/2005-Chevrolet-Corvette-C6-Convertible-25-300x200.jpg 300w, https:\/\/lunicars.com\/wp-content\/uploads\/2024\/04\/2005-Chevrolet-Corvette-C6-Convertible-25-1024x683.jpg 1024w, https:\/\/lunicars.com\/wp-content\/uploads\/2024\/04\/2005-Chevrolet-Corvette-C6-Convertible-25-768x512.jpg 768w, https:\/\/lunicars.com\/wp-content\/uploads\/2024\/04\/2005-Chevrolet-Corvette-C6-Convertible-25-1536x1024.jpg 1536w\" sizes=\"auto, (max-width: 1732px) 100vw, 1732px\" \/>\t\t\t\t\t\t\t\t<\/a>\n\t\t\t\t\t\t\t\t\t\t\t\t\t\t\t<\/div>\n\t\t\t\t<\/div>\n\t\t\t\t\t<\/div>\n\t\t<\/div>\n\t\t\t\t<div class=\"elementor-column elementor-col-66 elementor-inner-column elementor-element elementor-element-99d69d4\" data-id=\"99d69d4\" data-element_type=\"column\" data-e-type=\"column\">\n\t\t\t<div class=\"elementor-widget-wrap elementor-element-populated\">\n\t\t\t\t\t\t<div class=\"elementor-element elementor-element-80b38d2 elementor-widget elementor-widget-heading\" data-id=\"80b38d2\" data-element_type=\"widget\" data-e-type=\"widget\" data-widget_type=\"heading.default\">\n\t\t\t\t<div class=\"elementor-widget-container\">\n\t\t\t\t\t<div class=\"elementor-heading-title elementor-size-small\"><font color=\"#c48a02\">Sold<\/font><\/div>\t\t\t\t<\/div>\n\t\t\t\t<\/div>\n\t\t\t\t<div class=\"elementor-element elementor-element-f400ce3 elementor-widget elementor-widget-heading\" data-id=\"f400ce3\" data-element_type=\"widget\" data-e-type=\"widget\" data-widget_type=\"heading.default\">\n\t\t\t\t<div class=\"elementor-widget-container\">\n\t\t\t\t\t<h1 class=\"elementor-heading-title elementor-size-default\"><a href=\"https:\/\/lunicars.com\/en\/fahrzeuge\/2005-chevrolet-corvette-c6-convertible\/\">Chevrolet Corvette C6 Convertible '05<\/a><\/h1>\t\t\t\t<\/div>\n\t\t\t\t<\/div>\n\t\t\t\t<div class=\"elementor-element elementor-element-3884359 elementor-widget elementor-widget-heading\" data-id=\"3884359\" data-element_type=\"widget\" data-e-type=\"widget\" data-widget_type=\"heading.default\">\n\t\t\t\t<div class=\"elementor-widget-container\">\n\t\t\t\t\t<div class=\"elementor-heading-title elementor-size-small\">Schick, schnell und alltagstauglich: Die Corvette C6 bietet zuverl\u00e4ssigen Fahrspass f\u00fcr ambitionierte FahrerInnen.<\/div>\t\t\t\t<\/div>\n\t\t\t\t<\/div>\n\t\t\t\t\t<\/div>\n\t\t<\/div>\n\t\t\t\t\t<\/div>\n\t\t<\/section>\n\t\t\t\t<section class=\"elementor-section elementor-inner-section elementor-element elementor-element-07505f3 elementor-section-content-bottom elementor-section-boxed elementor-section-height-default elementor-section-height-default\" data-id=\"07505f3\" data-element_type=\"section\" data-e-type=\"section\">\n\t\t\t\t\t\t<div class=\"elementor-container elementor-column-gap-wider\">\n\t\t\t\t\t<div class=\"elementor-column elementor-col-33 elementor-inner-column elementor-element elementor-element-45d1bd3\" data-id=\"45d1bd3\" data-element_type=\"column\" data-e-type=\"column\">\n\t\t\t<div class=\"elementor-widget-wrap elementor-element-populated\">\n\t\t\t\t\t\t<div class=\"elementor-element elementor-element-6351844 elementor-widget elementor-widget-image\" data-id=\"6351844\" data-element_type=\"widget\" data-e-type=\"widget\" data-widget_type=\"image.default\">\n\t\t\t\t<div class=\"elementor-widget-container\">\n\t\t\t\t\t\t\t\t\t\t\t\t\t\t\t\t<a href=\"https:\/\/lunicars.com\/en\/fahrzeuge\/1989-vw-t3-typ-2-joker\/\">\n\t\t\t\t\t\t\t<img loading=\"lazy\" decoding=\"async\" width=\"1732\" height=\"1155\" src=\"https:\/\/lunicars.com\/wp-content\/uploads\/2024\/09\/1989-VW-T3-Typ-2-Joker-02.jpg\" class=\"elementor-animation-grow attachment-2048x2048 size-2048x2048 wp-image-41703\" alt=\"\" srcset=\"https:\/\/lunicars.com\/wp-content\/uploads\/2024\/09\/1989-VW-T3-Typ-2-Joker-02.jpg 1732w, https:\/\/lunicars.com\/wp-content\/uploads\/2024\/09\/1989-VW-T3-Typ-2-Joker-02-300x200.jpg 300w, https:\/\/lunicars.com\/wp-content\/uploads\/2024\/09\/1989-VW-T3-Typ-2-Joker-02-1024x683.jpg 1024w, https:\/\/lunicars.com\/wp-content\/uploads\/2024\/09\/1989-VW-T3-Typ-2-Joker-02-768x512.jpg 768w, https:\/\/lunicars.com\/wp-content\/uploads\/2024\/09\/1989-VW-T3-Typ-2-Joker-02-1536x1024.jpg 1536w\" sizes=\"auto, (max-width: 1732px) 100vw, 1732px\" \/>\t\t\t\t\t\t\t\t<\/a>\n\t\t\t\t\t\t\t\t\t\t\t\t\t\t\t<\/div>\n\t\t\t\t<\/div>\n\t\t\t\t\t<\/div>\n\t\t<\/div>\n\t\t\t\t<div class=\"elementor-column elementor-col-66 elementor-inner-column elementor-element elementor-element-7433aaa\" data-id=\"7433aaa\" data-element_type=\"column\" data-e-type=\"column\">\n\t\t\t<div class=\"elementor-widget-wrap elementor-element-populated\">\n\t\t\t\t\t\t<div class=\"elementor-element elementor-element-1c9ed85 elementor-widget elementor-widget-heading\" data-id=\"1c9ed85\" data-element_type=\"widget\" data-e-type=\"widget\" data-widget_type=\"heading.default\">\n\t\t\t\t<div class=\"elementor-widget-container\">\n\t\t\t\t\t<div class=\"elementor-heading-title elementor-size-small\"><font color=\"#c48a02\">Sold<\/font><\/div>\t\t\t\t<\/div>\n\t\t\t\t<\/div>\n\t\t\t\t<div class=\"elementor-element elementor-element-bf6e308 elementor-widget elementor-widget-heading\" data-id=\"bf6e308\" data-element_type=\"widget\" data-e-type=\"widget\" data-widget_type=\"heading.default\">\n\t\t\t\t<div class=\"elementor-widget-container\">\n\t\t\t\t\t<h1 class=\"elementor-heading-title elementor-size-default\"><a href=\"https:\/\/lunicars.com\/en\/fahrzeuge\/1989-vw-t3-typ-2-joker\/\">VW T3 Westfalia Joker '92<\/a><\/h1>\t\t\t\t<\/div>\n\t\t\t\t<\/div>\n\t\t\t\t<div class=\"elementor-element elementor-element-3c55101 elementor-widget elementor-widget-heading\" data-id=\"3c55101\" data-element_type=\"widget\" data-e-type=\"widget\" data-widget_type=\"heading.default\">\n\t\t\t\t<div class=\"elementor-widget-container\">\n\t\t\t\t\t<div class=\"elementor-heading-title elementor-size-small\">Wenn das Abenteuer schon beim Einsteigen beginnt: Der T3 Joker ist der wendige Camper f\u00fcr alle, die den Charme dem Luxus vorziehen.<\/div>\t\t\t\t<\/div>\n\t\t\t\t<\/div>\n\t\t\t\t\t<\/div>\n\t\t<\/div>\n\t\t\t\t\t<\/div>\n\t\t<\/section>\n\t\t\t\t<section class=\"elementor-section elementor-inner-section elementor-element elementor-element-928678d elementor-section-content-bottom elementor-section-boxed elementor-section-height-default elementor-section-height-default\" data-id=\"928678d\" data-element_type=\"section\" data-e-type=\"section\">\n\t\t\t\t\t\t<div class=\"elementor-container elementor-column-gap-wider\">\n\t\t\t\t\t<div class=\"elementor-column elementor-col-33 elementor-inner-column elementor-element elementor-element-ba83881\" data-id=\"ba83881\" data-element_type=\"column\" data-e-type=\"column\">\n\t\t\t<div class=\"elementor-widget-wrap elementor-element-populated\">\n\t\t\t\t\t\t<div class=\"elementor-element elementor-element-c67be5d elementor-widget elementor-widget-image\" data-id=\"c67be5d\" data-element_type=\"widget\" data-e-type=\"widget\" data-widget_type=\"image.default\">\n\t\t\t\t<div class=\"elementor-widget-container\">\n\t\t\t\t\t\t\t\t\t\t\t\t\t\t\t\t<a href=\"https:\/\/lunicars.com\/en\/fahrzeuge\/1969-morris-mini-cooper-1000\/\">\n\t\t\t\t\t\t\t<img loading=\"lazy\" decoding=\"async\" width=\"1732\" height=\"1155\" src=\"https:\/\/lunicars.com\/wp-content\/uploads\/2024\/09\/1969-Morris-Mini-Cooper-1000-02.jpg\" class=\"elementor-animation-grow attachment-2048x2048 size-2048x2048 wp-image-41582\" alt=\"\" srcset=\"https:\/\/lunicars.com\/wp-content\/uploads\/2024\/09\/1969-Morris-Mini-Cooper-1000-02.jpg 1732w, https:\/\/lunicars.com\/wp-content\/uploads\/2024\/09\/1969-Morris-Mini-Cooper-1000-02-300x200.jpg 300w, https:\/\/lunicars.com\/wp-content\/uploads\/2024\/09\/1969-Morris-Mini-Cooper-1000-02-1024x683.jpg 1024w, https:\/\/lunicars.com\/wp-content\/uploads\/2024\/09\/1969-Morris-Mini-Cooper-1000-02-768x512.jpg 768w, https:\/\/lunicars.com\/wp-content\/uploads\/2024\/09\/1969-Morris-Mini-Cooper-1000-02-1536x1024.jpg 1536w\" sizes=\"auto, (max-width: 1732px) 100vw, 1732px\" \/>\t\t\t\t\t\t\t\t<\/a>\n\t\t\t\t\t\t\t\t\t\t\t\t\t\t\t<\/div>\n\t\t\t\t<\/div>\n\t\t\t\t\t<\/div>\n\t\t<\/div>\n\t\t\t\t<div class=\"elementor-column elementor-col-66 elementor-inner-column elementor-element elementor-element-7256f01\" data-id=\"7256f01\" data-element_type=\"column\" data-e-type=\"column\">\n\t\t\t<div class=\"elementor-widget-wrap elementor-element-populated\">\n\t\t\t\t\t\t<div class=\"elementor-element elementor-element-ba8ff89 elementor-widget elementor-widget-heading\" data-id=\"ba8ff89\" data-element_type=\"widget\" data-e-type=\"widget\" data-widget_type=\"heading.default\">\n\t\t\t\t<div class=\"elementor-widget-container\">\n\t\t\t\t\t<div class=\"elementor-heading-title elementor-size-small\"><font color=\"#c48a02\">Sold<\/font><\/div>\t\t\t\t<\/div>\n\t\t\t\t<\/div>\n\t\t\t\t<div class=\"elementor-element elementor-element-058bc00 elementor-widget elementor-widget-heading\" data-id=\"058bc00\" data-element_type=\"widget\" data-e-type=\"widget\" data-widget_type=\"heading.default\">\n\t\t\t\t<div class=\"elementor-widget-container\">\n\t\t\t\t\t<h1 class=\"elementor-heading-title elementor-size-default\"><a href=\"https:\/\/lunicars.com\/en\/fahrzeuge\/1969-morris-mini-cooper-1000\/\">Morris Cooper Mk2 1000 '69<\/a><\/h1>\t\t\t\t<\/div>\n\t\t\t\t<\/div>\n\t\t\t\t<div class=\"elementor-element elementor-element-0c11d8f elementor-widget elementor-widget-heading\" data-id=\"0c11d8f\" data-element_type=\"widget\" data-e-type=\"widget\" data-widget_type=\"heading.default\">\n\t\t\t\t<div class=\"elementor-widget-container\">\n\t\t\t\t\t<div class=\"elementor-heading-title elementor-size-small\">Fachm\u00e4nnisch restauriert und rundum in einem hervorragenden Zustand. Ein spritziger Klassiker mit Charme und sportlichen Genen.<\/div>\t\t\t\t<\/div>\n\t\t\t\t<\/div>\n\t\t\t\t\t<\/div>\n\t\t<\/div>\n\t\t\t\t\t<\/div>\n\t\t<\/section>\n\t\t\t\t<section class=\"elementor-section elementor-inner-section elementor-element elementor-element-c4a3ebb elementor-section-content-bottom elementor-section-boxed elementor-section-height-default elementor-section-height-default\" data-id=\"c4a3ebb\" data-element_type=\"section\" data-e-type=\"section\">\n\t\t\t\t\t\t<div class=\"elementor-container elementor-column-gap-wider\">\n\t\t\t\t\t<div class=\"elementor-column elementor-col-33 elementor-inner-column elementor-element elementor-element-829ed4a\" data-id=\"829ed4a\" data-element_type=\"column\" data-e-type=\"column\">\n\t\t\t<div class=\"elementor-widget-wrap elementor-element-populated\">\n\t\t\t\t\t\t<div class=\"elementor-element elementor-element-03c5ae8 elementor-widget elementor-widget-image\" data-id=\"03c5ae8\" data-element_type=\"widget\" data-e-type=\"widget\" data-widget_type=\"image.default\">\n\t\t\t\t<div class=\"elementor-widget-container\">\n\t\t\t\t\t\t\t\t\t\t\t\t\t\t\t\t<a href=\"https:\/\/lunicars.com\/en\/fahrzeuge\/1999-audi-a4-1-8t-quattro\/\">\n\t\t\t\t\t\t\t<img loading=\"lazy\" decoding=\"async\" width=\"2048\" height=\"1366\" src=\"https:\/\/lunicars.com\/wp-content\/uploads\/2023\/07\/1999-Audi-A4-1.8T-quattro-04-2048x1366.jpg\" class=\"elementor-animation-grow attachment-2048x2048 size-2048x2048 wp-image-37920\" alt=\"\" srcset=\"https:\/\/lunicars.com\/wp-content\/uploads\/2023\/07\/1999-Audi-A4-1.8T-quattro-04-2048x1366.jpg 2048w, https:\/\/lunicars.com\/wp-content\/uploads\/2023\/07\/1999-Audi-A4-1.8T-quattro-04-300x200.jpg 300w, https:\/\/lunicars.com\/wp-content\/uploads\/2023\/07\/1999-Audi-A4-1.8T-quattro-04-1024x683.jpg 1024w, https:\/\/lunicars.com\/wp-content\/uploads\/2023\/07\/1999-Audi-A4-1.8T-quattro-04-768x512.jpg 768w, https:\/\/lunicars.com\/wp-content\/uploads\/2023\/07\/1999-Audi-A4-1.8T-quattro-04-1536x1024.jpg 1536w\" sizes=\"auto, (max-width: 2048px) 100vw, 2048px\" \/>\t\t\t\t\t\t\t\t<\/a>\n\t\t\t\t\t\t\t\t\t\t\t\t\t\t\t<\/div>\n\t\t\t\t<\/div>\n\t\t\t\t\t<\/div>\n\t\t<\/div>\n\t\t\t\t<div class=\"elementor-column elementor-col-66 elementor-inner-column elementor-element elementor-element-089fd71\" data-id=\"089fd71\" data-element_type=\"column\" data-e-type=\"column\">\n\t\t\t<div class=\"elementor-widget-wrap elementor-element-populated\">\n\t\t\t\t\t\t<div class=\"elementor-element elementor-element-2cd7379 elementor-widget elementor-widget-heading\" data-id=\"2cd7379\" data-element_type=\"widget\" data-e-type=\"widget\" data-widget_type=\"heading.default\">\n\t\t\t\t<div class=\"elementor-widget-container\">\n\t\t\t\t\t<div class=\"elementor-heading-title elementor-size-small\"><font color=\"#c48a02\">Sold<\/font><\/div>\t\t\t\t<\/div>\n\t\t\t\t<\/div>\n\t\t\t\t<div class=\"elementor-element elementor-element-fe2851c elementor-widget elementor-widget-heading\" data-id=\"fe2851c\" data-element_type=\"widget\" data-e-type=\"widget\" data-widget_type=\"heading.default\">\n\t\t\t\t<div class=\"elementor-widget-container\">\n\t\t\t\t\t<h1 class=\"elementor-heading-title elementor-size-default\"><a href=\"https:\/\/lunicars.com\/en\/fahrzeuge\/1999-audi-a4-1-8t-quattro\/\">Audi A4 1.8T quattro '99<\/a><\/h1>\t\t\t\t<\/div>\n\t\t\t\t<\/div>\n\t\t\t\t<div class=\"elementor-element elementor-element-fac4c82 elementor-widget elementor-widget-heading\" data-id=\"fac4c82\" data-element_type=\"widget\" data-e-type=\"widget\" data-widget_type=\"heading.default\">\n\t\t\t\t<div class=\"elementor-widget-container\">\n\t\t\t\t\t<div class=\"elementor-heading-title elementor-size-small\">Top workmanship, rust-free, rare and with all original parts: The first all-wheel-drive A4 with turbo and low mileage.<\/div>\t\t\t\t<\/div>\n\t\t\t\t<\/div>\n\t\t\t\t\t<\/div>\n\t\t<\/div>\n\t\t\t\t\t<\/div>\n\t\t<\/section>\n\t\t\t\t<section class=\"elementor-section elementor-inner-section elementor-element elementor-element-4883db6 elementor-section-content-bottom elementor-section-boxed elementor-section-height-default elementor-section-height-default\" data-id=\"4883db6\" data-element_type=\"section\" data-e-type=\"section\">\n\t\t\t\t\t\t<div class=\"elementor-container elementor-column-gap-wider\">\n\t\t\t\t\t<div class=\"elementor-column elementor-col-33 elementor-inner-column elementor-element elementor-element-958a203\" data-id=\"958a203\" data-element_type=\"column\" data-e-type=\"column\">\n\t\t\t<div class=\"elementor-widget-wrap elementor-element-populated\">\n\t\t\t\t\t\t<div class=\"elementor-element elementor-element-ec15326 elementor-widget elementor-widget-image\" data-id=\"ec15326\" data-element_type=\"widget\" data-e-type=\"widget\" data-widget_type=\"image.default\">\n\t\t\t\t<div class=\"elementor-widget-container\">\n\t\t\t\t\t\t\t\t\t\t\t\t\t\t\t\t<a href=\"https:\/\/lunicars.com\/en\/fahrzeuge\/1979-opel-ascona-b-2000-sr\/\">\n\t\t\t\t\t\t\t<img loading=\"lazy\" decoding=\"async\" width=\"1732\" height=\"1155\" src=\"https:\/\/lunicars.com\/wp-content\/uploads\/2024\/09\/1979-Opel-Ascona-B-2000-SR-01.jpg\" class=\"elementor-animation-grow attachment-2048x2048 size-2048x2048 wp-image-41502\" alt=\"\" srcset=\"https:\/\/lunicars.com\/wp-content\/uploads\/2024\/09\/1979-Opel-Ascona-B-2000-SR-01.jpg 1732w, https:\/\/lunicars.com\/wp-content\/uploads\/2024\/09\/1979-Opel-Ascona-B-2000-SR-01-300x200.jpg 300w, https:\/\/lunicars.com\/wp-content\/uploads\/2024\/09\/1979-Opel-Ascona-B-2000-SR-01-1024x683.jpg 1024w, https:\/\/lunicars.com\/wp-content\/uploads\/2024\/09\/1979-Opel-Ascona-B-2000-SR-01-768x512.jpg 768w, https:\/\/lunicars.com\/wp-content\/uploads\/2024\/09\/1979-Opel-Ascona-B-2000-SR-01-1536x1024.jpg 1536w\" sizes=\"auto, (max-width: 1732px) 100vw, 1732px\" \/>\t\t\t\t\t\t\t\t<\/a>\n\t\t\t\t\t\t\t\t\t\t\t\t\t\t\t<\/div>\n\t\t\t\t<\/div>\n\t\t\t\t\t<\/div>\n\t\t<\/div>\n\t\t\t\t<div class=\"elementor-column elementor-col-66 elementor-inner-column elementor-element elementor-element-1a7b68c\" data-id=\"1a7b68c\" data-element_type=\"column\" data-e-type=\"column\">\n\t\t\t<div class=\"elementor-widget-wrap elementor-element-populated\">\n\t\t\t\t\t\t<div class=\"elementor-element elementor-element-39dae04 elementor-widget elementor-widget-heading\" data-id=\"39dae04\" data-element_type=\"widget\" data-e-type=\"widget\" data-widget_type=\"heading.default\">\n\t\t\t\t<div class=\"elementor-widget-container\">\n\t\t\t\t\t<div class=\"elementor-heading-title elementor-size-small\"><font color=\"#c48a02\">Sold<\/font><\/div>\t\t\t\t<\/div>\n\t\t\t\t<\/div>\n\t\t\t\t<div class=\"elementor-element elementor-element-f84dfa4 elementor-widget elementor-widget-heading\" data-id=\"f84dfa4\" data-element_type=\"widget\" data-e-type=\"widget\" data-widget_type=\"heading.default\">\n\t\t\t\t<div class=\"elementor-widget-container\">\n\t\t\t\t\t<h1 class=\"elementor-heading-title elementor-size-default\"><a href=\"https:\/\/lunicars.com\/en\/fahrzeuge\/1979-opel-ascona-b-2000-sr\/\">Opel Ascona B 2000 SR '79<\/a><\/h1>\t\t\t\t<\/div>\n\t\t\t\t<\/div>\n\t\t\t\t<div class=\"elementor-element elementor-element-fba4c38 elementor-widget elementor-widget-heading\" data-id=\"fba4c38\" data-element_type=\"widget\" data-e-type=\"widget\" data-widget_type=\"heading.default\">\n\t\t\t\t<div class=\"elementor-widget-container\">\n\t\t\t\t\t<div class=\"elementor-heading-title elementor-size-small\">Ein \u00e4usserst seltener Opel Ascona B als sportlicher SR aus erster Sammlerhand und in unrestauriertem Originalzustand.<\/div>\t\t\t\t<\/div>\n\t\t\t\t<\/div>\n\t\t\t\t\t<\/div>\n\t\t<\/div>\n\t\t\t\t\t<\/div>\n\t\t<\/section>\n\t\t\t\t<section class=\"elementor-section elementor-inner-section elementor-element elementor-element-439eb35 elementor-section-content-bottom elementor-section-boxed elementor-section-height-default elementor-section-height-default\" data-id=\"439eb35\" data-element_type=\"section\" data-e-type=\"section\">\n\t\t\t\t\t\t<div class=\"elementor-container elementor-column-gap-wider\">\n\t\t\t\t\t<div class=\"elementor-column elementor-col-33 elementor-inner-column elementor-element elementor-element-cc90f64\" data-id=\"cc90f64\" data-element_type=\"column\" data-e-type=\"column\">\n\t\t\t<div class=\"elementor-widget-wrap elementor-element-populated\">\n\t\t\t\t\t\t<div class=\"elementor-element elementor-element-01c2711 elementor-widget elementor-widget-image\" data-id=\"01c2711\" data-element_type=\"widget\" data-e-type=\"widget\" data-widget_type=\"image.default\">\n\t\t\t\t<div class=\"elementor-widget-container\">\n\t\t\t\t\t\t\t\t\t\t\t\t\t\t\t\t<a href=\"https:\/\/lunicars.com\/en\/fahrzeuge\/1991-bmw-525i-e34\/\">\n\t\t\t\t\t\t\t<img loading=\"lazy\" decoding=\"async\" width=\"2048\" height=\"1366\" src=\"https:\/\/lunicars.com\/wp-content\/uploads\/2023\/10\/1991-BMW-525i-E34-01-2048x1366.jpg\" class=\"elementor-animation-grow attachment-2048x2048 size-2048x2048 wp-image-38744\" alt=\"\" srcset=\"https:\/\/lunicars.com\/wp-content\/uploads\/2023\/10\/1991-BMW-525i-E34-01-2048x1366.jpg 2048w, https:\/\/lunicars.com\/wp-content\/uploads\/2023\/10\/1991-BMW-525i-E34-01-300x200.jpg 300w, https:\/\/lunicars.com\/wp-content\/uploads\/2023\/10\/1991-BMW-525i-E34-01-1024x683.jpg 1024w, https:\/\/lunicars.com\/wp-content\/uploads\/2023\/10\/1991-BMW-525i-E34-01-768x512.jpg 768w, https:\/\/lunicars.com\/wp-content\/uploads\/2023\/10\/1991-BMW-525i-E34-01-1536x1024.jpg 1536w\" sizes=\"auto, (max-width: 2048px) 100vw, 2048px\" \/>\t\t\t\t\t\t\t\t<\/a>\n\t\t\t\t\t\t\t\t\t\t\t\t\t\t\t<\/div>\n\t\t\t\t<\/div>\n\t\t\t\t\t<\/div>\n\t\t<\/div>\n\t\t\t\t<div class=\"elementor-column elementor-col-66 elementor-inner-column elementor-element elementor-element-54cf493\" data-id=\"54cf493\" data-element_type=\"column\" data-e-type=\"column\">\n\t\t\t<div class=\"elementor-widget-wrap elementor-element-populated\">\n\t\t\t\t\t\t<div class=\"elementor-element elementor-element-d639bc6 elementor-widget elementor-widget-heading\" data-id=\"d639bc6\" data-element_type=\"widget\" data-e-type=\"widget\" data-widget_type=\"heading.default\">\n\t\t\t\t<div class=\"elementor-widget-container\">\n\t\t\t\t\t<div class=\"elementor-heading-title elementor-size-small\"><font color=\"#c48a02\">Sold<\/font><\/div>\t\t\t\t<\/div>\n\t\t\t\t<\/div>\n\t\t\t\t<div class=\"elementor-element elementor-element-f0a9804 elementor-widget elementor-widget-heading\" data-id=\"f0a9804\" data-element_type=\"widget\" data-e-type=\"widget\" data-widget_type=\"heading.default\">\n\t\t\t\t<div class=\"elementor-widget-container\">\n\t\t\t\t\t<h1 class=\"elementor-heading-title elementor-size-default\"><a href=\"https:\/\/lunicars.com\/en\/fahrzeuge\/1991-bmw-525i-e34\/\">BMW 525i 24V '91<\/a><\/h1>\t\t\t\t<\/div>\n\t\t\t\t<\/div>\n\t\t\t\t<div class=\"elementor-element elementor-element-b559bb8 elementor-widget elementor-widget-heading\" data-id=\"b559bb8\" data-element_type=\"widget\" data-e-type=\"widget\" data-widget_type=\"heading.default\">\n\t\t\t\t<div class=\"elementor-widget-container\">\n\t\t\t\t\t<div class=\"elementor-heading-title elementor-size-small\">Tadellos gepflegt und gewartet: Der zuverl\u00e4ssige 525i der E34 Baureihe hat nichts zu verbergen und steht f\u00fcr pure Fahrfreude.<\/div>\t\t\t\t<\/div>\n\t\t\t\t<\/div>\n\t\t\t\t\t<\/div>\n\t\t<\/div>\n\t\t\t\t\t<\/div>\n\t\t<\/section>\n\t\t\t\t<section class=\"elementor-section elementor-inner-section elementor-element elementor-element-b14684b elementor-section-content-bottom elementor-section-boxed elementor-section-height-default elementor-section-height-default\" data-id=\"b14684b\" data-element_type=\"section\" data-e-type=\"section\">\n\t\t\t\t\t\t<div class=\"elementor-container elementor-column-gap-wider\">\n\t\t\t\t\t<div class=\"elementor-column elementor-col-33 elementor-inner-column elementor-element elementor-element-6f8a9e1\" data-id=\"6f8a9e1\" data-element_type=\"column\" data-e-type=\"column\">\n\t\t\t<div class=\"elementor-widget-wrap elementor-element-populated\">\n\t\t\t\t\t\t<div class=\"elementor-element elementor-element-b2ebb6d elementor-widget elementor-widget-image\" data-id=\"b2ebb6d\" data-element_type=\"widget\" data-e-type=\"widget\" data-widget_type=\"image.default\">\n\t\t\t\t<div class=\"elementor-widget-container\">\n\t\t\t\t\t\t\t\t\t\t\t\t\t\t\t\t<a href=\"https:\/\/lunicars.com\/en\/fahrzeuge\/1956-ford-thunderbird-312\/\">\n\t\t\t\t\t\t\t<img loading=\"lazy\" decoding=\"async\" width=\"1732\" height=\"1155\" src=\"https:\/\/lunicars.com\/wp-content\/uploads\/2024\/04\/1956-Ford-Thunderbird-02.jpg\" class=\"elementor-animation-grow attachment-2048x2048 size-2048x2048 wp-image-40274\" alt=\"\" srcset=\"https:\/\/lunicars.com\/wp-content\/uploads\/2024\/04\/1956-Ford-Thunderbird-02.jpg 1732w, https:\/\/lunicars.com\/wp-content\/uploads\/2024\/04\/1956-Ford-Thunderbird-02-300x200.jpg 300w, https:\/\/lunicars.com\/wp-content\/uploads\/2024\/04\/1956-Ford-Thunderbird-02-1024x683.jpg 1024w, https:\/\/lunicars.com\/wp-content\/uploads\/2024\/04\/1956-Ford-Thunderbird-02-768x512.jpg 768w, https:\/\/lunicars.com\/wp-content\/uploads\/2024\/04\/1956-Ford-Thunderbird-02-1536x1024.jpg 1536w\" sizes=\"auto, (max-width: 1732px) 100vw, 1732px\" \/>\t\t\t\t\t\t\t\t<\/a>\n\t\t\t\t\t\t\t\t\t\t\t\t\t\t\t<\/div>\n\t\t\t\t<\/div>\n\t\t\t\t\t<\/div>\n\t\t<\/div>\n\t\t\t\t<div class=\"elementor-column elementor-col-66 elementor-inner-column elementor-element elementor-element-22c4ffd\" data-id=\"22c4ffd\" data-element_type=\"column\" data-e-type=\"column\">\n\t\t\t<div class=\"elementor-widget-wrap elementor-element-populated\">\n\t\t\t\t\t\t<div class=\"elementor-element elementor-element-6f76f33 elementor-widget elementor-widget-heading\" data-id=\"6f76f33\" data-element_type=\"widget\" data-e-type=\"widget\" data-widget_type=\"heading.default\">\n\t\t\t\t<div class=\"elementor-widget-container\">\n\t\t\t\t\t<div class=\"elementor-heading-title elementor-size-small\"><font color=\"#c48a02\">Sold<\/font><\/div>\t\t\t\t<\/div>\n\t\t\t\t<\/div>\n\t\t\t\t<div class=\"elementor-element elementor-element-51ae73e elementor-widget elementor-widget-heading\" data-id=\"51ae73e\" data-element_type=\"widget\" data-e-type=\"widget\" data-widget_type=\"heading.default\">\n\t\t\t\t<div class=\"elementor-widget-container\">\n\t\t\t\t\t<h1 class=\"elementor-heading-title elementor-size-default\"><a href=\"https:\/\/lunicars.com\/en\/fahrzeuge\/1956-ford-thunderbird-312\/\">Ford Thunderbird '63<\/a><\/h1>\t\t\t\t<\/div>\n\t\t\t\t<\/div>\n\t\t\t\t<div class=\"elementor-element elementor-element-e192266 elementor-widget elementor-widget-heading\" data-id=\"e192266\" data-element_type=\"widget\" data-e-type=\"widget\" data-widget_type=\"heading.default\">\n\t\t\t\t<div class=\"elementor-widget-container\">\n\t\t\t\t\t<div class=\"elementor-heading-title elementor-size-small\">Ein klassischer Roadster in absolutem Traumzustand. Die aufw\u00e4ndigste Ford-Restauration, die wir je gesehen haben.<\/div>\t\t\t\t<\/div>\n\t\t\t\t<\/div>\n\t\t\t\t\t<\/div>\n\t\t<\/div>\n\t\t\t\t\t<\/div>\n\t\t<\/section>\n\t\t\t\t<section class=\"elementor-section elementor-inner-section elementor-element elementor-element-ebd3295 elementor-section-content-bottom elementor-section-boxed elementor-section-height-default elementor-section-height-default\" data-id=\"ebd3295\" data-element_type=\"section\" data-e-type=\"section\">\n\t\t\t\t\t\t<div class=\"elementor-container elementor-column-gap-wider\">\n\t\t\t\t\t<div class=\"elementor-column elementor-col-33 elementor-inner-column elementor-element elementor-element-c2a38c7\" data-id=\"c2a38c7\" data-element_type=\"column\" data-e-type=\"column\">\n\t\t\t<div class=\"elementor-widget-wrap elementor-element-populated\">\n\t\t\t\t\t\t<div class=\"elementor-element elementor-element-8c7ec14 elementor-widget elementor-widget-image\" data-id=\"8c7ec14\" data-element_type=\"widget\" data-e-type=\"widget\" data-widget_type=\"image.default\">\n\t\t\t\t<div class=\"elementor-widget-container\">\n\t\t\t\t\t\t\t\t\t\t\t\t\t\t\t\t<a href=\"https:\/\/lunicars.com\/en\/fahrzeuge\/1972-volvo-p1800-es\/\">\n\t\t\t\t\t\t\t<img loading=\"lazy\" decoding=\"async\" width=\"2048\" height=\"1365\" src=\"https:\/\/lunicars.com\/wp-content\/uploads\/2023\/03\/1972-Volvo-P1800-ES-01-2048x1365.jpg\" class=\"elementor-animation-grow attachment-2048x2048 size-2048x2048 wp-image-36530\" alt=\"\" srcset=\"https:\/\/lunicars.com\/wp-content\/uploads\/2023\/03\/1972-Volvo-P1800-ES-01-2048x1365.jpg 2048w, https:\/\/lunicars.com\/wp-content\/uploads\/2023\/03\/1972-Volvo-P1800-ES-01-300x200.jpg 300w, https:\/\/lunicars.com\/wp-content\/uploads\/2023\/03\/1972-Volvo-P1800-ES-01-1024x683.jpg 1024w, https:\/\/lunicars.com\/wp-content\/uploads\/2023\/03\/1972-Volvo-P1800-ES-01-768x512.jpg 768w, https:\/\/lunicars.com\/wp-content\/uploads\/2023\/03\/1972-Volvo-P1800-ES-01-1536x1024.jpg 1536w\" sizes=\"auto, (max-width: 2048px) 100vw, 2048px\" \/>\t\t\t\t\t\t\t\t<\/a>\n\t\t\t\t\t\t\t\t\t\t\t\t\t\t\t<\/div>\n\t\t\t\t<\/div>\n\t\t\t\t\t<\/div>\n\t\t<\/div>\n\t\t\t\t<div class=\"elementor-column elementor-col-66 elementor-inner-column elementor-element elementor-element-fd89c96\" data-id=\"fd89c96\" data-element_type=\"column\" data-e-type=\"column\">\n\t\t\t<div class=\"elementor-widget-wrap elementor-element-populated\">\n\t\t\t\t\t\t<div class=\"elementor-element elementor-element-833425a elementor-widget elementor-widget-heading\" data-id=\"833425a\" data-element_type=\"widget\" data-e-type=\"widget\" data-widget_type=\"heading.default\">\n\t\t\t\t<div class=\"elementor-widget-container\">\n\t\t\t\t\t<div class=\"elementor-heading-title elementor-size-small\"><font color=\"#c48a02\">Sold<\/font><\/div>\t\t\t\t<\/div>\n\t\t\t\t<\/div>\n\t\t\t\t<div class=\"elementor-element elementor-element-56bb599 elementor-widget elementor-widget-heading\" data-id=\"56bb599\" data-element_type=\"widget\" data-e-type=\"widget\" data-widget_type=\"heading.default\">\n\t\t\t\t<div class=\"elementor-widget-container\">\n\t\t\t\t\t<h1 class=\"elementor-heading-title elementor-size-default\"><a href=\"https:\/\/lunicars.com\/en\/fahrzeuge\/1972-volvo-p1800-es\/\">Volvo P1800 ES '73<\/a><\/h1>\t\t\t\t<\/div>\n\t\t\t\t<\/div>\n\t\t\t\t<div class=\"elementor-element elementor-element-f996879 elementor-widget elementor-widget-heading\" data-id=\"f996879\" data-element_type=\"widget\" data-e-type=\"widget\" data-widget_type=\"heading.default\">\n\t\t\t\t<div class=\"elementor-widget-container\">\n\t\t\t\t\t<div class=\"elementor-heading-title elementor-size-small\">Wundersch\u00f6n, anmutig, spritzig und in tadellosem Zustand: Hiermit haben die Schweden Designgeschichte geschrieben.<\/div>\t\t\t\t<\/div>\n\t\t\t\t<\/div>\n\t\t\t\t\t<\/div>\n\t\t<\/div>\n\t\t\t\t\t<\/div>\n\t\t<\/section>\n\t\t\t\t<section class=\"elementor-section elementor-inner-section elementor-element elementor-element-8fdfc23 elementor-section-content-bottom elementor-section-boxed elementor-section-height-default elementor-section-height-default\" data-id=\"8fdfc23\" data-element_type=\"section\" data-e-type=\"section\">\n\t\t\t\t\t\t<div class=\"elementor-container elementor-column-gap-wider\">\n\t\t\t\t\t<div class=\"elementor-column elementor-col-33 elementor-inner-column elementor-element elementor-element-40c8613\" data-id=\"40c8613\" data-element_type=\"column\" data-e-type=\"column\">\n\t\t\t<div class=\"elementor-widget-wrap elementor-element-populated\">\n\t\t\t\t\t\t<div class=\"elementor-element elementor-element-73b1dd7 elementor-widget elementor-widget-image\" data-id=\"73b1dd7\" data-element_type=\"widget\" data-e-type=\"widget\" data-widget_type=\"image.default\">\n\t\t\t\t<div class=\"elementor-widget-container\">\n\t\t\t\t\t\t\t\t\t\t\t\t\t\t\t\t<a href=\"https:\/\/lunicars.com\/en\/fahrzeuge\/1973-mg-b-gt\/\">\n\t\t\t\t\t\t\t<img loading=\"lazy\" decoding=\"async\" width=\"2048\" height=\"1366\" src=\"https:\/\/lunicars.com\/wp-content\/uploads\/2024\/05\/1973-MG-B-GT-01-2048x1366.jpg\" class=\"elementor-animation-grow attachment-2048x2048 size-2048x2048 wp-image-40663\" alt=\"\" srcset=\"https:\/\/lunicars.com\/wp-content\/uploads\/2024\/05\/1973-MG-B-GT-01-2048x1366.jpg 2048w, https:\/\/lunicars.com\/wp-content\/uploads\/2024\/05\/1973-MG-B-GT-01-300x200.jpg 300w, https:\/\/lunicars.com\/wp-content\/uploads\/2024\/05\/1973-MG-B-GT-01-1024x683.jpg 1024w, https:\/\/lunicars.com\/wp-content\/uploads\/2024\/05\/1973-MG-B-GT-01-768x512.jpg 768w, https:\/\/lunicars.com\/wp-content\/uploads\/2024\/05\/1973-MG-B-GT-01-1536x1024.jpg 1536w\" sizes=\"auto, (max-width: 2048px) 100vw, 2048px\" \/>\t\t\t\t\t\t\t\t<\/a>\n\t\t\t\t\t\t\t\t\t\t\t\t\t\t\t<\/div>\n\t\t\t\t<\/div>\n\t\t\t\t\t<\/div>\n\t\t<\/div>\n\t\t\t\t<div class=\"elementor-column elementor-col-66 elementor-inner-column elementor-element elementor-element-e76cb04\" data-id=\"e76cb04\" data-element_type=\"column\" data-e-type=\"column\">\n\t\t\t<div class=\"elementor-widget-wrap elementor-element-populated\">\n\t\t\t\t\t\t<div class=\"elementor-element elementor-element-f76ee94 elementor-widget elementor-widget-heading\" data-id=\"f76ee94\" data-element_type=\"widget\" data-e-type=\"widget\" data-widget_type=\"heading.default\">\n\t\t\t\t<div class=\"elementor-widget-container\">\n\t\t\t\t\t<div class=\"elementor-heading-title elementor-size-small\"><font color=\"#c48a02\">Sold<\/font><\/div>\t\t\t\t<\/div>\n\t\t\t\t<\/div>\n\t\t\t\t<div class=\"elementor-element elementor-element-bd307d7 elementor-widget elementor-widget-heading\" data-id=\"bd307d7\" data-element_type=\"widget\" data-e-type=\"widget\" data-widget_type=\"heading.default\">\n\t\t\t\t<div class=\"elementor-widget-container\">\n\t\t\t\t\t<h1 class=\"elementor-heading-title elementor-size-default\"><a href=\"https:\/\/lunicars.com\/en\/fahrzeuge\/1973-mg-b-gt\/\">MG B GT '73<\/a><\/h1>\t\t\t\t<\/div>\n\t\t\t\t<\/div>\n\t\t\t\t<div class=\"elementor-element elementor-element-90f5c39 elementor-widget elementor-widget-heading\" data-id=\"90f5c39\" data-element_type=\"widget\" data-e-type=\"widget\" data-widget_type=\"heading.default\">\n\t\t\t\t<div class=\"elementor-widget-container\">\n\t\t\t\t\t<div class=\"elementor-heading-title elementor-size-small\">Zeitloses Pininfarina-Design, zuverl\u00e4ssige und robuste Technik und sportliches Fahrgef\u00fchl. Ein beliebter Klassiker f\u00fcr Einsteiger und Profis.<\/div>\t\t\t\t<\/div>\n\t\t\t\t<\/div>\n\t\t\t\t\t<\/div>\n\t\t<\/div>\n\t\t\t\t\t<\/div>\n\t\t<\/section>\n\t\t\t\t<section class=\"elementor-section elementor-inner-section elementor-element elementor-element-6616c13 elementor-section-content-bottom elementor-section-boxed elementor-section-height-default elementor-section-height-default\" data-id=\"6616c13\" data-element_type=\"section\" data-e-type=\"section\">\n\t\t\t\t\t\t<div class=\"elementor-container elementor-column-gap-wider\">\n\t\t\t\t\t<div class=\"elementor-column elementor-col-33 elementor-inner-column elementor-element elementor-element-6713f79\" data-id=\"6713f79\" data-element_type=\"column\" data-e-type=\"column\">\n\t\t\t<div class=\"elementor-widget-wrap elementor-element-populated\">\n\t\t\t\t\t\t<div class=\"elementor-element elementor-element-4695968 elementor-widget elementor-widget-image\" data-id=\"4695968\" data-element_type=\"widget\" data-e-type=\"widget\" data-widget_type=\"image.default\">\n\t\t\t\t<div class=\"elementor-widget-container\">\n\t\t\t\t\t\t\t\t\t\t\t\t\t\t\t\t<a href=\"https:\/\/lunicars.com\/en\/fahrzeuge\/1930-ford-model-a-hotrod\/\">\n\t\t\t\t\t\t\t<img loading=\"lazy\" decoding=\"async\" width=\"1732\" height=\"1155\" src=\"https:\/\/lunicars.com\/wp-content\/uploads\/2024\/02\/1930-Ford-Model-A-Hotrod-01.jpg\" class=\"elementor-animation-grow attachment-2048x2048 size-2048x2048 wp-image-39914\" alt=\"\" srcset=\"https:\/\/lunicars.com\/wp-content\/uploads\/2024\/02\/1930-Ford-Model-A-Hotrod-01.jpg 1732w, https:\/\/lunicars.com\/wp-content\/uploads\/2024\/02\/1930-Ford-Model-A-Hotrod-01-300x200.jpg 300w, https:\/\/lunicars.com\/wp-content\/uploads\/2024\/02\/1930-Ford-Model-A-Hotrod-01-1024x683.jpg 1024w, https:\/\/lunicars.com\/wp-content\/uploads\/2024\/02\/1930-Ford-Model-A-Hotrod-01-768x512.jpg 768w, https:\/\/lunicars.com\/wp-content\/uploads\/2024\/02\/1930-Ford-Model-A-Hotrod-01-1536x1024.jpg 1536w\" sizes=\"auto, (max-width: 1732px) 100vw, 1732px\" \/>\t\t\t\t\t\t\t\t<\/a>\n\t\t\t\t\t\t\t\t\t\t\t\t\t\t\t<\/div>\n\t\t\t\t<\/div>\n\t\t\t\t\t<\/div>\n\t\t<\/div>\n\t\t\t\t<div class=\"elementor-column elementor-col-66 elementor-inner-column elementor-element elementor-element-421c3ec\" data-id=\"421c3ec\" data-element_type=\"column\" data-e-type=\"column\">\n\t\t\t<div class=\"elementor-widget-wrap elementor-element-populated\">\n\t\t\t\t\t\t<div class=\"elementor-element elementor-element-41ff758 elementor-widget elementor-widget-heading\" data-id=\"41ff758\" data-element_type=\"widget\" data-e-type=\"widget\" data-widget_type=\"heading.default\">\n\t\t\t\t<div class=\"elementor-widget-container\">\n\t\t\t\t\t<div class=\"elementor-heading-title elementor-size-small\"><font color=\"#c48a02\">Sold<\/font><\/div>\t\t\t\t<\/div>\n\t\t\t\t<\/div>\n\t\t\t\t<div class=\"elementor-element elementor-element-131441c elementor-widget elementor-widget-heading\" data-id=\"131441c\" data-element_type=\"widget\" data-e-type=\"widget\" data-widget_type=\"heading.default\">\n\t\t\t\t<div class=\"elementor-widget-container\">\n\t\t\t\t\t<h1 class=\"elementor-heading-title elementor-size-default\"><a href=\"https:\/\/lunicars.com\/en\/fahrzeuge\/1930-ford-model-a-hotrod\/\">Ford Model A Hotrod '30<\/a><\/h1>\t\t\t\t<\/div>\n\t\t\t\t<\/div>\n\t\t\t\t<div class=\"elementor-element elementor-element-f9d1d8b elementor-widget elementor-widget-heading\" data-id=\"f9d1d8b\" data-element_type=\"widget\" data-e-type=\"widget\" data-widget_type=\"heading.default\">\n\t\t\t\t<div class=\"elementor-widget-container\">\n\t\t\t\t\t<div class=\"elementor-heading-title elementor-size-small\">Ein Hotrod aus Schweizer Fertigung und frisch als Veteran gepr\u00fcft. Endlose Coolness und Freude, die man kaufen und auch fahren kann.<\/div>\t\t\t\t<\/div>\n\t\t\t\t<\/div>\n\t\t\t\t\t<\/div>\n\t\t<\/div>\n\t\t\t\t\t<\/div>\n\t\t<\/section>\n\t\t\t\t<section class=\"elementor-section elementor-inner-section elementor-element elementor-element-f83d427 elementor-section-content-bottom elementor-section-boxed elementor-section-height-default elementor-section-height-default\" data-id=\"f83d427\" data-element_type=\"section\" data-e-type=\"section\">\n\t\t\t\t\t\t<div class=\"elementor-container elementor-column-gap-wider\">\n\t\t\t\t\t<div class=\"elementor-column elementor-col-33 elementor-inner-column elementor-element elementor-element-8d060e8\" data-id=\"8d060e8\" data-element_type=\"column\" data-e-type=\"column\">\n\t\t\t<div class=\"elementor-widget-wrap elementor-element-populated\">\n\t\t\t\t\t\t<div class=\"elementor-element elementor-element-965e4fc elementor-widget elementor-widget-image\" data-id=\"965e4fc\" data-element_type=\"widget\" data-e-type=\"widget\" data-widget_type=\"image.default\">\n\t\t\t\t<div class=\"elementor-widget-container\">\n\t\t\t\t\t\t\t\t\t\t\t\t\t\t\t\t<a href=\"https:\/\/lunicars.com\/en\/fahrzeuge\/1963-lincoln-continental\/\">\n\t\t\t\t\t\t\t<img loading=\"lazy\" decoding=\"async\" width=\"1732\" height=\"1155\" src=\"https:\/\/lunicars.com\/wp-content\/uploads\/2024\/03\/1963-Lincoln-Continental-01.jpg\" class=\"elementor-animation-grow attachment-2048x2048 size-2048x2048 wp-image-39990\" alt=\"\" srcset=\"https:\/\/lunicars.com\/wp-content\/uploads\/2024\/03\/1963-Lincoln-Continental-01.jpg 1732w, https:\/\/lunicars.com\/wp-content\/uploads\/2024\/03\/1963-Lincoln-Continental-01-300x200.jpg 300w, https:\/\/lunicars.com\/wp-content\/uploads\/2024\/03\/1963-Lincoln-Continental-01-1024x683.jpg 1024w, https:\/\/lunicars.com\/wp-content\/uploads\/2024\/03\/1963-Lincoln-Continental-01-768x512.jpg 768w, https:\/\/lunicars.com\/wp-content\/uploads\/2024\/03\/1963-Lincoln-Continental-01-1536x1024.jpg 1536w\" sizes=\"auto, (max-width: 1732px) 100vw, 1732px\" \/>\t\t\t\t\t\t\t\t<\/a>\n\t\t\t\t\t\t\t\t\t\t\t\t\t\t\t<\/div>\n\t\t\t\t<\/div>\n\t\t\t\t\t<\/div>\n\t\t<\/div>\n\t\t\t\t<div class=\"elementor-column elementor-col-66 elementor-inner-column elementor-element elementor-element-340f5a5\" data-id=\"340f5a5\" data-element_type=\"column\" data-e-type=\"column\">\n\t\t\t<div class=\"elementor-widget-wrap elementor-element-populated\">\n\t\t\t\t\t\t<div class=\"elementor-element elementor-element-40e2a48 elementor-widget elementor-widget-heading\" data-id=\"40e2a48\" data-element_type=\"widget\" data-e-type=\"widget\" data-widget_type=\"heading.default\">\n\t\t\t\t<div class=\"elementor-widget-container\">\n\t\t\t\t\t<div class=\"elementor-heading-title elementor-size-small\"><font color=\"#c48a02\">Sold<\/font><\/div>\t\t\t\t<\/div>\n\t\t\t\t<\/div>\n\t\t\t\t<div class=\"elementor-element elementor-element-06c7a67 elementor-widget elementor-widget-heading\" data-id=\"06c7a67\" data-element_type=\"widget\" data-e-type=\"widget\" data-widget_type=\"heading.default\">\n\t\t\t\t<div class=\"elementor-widget-container\">\n\t\t\t\t\t<h1 class=\"elementor-heading-title elementor-size-default\"><a href=\"https:\/\/lunicars.com\/en\/fahrzeuge\/1963-lincoln-continental\/\">Lincoln Continental '63<\/a><\/h1>\t\t\t\t<\/div>\n\t\t\t\t<\/div>\n\t\t\t\t<div class=\"elementor-element elementor-element-373d373 elementor-widget elementor-widget-heading\" data-id=\"373d373\" data-element_type=\"widget\" data-e-type=\"widget\" data-widget_type=\"heading.default\">\n\t\t\t\t<div class=\"elementor-widget-container\">\n\t\t\t\t\t<div class=\"elementor-heading-title elementor-size-small\">Elegant, bequem und luxuri\u00f6s unterwegs. In diesem Wagen f\u00fchlt man sich sorglos und gut aufgehoben. Ab Service und Veteranen-MFK.<\/div>\t\t\t\t<\/div>\n\t\t\t\t<\/div>\n\t\t\t\t\t<\/div>\n\t\t<\/div>\n\t\t\t\t\t<\/div>\n\t\t<\/section>\n\t\t\t\t<section class=\"elementor-section elementor-inner-section elementor-element elementor-element-a1bd5d7 elementor-section-content-bottom elementor-section-boxed elementor-section-height-default elementor-section-height-default\" data-id=\"a1bd5d7\" data-element_type=\"section\" data-e-type=\"section\">\n\t\t\t\t\t\t<div class=\"elementor-container elementor-column-gap-wider\">\n\t\t\t\t\t<div class=\"elementor-column elementor-col-33 elementor-inner-column elementor-element elementor-element-3494621\" data-id=\"3494621\" data-element_type=\"column\" data-e-type=\"column\">\n\t\t\t<div class=\"elementor-widget-wrap elementor-element-populated\">\n\t\t\t\t\t\t<div class=\"elementor-element elementor-element-04addb2 elementor-widget elementor-widget-image\" data-id=\"04addb2\" data-element_type=\"widget\" data-e-type=\"widget\" data-widget_type=\"image.default\">\n\t\t\t\t<div class=\"elementor-widget-container\">\n\t\t\t\t\t\t\t\t\t\t\t\t\t\t\t\t<a href=\"https:\/\/lunicars.com\/en\/fahrzeuge\/2010-aston-martin-rapide\/\">\n\t\t\t\t\t\t\t<img loading=\"lazy\" decoding=\"async\" width=\"2048\" height=\"1366\" src=\"https:\/\/lunicars.com\/wp-content\/uploads\/2023\/10\/2010-Aston-Martin-Rapide-01-2048x1366.jpg\" class=\"elementor-animation-grow attachment-2048x2048 size-2048x2048 wp-image-39026\" alt=\"\" srcset=\"https:\/\/lunicars.com\/wp-content\/uploads\/2023\/10\/2010-Aston-Martin-Rapide-01-2048x1366.jpg 2048w, https:\/\/lunicars.com\/wp-content\/uploads\/2023\/10\/2010-Aston-Martin-Rapide-01-300x200.jpg 300w, https:\/\/lunicars.com\/wp-content\/uploads\/2023\/10\/2010-Aston-Martin-Rapide-01-1024x683.jpg 1024w, https:\/\/lunicars.com\/wp-content\/uploads\/2023\/10\/2010-Aston-Martin-Rapide-01-768x512.jpg 768w, https:\/\/lunicars.com\/wp-content\/uploads\/2023\/10\/2010-Aston-Martin-Rapide-01-1536x1024.jpg 1536w\" sizes=\"auto, (max-width: 2048px) 100vw, 2048px\" \/>\t\t\t\t\t\t\t\t<\/a>\n\t\t\t\t\t\t\t\t\t\t\t\t\t\t\t<\/div>\n\t\t\t\t<\/div>\n\t\t\t\t\t<\/div>\n\t\t<\/div>\n\t\t\t\t<div class=\"elementor-column elementor-col-66 elementor-inner-column elementor-element elementor-element-b7ecc70\" data-id=\"b7ecc70\" data-element_type=\"column\" data-e-type=\"column\">\n\t\t\t<div class=\"elementor-widget-wrap elementor-element-populated\">\n\t\t\t\t\t\t<div class=\"elementor-element elementor-element-0937a5f elementor-widget elementor-widget-heading\" data-id=\"0937a5f\" data-element_type=\"widget\" data-e-type=\"widget\" data-widget_type=\"heading.default\">\n\t\t\t\t<div class=\"elementor-widget-container\">\n\t\t\t\t\t<div class=\"elementor-heading-title elementor-size-small\"><font color=\"#c48a02\">Sold<\/font><\/div>\t\t\t\t<\/div>\n\t\t\t\t<\/div>\n\t\t\t\t<div class=\"elementor-element elementor-element-27d1398 elementor-widget elementor-widget-heading\" data-id=\"27d1398\" data-element_type=\"widget\" data-e-type=\"widget\" data-widget_type=\"heading.default\">\n\t\t\t\t<div class=\"elementor-widget-container\">\n\t\t\t\t\t<h1 class=\"elementor-heading-title elementor-size-default\"><a href=\"https:\/\/lunicars.com\/en\/fahrzeuge\/2010-aston-martin-rapide\/\">Aston Martin Rapide '10<\/a><\/h1>\t\t\t\t<\/div>\n\t\t\t\t<\/div>\n\t\t\t\t<div class=\"elementor-element elementor-element-5859ba5 elementor-widget elementor-widget-heading\" data-id=\"5859ba5\" data-element_type=\"widget\" data-e-type=\"widget\" data-widget_type=\"heading.default\">\n\t\t\t\t<div class=\"elementor-widget-container\">\n\t\t\t\t\t<div class=\"elementor-heading-title elementor-size-small\">Elegant, sportlich und luxuri\u00f6s: Kaum ein anderes Fahrzeug vereint diese Adjektive so sch\u00f6n wie der Rapide.<\/div>\t\t\t\t<\/div>\n\t\t\t\t<\/div>\n\t\t\t\t\t<\/div>\n\t\t<\/div>\n\t\t\t\t\t<\/div>\n\t\t<\/section>\n\t\t\t\t<section class=\"elementor-section elementor-inner-section elementor-element elementor-element-894a567 elementor-section-content-bottom elementor-section-boxed elementor-section-height-default elementor-section-height-default\" data-id=\"894a567\" data-element_type=\"section\" data-e-type=\"section\">\n\t\t\t\t\t\t<div class=\"elementor-container elementor-column-gap-wider\">\n\t\t\t\t\t<div class=\"elementor-column elementor-col-33 elementor-inner-column elementor-element elementor-element-fa44100\" data-id=\"fa44100\" data-element_type=\"column\" data-e-type=\"column\">\n\t\t\t<div class=\"elementor-widget-wrap elementor-element-populated\">\n\t\t\t\t\t\t<div class=\"elementor-element elementor-element-e4af6b2 elementor-widget elementor-widget-image\" data-id=\"e4af6b2\" data-element_type=\"widget\" data-e-type=\"widget\" data-widget_type=\"image.default\">\n\t\t\t\t<div class=\"elementor-widget-container\">\n\t\t\t\t\t\t\t\t\t\t\t\t\t\t\t\t<a href=\"https:\/\/lunicars.com\/en\/fahrzeuge\/1972-mercedes-benz-350-sl\/\">\n\t\t\t\t\t\t\t<img loading=\"lazy\" decoding=\"async\" width=\"2048\" height=\"1366\" src=\"https:\/\/lunicars.com\/wp-content\/uploads\/2023\/12\/1972-Mercedes-Benz-350-SL-01-2048x1366.jpg\" class=\"elementor-animation-grow attachment-2048x2048 size-2048x2048 wp-image-39430\" alt=\"\" srcset=\"https:\/\/lunicars.com\/wp-content\/uploads\/2023\/12\/1972-Mercedes-Benz-350-SL-01-2048x1366.jpg 2048w, https:\/\/lunicars.com\/wp-content\/uploads\/2023\/12\/1972-Mercedes-Benz-350-SL-01-300x200.jpg 300w, https:\/\/lunicars.com\/wp-content\/uploads\/2023\/12\/1972-Mercedes-Benz-350-SL-01-1024x683.jpg 1024w, https:\/\/lunicars.com\/wp-content\/uploads\/2023\/12\/1972-Mercedes-Benz-350-SL-01-768x512.jpg 768w, https:\/\/lunicars.com\/wp-content\/uploads\/2023\/12\/1972-Mercedes-Benz-350-SL-01-1536x1024.jpg 1536w\" sizes=\"auto, (max-width: 2048px) 100vw, 2048px\" \/>\t\t\t\t\t\t\t\t<\/a>\n\t\t\t\t\t\t\t\t\t\t\t\t\t\t\t<\/div>\n\t\t\t\t<\/div>\n\t\t\t\t\t<\/div>\n\t\t<\/div>\n\t\t\t\t<div class=\"elementor-column elementor-col-66 elementor-inner-column elementor-element elementor-element-d759139\" data-id=\"d759139\" data-element_type=\"column\" data-e-type=\"column\">\n\t\t\t<div class=\"elementor-widget-wrap elementor-element-populated\">\n\t\t\t\t\t\t<div class=\"elementor-element elementor-element-06d968d elementor-widget elementor-widget-heading\" data-id=\"06d968d\" data-element_type=\"widget\" data-e-type=\"widget\" data-widget_type=\"heading.default\">\n\t\t\t\t<div class=\"elementor-widget-container\">\n\t\t\t\t\t<div class=\"elementor-heading-title elementor-size-small\"><font color=\"#c48a02\">Sold<\/font><\/div>\t\t\t\t<\/div>\n\t\t\t\t<\/div>\n\t\t\t\t<div class=\"elementor-element elementor-element-d43b9ec elementor-widget elementor-widget-heading\" data-id=\"d43b9ec\" data-element_type=\"widget\" data-e-type=\"widget\" data-widget_type=\"heading.default\">\n\t\t\t\t<div class=\"elementor-widget-container\">\n\t\t\t\t\t<h1 class=\"elementor-heading-title elementor-size-default\"><a href=\"https:\/\/lunicars.com\/en\/fahrzeuge\/1972-mercedes-benz-350-sl\/\">Mercedes-Benz 350 SL '72<\/a><\/h1>\t\t\t\t<\/div>\n\t\t\t\t<\/div>\n\t\t\t\t<div class=\"elementor-element elementor-element-77233b8 elementor-widget elementor-widget-heading\" data-id=\"77233b8\" data-element_type=\"widget\" data-e-type=\"widget\" data-widget_type=\"heading.default\">\n\t\t\t\t<div class=\"elementor-widget-container\">\n\t\t\t\t\t<div class=\"elementor-heading-title elementor-size-small\">Ein wundersch\u00f6ner SL in perfekter Farbkombination und mit V8-Triebwerk unter der eleganten, langgezogenen Haube.<\/div>\t\t\t\t<\/div>\n\t\t\t\t<\/div>\n\t\t\t\t\t<\/div>\n\t\t<\/div>\n\t\t\t\t\t<\/div>\n\t\t<\/section>\n\t\t\t\t<section class=\"elementor-section elementor-inner-section elementor-element elementor-element-8e55f8e elementor-section-content-bottom elementor-section-boxed elementor-section-height-default elementor-section-height-default\" data-id=\"8e55f8e\" data-element_type=\"section\" data-e-type=\"section\">\n\t\t\t\t\t\t<div class=\"elementor-container elementor-column-gap-wider\">\n\t\t\t\t\t<div class=\"elementor-column elementor-col-33 elementor-inner-column elementor-element elementor-element-8702add\" data-id=\"8702add\" data-element_type=\"column\" data-e-type=\"column\">\n\t\t\t<div class=\"elementor-widget-wrap elementor-element-populated\">\n\t\t\t\t\t\t<div class=\"elementor-element elementor-element-f5fdf5f elementor-widget elementor-widget-image\" data-id=\"f5fdf5f\" data-element_type=\"widget\" data-e-type=\"widget\" data-widget_type=\"image.default\">\n\t\t\t\t<div class=\"elementor-widget-container\">\n\t\t\t\t\t\t\t\t\t\t\t\t\t\t\t\t<a href=\"https:\/\/lunicars.com\/en\/fahrzeuge\/1997-rover-mini-british-open\/\">\n\t\t\t\t\t\t\t<img loading=\"lazy\" decoding=\"async\" width=\"1732\" height=\"1155\" src=\"https:\/\/lunicars.com\/wp-content\/uploads\/2024\/03\/1997-Rover-Mini-British-Open-02.jpg\" class=\"elementor-animation-grow attachment-2048x2048 size-2048x2048 wp-image-40076\" alt=\"\" srcset=\"https:\/\/lunicars.com\/wp-content\/uploads\/2024\/03\/1997-Rover-Mini-British-Open-02.jpg 1732w, https:\/\/lunicars.com\/wp-content\/uploads\/2024\/03\/1997-Rover-Mini-British-Open-02-300x200.jpg 300w, https:\/\/lunicars.com\/wp-content\/uploads\/2024\/03\/1997-Rover-Mini-British-Open-02-1024x683.jpg 1024w, https:\/\/lunicars.com\/wp-content\/uploads\/2024\/03\/1997-Rover-Mini-British-Open-02-768x512.jpg 768w, https:\/\/lunicars.com\/wp-content\/uploads\/2024\/03\/1997-Rover-Mini-British-Open-02-1536x1024.jpg 1536w\" sizes=\"auto, (max-width: 1732px) 100vw, 1732px\" \/>\t\t\t\t\t\t\t\t<\/a>\n\t\t\t\t\t\t\t\t\t\t\t\t\t\t\t<\/div>\n\t\t\t\t<\/div>\n\t\t\t\t\t<\/div>\n\t\t<\/div>\n\t\t\t\t<div class=\"elementor-column elementor-col-66 elementor-inner-column elementor-element elementor-element-61d3442\" data-id=\"61d3442\" data-element_type=\"column\" data-e-type=\"column\">\n\t\t\t<div class=\"elementor-widget-wrap elementor-element-populated\">\n\t\t\t\t\t\t<div class=\"elementor-element elementor-element-f21c261 elementor-widget elementor-widget-heading\" data-id=\"f21c261\" data-element_type=\"widget\" data-e-type=\"widget\" data-widget_type=\"heading.default\">\n\t\t\t\t<div class=\"elementor-widget-container\">\n\t\t\t\t\t<div class=\"elementor-heading-title elementor-size-small\"><font color=\"#c48a02\">Sold<\/font><\/div>\t\t\t\t<\/div>\n\t\t\t\t<\/div>\n\t\t\t\t<div class=\"elementor-element elementor-element-27eadcf elementor-widget elementor-widget-heading\" data-id=\"27eadcf\" data-element_type=\"widget\" data-e-type=\"widget\" data-widget_type=\"heading.default\">\n\t\t\t\t<div class=\"elementor-widget-container\">\n\t\t\t\t\t<h1 class=\"elementor-heading-title elementor-size-default\"><a href=\"https:\/\/lunicars.com\/en\/fahrzeuge\/1997-rover-mini-british-open\/\">Rover Mini British Open '97<\/a><\/h1>\t\t\t\t<\/div>\n\t\t\t\t<\/div>\n\t\t\t\t<div class=\"elementor-element elementor-element-0934dc3 elementor-widget elementor-widget-heading\" data-id=\"0934dc3\" data-element_type=\"widget\" data-e-type=\"widget\" data-widget_type=\"heading.default\">\n\t\t\t\t<div class=\"elementor-widget-container\">\n\t\t\t\t\t<div class=\"elementor-heading-title elementor-size-small\">Klein, frech und laut: Dieser Mini in British Racing Green zaubert Piloten wie Passanten gleichermassen ein L\u00e4cheln ins Gesicht.<\/div>\t\t\t\t<\/div>\n\t\t\t\t<\/div>\n\t\t\t\t\t<\/div>\n\t\t<\/div>\n\t\t\t\t\t<\/div>\n\t\t<\/section>\n\t\t\t\t<section class=\"elementor-section elementor-inner-section elementor-element elementor-element-c2e6019 elementor-section-content-bottom elementor-section-boxed elementor-section-height-default elementor-section-height-default\" data-id=\"c2e6019\" data-element_type=\"section\" data-e-type=\"section\">\n\t\t\t\t\t\t<div class=\"elementor-container elementor-column-gap-wider\">\n\t\t\t\t\t<div class=\"elementor-column elementor-col-33 elementor-inner-column elementor-element elementor-element-debf41b\" data-id=\"debf41b\" data-element_type=\"column\" data-e-type=\"column\">\n\t\t\t<div class=\"elementor-widget-wrap elementor-element-populated\">\n\t\t\t\t\t\t<div class=\"elementor-element elementor-element-d96f2d8 elementor-widget elementor-widget-image\" data-id=\"d96f2d8\" data-element_type=\"widget\" data-e-type=\"widget\" data-widget_type=\"image.default\">\n\t\t\t\t<div class=\"elementor-widget-container\">\n\t\t\t\t\t\t\t\t\t\t\t\t\t\t\t\t<a href=\"https:\/\/lunicars.com\/en\/fahrzeuge\/1978-audi-80-gls\/\">\n\t\t\t\t\t\t\t<img loading=\"lazy\" decoding=\"async\" width=\"2048\" height=\"1366\" src=\"https:\/\/lunicars.com\/wp-content\/uploads\/2023\/04\/1978-Audi-80-GLS-02-2048x1366.jpg\" class=\"elementor-animation-grow attachment-2048x2048 size-2048x2048 wp-image-36976\" alt=\"\" srcset=\"https:\/\/lunicars.com\/wp-content\/uploads\/2023\/04\/1978-Audi-80-GLS-02-2048x1366.jpg 2048w, https:\/\/lunicars.com\/wp-content\/uploads\/2023\/04\/1978-Audi-80-GLS-02-300x200.jpg 300w, https:\/\/lunicars.com\/wp-content\/uploads\/2023\/04\/1978-Audi-80-GLS-02-1024x683.jpg 1024w, https:\/\/lunicars.com\/wp-content\/uploads\/2023\/04\/1978-Audi-80-GLS-02-768x512.jpg 768w, https:\/\/lunicars.com\/wp-content\/uploads\/2023\/04\/1978-Audi-80-GLS-02-1536x1024.jpg 1536w\" sizes=\"auto, (max-width: 2048px) 100vw, 2048px\" \/>\t\t\t\t\t\t\t\t<\/a>\n\t\t\t\t\t\t\t\t\t\t\t\t\t\t\t<\/div>\n\t\t\t\t<\/div>\n\t\t\t\t\t<\/div>\n\t\t<\/div>\n\t\t\t\t<div class=\"elementor-column elementor-col-66 elementor-inner-column elementor-element elementor-element-581d3cb\" data-id=\"581d3cb\" data-element_type=\"column\" data-e-type=\"column\">\n\t\t\t<div class=\"elementor-widget-wrap elementor-element-populated\">\n\t\t\t\t\t\t<div class=\"elementor-element elementor-element-77de45c elementor-widget elementor-widget-heading\" data-id=\"77de45c\" data-element_type=\"widget\" data-e-type=\"widget\" data-widget_type=\"heading.default\">\n\t\t\t\t<div class=\"elementor-widget-container\">\n\t\t\t\t\t<div class=\"elementor-heading-title elementor-size-small\"><font color=\"#c48a02\">Sold<\/font><\/div>\t\t\t\t<\/div>\n\t\t\t\t<\/div>\n\t\t\t\t<div class=\"elementor-element elementor-element-3582378 elementor-widget elementor-widget-heading\" data-id=\"3582378\" data-element_type=\"widget\" data-e-type=\"widget\" data-widget_type=\"heading.default\">\n\t\t\t\t<div class=\"elementor-widget-container\">\n\t\t\t\t\t<h1 class=\"elementor-heading-title elementor-size-default\"><a href=\"https:\/\/lunicars.com\/en\/fahrzeuge\/1978-audi-80-gls\/\">Audi 80 B1 GLS '78<\/a><\/h1>\t\t\t\t<\/div>\n\t\t\t\t<\/div>\n\t\t\t\t<div class=\"elementor-element elementor-element-5c46b78 elementor-widget elementor-widget-heading\" data-id=\"5c46b78\" data-element_type=\"widget\" data-e-type=\"widget\" data-widget_type=\"heading.default\">\n\t\t\t\t<div class=\"elementor-widget-container\">\n\t\t\t\t\t<div class=\"elementor-heading-title elementor-size-small\">Ein wundersch\u00f6nes Facelift-Exemplar mit l\u00fcckenlosem Serviceheft aus 2. Hand. Diesen Wagen muss man gesehen haben.<\/div>\t\t\t\t<\/div>\n\t\t\t\t<\/div>\n\t\t\t\t\t<\/div>\n\t\t<\/div>\n\t\t\t\t\t<\/div>\n\t\t<\/section>\n\t\t\t\t<section class=\"elementor-section elementor-inner-section elementor-element elementor-element-0718c86 elementor-section-content-bottom elementor-section-boxed elementor-section-height-default elementor-section-height-default\" data-id=\"0718c86\" data-element_type=\"section\" data-e-type=\"section\">\n\t\t\t\t\t\t<div class=\"elementor-container elementor-column-gap-wider\">\n\t\t\t\t\t<div class=\"elementor-column elementor-col-33 elementor-inner-column elementor-element elementor-element-ebe93d5\" data-id=\"ebe93d5\" data-element_type=\"column\" data-e-type=\"column\">\n\t\t\t<div class=\"elementor-widget-wrap elementor-element-populated\">\n\t\t\t\t\t\t<div class=\"elementor-element elementor-element-3ea805a elementor-widget elementor-widget-image\" data-id=\"3ea805a\" data-element_type=\"widget\" data-e-type=\"widget\" data-widget_type=\"image.default\">\n\t\t\t\t<div class=\"elementor-widget-container\">\n\t\t\t\t\t\t\t\t\t\t\t\t\t\t\t\t<a href=\"https:\/\/lunicars.com\/en\/fahrzeuge\/1982-delorean-dmc-12\/\">\n\t\t\t\t\t\t\t<img loading=\"lazy\" decoding=\"async\" width=\"2048\" height=\"1365\" src=\"https:\/\/lunicars.com\/wp-content\/uploads\/2023\/01\/DSC09105-2048x1365.jpg\" class=\"elementor-animation-grow attachment-2048x2048 size-2048x2048 wp-image-36073\" alt=\"\" srcset=\"https:\/\/lunicars.com\/wp-content\/uploads\/2023\/01\/DSC09105-2048x1365.jpg 2048w, https:\/\/lunicars.com\/wp-content\/uploads\/2023\/01\/DSC09105-300x200.jpg 300w, https:\/\/lunicars.com\/wp-content\/uploads\/2023\/01\/DSC09105-1024x683.jpg 1024w, https:\/\/lunicars.com\/wp-content\/uploads\/2023\/01\/DSC09105-768x512.jpg 768w, https:\/\/lunicars.com\/wp-content\/uploads\/2023\/01\/DSC09105-1536x1024.jpg 1536w\" sizes=\"auto, (max-width: 2048px) 100vw, 2048px\" \/>\t\t\t\t\t\t\t\t<\/a>\n\t\t\t\t\t\t\t\t\t\t\t\t\t\t\t<\/div>\n\t\t\t\t<\/div>\n\t\t\t\t\t<\/div>\n\t\t<\/div>\n\t\t\t\t<div class=\"elementor-column elementor-col-66 elementor-inner-column elementor-element elementor-element-979a528\" data-id=\"979a528\" data-element_type=\"column\" data-e-type=\"column\">\n\t\t\t<div class=\"elementor-widget-wrap elementor-element-populated\">\n\t\t\t\t\t\t<div class=\"elementor-element elementor-element-f71ce8b elementor-widget elementor-widget-heading\" data-id=\"f71ce8b\" data-element_type=\"widget\" data-e-type=\"widget\" data-widget_type=\"heading.default\">\n\t\t\t\t<div class=\"elementor-widget-container\">\n\t\t\t\t\t<div class=\"elementor-heading-title elementor-size-small\"><font color=\"#c48a02\">Sold<\/font><\/div>\t\t\t\t<\/div>\n\t\t\t\t<\/div>\n\t\t\t\t<div class=\"elementor-element elementor-element-d9a0ad7 elementor-widget elementor-widget-heading\" data-id=\"d9a0ad7\" data-element_type=\"widget\" data-e-type=\"widget\" data-widget_type=\"heading.default\">\n\t\t\t\t<div class=\"elementor-widget-container\">\n\t\t\t\t\t<h1 class=\"elementor-heading-title elementor-size-default\"><a href=\"https:\/\/lunicars.com\/en\/fahrzeuge\/1982-delorean-dmc-12\/\">DeLorean DMC-12 '82<\/a><\/h1>\t\t\t\t<\/div>\n\t\t\t\t<\/div>\n\t\t\t\t<div class=\"elementor-element elementor-element-6ae1e28 elementor-widget elementor-widget-heading\" data-id=\"6ae1e28\" data-element_type=\"widget\" data-e-type=\"widget\" data-widget_type=\"heading.default\">\n\t\t\t\t<div class=\"elementor-widget-container\">\n\t\t\t\t\t<div class=\"elementor-heading-title elementor-size-small\">Kultiger DMC mit originalem Stage-2 Upgrade, wurde in der Schweiz aufw\u00e4ndig von seinen Krankheiten befreit und f\u00e4hrt perfekt.\n<\/div>\t\t\t\t<\/div>\n\t\t\t\t<\/div>\n\t\t\t\t\t<\/div>\n\t\t<\/div>\n\t\t\t\t\t<\/div>\n\t\t<\/section>\n\t\t\t\t<section class=\"elementor-section elementor-inner-section elementor-element elementor-element-3a266d0 elementor-section-content-bottom elementor-section-boxed elementor-section-height-default elementor-section-height-default\" data-id=\"3a266d0\" data-element_type=\"section\" data-e-type=\"section\">\n\t\t\t\t\t\t<div class=\"elementor-container elementor-column-gap-wider\">\n\t\t\t\t\t<div class=\"elementor-column elementor-col-33 elementor-inner-column elementor-element elementor-element-af7f336\" data-id=\"af7f336\" data-element_type=\"column\" data-e-type=\"column\">\n\t\t\t<div class=\"elementor-widget-wrap elementor-element-populated\">\n\t\t\t\t\t\t<div class=\"elementor-element elementor-element-af1a8c7 elementor-widget elementor-widget-image\" data-id=\"af1a8c7\" data-element_type=\"widget\" data-e-type=\"widget\" data-widget_type=\"image.default\">\n\t\t\t\t<div class=\"elementor-widget-container\">\n\t\t\t\t\t\t\t\t\t\t\t\t\t\t\t\t<a href=\"https:\/\/lunicars.com\/en\/fahrzeuge\/1966-chevrolet-el-camino-custom\/\">\n\t\t\t\t\t\t\t<img loading=\"lazy\" decoding=\"async\" width=\"2048\" height=\"1366\" src=\"https:\/\/lunicars.com\/wp-content\/uploads\/2023\/08\/1966-Chevrolet-El-Camino-327-01-2048x1366.jpg\" class=\"elementor-animation-grow attachment-2048x2048 size-2048x2048 wp-image-38174\" alt=\"\" srcset=\"https:\/\/lunicars.com\/wp-content\/uploads\/2023\/08\/1966-Chevrolet-El-Camino-327-01-2048x1366.jpg 2048w, https:\/\/lunicars.com\/wp-content\/uploads\/2023\/08\/1966-Chevrolet-El-Camino-327-01-300x200.jpg 300w, https:\/\/lunicars.com\/wp-content\/uploads\/2023\/08\/1966-Chevrolet-El-Camino-327-01-1024x683.jpg 1024w, https:\/\/lunicars.com\/wp-content\/uploads\/2023\/08\/1966-Chevrolet-El-Camino-327-01-768x512.jpg 768w, https:\/\/lunicars.com\/wp-content\/uploads\/2023\/08\/1966-Chevrolet-El-Camino-327-01-1536x1024.jpg 1536w\" sizes=\"auto, (max-width: 2048px) 100vw, 2048px\" \/>\t\t\t\t\t\t\t\t<\/a>\n\t\t\t\t\t\t\t\t\t\t\t\t\t\t\t<\/div>\n\t\t\t\t<\/div>\n\t\t\t\t\t<\/div>\n\t\t<\/div>\n\t\t\t\t<div class=\"elementor-column elementor-col-66 elementor-inner-column elementor-element elementor-element-d00447a\" data-id=\"d00447a\" data-element_type=\"column\" data-e-type=\"column\">\n\t\t\t<div class=\"elementor-widget-wrap elementor-element-populated\">\n\t\t\t\t\t\t<div class=\"elementor-element elementor-element-f1bb73f elementor-widget elementor-widget-heading\" data-id=\"f1bb73f\" data-element_type=\"widget\" data-e-type=\"widget\" data-widget_type=\"heading.default\">\n\t\t\t\t<div class=\"elementor-widget-container\">\n\t\t\t\t\t<div class=\"elementor-heading-title elementor-size-small\"><font color=\"#c48a02\">Sold<\/font><\/div>\t\t\t\t<\/div>\n\t\t\t\t<\/div>\n\t\t\t\t<div class=\"elementor-element elementor-element-839b6d0 elementor-widget elementor-widget-heading\" data-id=\"839b6d0\" data-element_type=\"widget\" data-e-type=\"widget\" data-widget_type=\"heading.default\">\n\t\t\t\t<div class=\"elementor-widget-container\">\n\t\t\t\t\t<h1 class=\"elementor-heading-title elementor-size-default\"><a href=\"https:\/\/lunicars.com\/en\/fahrzeuge\/1966-chevrolet-el-camino-custom\/\">Chevrolet El Camino Custom '66<\/a><\/h1>\t\t\t\t<\/div>\n\t\t\t\t<\/div>\n\t\t\t\t<div class=\"elementor-element elementor-element-645c7f9 elementor-widget elementor-widget-heading\" data-id=\"645c7f9\" data-element_type=\"widget\" data-e-type=\"widget\" data-widget_type=\"heading.default\">\n\t\t\t\t<div class=\"elementor-widget-container\">\n\t\t\t\t\t<div class=\"elementor-heading-title elementor-size-small\">Ein zuverl\u00e4ssiger Lieferwagen der Extraklasse mit toller Optik und hervorragenden Fahreigenschaften. Ab grossem Service und ab MFK.<\/div>\t\t\t\t<\/div>\n\t\t\t\t<\/div>\n\t\t\t\t\t<\/div>\n\t\t<\/div>\n\t\t\t\t\t<\/div>\n\t\t<\/section>\n\t\t\t\t<section class=\"elementor-section elementor-inner-section elementor-element elementor-element-7106569 elementor-section-content-bottom elementor-section-boxed elementor-section-height-default elementor-section-height-default\" data-id=\"7106569\" data-element_type=\"section\" data-e-type=\"section\">\n\t\t\t\t\t\t<div class=\"elementor-container elementor-column-gap-wider\">\n\t\t\t\t\t<div class=\"elementor-column elementor-col-33 elementor-inner-column elementor-element elementor-element-0d09ab8\" data-id=\"0d09ab8\" data-element_type=\"column\" data-e-type=\"column\">\n\t\t\t<div class=\"elementor-widget-wrap elementor-element-populated\">\n\t\t\t\t\t\t<div class=\"elementor-element elementor-element-84e4d9f elementor-widget elementor-widget-image\" data-id=\"84e4d9f\" data-element_type=\"widget\" data-e-type=\"widget\" data-widget_type=\"image.default\">\n\t\t\t\t<div class=\"elementor-widget-container\">\n\t\t\t\t\t\t\t\t\t\t\t\t\t\t\t\t<a href=\"https:\/\/lunicars.com\/en\/fahrzeuge\/1971-maserati-ghibli-5000-ss\/\">\n\t\t\t\t\t\t\t<img loading=\"lazy\" decoding=\"async\" width=\"2048\" height=\"1366\" src=\"https:\/\/lunicars.com\/wp-content\/uploads\/2024\/01\/1971-Maserati-Ghilbli-5000-SS-01-2048x1366.jpg\" class=\"elementor-animation-grow attachment-2048x2048 size-2048x2048 wp-image-39518\" alt=\"\" srcset=\"https:\/\/lunicars.com\/wp-content\/uploads\/2024\/01\/1971-Maserati-Ghilbli-5000-SS-01-2048x1366.jpg 2048w, https:\/\/lunicars.com\/wp-content\/uploads\/2024\/01\/1971-Maserati-Ghilbli-5000-SS-01-300x200.jpg 300w, https:\/\/lunicars.com\/wp-content\/uploads\/2024\/01\/1971-Maserati-Ghilbli-5000-SS-01-1024x683.jpg 1024w, https:\/\/lunicars.com\/wp-content\/uploads\/2024\/01\/1971-Maserati-Ghilbli-5000-SS-01-768x512.jpg 768w, https:\/\/lunicars.com\/wp-content\/uploads\/2024\/01\/1971-Maserati-Ghilbli-5000-SS-01-1536x1024.jpg 1536w\" sizes=\"auto, (max-width: 2048px) 100vw, 2048px\" \/>\t\t\t\t\t\t\t\t<\/a>\n\t\t\t\t\t\t\t\t\t\t\t\t\t\t\t<\/div>\n\t\t\t\t<\/div>\n\t\t\t\t\t<\/div>\n\t\t<\/div>\n\t\t\t\t<div class=\"elementor-column elementor-col-66 elementor-inner-column elementor-element elementor-element-7388e9f\" data-id=\"7388e9f\" data-element_type=\"column\" data-e-type=\"column\">\n\t\t\t<div class=\"elementor-widget-wrap elementor-element-populated\">\n\t\t\t\t\t\t<div class=\"elementor-element elementor-element-6bd6d28 elementor-widget elementor-widget-heading\" data-id=\"6bd6d28\" data-element_type=\"widget\" data-e-type=\"widget\" data-widget_type=\"heading.default\">\n\t\t\t\t<div class=\"elementor-widget-container\">\n\t\t\t\t\t<div class=\"elementor-heading-title elementor-size-small\"><font color=\"#c48a02\">Sold<\/font><\/div>\t\t\t\t<\/div>\n\t\t\t\t<\/div>\n\t\t\t\t<div class=\"elementor-element elementor-element-736ff53 elementor-widget elementor-widget-heading\" data-id=\"736ff53\" data-element_type=\"widget\" data-e-type=\"widget\" data-widget_type=\"heading.default\">\n\t\t\t\t<div class=\"elementor-widget-container\">\n\t\t\t\t\t<h1 class=\"elementor-heading-title elementor-size-default\"><a href=\"https:\/\/lunicars.com\/en\/fahrzeuge\/1971-maserati-ghibli-5000-ss\/\">Maserati Ghibli 5000 SS '71<\/a><\/h1>\t\t\t\t<\/div>\n\t\t\t\t<\/div>\n\t\t\t\t<div class=\"elementor-element elementor-element-1428edf elementor-widget elementor-widget-heading\" data-id=\"1428edf\" data-element_type=\"widget\" data-e-type=\"widget\" data-widget_type=\"heading.default\">\n\t\t\t\t<div class=\"elementor-widget-container\">\n\t\t\t\t\t<div class=\"elementor-heading-title elementor-size-small\">Sporty, elegant and timeless. A classic Italian sports car with charm, power and an incomparable V8 sound.<\/div>\t\t\t\t<\/div>\n\t\t\t\t<\/div>\n\t\t\t\t\t<\/div>\n\t\t<\/div>\n\t\t\t\t\t<\/div>\n\t\t<\/section>\n\t\t\t\t<section class=\"elementor-section elementor-inner-section elementor-element elementor-element-0e7f27e elementor-section-content-bottom elementor-section-boxed elementor-section-height-default elementor-section-height-default\" data-id=\"0e7f27e\" data-element_type=\"section\" data-e-type=\"section\">\n\t\t\t\t\t\t<div class=\"elementor-container elementor-column-gap-wider\">\n\t\t\t\t\t<div class=\"elementor-column elementor-col-33 elementor-inner-column elementor-element elementor-element-0a34c30\" data-id=\"0a34c30\" data-element_type=\"column\" data-e-type=\"column\">\n\t\t\t<div class=\"elementor-widget-wrap elementor-element-populated\">\n\t\t\t\t\t\t<div class=\"elementor-element elementor-element-0df6d41 elementor-widget elementor-widget-image\" data-id=\"0df6d41\" data-element_type=\"widget\" data-e-type=\"widget\" data-widget_type=\"image.default\">\n\t\t\t\t<div class=\"elementor-widget-container\">\n\t\t\t\t\t\t\t\t\t\t\t\t\t\t\t\t<a href=\"https:\/\/lunicars.com\/en\/fahrzeuge\/1927-daimler-25-85-six\/\">\n\t\t\t\t\t\t\t<img loading=\"lazy\" decoding=\"async\" width=\"2048\" height=\"1366\" src=\"https:\/\/lunicars.com\/wp-content\/uploads\/2024\/01\/1927-Daimler-25-85-01-2048x1366.jpg\" class=\"elementor-animation-grow attachment-2048x2048 size-2048x2048 wp-image-39611\" alt=\"\" srcset=\"https:\/\/lunicars.com\/wp-content\/uploads\/2024\/01\/1927-Daimler-25-85-01-2048x1366.jpg 2048w, https:\/\/lunicars.com\/wp-content\/uploads\/2024\/01\/1927-Daimler-25-85-01-300x200.jpg 300w, https:\/\/lunicars.com\/wp-content\/uploads\/2024\/01\/1927-Daimler-25-85-01-1024x683.jpg 1024w, https:\/\/lunicars.com\/wp-content\/uploads\/2024\/01\/1927-Daimler-25-85-01-768x512.jpg 768w, https:\/\/lunicars.com\/wp-content\/uploads\/2024\/01\/1927-Daimler-25-85-01-1536x1024.jpg 1536w\" sizes=\"auto, (max-width: 2048px) 100vw, 2048px\" \/>\t\t\t\t\t\t\t\t<\/a>\n\t\t\t\t\t\t\t\t\t\t\t\t\t\t\t<\/div>\n\t\t\t\t<\/div>\n\t\t\t\t\t<\/div>\n\t\t<\/div>\n\t\t\t\t<div class=\"elementor-column elementor-col-66 elementor-inner-column elementor-element elementor-element-f5d2a1e\" data-id=\"f5d2a1e\" data-element_type=\"column\" data-e-type=\"column\">\n\t\t\t<div class=\"elementor-widget-wrap elementor-element-populated\">\n\t\t\t\t\t\t<div class=\"elementor-element elementor-element-9c7f190 elementor-widget elementor-widget-heading\" data-id=\"9c7f190\" data-element_type=\"widget\" data-e-type=\"widget\" data-widget_type=\"heading.default\">\n\t\t\t\t<div class=\"elementor-widget-container\">\n\t\t\t\t\t<div class=\"elementor-heading-title elementor-size-small\"><font color=\"#c48a02\">Sold<\/font><\/div>\t\t\t\t<\/div>\n\t\t\t\t<\/div>\n\t\t\t\t<div class=\"elementor-element elementor-element-8431613 elementor-widget elementor-widget-heading\" data-id=\"8431613\" data-element_type=\"widget\" data-e-type=\"widget\" data-widget_type=\"heading.default\">\n\t\t\t\t<div class=\"elementor-widget-container\">\n\t\t\t\t\t<h1 class=\"elementor-heading-title elementor-size-default\"><a href=\"https:\/\/lunicars.com\/en\/fahrzeuge\/1927-daimler-25-85-six\/\">Daimler 25 85 '27<\/a><\/h1>\t\t\t\t<\/div>\n\t\t\t\t<\/div>\n\t\t\t\t<div class=\"elementor-element elementor-element-9bfc37e elementor-widget elementor-widget-heading\" data-id=\"9bfc37e\" data-element_type=\"widget\" data-e-type=\"widget\" data-widget_type=\"heading.default\">\n\t\t\t\t<div class=\"elementor-widget-container\">\n\t\t\t\t\t<div class=\"elementor-heading-title elementor-size-small\">Englische Tradition in reinster Form: Ein fr\u00fches St\u00fcck Automobilgeschichte in unfassbar gutem Originalzustand.<\/div>\t\t\t\t<\/div>\n\t\t\t\t<\/div>\n\t\t\t\t\t<\/div>\n\t\t<\/div>\n\t\t\t\t\t<\/div>\n\t\t<\/section>\n\t\t\t\t<section class=\"elementor-section elementor-inner-section elementor-element elementor-element-cb323ef elementor-section-content-bottom elementor-section-boxed elementor-section-height-default elementor-section-height-default\" data-id=\"cb323ef\" data-element_type=\"section\" data-e-type=\"section\">\n\t\t\t\t\t\t<div class=\"elementor-container elementor-column-gap-wider\">\n\t\t\t\t\t<div class=\"elementor-column elementor-col-33 elementor-inner-column elementor-element elementor-element-53b587e\" data-id=\"53b587e\" data-element_type=\"column\" data-e-type=\"column\">\n\t\t\t<div class=\"elementor-widget-wrap elementor-element-populated\">\n\t\t\t\t\t\t<div class=\"elementor-element elementor-element-b89b524 elementor-widget elementor-widget-image\" data-id=\"b89b524\" data-element_type=\"widget\" data-e-type=\"widget\" data-widget_type=\"image.default\">\n\t\t\t\t<div class=\"elementor-widget-container\">\n\t\t\t\t\t\t\t\t\t\t\t\t\t\t\t\t<a href=\"https:\/\/lunicars.com\/en\/fahrzeuge\/1951-buick-speciat-2-door\/\">\n\t\t\t\t\t\t\t<img loading=\"lazy\" decoding=\"async\" width=\"2048\" height=\"1366\" src=\"https:\/\/lunicars.com\/wp-content\/uploads\/2023\/08\/1951-Buick-Special-2-Door-01-2048x1366.jpg\" class=\"elementor-animation-grow attachment-2048x2048 size-2048x2048 wp-image-38084\" alt=\"\" srcset=\"https:\/\/lunicars.com\/wp-content\/uploads\/2023\/08\/1951-Buick-Special-2-Door-01-2048x1366.jpg 2048w, https:\/\/lunicars.com\/wp-content\/uploads\/2023\/08\/1951-Buick-Special-2-Door-01-300x200.jpg 300w, https:\/\/lunicars.com\/wp-content\/uploads\/2023\/08\/1951-Buick-Special-2-Door-01-1024x683.jpg 1024w, https:\/\/lunicars.com\/wp-content\/uploads\/2023\/08\/1951-Buick-Special-2-Door-01-768x512.jpg 768w, https:\/\/lunicars.com\/wp-content\/uploads\/2023\/08\/1951-Buick-Special-2-Door-01-1536x1024.jpg 1536w\" sizes=\"auto, (max-width: 2048px) 100vw, 2048px\" \/>\t\t\t\t\t\t\t\t<\/a>\n\t\t\t\t\t\t\t\t\t\t\t\t\t\t\t<\/div>\n\t\t\t\t<\/div>\n\t\t\t\t\t<\/div>\n\t\t<\/div>\n\t\t\t\t<div class=\"elementor-column elementor-col-66 elementor-inner-column elementor-element elementor-element-11fae5f\" data-id=\"11fae5f\" data-element_type=\"column\" data-e-type=\"column\">\n\t\t\t<div class=\"elementor-widget-wrap elementor-element-populated\">\n\t\t\t\t\t\t<div class=\"elementor-element elementor-element-cfc45dd elementor-widget elementor-widget-heading\" data-id=\"cfc45dd\" data-element_type=\"widget\" data-e-type=\"widget\" data-widget_type=\"heading.default\">\n\t\t\t\t<div class=\"elementor-widget-container\">\n\t\t\t\t\t<div class=\"elementor-heading-title elementor-size-small\"><font color=\"#c48a02\">Sold<\/font><\/div>\t\t\t\t<\/div>\n\t\t\t\t<\/div>\n\t\t\t\t<div class=\"elementor-element elementor-element-370f8b5 elementor-widget elementor-widget-heading\" data-id=\"370f8b5\" data-element_type=\"widget\" data-e-type=\"widget\" data-widget_type=\"heading.default\">\n\t\t\t\t<div class=\"elementor-widget-container\">\n\t\t\t\t\t<h1 class=\"elementor-heading-title elementor-size-default\"><a href=\"https:\/\/lunicars.com\/en\/fahrzeuge\/1951-buick-speciat-2-door\/\">Buick Special 2-Door '51<\/a><\/h1>\t\t\t\t<\/div>\n\t\t\t\t<\/div>\n\t\t\t\t<div class=\"elementor-element elementor-element-7a1565d elementor-widget elementor-widget-heading\" data-id=\"7a1565d\" data-element_type=\"widget\" data-e-type=\"widget\" data-widget_type=\"heading.default\">\n\t\t\t\t<div class=\"elementor-widget-container\">\n\t\t\t\t\t<div class=\"elementor-heading-title elementor-size-small\">A rare coupe with patina, style and in-line eight-cylinder engine. Technically and mechanically in very good condition. Fresh from major service.<\/div>\t\t\t\t<\/div>\n\t\t\t\t<\/div>\n\t\t\t\t\t<\/div>\n\t\t<\/div>\n\t\t\t\t\t<\/div>\n\t\t<\/section>\n\t\t\t\t<section class=\"elementor-section elementor-inner-section elementor-element elementor-element-e80adf2 elementor-section-content-bottom elementor-section-boxed elementor-section-height-default elementor-section-height-default\" data-id=\"e80adf2\" data-element_type=\"section\" data-e-type=\"section\">\n\t\t\t\t\t\t<div class=\"elementor-container elementor-column-gap-wider\">\n\t\t\t\t\t<div class=\"elementor-column elementor-col-33 elementor-inner-column elementor-element elementor-element-89a6d47\" data-id=\"89a6d47\" data-element_type=\"column\" data-e-type=\"column\">\n\t\t\t<div class=\"elementor-widget-wrap elementor-element-populated\">\n\t\t\t\t\t\t<div class=\"elementor-element elementor-element-b56fbda elementor-widget elementor-widget-image\" data-id=\"b56fbda\" data-element_type=\"widget\" data-e-type=\"widget\" data-widget_type=\"image.default\">\n\t\t\t\t<div class=\"elementor-widget-container\">\n\t\t\t\t\t\t\t\t\t\t\t\t\t\t\t\t<a href=\"https:\/\/lunicars.com\/en\/fahrzeuge\/1966-chevrolet-chevelle-4-door\/\">\n\t\t\t\t\t\t\t<img loading=\"lazy\" decoding=\"async\" width=\"2048\" height=\"1366\" src=\"https:\/\/lunicars.com\/wp-content\/uploads\/2023\/09\/1966-Chevrolet-Chevelle-4-door-02-2048x1366.jpg\" class=\"elementor-animation-grow attachment-2048x2048 size-2048x2048 wp-image-38619\" alt=\"\" srcset=\"https:\/\/lunicars.com\/wp-content\/uploads\/2023\/09\/1966-Chevrolet-Chevelle-4-door-02-2048x1366.jpg 2048w, https:\/\/lunicars.com\/wp-content\/uploads\/2023\/09\/1966-Chevrolet-Chevelle-4-door-02-300x200.jpg 300w, https:\/\/lunicars.com\/wp-content\/uploads\/2023\/09\/1966-Chevrolet-Chevelle-4-door-02-1024x683.jpg 1024w, https:\/\/lunicars.com\/wp-content\/uploads\/2023\/09\/1966-Chevrolet-Chevelle-4-door-02-768x512.jpg 768w, https:\/\/lunicars.com\/wp-content\/uploads\/2023\/09\/1966-Chevrolet-Chevelle-4-door-02-1536x1024.jpg 1536w\" sizes=\"auto, (max-width: 2048px) 100vw, 2048px\" \/>\t\t\t\t\t\t\t\t<\/a>\n\t\t\t\t\t\t\t\t\t\t\t\t\t\t\t<\/div>\n\t\t\t\t<\/div>\n\t\t\t\t\t<\/div>\n\t\t<\/div>\n\t\t\t\t<div class=\"elementor-column elementor-col-66 elementor-inner-column elementor-element elementor-element-de099bc\" data-id=\"de099bc\" data-element_type=\"column\" data-e-type=\"column\">\n\t\t\t<div class=\"elementor-widget-wrap elementor-element-populated\">\n\t\t\t\t\t\t<div class=\"elementor-element elementor-element-b191cb7 elementor-widget elementor-widget-heading\" data-id=\"b191cb7\" data-element_type=\"widget\" data-e-type=\"widget\" data-widget_type=\"heading.default\">\n\t\t\t\t<div class=\"elementor-widget-container\">\n\t\t\t\t\t<div class=\"elementor-heading-title elementor-size-small\"><font color=\"#c48a02\">Sold<\/font><\/div>\t\t\t\t<\/div>\n\t\t\t\t<\/div>\n\t\t\t\t<div class=\"elementor-element elementor-element-51e3632 elementor-widget elementor-widget-heading\" data-id=\"51e3632\" data-element_type=\"widget\" data-e-type=\"widget\" data-widget_type=\"heading.default\">\n\t\t\t\t<div class=\"elementor-widget-container\">\n\t\t\t\t\t<h1 class=\"elementor-heading-title elementor-size-default\"><a href=\"https:\/\/lunicars.com\/en\/fahrzeuge\/1966-chevrolet-chevelle-4-door\/\">Chevrolet Chevelle '66<\/a><\/h1>\t\t\t\t<\/div>\n\t\t\t\t<\/div>\n\t\t\t\t<div class=\"elementor-element elementor-element-269dba3 elementor-widget elementor-widget-heading\" data-id=\"269dba3\" data-element_type=\"widget\" data-e-type=\"widget\" data-widget_type=\"heading.default\">\n\t\t\t\t<div class=\"elementor-widget-container\">\n\t\t\t\t\t<div class=\"elementor-heading-title elementor-size-small\">Ein zeitloser und stilvoller Klassiker in umfangreich restauriertem Blechkleid. Veteranengepr\u00fcft und bereit f\u00fcr das n\u00e4chste Abenteuer.<\/div>\t\t\t\t<\/div>\n\t\t\t\t<\/div>\n\t\t\t\t\t<\/div>\n\t\t<\/div>\n\t\t\t\t\t<\/div>\n\t\t<\/section>\n\t\t\t\t<section class=\"elementor-section elementor-inner-section elementor-element elementor-element-3a25616 elementor-section-content-bottom elementor-section-boxed elementor-section-height-default elementor-section-height-default\" data-id=\"3a25616\" data-element_type=\"section\" data-e-type=\"section\">\n\t\t\t\t\t\t<div class=\"elementor-container elementor-column-gap-wider\">\n\t\t\t\t\t<div class=\"elementor-column elementor-col-33 elementor-inner-column elementor-element elementor-element-6b655bd\" data-id=\"6b655bd\" data-element_type=\"column\" data-e-type=\"column\">\n\t\t\t<div class=\"elementor-widget-wrap elementor-element-populated\">\n\t\t\t\t\t\t<div class=\"elementor-element elementor-element-13e5e68 elementor-widget elementor-widget-image\" data-id=\"13e5e68\" data-element_type=\"widget\" data-e-type=\"widget\" data-widget_type=\"image.default\">\n\t\t\t\t<div class=\"elementor-widget-container\">\n\t\t\t\t\t\t\t\t\t\t\t\t\t\t\t\t<a href=\"https:\/\/lunicars.com\/en\/fahrzeuge\/1982-vw-kaefer\/\">\n\t\t\t\t\t\t\t<img loading=\"lazy\" decoding=\"async\" width=\"2048\" height=\"1366\" src=\"https:\/\/lunicars.com\/wp-content\/uploads\/2023\/08\/1982-VW-Kaefer-02-2048x1366.jpg\" class=\"elementor-animation-grow attachment-2048x2048 size-2048x2048 wp-image-38341\" alt=\"\" srcset=\"https:\/\/lunicars.com\/wp-content\/uploads\/2023\/08\/1982-VW-Kaefer-02-2048x1366.jpg 2048w, https:\/\/lunicars.com\/wp-content\/uploads\/2023\/08\/1982-VW-Kaefer-02-300x200.jpg 300w, https:\/\/lunicars.com\/wp-content\/uploads\/2023\/08\/1982-VW-Kaefer-02-1024x683.jpg 1024w, https:\/\/lunicars.com\/wp-content\/uploads\/2023\/08\/1982-VW-Kaefer-02-768x512.jpg 768w, https:\/\/lunicars.com\/wp-content\/uploads\/2023\/08\/1982-VW-Kaefer-02-1536x1024.jpg 1536w\" sizes=\"auto, (max-width: 2048px) 100vw, 2048px\" \/>\t\t\t\t\t\t\t\t<\/a>\n\t\t\t\t\t\t\t\t\t\t\t\t\t\t\t<\/div>\n\t\t\t\t<\/div>\n\t\t\t\t\t<\/div>\n\t\t<\/div>\n\t\t\t\t<div class=\"elementor-column elementor-col-66 elementor-inner-column elementor-element elementor-element-398ebc8\" data-id=\"398ebc8\" data-element_type=\"column\" data-e-type=\"column\">\n\t\t\t<div class=\"elementor-widget-wrap elementor-element-populated\">\n\t\t\t\t\t\t<div class=\"elementor-element elementor-element-bcb2939 elementor-widget elementor-widget-heading\" data-id=\"bcb2939\" data-element_type=\"widget\" data-e-type=\"widget\" data-widget_type=\"heading.default\">\n\t\t\t\t<div class=\"elementor-widget-container\">\n\t\t\t\t\t<div class=\"elementor-heading-title elementor-size-small\"><font color=\"#c48a02\">Sold<\/font><\/div>\t\t\t\t<\/div>\n\t\t\t\t<\/div>\n\t\t\t\t<div class=\"elementor-element elementor-element-e9405b6 elementor-widget elementor-widget-heading\" data-id=\"e9405b6\" data-element_type=\"widget\" data-e-type=\"widget\" data-widget_type=\"heading.default\">\n\t\t\t\t<div class=\"elementor-widget-container\">\n\t\t\t\t\t<h1 class=\"elementor-heading-title elementor-size-default\"><a href=\"https:\/\/lunicars.com\/en\/fahrzeuge\/1982-vw-kaefer\/\">VW K\u00e4fer '82<\/a><\/h1>\t\t\t\t<\/div>\n\t\t\t\t<\/div>\n\t\t\t\t<div class=\"elementor-element elementor-element-57a725b elementor-widget elementor-widget-heading\" data-id=\"57a725b\" data-element_type=\"widget\" data-e-type=\"widget\" data-widget_type=\"heading.default\">\n\t\t\t\t<div class=\"elementor-widget-container\">\n\t\t\t\t\t<div class=\"elementor-heading-title elementor-size-small\">Einer der letzten gebauten K\u00e4fer in einer besonderen Farbkombination. Zuverl\u00e4ssig und immer f\u00fcr einen Ausflug zu haben.<\/div>\t\t\t\t<\/div>\n\t\t\t\t<\/div>\n\t\t\t\t\t<\/div>\n\t\t<\/div>\n\t\t\t\t\t<\/div>\n\t\t<\/section>\n\t\t\t\t<section class=\"elementor-section elementor-inner-section elementor-element elementor-element-3e79d5a elementor-section-content-bottom elementor-section-boxed elementor-section-height-default elementor-section-height-default\" data-id=\"3e79d5a\" data-element_type=\"section\" data-e-type=\"section\">\n\t\t\t\t\t\t<div class=\"elementor-container elementor-column-gap-wider\">\n\t\t\t\t\t<div class=\"elementor-column elementor-col-33 elementor-inner-column elementor-element elementor-element-3f89ae3\" data-id=\"3f89ae3\" data-element_type=\"column\" data-e-type=\"column\">\n\t\t\t<div class=\"elementor-widget-wrap elementor-element-populated\">\n\t\t\t\t\t\t<div class=\"elementor-element elementor-element-7a8e90f elementor-widget elementor-widget-image\" data-id=\"7a8e90f\" data-element_type=\"widget\" data-e-type=\"widget\" data-widget_type=\"image.default\">\n\t\t\t\t<div class=\"elementor-widget-container\">\n\t\t\t\t\t\t\t\t\t\t\t\t\t\t\t\t<a href=\"https:\/\/lunicars.com\/en\/fahrzeuge\/1966-ford-mustang-convertible\/\">\n\t\t\t\t\t\t\t<img loading=\"lazy\" decoding=\"async\" width=\"2048\" height=\"1366\" src=\"https:\/\/lunicars.com\/wp-content\/uploads\/2023\/11\/1966-Ford-Mustang-Convertible-02-2048x1366.jpg\" class=\"elementor-animation-grow attachment-2048x2048 size-2048x2048 wp-image-39338\" alt=\"\" srcset=\"https:\/\/lunicars.com\/wp-content\/uploads\/2023\/11\/1966-Ford-Mustang-Convertible-02-2048x1366.jpg 2048w, https:\/\/lunicars.com\/wp-content\/uploads\/2023\/11\/1966-Ford-Mustang-Convertible-02-300x200.jpg 300w, https:\/\/lunicars.com\/wp-content\/uploads\/2023\/11\/1966-Ford-Mustang-Convertible-02-1024x683.jpg 1024w, https:\/\/lunicars.com\/wp-content\/uploads\/2023\/11\/1966-Ford-Mustang-Convertible-02-768x512.jpg 768w, https:\/\/lunicars.com\/wp-content\/uploads\/2023\/11\/1966-Ford-Mustang-Convertible-02-1536x1024.jpg 1536w\" sizes=\"auto, (max-width: 2048px) 100vw, 2048px\" \/>\t\t\t\t\t\t\t\t<\/a>\n\t\t\t\t\t\t\t\t\t\t\t\t\t\t\t<\/div>\n\t\t\t\t<\/div>\n\t\t\t\t\t<\/div>\n\t\t<\/div>\n\t\t\t\t<div class=\"elementor-column elementor-col-66 elementor-inner-column elementor-element elementor-element-d7a6f12\" data-id=\"d7a6f12\" data-element_type=\"column\" data-e-type=\"column\">\n\t\t\t<div class=\"elementor-widget-wrap elementor-element-populated\">\n\t\t\t\t\t\t<div class=\"elementor-element elementor-element-30bab02 elementor-widget elementor-widget-heading\" data-id=\"30bab02\" data-element_type=\"widget\" data-e-type=\"widget\" data-widget_type=\"heading.default\">\n\t\t\t\t<div class=\"elementor-widget-container\">\n\t\t\t\t\t<div class=\"elementor-heading-title elementor-size-small\"><font color=\"#c48a02\">Sold<\/font><\/div>\t\t\t\t<\/div>\n\t\t\t\t<\/div>\n\t\t\t\t<div class=\"elementor-element elementor-element-375049b elementor-widget elementor-widget-heading\" data-id=\"375049b\" data-element_type=\"widget\" data-e-type=\"widget\" data-widget_type=\"heading.default\">\n\t\t\t\t<div class=\"elementor-widget-container\">\n\t\t\t\t\t<h1 class=\"elementor-heading-title elementor-size-default\"><a href=\"https:\/\/lunicars.com\/en\/fahrzeuge\/1966-ford-mustang-convertible\/\">Ford Mustang Convertible '66<\/a><\/h1>\t\t\t\t<\/div>\n\t\t\t\t<\/div>\n\t\t\t\t<div class=\"elementor-element elementor-element-1c4f642 elementor-widget elementor-widget-heading\" data-id=\"1c4f642\" data-element_type=\"widget\" data-e-type=\"widget\" data-widget_type=\"heading.default\">\n\t\t\t\t<div class=\"elementor-widget-container\">\n\t\t\t\t\t<div class=\"elementor-heading-title elementor-size-small\">Ein umfangreich restauriertes Rassepferd in Concours-Zustand und in einer wundersch\u00f6nen Farbkombination. Der perfekte Sammler-Mustang.<\/div>\t\t\t\t<\/div>\n\t\t\t\t<\/div>\n\t\t\t\t\t<\/div>\n\t\t<\/div>\n\t\t\t\t\t<\/div>\n\t\t<\/section>\n\t\t\t\t<section class=\"elementor-section elementor-inner-section elementor-element elementor-element-6a744af elementor-section-content-bottom elementor-section-boxed elementor-section-height-default elementor-section-height-default\" data-id=\"6a744af\" data-element_type=\"section\" data-e-type=\"section\">\n\t\t\t\t\t\t<div class=\"elementor-container elementor-column-gap-wider\">\n\t\t\t\t\t<div class=\"elementor-column elementor-col-33 elementor-inner-column elementor-element elementor-element-126e67d\" data-id=\"126e67d\" data-element_type=\"column\" data-e-type=\"column\">\n\t\t\t<div class=\"elementor-widget-wrap elementor-element-populated\">\n\t\t\t\t\t\t<div class=\"elementor-element elementor-element-a16f5bb elementor-widget elementor-widget-image\" data-id=\"a16f5bb\" data-element_type=\"widget\" data-e-type=\"widget\" data-widget_type=\"image.default\">\n\t\t\t\t<div class=\"elementor-widget-container\">\n\t\t\t\t\t\t\t\t\t\t\t\t\t\t\t\t<a href=\"https:\/\/lunicars.com\/en\/fahrzeuge\/1990-gmc-vandura\/\">\n\t\t\t\t\t\t\t<img loading=\"lazy\" decoding=\"async\" width=\"2048\" height=\"1366\" src=\"https:\/\/lunicars.com\/wp-content\/uploads\/2023\/11\/1990-GMC-Vandura-2500-01-2048x1366.jpg\" class=\"elementor-animation-grow attachment-2048x2048 size-2048x2048 wp-image-39227\" alt=\"\" srcset=\"https:\/\/lunicars.com\/wp-content\/uploads\/2023\/11\/1990-GMC-Vandura-2500-01-2048x1366.jpg 2048w, https:\/\/lunicars.com\/wp-content\/uploads\/2023\/11\/1990-GMC-Vandura-2500-01-300x200.jpg 300w, https:\/\/lunicars.com\/wp-content\/uploads\/2023\/11\/1990-GMC-Vandura-2500-01-1024x683.jpg 1024w, https:\/\/lunicars.com\/wp-content\/uploads\/2023\/11\/1990-GMC-Vandura-2500-01-768x512.jpg 768w, https:\/\/lunicars.com\/wp-content\/uploads\/2023\/11\/1990-GMC-Vandura-2500-01-1536x1024.jpg 1536w\" sizes=\"auto, (max-width: 2048px) 100vw, 2048px\" \/>\t\t\t\t\t\t\t\t<\/a>\n\t\t\t\t\t\t\t\t\t\t\t\t\t\t\t<\/div>\n\t\t\t\t<\/div>\n\t\t\t\t\t<\/div>\n\t\t<\/div>\n\t\t\t\t<div class=\"elementor-column elementor-col-66 elementor-inner-column elementor-element elementor-element-2d9dfb3\" data-id=\"2d9dfb3\" data-element_type=\"column\" data-e-type=\"column\">\n\t\t\t<div class=\"elementor-widget-wrap elementor-element-populated\">\n\t\t\t\t\t\t<div class=\"elementor-element elementor-element-a0742a6 elementor-widget elementor-widget-heading\" data-id=\"a0742a6\" data-element_type=\"widget\" data-e-type=\"widget\" data-widget_type=\"heading.default\">\n\t\t\t\t<div class=\"elementor-widget-container\">\n\t\t\t\t\t<div class=\"elementor-heading-title elementor-size-small\"><font color=\"#c48a02\">Sold<\/font><\/div>\t\t\t\t<\/div>\n\t\t\t\t<\/div>\n\t\t\t\t<div class=\"elementor-element elementor-element-8ca742d elementor-widget elementor-widget-heading\" data-id=\"8ca742d\" data-element_type=\"widget\" data-e-type=\"widget\" data-widget_type=\"heading.default\">\n\t\t\t\t<div class=\"elementor-widget-container\">\n\t\t\t\t\t<h1 class=\"elementor-heading-title elementor-size-default\"><a href=\"https:\/\/lunicars.com\/en\/fahrzeuge\/1990-gmc-vandura\/\">GMC Vandura 2500 '90<\/a><\/h1>\t\t\t\t<\/div>\n\t\t\t\t<\/div>\n\t\t\t\t<div class=\"elementor-element elementor-element-7901da7 elementor-widget elementor-widget-heading\" data-id=\"7901da7\" data-element_type=\"widget\" data-e-type=\"widget\" data-widget_type=\"heading.default\">\n\t\t\t\t<div class=\"elementor-widget-container\">\n\t\t\t\t\t<div class=\"elementor-heading-title elementor-size-small\">Ein sehr gepflegtes und zuverl\u00e4ssiges V8-Reisemobil mit sieben ultrabequemen Sitzpl\u00e4tzen und allem Luxus, den man sich w\u00fcnschen kann.<\/div>\t\t\t\t<\/div>\n\t\t\t\t<\/div>\n\t\t\t\t\t<\/div>\n\t\t<\/div>\n\t\t\t\t\t<\/div>\n\t\t<\/section>\n\t\t\t\t<section class=\"elementor-section elementor-inner-section elementor-element elementor-element-9f02efc elementor-section-content-bottom elementor-section-boxed elementor-section-height-default elementor-section-height-default\" data-id=\"9f02efc\" data-element_type=\"section\" data-e-type=\"section\">\n\t\t\t\t\t\t<div class=\"elementor-container elementor-column-gap-wider\">\n\t\t\t\t\t<div class=\"elementor-column elementor-col-33 elementor-inner-column elementor-element elementor-element-e6569f3\" data-id=\"e6569f3\" data-element_type=\"column\" data-e-type=\"column\">\n\t\t\t<div class=\"elementor-widget-wrap elementor-element-populated\">\n\t\t\t\t\t\t<div class=\"elementor-element elementor-element-ce909d6 elementor-widget elementor-widget-image\" data-id=\"ce909d6\" data-element_type=\"widget\" data-e-type=\"widget\" data-widget_type=\"image.default\">\n\t\t\t\t<div class=\"elementor-widget-container\">\n\t\t\t\t\t\t\t\t\t\t\t\t\t\t\t\t<a href=\"https:\/\/lunicars.com\/en\/fahrzeuge\/1982-bmw-318i-e21\/\">\n\t\t\t\t\t\t\t<img loading=\"lazy\" decoding=\"async\" width=\"2048\" height=\"1365\" src=\"https:\/\/lunicars.com\/wp-content\/uploads\/2022\/10\/DSC08399-2048x1365.jpg\" class=\"elementor-animation-grow attachment-2048x2048 size-2048x2048 wp-image-34731\" alt=\"\" srcset=\"https:\/\/lunicars.com\/wp-content\/uploads\/2022\/10\/DSC08399-2048x1365.jpg 2048w, https:\/\/lunicars.com\/wp-content\/uploads\/2022\/10\/DSC08399-300x200.jpg 300w, https:\/\/lunicars.com\/wp-content\/uploads\/2022\/10\/DSC08399-1024x683.jpg 1024w, https:\/\/lunicars.com\/wp-content\/uploads\/2022\/10\/DSC08399-768x512.jpg 768w, https:\/\/lunicars.com\/wp-content\/uploads\/2022\/10\/DSC08399-1536x1024.jpg 1536w\" sizes=\"auto, (max-width: 2048px) 100vw, 2048px\" \/>\t\t\t\t\t\t\t\t<\/a>\n\t\t\t\t\t\t\t\t\t\t\t\t\t\t\t<\/div>\n\t\t\t\t<\/div>\n\t\t\t\t\t<\/div>\n\t\t<\/div>\n\t\t\t\t<div class=\"elementor-column elementor-col-66 elementor-inner-column elementor-element elementor-element-4dc8f8c\" data-id=\"4dc8f8c\" data-element_type=\"column\" data-e-type=\"column\">\n\t\t\t<div class=\"elementor-widget-wrap elementor-element-populated\">\n\t\t\t\t\t\t<div class=\"elementor-element elementor-element-9f1132f elementor-widget elementor-widget-heading\" data-id=\"9f1132f\" data-element_type=\"widget\" data-e-type=\"widget\" data-widget_type=\"heading.default\">\n\t\t\t\t<div class=\"elementor-widget-container\">\n\t\t\t\t\t<div class=\"elementor-heading-title elementor-size-small\"><font color=\"#c48a02\">Sold<\/font><\/div>\t\t\t\t<\/div>\n\t\t\t\t<\/div>\n\t\t\t\t<div class=\"elementor-element elementor-element-da793e5 elementor-widget elementor-widget-heading\" data-id=\"da793e5\" data-element_type=\"widget\" data-e-type=\"widget\" data-widget_type=\"heading.default\">\n\t\t\t\t<div class=\"elementor-widget-container\">\n\t\t\t\t\t<h1 class=\"elementor-heading-title elementor-size-default\"><a href=\"https:\/\/lunicars.com\/en\/fahrzeuge\/1982-bmw-318i-e21\/\">BMW 318i E21 '82<\/a><\/h1>\t\t\t\t<\/div>\n\t\t\t\t<\/div>\n\t\t\t\t<div class=\"elementor-element elementor-element-d5d4216 elementor-widget elementor-widget-heading\" data-id=\"d5d4216\" data-element_type=\"widget\" data-e-type=\"widget\" data-widget_type=\"heading.default\">\n\t\t\t\t<div class=\"elementor-widget-container\">\n\t\t\t\t\t<div class=\"elementor-heading-title elementor-size-small\">Hochwertig verarbeitet, zeitgem\u00e4ss getunt und pr\u00e4zise im Handling: Dieser E21 ist ein sorgloser Klassiker mit Seltenheitswert.<\/div>\t\t\t\t<\/div>\n\t\t\t\t<\/div>\n\t\t\t\t\t<\/div>\n\t\t<\/div>\n\t\t\t\t\t<\/div>\n\t\t<\/section>\n\t\t\t\t<section class=\"elementor-section elementor-inner-section elementor-element elementor-element-7e557f5 elementor-section-content-bottom elementor-section-boxed elementor-section-height-default elementor-section-height-default\" data-id=\"7e557f5\" data-element_type=\"section\" data-e-type=\"section\">\n\t\t\t\t\t\t<div class=\"elementor-container elementor-column-gap-wider\">\n\t\t\t\t\t<div class=\"elementor-column elementor-col-33 elementor-inner-column elementor-element elementor-element-d75c0ac\" data-id=\"d75c0ac\" data-element_type=\"column\" data-e-type=\"column\">\n\t\t\t<div class=\"elementor-widget-wrap elementor-element-populated\">\n\t\t\t\t\t\t<div class=\"elementor-element elementor-element-de8d24e elementor-widget elementor-widget-image\" data-id=\"de8d24e\" data-element_type=\"widget\" data-e-type=\"widget\" data-widget_type=\"image.default\">\n\t\t\t\t<div class=\"elementor-widget-container\">\n\t\t\t\t\t\t\t\t\t\t\t\t\t\t\t\t<a href=\"https:\/\/lunicars.com\/en\/fahrzeuge\/1971-chevrolet-chevelle\/\">\n\t\t\t\t\t\t\t<img loading=\"lazy\" decoding=\"async\" width=\"2048\" height=\"1365\" src=\"https:\/\/lunicars.com\/wp-content\/uploads\/2022\/09\/DSC07934-2048x1365.jpg\" class=\"elementor-animation-grow attachment-2048x2048 size-2048x2048 wp-image-34421\" alt=\"\" srcset=\"https:\/\/lunicars.com\/wp-content\/uploads\/2022\/09\/DSC07934-2048x1365.jpg 2048w, https:\/\/lunicars.com\/wp-content\/uploads\/2022\/09\/DSC07934-300x200.jpg 300w, https:\/\/lunicars.com\/wp-content\/uploads\/2022\/09\/DSC07934-1024x683.jpg 1024w, https:\/\/lunicars.com\/wp-content\/uploads\/2022\/09\/DSC07934-768x512.jpg 768w, https:\/\/lunicars.com\/wp-content\/uploads\/2022\/09\/DSC07934-1536x1024.jpg 1536w\" sizes=\"auto, (max-width: 2048px) 100vw, 2048px\" \/>\t\t\t\t\t\t\t\t<\/a>\n\t\t\t\t\t\t\t\t\t\t\t\t\t\t\t<\/div>\n\t\t\t\t<\/div>\n\t\t\t\t\t<\/div>\n\t\t<\/div>\n\t\t\t\t<div class=\"elementor-column elementor-col-66 elementor-inner-column elementor-element elementor-element-c7dd0f9\" data-id=\"c7dd0f9\" data-element_type=\"column\" data-e-type=\"column\">\n\t\t\t<div class=\"elementor-widget-wrap elementor-element-populated\">\n\t\t\t\t\t\t<div class=\"elementor-element elementor-element-27966f6 elementor-widget elementor-widget-heading\" data-id=\"27966f6\" data-element_type=\"widget\" data-e-type=\"widget\" data-widget_type=\"heading.default\">\n\t\t\t\t<div class=\"elementor-widget-container\">\n\t\t\t\t\t<div class=\"elementor-heading-title elementor-size-small\"><font color=\"#c48a02\">Sold<\/font><\/div>\t\t\t\t<\/div>\n\t\t\t\t<\/div>\n\t\t\t\t<div class=\"elementor-element elementor-element-efadbbf elementor-widget elementor-widget-heading\" data-id=\"efadbbf\" data-element_type=\"widget\" data-e-type=\"widget\" data-widget_type=\"heading.default\">\n\t\t\t\t<div class=\"elementor-widget-container\">\n\t\t\t\t\t<h1 class=\"elementor-heading-title elementor-size-default\"><a href=\"https:\/\/lunicars.com\/en\/fahrzeuge\/1971-chevrolet-chevelle\/\">Chevrolet Chevelle '71<\/a><\/h1>\t\t\t\t<\/div>\n\t\t\t\t<\/div>\n\t\t\t\t<div class=\"elementor-element elementor-element-5ce95c2 elementor-widget elementor-widget-heading\" data-id=\"5ce95c2\" data-element_type=\"widget\" data-e-type=\"widget\" data-widget_type=\"heading.default\">\n\t\t\t\t<div class=\"elementor-widget-container\">\n\t\t\t\t\t<div class=\"elementor-heading-title elementor-size-small\">350er V8 mit 5.7 Litern Hubraum, neue Bremsen, neue D\u00e4mpfer, neuer Tank und eine Top Farbkombination - ein Muscle-Car zum Verlieben. Ab MFK.<\/div>\t\t\t\t<\/div>\n\t\t\t\t<\/div>\n\t\t\t\t\t<\/div>\n\t\t<\/div>\n\t\t\t\t\t<\/div>\n\t\t<\/section>\n\t\t\t\t<section class=\"elementor-section elementor-inner-section elementor-element elementor-element-5ad2b0d elementor-section-content-bottom elementor-section-boxed elementor-section-height-default elementor-section-height-default\" data-id=\"5ad2b0d\" data-element_type=\"section\" data-e-type=\"section\">\n\t\t\t\t\t\t<div class=\"elementor-container elementor-column-gap-wider\">\n\t\t\t\t\t<div class=\"elementor-column elementor-col-33 elementor-inner-column elementor-element elementor-element-34bf548\" data-id=\"34bf548\" data-element_type=\"column\" data-e-type=\"column\">\n\t\t\t<div class=\"elementor-widget-wrap elementor-element-populated\">\n\t\t\t\t\t\t<div class=\"elementor-element elementor-element-13fe26f elementor-widget elementor-widget-image\" data-id=\"13fe26f\" data-element_type=\"widget\" data-e-type=\"widget\" data-widget_type=\"image.default\">\n\t\t\t\t<div class=\"elementor-widget-container\">\n\t\t\t\t\t\t\t\t\t\t\t\t\t\t\t\t<a href=\"https:\/\/lunicars.com\/en\/fahrzeuge\/1971-chevrolet-corvette-c3-454\/\">\n\t\t\t\t\t\t\t<img loading=\"lazy\" decoding=\"async\" width=\"2048\" height=\"1366\" src=\"https:\/\/lunicars.com\/wp-content\/uploads\/2023\/06\/Chevrolet-Corvette-Stingray-454-02-2048x1366.jpg\" class=\"elementor-animation-grow attachment-2048x2048 size-2048x2048 wp-image-37589\" alt=\"\" srcset=\"https:\/\/lunicars.com\/wp-content\/uploads\/2023\/06\/Chevrolet-Corvette-Stingray-454-02-2048x1366.jpg 2048w, https:\/\/lunicars.com\/wp-content\/uploads\/2023\/06\/Chevrolet-Corvette-Stingray-454-02-300x200.jpg 300w, https:\/\/lunicars.com\/wp-content\/uploads\/2023\/06\/Chevrolet-Corvette-Stingray-454-02-1024x683.jpg 1024w, https:\/\/lunicars.com\/wp-content\/uploads\/2023\/06\/Chevrolet-Corvette-Stingray-454-02-768x512.jpg 768w, https:\/\/lunicars.com\/wp-content\/uploads\/2023\/06\/Chevrolet-Corvette-Stingray-454-02-1536x1024.jpg 1536w\" sizes=\"auto, (max-width: 2048px) 100vw, 2048px\" \/>\t\t\t\t\t\t\t\t<\/a>\n\t\t\t\t\t\t\t\t\t\t\t\t\t\t\t<\/div>\n\t\t\t\t<\/div>\n\t\t\t\t\t<\/div>\n\t\t<\/div>\n\t\t\t\t<div class=\"elementor-column elementor-col-66 elementor-inner-column elementor-element elementor-element-fb99ebb\" data-id=\"fb99ebb\" data-element_type=\"column\" data-e-type=\"column\">\n\t\t\t<div class=\"elementor-widget-wrap elementor-element-populated\">\n\t\t\t\t\t\t<div class=\"elementor-element elementor-element-07eee46 elementor-widget elementor-widget-heading\" data-id=\"07eee46\" data-element_type=\"widget\" data-e-type=\"widget\" data-widget_type=\"heading.default\">\n\t\t\t\t<div class=\"elementor-widget-container\">\n\t\t\t\t\t<div class=\"elementor-heading-title elementor-size-small\"><font color=\"#c48a02\">Sold<\/font><\/div>\t\t\t\t<\/div>\n\t\t\t\t<\/div>\n\t\t\t\t<div class=\"elementor-element elementor-element-6b4772d elementor-widget elementor-widget-heading\" data-id=\"6b4772d\" data-element_type=\"widget\" data-e-type=\"widget\" data-widget_type=\"heading.default\">\n\t\t\t\t<div class=\"elementor-widget-container\">\n\t\t\t\t\t<h1 class=\"elementor-heading-title elementor-size-default\"><a href=\"https:\/\/lunicars.com\/en\/fahrzeuge\/1971-chevrolet-corvette-c3-454\/\">Chevrolet Corvette C3 454 '71<\/a><\/h1>\t\t\t\t<\/div>\n\t\t\t\t<\/div>\n\t\t\t\t<div class=\"elementor-element elementor-element-0aa6e4b elementor-widget elementor-widget-heading\" data-id=\"0aa6e4b\" data-element_type=\"widget\" data-e-type=\"widget\" data-widget_type=\"heading.default\">\n\t\t\t\t<div class=\"elementor-widget-container\">\n\t\t\t\t\t<div class=\"elementor-heading-title elementor-size-small\">A fantastic, original C3 with matching numbers all round. Equipped with 454 LS5 and 4-speed manual gearbox. <\/div>\t\t\t\t<\/div>\n\t\t\t\t<\/div>\n\t\t\t\t\t<\/div>\n\t\t<\/div>\n\t\t\t\t\t<\/div>\n\t\t<\/section>\n\t\t\t\t<section class=\"elementor-section elementor-inner-section elementor-element elementor-element-32d1df9 elementor-section-content-bottom elementor-section-boxed elementor-section-height-default elementor-section-height-default\" data-id=\"32d1df9\" data-element_type=\"section\" data-e-type=\"section\">\n\t\t\t\t\t\t<div class=\"elementor-container elementor-column-gap-wider\">\n\t\t\t\t\t<div class=\"elementor-column elementor-col-33 elementor-inner-column elementor-element elementor-element-dc784e2\" data-id=\"dc784e2\" data-element_type=\"column\" data-e-type=\"column\">\n\t\t\t<div class=\"elementor-widget-wrap elementor-element-populated\">\n\t\t\t\t\t\t<div class=\"elementor-element elementor-element-dd11686 elementor-widget elementor-widget-image\" data-id=\"dd11686\" data-element_type=\"widget\" data-e-type=\"widget\" data-widget_type=\"image.default\">\n\t\t\t\t<div class=\"elementor-widget-container\">\n\t\t\t\t\t\t\t\t\t\t\t\t\t\t\t\t<a href=\"https:\/\/lunicars.com\/en\/fahrzeuge\/1970-chevrolet-corvette-c3-bronze\/\">\n\t\t\t\t\t\t\t<img loading=\"lazy\" decoding=\"async\" width=\"2048\" height=\"1366\" src=\"https:\/\/lunicars.com\/wp-content\/uploads\/2023\/05\/1970-Chevrolet-Corvette-C3-Bronze-02-2048x1366.jpg\" class=\"elementor-animation-grow attachment-2048x2048 size-2048x2048 wp-image-37414\" alt=\"\" srcset=\"https:\/\/lunicars.com\/wp-content\/uploads\/2023\/05\/1970-Chevrolet-Corvette-C3-Bronze-02-2048x1366.jpg 2048w, https:\/\/lunicars.com\/wp-content\/uploads\/2023\/05\/1970-Chevrolet-Corvette-C3-Bronze-02-300x200.jpg 300w, https:\/\/lunicars.com\/wp-content\/uploads\/2023\/05\/1970-Chevrolet-Corvette-C3-Bronze-02-1024x683.jpg 1024w, https:\/\/lunicars.com\/wp-content\/uploads\/2023\/05\/1970-Chevrolet-Corvette-C3-Bronze-02-768x512.jpg 768w, https:\/\/lunicars.com\/wp-content\/uploads\/2023\/05\/1970-Chevrolet-Corvette-C3-Bronze-02-1536x1024.jpg 1536w\" sizes=\"auto, (max-width: 2048px) 100vw, 2048px\" \/>\t\t\t\t\t\t\t\t<\/a>\n\t\t\t\t\t\t\t\t\t\t\t\t\t\t\t<\/div>\n\t\t\t\t<\/div>\n\t\t\t\t\t<\/div>\n\t\t<\/div>\n\t\t\t\t<div class=\"elementor-column elementor-col-66 elementor-inner-column elementor-element elementor-element-a0ca254\" data-id=\"a0ca254\" data-element_type=\"column\" data-e-type=\"column\">\n\t\t\t<div class=\"elementor-widget-wrap elementor-element-populated\">\n\t\t\t\t\t\t<div class=\"elementor-element elementor-element-429767d elementor-widget elementor-widget-heading\" data-id=\"429767d\" data-element_type=\"widget\" data-e-type=\"widget\" data-widget_type=\"heading.default\">\n\t\t\t\t<div class=\"elementor-widget-container\">\n\t\t\t\t\t<div class=\"elementor-heading-title elementor-size-small\"><font color=\"#c48a02\">Sold<\/font><\/div>\t\t\t\t<\/div>\n\t\t\t\t<\/div>\n\t\t\t\t<div class=\"elementor-element elementor-element-97eb388 elementor-widget elementor-widget-heading\" data-id=\"97eb388\" data-element_type=\"widget\" data-e-type=\"widget\" data-widget_type=\"heading.default\">\n\t\t\t\t<div class=\"elementor-widget-container\">\n\t\t\t\t\t<h1 class=\"elementor-heading-title elementor-size-default\"><a href=\"https:\/\/lunicars.com\/en\/fahrzeuge\/1970-chevrolet-corvette-c3-bronze\/\">Chevrolet Corvette C3 '70<\/a><\/h1>\t\t\t\t<\/div>\n\t\t\t\t<\/div>\n\t\t\t\t<div class=\"elementor-element elementor-element-aa56849 elementor-widget elementor-widget-heading\" data-id=\"aa56849\" data-element_type=\"widget\" data-e-type=\"widget\" data-widget_type=\"heading.default\">\n\t\t\t\t<div class=\"elementor-widget-container\">\n\t\t\t\t\t<div class=\"elementor-heading-title elementor-size-small\">Veteran, Chrommodell, rundum \u00abmatching numbers\u00bb und mit Sicherheit eine der am besten dokumentierten C3 \u00fcberhaupt.<\/div>\t\t\t\t<\/div>\n\t\t\t\t<\/div>\n\t\t\t\t\t<\/div>\n\t\t<\/div>\n\t\t\t\t\t<\/div>\n\t\t<\/section>\n\t\t\t\t<section class=\"elementor-section elementor-inner-section elementor-element elementor-element-452d04c elementor-section-content-bottom elementor-section-boxed elementor-section-height-default elementor-section-height-default\" data-id=\"452d04c\" data-element_type=\"section\" data-e-type=\"section\">\n\t\t\t\t\t\t<div class=\"elementor-container elementor-column-gap-wider\">\n\t\t\t\t\t<div class=\"elementor-column elementor-col-33 elementor-inner-column elementor-element elementor-element-69b73fa\" data-id=\"69b73fa\" data-element_type=\"column\" data-e-type=\"column\">\n\t\t\t<div class=\"elementor-widget-wrap elementor-element-populated\">\n\t\t\t\t\t\t<div class=\"elementor-element elementor-element-a50cad1 elementor-widget elementor-widget-image\" data-id=\"a50cad1\" data-element_type=\"widget\" data-e-type=\"widget\" data-widget_type=\"image.default\">\n\t\t\t\t<div class=\"elementor-widget-container\">\n\t\t\t\t\t\t\t\t\t\t\t\t\t\t\t\t<a href=\"https:\/\/lunicars.com\/en\/fahrzeuge\/1978-chevrolet-corvette-c3-anniversary-edition\/\">\n\t\t\t\t\t\t\t<img loading=\"lazy\" decoding=\"async\" width=\"2048\" height=\"1366\" src=\"https:\/\/lunicars.com\/wp-content\/uploads\/2023\/07\/1978-Chevrolet-Corvette-C3-02-2048x1366.jpg\" class=\"elementor-animation-grow attachment-2048x2048 size-2048x2048 wp-image-37765\" alt=\"\" srcset=\"https:\/\/lunicars.com\/wp-content\/uploads\/2023\/07\/1978-Chevrolet-Corvette-C3-02-2048x1366.jpg 2048w, https:\/\/lunicars.com\/wp-content\/uploads\/2023\/07\/1978-Chevrolet-Corvette-C3-02-300x200.jpg 300w, https:\/\/lunicars.com\/wp-content\/uploads\/2023\/07\/1978-Chevrolet-Corvette-C3-02-1024x683.jpg 1024w, https:\/\/lunicars.com\/wp-content\/uploads\/2023\/07\/1978-Chevrolet-Corvette-C3-02-768x512.jpg 768w, https:\/\/lunicars.com\/wp-content\/uploads\/2023\/07\/1978-Chevrolet-Corvette-C3-02-1536x1024.jpg 1536w\" sizes=\"auto, (max-width: 2048px) 100vw, 2048px\" \/>\t\t\t\t\t\t\t\t<\/a>\n\t\t\t\t\t\t\t\t\t\t\t\t\t\t\t<\/div>\n\t\t\t\t<\/div>\n\t\t\t\t\t<\/div>\n\t\t<\/div>\n\t\t\t\t<div class=\"elementor-column elementor-col-66 elementor-inner-column elementor-element elementor-element-7b529f6\" data-id=\"7b529f6\" data-element_type=\"column\" data-e-type=\"column\">\n\t\t\t<div class=\"elementor-widget-wrap elementor-element-populated\">\n\t\t\t\t\t\t<div class=\"elementor-element elementor-element-b904013 elementor-widget elementor-widget-heading\" data-id=\"b904013\" data-element_type=\"widget\" data-e-type=\"widget\" data-widget_type=\"heading.default\">\n\t\t\t\t<div class=\"elementor-widget-container\">\n\t\t\t\t\t<div class=\"elementor-heading-title elementor-size-small\"><font color=\"#c48a02\">Sold<\/font><\/div>\t\t\t\t<\/div>\n\t\t\t\t<\/div>\n\t\t\t\t<div class=\"elementor-element elementor-element-f601b6c elementor-widget elementor-widget-heading\" data-id=\"f601b6c\" data-element_type=\"widget\" data-e-type=\"widget\" data-widget_type=\"heading.default\">\n\t\t\t\t<div class=\"elementor-widget-container\">\n\t\t\t\t\t<h1 class=\"elementor-heading-title elementor-size-default\"><a href=\"https:\/\/lunicars.com\/en\/fahrzeuge\/1978-chevrolet-corvette-c3-anniversary-edition\/\">Chevrolet Corvette C3 '78<\/a><\/h1>\t\t\t\t<\/div>\n\t\t\t\t<\/div>\n\t\t\t\t<div class=\"elementor-element elementor-element-510f669 elementor-widget elementor-widget-heading\" data-id=\"510f669\" data-element_type=\"widget\" data-e-type=\"widget\" data-widget_type=\"heading.default\">\n\t\t\t\t<div class=\"elementor-widget-container\">\n\t\t\t\t\t<div class=\"elementor-heading-title elementor-size-small\">Eine veteranengepr\u00fcfte Jubil\u00e4ums-C3 mit ein paar sinnvollen Modifikationen und in einer wundersch\u00f6nen Farbkombination.<\/div>\t\t\t\t<\/div>\n\t\t\t\t<\/div>\n\t\t\t\t\t<\/div>\n\t\t<\/div>\n\t\t\t\t\t<\/div>\n\t\t<\/section>\n\t\t\t\t<section class=\"elementor-section elementor-inner-section elementor-element elementor-element-b809921 elementor-section-content-bottom elementor-section-boxed elementor-section-height-default elementor-section-height-default\" data-id=\"b809921\" data-element_type=\"section\" data-e-type=\"section\">\n\t\t\t\t\t\t<div class=\"elementor-container elementor-column-gap-wider\">\n\t\t\t\t\t<div class=\"elementor-column elementor-col-33 elementor-inner-column elementor-element elementor-element-4d78c6e\" data-id=\"4d78c6e\" data-element_type=\"column\" data-e-type=\"column\">\n\t\t\t<div class=\"elementor-widget-wrap elementor-element-populated\">\n\t\t\t\t\t\t<div class=\"elementor-element elementor-element-c575a86 elementor-widget elementor-widget-image\" data-id=\"c575a86\" data-element_type=\"widget\" data-e-type=\"widget\" data-widget_type=\"image.default\">\n\t\t\t\t<div class=\"elementor-widget-container\">\n\t\t\t\t\t\t\t\t\t\t\t\t\t\t\t\t<a href=\"https:\/\/lunicars.com\/en\/fahrzeuge\/2016-jeep-wrangler-rubicon-unlimited\/\">\n\t\t\t\t\t\t\t<img loading=\"lazy\" decoding=\"async\" width=\"2048\" height=\"1366\" src=\"https:\/\/lunicars.com\/wp-content\/uploads\/2023\/08\/FZA-2016-Jeep-Wrangler-Unlimited-03-2048x1366.jpg\" class=\"elementor-animation-grow attachment-2048x2048 size-2048x2048 wp-image-38529\" alt=\"\" srcset=\"https:\/\/lunicars.com\/wp-content\/uploads\/2023\/08\/FZA-2016-Jeep-Wrangler-Unlimited-03-2048x1366.jpg 2048w, https:\/\/lunicars.com\/wp-content\/uploads\/2023\/08\/FZA-2016-Jeep-Wrangler-Unlimited-03-300x200.jpg 300w, https:\/\/lunicars.com\/wp-content\/uploads\/2023\/08\/FZA-2016-Jeep-Wrangler-Unlimited-03-1024x683.jpg 1024w, https:\/\/lunicars.com\/wp-content\/uploads\/2023\/08\/FZA-2016-Jeep-Wrangler-Unlimited-03-768x512.jpg 768w, https:\/\/lunicars.com\/wp-content\/uploads\/2023\/08\/FZA-2016-Jeep-Wrangler-Unlimited-03-1536x1024.jpg 1536w\" sizes=\"auto, (max-width: 2048px) 100vw, 2048px\" \/>\t\t\t\t\t\t\t\t<\/a>\n\t\t\t\t\t\t\t\t\t\t\t\t\t\t\t<\/div>\n\t\t\t\t<\/div>\n\t\t\t\t\t<\/div>\n\t\t<\/div>\n\t\t\t\t<div class=\"elementor-column elementor-col-66 elementor-inner-column elementor-element elementor-element-d487f0b\" data-id=\"d487f0b\" data-element_type=\"column\" data-e-type=\"column\">\n\t\t\t<div class=\"elementor-widget-wrap elementor-element-populated\">\n\t\t\t\t\t\t<div class=\"elementor-element elementor-element-7ba6182 elementor-widget elementor-widget-heading\" data-id=\"7ba6182\" data-element_type=\"widget\" data-e-type=\"widget\" data-widget_type=\"heading.default\">\n\t\t\t\t<div class=\"elementor-widget-container\">\n\t\t\t\t\t<div class=\"elementor-heading-title elementor-size-small\"><font color=\"#c48a02\">Sold<\/font><\/div>\t\t\t\t<\/div>\n\t\t\t\t<\/div>\n\t\t\t\t<div class=\"elementor-element elementor-element-713db61 elementor-widget elementor-widget-heading\" data-id=\"713db61\" data-element_type=\"widget\" data-e-type=\"widget\" data-widget_type=\"heading.default\">\n\t\t\t\t<div class=\"elementor-widget-container\">\n\t\t\t\t\t<h1 class=\"elementor-heading-title elementor-size-default\"><a href=\"https:\/\/lunicars.com\/en\/fahrzeuge\/2016-jeep-wrangler-rubicon-unlimited\/\">Jeep Wrangler Rubicon Unlimited '16<\/a><\/h1>\t\t\t\t<\/div>\n\t\t\t\t<\/div>\n\t\t\t\t<div class=\"elementor-element elementor-element-0bf24da elementor-widget elementor-widget-heading\" data-id=\"0bf24da\" data-element_type=\"widget\" data-e-type=\"widget\" data-widget_type=\"heading.default\">\n\t\t\t\t<div class=\"elementor-widget-container\">\n\t\t\t\t\t<div class=\"elementor-heading-title elementor-size-small\">Gel\u00e4ndetauglich, bequem und z\u00fcgig unterwegs: Dieser sehr gepflegte Rubicon zeigt sich auf dem Asphalt ebenso souver\u00e4n wie auf dem Gel\u00e4nde.<\/div>\t\t\t\t<\/div>\n\t\t\t\t<\/div>\n\t\t\t\t\t<\/div>\n\t\t<\/div>\n\t\t\t\t\t<\/div>\n\t\t<\/section>\n\t\t\t\t<section class=\"elementor-section elementor-inner-section elementor-element elementor-element-28f5ceb elementor-section-content-bottom elementor-section-boxed elementor-section-height-default elementor-section-height-default\" data-id=\"28f5ceb\" data-element_type=\"section\" data-e-type=\"section\">\n\t\t\t\t\t\t<div class=\"elementor-container elementor-column-gap-wider\">\n\t\t\t\t\t<div class=\"elementor-column elementor-col-33 elementor-inner-column elementor-element elementor-element-d3e8401\" data-id=\"d3e8401\" data-element_type=\"column\" data-e-type=\"column\">\n\t\t\t<div class=\"elementor-widget-wrap elementor-element-populated\">\n\t\t\t\t\t\t<div class=\"elementor-element elementor-element-28a795a elementor-widget elementor-widget-image\" data-id=\"28a795a\" data-element_type=\"widget\" data-e-type=\"widget\" data-widget_type=\"image.default\">\n\t\t\t\t<div class=\"elementor-widget-container\">\n\t\t\t\t\t\t\t\t\t\t\t\t\t\t\t\t<a href=\"https:\/\/lunicars.com\/en\/fahrzeuge\/2000-mercedes-benz-sl-320\/\">\n\t\t\t\t\t\t\t<img loading=\"lazy\" decoding=\"async\" width=\"2048\" height=\"1366\" src=\"https:\/\/lunicars.com\/wp-content\/uploads\/2023\/08\/2000-Mercedes-Benz-SL-320-02-2048x1366.jpg\" class=\"elementor-animation-grow attachment-2048x2048 size-2048x2048 wp-image-38283\" alt=\"\" srcset=\"https:\/\/lunicars.com\/wp-content\/uploads\/2023\/08\/2000-Mercedes-Benz-SL-320-02-2048x1366.jpg 2048w, https:\/\/lunicars.com\/wp-content\/uploads\/2023\/08\/2000-Mercedes-Benz-SL-320-02-300x200.jpg 300w, https:\/\/lunicars.com\/wp-content\/uploads\/2023\/08\/2000-Mercedes-Benz-SL-320-02-1024x683.jpg 1024w, https:\/\/lunicars.com\/wp-content\/uploads\/2023\/08\/2000-Mercedes-Benz-SL-320-02-768x512.jpg 768w, https:\/\/lunicars.com\/wp-content\/uploads\/2023\/08\/2000-Mercedes-Benz-SL-320-02-1536x1024.jpg 1536w\" sizes=\"auto, (max-width: 2048px) 100vw, 2048px\" \/>\t\t\t\t\t\t\t\t<\/a>\n\t\t\t\t\t\t\t\t\t\t\t\t\t\t\t<\/div>\n\t\t\t\t<\/div>\n\t\t\t\t\t<\/div>\n\t\t<\/div>\n\t\t\t\t<div class=\"elementor-column elementor-col-66 elementor-inner-column elementor-element elementor-element-2de7f3a\" data-id=\"2de7f3a\" data-element_type=\"column\" data-e-type=\"column\">\n\t\t\t<div class=\"elementor-widget-wrap elementor-element-populated\">\n\t\t\t\t\t\t<div class=\"elementor-element elementor-element-bca1957 elementor-widget elementor-widget-heading\" data-id=\"bca1957\" data-element_type=\"widget\" data-e-type=\"widget\" data-widget_type=\"heading.default\">\n\t\t\t\t<div class=\"elementor-widget-container\">\n\t\t\t\t\t<div class=\"elementor-heading-title elementor-size-small\"><font color=\"#c48a02\">Sold<\/font><\/div>\t\t\t\t<\/div>\n\t\t\t\t<\/div>\n\t\t\t\t<div class=\"elementor-element elementor-element-6d3471b elementor-widget elementor-widget-heading\" data-id=\"6d3471b\" data-element_type=\"widget\" data-e-type=\"widget\" data-widget_type=\"heading.default\">\n\t\t\t\t<div class=\"elementor-widget-container\">\n\t\t\t\t\t<h1 class=\"elementor-heading-title elementor-size-default\"><a href=\"https:\/\/lunicars.com\/en\/fahrzeuge\/2000-mercedes-benz-sl-320\/\">Mercedes-Benz SL 320 '00<\/a><\/h1>\t\t\t\t<\/div>\n\t\t\t\t<\/div>\n\t\t\t\t<div class=\"elementor-element elementor-element-0ad6075 elementor-widget elementor-widget-heading\" data-id=\"0ad6075\" data-element_type=\"widget\" data-e-type=\"widget\" data-widget_type=\"heading.default\">\n\t\t\t\t<div class=\"elementor-widget-container\">\n\t\t\t\t\t<div class=\"elementor-heading-title elementor-size-small\">Ein Luxus-Cabriolet in zeitlosem Design und mit sehr umfangreicher Ausstattung. Zuverl\u00e4ssig, bequem und stilvoll. Ab grossem Service und MFK.<\/div>\t\t\t\t<\/div>\n\t\t\t\t<\/div>\n\t\t\t\t\t<\/div>\n\t\t<\/div>\n\t\t\t\t\t<\/div>\n\t\t<\/section>\n\t\t\t\t<section class=\"elementor-section elementor-inner-section elementor-element elementor-element-26e8ba4 elementor-section-content-bottom elementor-section-boxed elementor-section-height-default elementor-section-height-default\" data-id=\"26e8ba4\" data-element_type=\"section\" data-e-type=\"section\">\n\t\t\t\t\t\t<div class=\"elementor-container elementor-column-gap-wider\">\n\t\t\t\t\t<div class=\"elementor-column elementor-col-33 elementor-inner-column elementor-element elementor-element-de383c6\" data-id=\"de383c6\" data-element_type=\"column\" data-e-type=\"column\">\n\t\t\t<div class=\"elementor-widget-wrap elementor-element-populated\">\n\t\t\t\t\t\t<div class=\"elementor-element elementor-element-1f76f1c elementor-widget elementor-widget-image\" data-id=\"1f76f1c\" data-element_type=\"widget\" data-e-type=\"widget\" data-widget_type=\"image.default\">\n\t\t\t\t<div class=\"elementor-widget-container\">\n\t\t\t\t\t\t\t\t\t\t\t\t\t\t\t\t<a href=\"https:\/\/lunicars.com\/en\/fahrzeuge\/1939-ford-pickup\/\">\n\t\t\t\t\t\t\t<img loading=\"lazy\" decoding=\"async\" width=\"2048\" height=\"1366\" src=\"https:\/\/lunicars.com\/wp-content\/uploads\/2023\/05\/1939-Ford-Pickup-02-2048x1366.jpg\" class=\"elementor-animation-grow attachment-2048x2048 size-2048x2048 wp-image-37299\" alt=\"\" srcset=\"https:\/\/lunicars.com\/wp-content\/uploads\/2023\/05\/1939-Ford-Pickup-02-2048x1366.jpg 2048w, https:\/\/lunicars.com\/wp-content\/uploads\/2023\/05\/1939-Ford-Pickup-02-300x200.jpg 300w, https:\/\/lunicars.com\/wp-content\/uploads\/2023\/05\/1939-Ford-Pickup-02-1024x683.jpg 1024w, https:\/\/lunicars.com\/wp-content\/uploads\/2023\/05\/1939-Ford-Pickup-02-768x512.jpg 768w, https:\/\/lunicars.com\/wp-content\/uploads\/2023\/05\/1939-Ford-Pickup-02-1536x1024.jpg 1536w\" sizes=\"auto, (max-width: 2048px) 100vw, 2048px\" \/>\t\t\t\t\t\t\t\t<\/a>\n\t\t\t\t\t\t\t\t\t\t\t\t\t\t\t<\/div>\n\t\t\t\t<\/div>\n\t\t\t\t\t<\/div>\n\t\t<\/div>\n\t\t\t\t<div class=\"elementor-column elementor-col-66 elementor-inner-column elementor-element elementor-element-18e921b\" data-id=\"18e921b\" data-element_type=\"column\" data-e-type=\"column\">\n\t\t\t<div class=\"elementor-widget-wrap elementor-element-populated\">\n\t\t\t\t\t\t<div class=\"elementor-element elementor-element-4ab830d elementor-widget elementor-widget-heading\" data-id=\"4ab830d\" data-element_type=\"widget\" data-e-type=\"widget\" data-widget_type=\"heading.default\">\n\t\t\t\t<div class=\"elementor-widget-container\">\n\t\t\t\t\t<div class=\"elementor-heading-title elementor-size-small\"><font color=\"#c48a02\">Sold<\/font><\/div>\t\t\t\t<\/div>\n\t\t\t\t<\/div>\n\t\t\t\t<div class=\"elementor-element elementor-element-d5b2366 elementor-widget elementor-widget-heading\" data-id=\"d5b2366\" data-element_type=\"widget\" data-e-type=\"widget\" data-widget_type=\"heading.default\">\n\t\t\t\t<div class=\"elementor-widget-container\">\n\t\t\t\t\t<h1 class=\"elementor-heading-title elementor-size-default\"><a href=\"https:\/\/lunicars.com\/en\/fahrzeuge\/1939-ford-pickup\/\">Ford Pickup '39<\/a><\/h1>\t\t\t\t<\/div>\n\t\t\t\t<\/div>\n\t\t\t\t<div class=\"elementor-element elementor-element-e855e6b elementor-widget elementor-widget-heading\" data-id=\"e855e6b\" data-element_type=\"widget\" data-e-type=\"widget\" data-widget_type=\"heading.default\">\n\t\t\t\t<div class=\"elementor-widget-container\">\n\t\t\t\t\t<div class=\"elementor-heading-title elementor-size-small\">Erstlack, echte Patina, matching V8 Flathead \u2013 ein Pickup, der sich nicht unterkriegen l\u00e4sst. Diesen Survivor muss man gesehen haben.<\/div>\t\t\t\t<\/div>\n\t\t\t\t<\/div>\n\t\t\t\t\t<\/div>\n\t\t<\/div>\n\t\t\t\t\t<\/div>\n\t\t<\/section>\n\t\t\t\t<section class=\"elementor-section elementor-inner-section elementor-element elementor-element-33c61b4 elementor-section-content-bottom elementor-section-boxed elementor-section-height-default elementor-section-height-default\" data-id=\"33c61b4\" data-element_type=\"section\" data-e-type=\"section\">\n\t\t\t\t\t\t<div class=\"elementor-container elementor-column-gap-wider\">\n\t\t\t\t\t<div class=\"elementor-column elementor-col-33 elementor-inner-column elementor-element elementor-element-6451da4\" data-id=\"6451da4\" data-element_type=\"column\" data-e-type=\"column\">\n\t\t\t<div class=\"elementor-widget-wrap elementor-element-populated\">\n\t\t\t\t\t\t<div class=\"elementor-element elementor-element-3a2f8ad elementor-widget elementor-widget-image\" data-id=\"3a2f8ad\" data-element_type=\"widget\" data-e-type=\"widget\" data-widget_type=\"image.default\">\n\t\t\t\t<div class=\"elementor-widget-container\">\n\t\t\t\t\t\t\t\t\t\t\t\t\t\t\t\t<a href=\"https:\/\/lunicars.com\/en\/fahrzeuge\/1975-dodge-ramcharger-aw100\/\">\n\t\t\t\t\t\t\t<img loading=\"lazy\" decoding=\"async\" width=\"2048\" height=\"1365\" src=\"https:\/\/lunicars.com\/wp-content\/uploads\/2022\/08\/DSC07552-2048x1365.jpg\" class=\"elementor-animation-grow attachment-2048x2048 size-2048x2048 wp-image-34110\" alt=\"\" srcset=\"https:\/\/lunicars.com\/wp-content\/uploads\/2022\/08\/DSC07552-2048x1365.jpg 2048w, https:\/\/lunicars.com\/wp-content\/uploads\/2022\/08\/DSC07552-300x200.jpg 300w, https:\/\/lunicars.com\/wp-content\/uploads\/2022\/08\/DSC07552-1024x683.jpg 1024w, https:\/\/lunicars.com\/wp-content\/uploads\/2022\/08\/DSC07552-768x512.jpg 768w, https:\/\/lunicars.com\/wp-content\/uploads\/2022\/08\/DSC07552-1536x1024.jpg 1536w\" sizes=\"auto, (max-width: 2048px) 100vw, 2048px\" \/>\t\t\t\t\t\t\t\t<\/a>\n\t\t\t\t\t\t\t\t\t\t\t\t\t\t\t<\/div>\n\t\t\t\t<\/div>\n\t\t\t\t\t<\/div>\n\t\t<\/div>\n\t\t\t\t<div class=\"elementor-column elementor-col-66 elementor-inner-column elementor-element elementor-element-ec5b2d6\" data-id=\"ec5b2d6\" data-element_type=\"column\" data-e-type=\"column\">\n\t\t\t<div class=\"elementor-widget-wrap elementor-element-populated\">\n\t\t\t\t\t\t<div class=\"elementor-element elementor-element-d0f2daa elementor-widget elementor-widget-heading\" data-id=\"d0f2daa\" data-element_type=\"widget\" data-e-type=\"widget\" data-widget_type=\"heading.default\">\n\t\t\t\t<div class=\"elementor-widget-container\">\n\t\t\t\t\t<div class=\"elementor-heading-title elementor-size-small\"><font color=\"#c48a02\">Sold<\/font><\/div>\t\t\t\t<\/div>\n\t\t\t\t<\/div>\n\t\t\t\t<div class=\"elementor-element elementor-element-fab9ffc elementor-widget elementor-widget-heading\" data-id=\"fab9ffc\" data-element_type=\"widget\" data-e-type=\"widget\" data-widget_type=\"heading.default\">\n\t\t\t\t<div class=\"elementor-widget-container\">\n\t\t\t\t\t<h1 class=\"elementor-heading-title elementor-size-default\"><a href=\"https:\/\/lunicars.com\/en\/fahrzeuge\/1975-dodge-ramcharger-aw100\/\">Dodge Ramcharger AW100 '75<\/a><\/h1>\t\t\t\t<\/div>\n\t\t\t\t<\/div>\n\t\t\t\t<div class=\"elementor-element elementor-element-cc75db8 elementor-widget elementor-widget-heading\" data-id=\"cc75db8\" data-element_type=\"widget\" data-e-type=\"widget\" data-widget_type=\"heading.default\">\n\t\t\t\t<div class=\"elementor-widget-container\">\n\t\t\t\t\t<div class=\"elementor-heading-title elementor-size-small\">Ein traumhafter Pickup mit modernen Massen. F\u00fcr die gem\u00fctliche Sonntagsausfahrt oder f\u00fcr ein unvergleichbares Offroad-Erlebnis.<\/div>\t\t\t\t<\/div>\n\t\t\t\t<\/div>\n\t\t\t\t\t<\/div>\n\t\t<\/div>\n\t\t\t\t\t<\/div>\n\t\t<\/section>\n\t\t\t\t<section class=\"elementor-section elementor-inner-section elementor-element elementor-element-1e320b0 elementor-section-content-bottom elementor-section-boxed elementor-section-height-default elementor-section-height-default\" data-id=\"1e320b0\" data-element_type=\"section\" data-e-type=\"section\">\n\t\t\t\t\t\t<div class=\"elementor-container elementor-column-gap-wider\">\n\t\t\t\t\t<div class=\"elementor-column elementor-col-33 elementor-inner-column elementor-element elementor-element-1986820\" data-id=\"1986820\" data-element_type=\"column\" data-e-type=\"column\">\n\t\t\t<div class=\"elementor-widget-wrap elementor-element-populated\">\n\t\t\t\t\t\t<div class=\"elementor-element elementor-element-0cc1ac1 elementor-widget elementor-widget-image\" data-id=\"0cc1ac1\" data-element_type=\"widget\" data-e-type=\"widget\" data-widget_type=\"image.default\">\n\t\t\t\t<div class=\"elementor-widget-container\">\n\t\t\t\t\t\t\t\t\t\t\t\t\t\t\t\t<a href=\"https:\/\/lunicars.com\/en\/fahrzeuge\/1972-mercedes-benz-280-se\/\">\n\t\t\t\t\t\t\t<img loading=\"lazy\" decoding=\"async\" width=\"2048\" height=\"1365\" src=\"https:\/\/lunicars.com\/wp-content\/uploads\/2022\/10\/DSC08629-2048x1365.jpg\" class=\"elementor-animation-grow attachment-2048x2048 size-2048x2048 wp-image-34905\" alt=\"\" srcset=\"https:\/\/lunicars.com\/wp-content\/uploads\/2022\/10\/DSC08629-2048x1365.jpg 2048w, https:\/\/lunicars.com\/wp-content\/uploads\/2022\/10\/DSC08629-300x200.jpg 300w, https:\/\/lunicars.com\/wp-content\/uploads\/2022\/10\/DSC08629-1024x683.jpg 1024w, https:\/\/lunicars.com\/wp-content\/uploads\/2022\/10\/DSC08629-768x512.jpg 768w, https:\/\/lunicars.com\/wp-content\/uploads\/2022\/10\/DSC08629-1536x1024.jpg 1536w\" sizes=\"auto, (max-width: 2048px) 100vw, 2048px\" \/>\t\t\t\t\t\t\t\t<\/a>\n\t\t\t\t\t\t\t\t\t\t\t\t\t\t\t<\/div>\n\t\t\t\t<\/div>\n\t\t\t\t\t<\/div>\n\t\t<\/div>\n\t\t\t\t<div class=\"elementor-column elementor-col-66 elementor-inner-column elementor-element elementor-element-a87f157\" data-id=\"a87f157\" data-element_type=\"column\" data-e-type=\"column\">\n\t\t\t<div class=\"elementor-widget-wrap elementor-element-populated\">\n\t\t\t\t\t\t<div class=\"elementor-element elementor-element-34bc6e9 elementor-widget elementor-widget-heading\" data-id=\"34bc6e9\" data-element_type=\"widget\" data-e-type=\"widget\" data-widget_type=\"heading.default\">\n\t\t\t\t<div class=\"elementor-widget-container\">\n\t\t\t\t\t<div class=\"elementor-heading-title elementor-size-small\"><font color=\"#c48a02\">Sold<\/font><\/div>\t\t\t\t<\/div>\n\t\t\t\t<\/div>\n\t\t\t\t<div class=\"elementor-element elementor-element-22a9aa9 elementor-widget elementor-widget-heading\" data-id=\"22a9aa9\" data-element_type=\"widget\" data-e-type=\"widget\" data-widget_type=\"heading.default\">\n\t\t\t\t<div class=\"elementor-widget-container\">\n\t\t\t\t\t<h1 class=\"elementor-heading-title elementor-size-default\"><a href=\"https:\/\/lunicars.com\/en\/fahrzeuge\/1972-mercedes-benz-280-se\/\">Mercedes-Benz 280 SE '72<\/a><\/h1>\t\t\t\t<\/div>\n\t\t\t\t<\/div>\n\t\t\t\t<div class=\"elementor-element elementor-element-0c28fbd elementor-widget elementor-widget-heading\" data-id=\"0c28fbd\" data-element_type=\"widget\" data-e-type=\"widget\" data-widget_type=\"heading.default\">\n\t\t\t\t<div class=\"elementor-widget-container\">\n\t\t\t\t\t<div class=\"elementor-heading-title elementor-size-small\">Die erste S-Klasse von Mercedes in komplett restauriertem Zustand. Dieser fr\u00fche W116 f\u00e4hrt sich so souver\u00e4n wie noch vor 50 Jahren.<\/div>\t\t\t\t<\/div>\n\t\t\t\t<\/div>\n\t\t\t\t\t<\/div>\n\t\t<\/div>\n\t\t\t\t\t<\/div>\n\t\t<\/section>\n\t\t\t\t<section class=\"elementor-section elementor-inner-section elementor-element elementor-element-57129cb elementor-section-content-bottom elementor-section-boxed elementor-section-height-default elementor-section-height-default\" data-id=\"57129cb\" data-element_type=\"section\" data-e-type=\"section\">\n\t\t\t\t\t\t<div class=\"elementor-container elementor-column-gap-wider\">\n\t\t\t\t\t<div class=\"elementor-column elementor-col-33 elementor-inner-column elementor-element elementor-element-67470b5\" data-id=\"67470b5\" data-element_type=\"column\" data-e-type=\"column\">\n\t\t\t<div class=\"elementor-widget-wrap elementor-element-populated\">\n\t\t\t\t\t\t<div class=\"elementor-element elementor-element-3e80be1 elementor-widget elementor-widget-image\" data-id=\"3e80be1\" data-element_type=\"widget\" data-e-type=\"widget\" data-widget_type=\"image.default\">\n\t\t\t\t<div class=\"elementor-widget-container\">\n\t\t\t\t\t\t\t\t\t\t\t\t\t\t\t\t<a href=\"https:\/\/lunicars.com\/en\/fahrzeuge\/1977-chevrolet-monza-spyder\/\">\n\t\t\t\t\t\t\t<img loading=\"lazy\" decoding=\"async\" width=\"2048\" height=\"1365\" src=\"https:\/\/lunicars.com\/wp-content\/uploads\/2022\/11\/DSC08781-2048x1365.jpg\" class=\"elementor-animation-grow attachment-2048x2048 size-2048x2048 wp-image-35340\" alt=\"\" srcset=\"https:\/\/lunicars.com\/wp-content\/uploads\/2022\/11\/DSC08781-2048x1365.jpg 2048w, https:\/\/lunicars.com\/wp-content\/uploads\/2022\/11\/DSC08781-300x200.jpg 300w, https:\/\/lunicars.com\/wp-content\/uploads\/2022\/11\/DSC08781-1024x683.jpg 1024w, https:\/\/lunicars.com\/wp-content\/uploads\/2022\/11\/DSC08781-768x512.jpg 768w, https:\/\/lunicars.com\/wp-content\/uploads\/2022\/11\/DSC08781-1536x1024.jpg 1536w\" sizes=\"auto, (max-width: 2048px) 100vw, 2048px\" \/>\t\t\t\t\t\t\t\t<\/a>\n\t\t\t\t\t\t\t\t\t\t\t\t\t\t\t<\/div>\n\t\t\t\t<\/div>\n\t\t\t\t\t<\/div>\n\t\t<\/div>\n\t\t\t\t<div class=\"elementor-column elementor-col-66 elementor-inner-column elementor-element elementor-element-f4bd5b5\" data-id=\"f4bd5b5\" data-element_type=\"column\" data-e-type=\"column\">\n\t\t\t<div class=\"elementor-widget-wrap elementor-element-populated\">\n\t\t\t\t\t\t<div class=\"elementor-element elementor-element-ad2786c elementor-widget elementor-widget-heading\" data-id=\"ad2786c\" data-element_type=\"widget\" data-e-type=\"widget\" data-widget_type=\"heading.default\">\n\t\t\t\t<div class=\"elementor-widget-container\">\n\t\t\t\t\t<div class=\"elementor-heading-title elementor-size-small\"><font color=\"#c48a02\">Sold<\/font><\/div>\t\t\t\t<\/div>\n\t\t\t\t<\/div>\n\t\t\t\t<div class=\"elementor-element elementor-element-e5eed6a elementor-widget elementor-widget-heading\" data-id=\"e5eed6a\" data-element_type=\"widget\" data-e-type=\"widget\" data-widget_type=\"heading.default\">\n\t\t\t\t<div class=\"elementor-widget-container\">\n\t\t\t\t\t<h1 class=\"elementor-heading-title elementor-size-default\"><a href=\"https:\/\/lunicars.com\/en\/fahrzeuge\/1977-chevrolet-monza-spyder\/\">Chevrolet Monza Spyder '77<\/a><\/h1>\t\t\t\t<\/div>\n\t\t\t\t<\/div>\n\t\t\t\t<div class=\"elementor-element elementor-element-22144b0 elementor-widget elementor-widget-heading\" data-id=\"22144b0\" data-element_type=\"widget\" data-e-type=\"widget\" data-widget_type=\"heading.default\">\n\t\t\t\t<div class=\"elementor-widget-container\">\n\t\t\t\t\t<div class=\"elementor-heading-title elementor-size-small\">A rare classic with a V8 and amazing driving characteristics. CH vehicle, veteran and only a good 50,000 kilometers on the clock.<\/div>\t\t\t\t<\/div>\n\t\t\t\t<\/div>\n\t\t\t\t\t<\/div>\n\t\t<\/div>\n\t\t\t\t\t<\/div>\n\t\t<\/section>\n\t\t\t\t<section class=\"elementor-section elementor-inner-section elementor-element elementor-element-d9dae98 elementor-section-content-bottom elementor-section-boxed elementor-section-height-default elementor-section-height-default\" data-id=\"d9dae98\" data-element_type=\"section\" data-e-type=\"section\">\n\t\t\t\t\t\t<div class=\"elementor-container elementor-column-gap-wider\">\n\t\t\t\t\t<div class=\"elementor-column elementor-col-33 elementor-inner-column elementor-element elementor-element-ee7cff3\" data-id=\"ee7cff3\" data-element_type=\"column\" data-e-type=\"column\">\n\t\t\t<div class=\"elementor-widget-wrap elementor-element-populated\">\n\t\t\t\t\t\t<div class=\"elementor-element elementor-element-145e8c4 elementor-widget elementor-widget-image\" data-id=\"145e8c4\" data-element_type=\"widget\" data-e-type=\"widget\" data-widget_type=\"image.default\">\n\t\t\t\t<div class=\"elementor-widget-container\">\n\t\t\t\t\t\t\t\t\t\t\t\t\t\t\t\t<a href=\"https:\/\/lunicars.com\/en\/fahrzeuge\/1972-ford-mustang-351\/\">\n\t\t\t\t\t\t\t<img loading=\"lazy\" decoding=\"async\" width=\"2048\" height=\"1365\" src=\"https:\/\/lunicars.com\/wp-content\/uploads\/2023\/03\/DSC09624-2048x1365.jpg\" class=\"elementor-animation-grow attachment-2048x2048 size-2048x2048 wp-image-36447\" alt=\"\" srcset=\"https:\/\/lunicars.com\/wp-content\/uploads\/2023\/03\/DSC09624-2048x1365.jpg 2048w, https:\/\/lunicars.com\/wp-content\/uploads\/2023\/03\/DSC09624-300x200.jpg 300w, https:\/\/lunicars.com\/wp-content\/uploads\/2023\/03\/DSC09624-1024x683.jpg 1024w, https:\/\/lunicars.com\/wp-content\/uploads\/2023\/03\/DSC09624-768x512.jpg 768w, https:\/\/lunicars.com\/wp-content\/uploads\/2023\/03\/DSC09624-1536x1024.jpg 1536w\" sizes=\"auto, (max-width: 2048px) 100vw, 2048px\" \/>\t\t\t\t\t\t\t\t<\/a>\n\t\t\t\t\t\t\t\t\t\t\t\t\t\t\t<\/div>\n\t\t\t\t<\/div>\n\t\t\t\t\t<\/div>\n\t\t<\/div>\n\t\t\t\t<div class=\"elementor-column elementor-col-66 elementor-inner-column elementor-element elementor-element-6791eb3\" data-id=\"6791eb3\" data-element_type=\"column\" data-e-type=\"column\">\n\t\t\t<div class=\"elementor-widget-wrap elementor-element-populated\">\n\t\t\t\t\t\t<div class=\"elementor-element elementor-element-4ced06c elementor-widget elementor-widget-heading\" data-id=\"4ced06c\" data-element_type=\"widget\" data-e-type=\"widget\" data-widget_type=\"heading.default\">\n\t\t\t\t<div class=\"elementor-widget-container\">\n\t\t\t\t\t<div class=\"elementor-heading-title elementor-size-small\"><font color=\"#c48a02\">Sold<\/font><\/div>\t\t\t\t<\/div>\n\t\t\t\t<\/div>\n\t\t\t\t<div class=\"elementor-element elementor-element-38ab5d4 elementor-widget elementor-widget-heading\" data-id=\"38ab5d4\" data-element_type=\"widget\" data-e-type=\"widget\" data-widget_type=\"heading.default\">\n\t\t\t\t<div class=\"elementor-widget-container\">\n\t\t\t\t\t<h1 class=\"elementor-heading-title elementor-size-default\"><a href=\"https:\/\/lunicars.com\/en\/fahrzeuge\/1972-ford-mustang-351\/\">Ford Mustang 351 Convertible '72<\/a><\/h1>\t\t\t\t<\/div>\n\t\t\t\t<\/div>\n\t\t\t\t<div class=\"elementor-element elementor-element-c07c1e0 elementor-widget elementor-widget-heading\" data-id=\"c07c1e0\" data-element_type=\"widget\" data-e-type=\"widget\" data-widget_type=\"heading.default\">\n\t\t\t\t<div class=\"elementor-widget-container\">\n\t\t\t\t\t<div class=\"elementor-heading-title elementor-size-small\">Selten, hervorragend gepflegt und technisch wie optisch nahezu perfekt. Ein zeitloses und potentes Pony f\u00fcr Sammler und Mustang-Fans. <\/div>\t\t\t\t<\/div>\n\t\t\t\t<\/div>\n\t\t\t\t\t<\/div>\n\t\t<\/div>\n\t\t\t\t\t<\/div>\n\t\t<\/section>\n\t\t\t\t<section class=\"elementor-section elementor-inner-section elementor-element elementor-element-5486599 elementor-section-content-bottom elementor-section-boxed elementor-section-height-default elementor-section-height-default\" data-id=\"5486599\" data-element_type=\"section\" data-e-type=\"section\">\n\t\t\t\t\t\t<div class=\"elementor-container elementor-column-gap-wider\">\n\t\t\t\t\t<div class=\"elementor-column elementor-col-33 elementor-inner-column elementor-element elementor-element-fb7bc11\" data-id=\"fb7bc11\" data-element_type=\"column\" data-e-type=\"column\">\n\t\t\t<div class=\"elementor-widget-wrap elementor-element-populated\">\n\t\t\t\t\t\t<div class=\"elementor-element elementor-element-bd555e2 elementor-widget elementor-widget-image\" data-id=\"bd555e2\" data-element_type=\"widget\" data-e-type=\"widget\" data-widget_type=\"image.default\">\n\t\t\t\t<div class=\"elementor-widget-container\">\n\t\t\t\t\t\t\t\t\t\t\t\t\t\t\t\t<a href=\"https:\/\/lunicars.com\/en\/fahrzeuge\/1984-vw-golf-gl\/\">\n\t\t\t\t\t\t\t<img loading=\"lazy\" decoding=\"async\" width=\"2048\" height=\"1366\" src=\"https:\/\/lunicars.com\/wp-content\/uploads\/2023\/07\/1984-VW-Golf-GL-01-2048x1366.jpg\" class=\"elementor-animation-grow attachment-2048x2048 size-2048x2048 wp-image-37818\" alt=\"\" srcset=\"https:\/\/lunicars.com\/wp-content\/uploads\/2023\/07\/1984-VW-Golf-GL-01-2048x1366.jpg 2048w, https:\/\/lunicars.com\/wp-content\/uploads\/2023\/07\/1984-VW-Golf-GL-01-300x200.jpg 300w, https:\/\/lunicars.com\/wp-content\/uploads\/2023\/07\/1984-VW-Golf-GL-01-1024x683.jpg 1024w, https:\/\/lunicars.com\/wp-content\/uploads\/2023\/07\/1984-VW-Golf-GL-01-768x512.jpg 768w, https:\/\/lunicars.com\/wp-content\/uploads\/2023\/07\/1984-VW-Golf-GL-01-1536x1024.jpg 1536w\" sizes=\"auto, (max-width: 2048px) 100vw, 2048px\" \/>\t\t\t\t\t\t\t\t<\/a>\n\t\t\t\t\t\t\t\t\t\t\t\t\t\t\t<\/div>\n\t\t\t\t<\/div>\n\t\t\t\t\t<\/div>\n\t\t<\/div>\n\t\t\t\t<div class=\"elementor-column elementor-col-66 elementor-inner-column elementor-element elementor-element-7601d26\" data-id=\"7601d26\" data-element_type=\"column\" data-e-type=\"column\">\n\t\t\t<div class=\"elementor-widget-wrap elementor-element-populated\">\n\t\t\t\t\t\t<div class=\"elementor-element elementor-element-9774cb7 elementor-widget elementor-widget-heading\" data-id=\"9774cb7\" data-element_type=\"widget\" data-e-type=\"widget\" data-widget_type=\"heading.default\">\n\t\t\t\t<div class=\"elementor-widget-container\">\n\t\t\t\t\t<div class=\"elementor-heading-title elementor-size-small\"><font color=\"#c48a02\">Sold<\/font><\/div>\t\t\t\t<\/div>\n\t\t\t\t<\/div>\n\t\t\t\t<div class=\"elementor-element elementor-element-0623eb7 elementor-widget elementor-widget-heading\" data-id=\"0623eb7\" data-element_type=\"widget\" data-e-type=\"widget\" data-widget_type=\"heading.default\">\n\t\t\t\t<div class=\"elementor-widget-container\">\n\t\t\t\t\t<h1 class=\"elementor-heading-title elementor-size-default\"><a href=\"https:\/\/lunicars.com\/en\/fahrzeuge\/1984-vw-golf-gl\/\">VW Golf II GL '84<\/a><\/h1>\t\t\t\t<\/div>\n\t\t\t\t<\/div>\n\t\t\t\t<div class=\"elementor-element elementor-element-132049b elementor-widget elementor-widget-heading\" data-id=\"132049b\" data-element_type=\"widget\" data-e-type=\"widget\" data-widget_type=\"heading.default\">\n\t\t\t\t<div class=\"elementor-widget-container\">\n\t\t\t\t\t<div class=\"elementor-heading-title elementor-size-small\">Ein sauberer Daily-Golf ab grossem Service mit einigen feinen Extras. DER zuverl\u00e4ssige Einsteiger-Oldie schlechthin.<\/div>\t\t\t\t<\/div>\n\t\t\t\t<\/div>\n\t\t\t\t\t<\/div>\n\t\t<\/div>\n\t\t\t\t\t<\/div>\n\t\t<\/section>\n\t\t\t\t<section class=\"elementor-section elementor-inner-section elementor-element elementor-element-df84806 elementor-section-content-bottom elementor-section-boxed elementor-section-height-default elementor-section-height-default\" data-id=\"df84806\" data-element_type=\"section\" data-e-type=\"section\">\n\t\t\t\t\t\t<div class=\"elementor-container elementor-column-gap-wider\">\n\t\t\t\t\t<div class=\"elementor-column elementor-col-33 elementor-inner-column elementor-element elementor-element-efa0d1f\" data-id=\"efa0d1f\" data-element_type=\"column\" data-e-type=\"column\">\n\t\t\t<div class=\"elementor-widget-wrap elementor-element-populated\">\n\t\t\t\t\t\t<div class=\"elementor-element elementor-element-03adf46 elementor-widget elementor-widget-image\" data-id=\"03adf46\" data-element_type=\"widget\" data-e-type=\"widget\" data-widget_type=\"image.default\">\n\t\t\t\t<div class=\"elementor-widget-container\">\n\t\t\t\t\t\t\t\t\t\t\t\t\t\t\t\t<a href=\"https:\/\/lunicars.com\/en\/fahrzeuge\/1982-ferrari-308-gtsi\/\">\n\t\t\t\t\t\t\t<img loading=\"lazy\" decoding=\"async\" width=\"2048\" height=\"1365\" src=\"https:\/\/lunicars.com\/wp-content\/uploads\/2021\/11\/DSC04755-2048x1365.jpg\" class=\"elementor-animation-grow attachment-2048x2048 size-2048x2048 wp-image-32154\" alt=\"\" srcset=\"https:\/\/lunicars.com\/wp-content\/uploads\/2021\/11\/DSC04755-2048x1365.jpg 2048w, https:\/\/lunicars.com\/wp-content\/uploads\/2021\/11\/DSC04755-300x200.jpg 300w, https:\/\/lunicars.com\/wp-content\/uploads\/2021\/11\/DSC04755-1024x683.jpg 1024w, https:\/\/lunicars.com\/wp-content\/uploads\/2021\/11\/DSC04755-768x512.jpg 768w, https:\/\/lunicars.com\/wp-content\/uploads\/2021\/11\/DSC04755-1536x1024.jpg 1536w\" sizes=\"auto, (max-width: 2048px) 100vw, 2048px\" \/>\t\t\t\t\t\t\t\t<\/a>\n\t\t\t\t\t\t\t\t\t\t\t\t\t\t\t<\/div>\n\t\t\t\t<\/div>\n\t\t\t\t\t<\/div>\n\t\t<\/div>\n\t\t\t\t<div class=\"elementor-column elementor-col-66 elementor-inner-column elementor-element elementor-element-6af7fb0\" data-id=\"6af7fb0\" data-element_type=\"column\" data-e-type=\"column\">\n\t\t\t<div class=\"elementor-widget-wrap elementor-element-populated\">\n\t\t\t\t\t\t<div class=\"elementor-element elementor-element-45d219d elementor-widget elementor-widget-heading\" data-id=\"45d219d\" data-element_type=\"widget\" data-e-type=\"widget\" data-widget_type=\"heading.default\">\n\t\t\t\t<div class=\"elementor-widget-container\">\n\t\t\t\t\t<div class=\"elementor-heading-title elementor-size-small\"><font color=\"#c48a02\">Sold<\/font><\/div>\t\t\t\t<\/div>\n\t\t\t\t<\/div>\n\t\t\t\t<div class=\"elementor-element elementor-element-9b7f219 elementor-widget elementor-widget-heading\" data-id=\"9b7f219\" data-element_type=\"widget\" data-e-type=\"widget\" data-widget_type=\"heading.default\">\n\t\t\t\t<div class=\"elementor-widget-container\">\n\t\t\t\t\t<h1 class=\"elementor-heading-title elementor-size-default\"><a href=\"https:\/\/lunicars.com\/en\/fahrzeuge\/1982-ferrari-308-gtsi\/\">Ferrari 308 GTSi '82<\/a><\/h1>\t\t\t\t<\/div>\n\t\t\t\t<\/div>\n\t\t\t\t<div class=\"elementor-element elementor-element-bf8fa1f elementor-widget elementor-widget-heading\" data-id=\"bf8fa1f\" data-element_type=\"widget\" data-e-type=\"widget\" data-widget_type=\"heading.default\">\n\t\t\t\t<div class=\"elementor-widget-container\">\n\t\t\t\t\t<div class=\"elementor-heading-title elementor-size-small\">Ein puristischer Sportwagen f\u00fcr echte FahrerInnen. Dieser originale Ferrari 308 GTSi kommt frisch ab Veteranen-MFK und grossem Service.<\/div>\t\t\t\t<\/div>\n\t\t\t\t<\/div>\n\t\t\t\t\t<\/div>\n\t\t<\/div>\n\t\t\t\t\t<\/div>\n\t\t<\/section>\n\t\t\t\t<section class=\"elementor-section elementor-inner-section elementor-element elementor-element-6d7a1c3 elementor-section-content-bottom elementor-section-boxed elementor-section-height-default elementor-section-height-default\" data-id=\"6d7a1c3\" data-element_type=\"section\" data-e-type=\"section\">\n\t\t\t\t\t\t<div class=\"elementor-container elementor-column-gap-wider\">\n\t\t\t\t\t<div class=\"elementor-column elementor-col-33 elementor-inner-column elementor-element elementor-element-4d5657b\" data-id=\"4d5657b\" data-element_type=\"column\" data-e-type=\"column\">\n\t\t\t<div class=\"elementor-widget-wrap elementor-element-populated\">\n\t\t\t\t\t\t<div class=\"elementor-element elementor-element-9137e76 elementor-widget elementor-widget-image\" data-id=\"9137e76\" data-element_type=\"widget\" data-e-type=\"widget\" data-widget_type=\"image.default\">\n\t\t\t\t<div class=\"elementor-widget-container\">\n\t\t\t\t\t\t\t\t\t\t\t\t\t\t\t\t<a href=\"https:\/\/lunicars.com\/en\/fahrzeuge\/1974-vw-t2-typ-26\/\">\n\t\t\t\t\t\t\t<img loading=\"lazy\" decoding=\"async\" width=\"2048\" height=\"1366\" src=\"https:\/\/lunicars.com\/wp-content\/uploads\/2023\/04\/1974-VW-T2-Typ-23-04-2048x1366.jpg\" class=\"elementor-animation-grow attachment-2048x2048 size-2048x2048 wp-image-36933\" alt=\"\" srcset=\"https:\/\/lunicars.com\/wp-content\/uploads\/2023\/04\/1974-VW-T2-Typ-23-04-2048x1366.jpg 2048w, https:\/\/lunicars.com\/wp-content\/uploads\/2023\/04\/1974-VW-T2-Typ-23-04-300x200.jpg 300w, https:\/\/lunicars.com\/wp-content\/uploads\/2023\/04\/1974-VW-T2-Typ-23-04-1024x683.jpg 1024w, https:\/\/lunicars.com\/wp-content\/uploads\/2023\/04\/1974-VW-T2-Typ-23-04-768x512.jpg 768w, https:\/\/lunicars.com\/wp-content\/uploads\/2023\/04\/1974-VW-T2-Typ-23-04-1536x1024.jpg 1536w\" sizes=\"auto, (max-width: 2048px) 100vw, 2048px\" \/>\t\t\t\t\t\t\t\t<\/a>\n\t\t\t\t\t\t\t\t\t\t\t\t\t\t\t<\/div>\n\t\t\t\t<\/div>\n\t\t\t\t\t<\/div>\n\t\t<\/div>\n\t\t\t\t<div class=\"elementor-column elementor-col-66 elementor-inner-column elementor-element elementor-element-1a62cd8\" data-id=\"1a62cd8\" data-element_type=\"column\" data-e-type=\"column\">\n\t\t\t<div class=\"elementor-widget-wrap elementor-element-populated\">\n\t\t\t\t\t\t<div class=\"elementor-element elementor-element-abbd8cc elementor-widget elementor-widget-heading\" data-id=\"abbd8cc\" data-element_type=\"widget\" data-e-type=\"widget\" data-widget_type=\"heading.default\">\n\t\t\t\t<div class=\"elementor-widget-container\">\n\t\t\t\t\t<div class=\"elementor-heading-title elementor-size-small\"><font color=\"#c48a02\">Sold<\/font><\/div>\t\t\t\t<\/div>\n\t\t\t\t<\/div>\n\t\t\t\t<div class=\"elementor-element elementor-element-cc70956 elementor-widget elementor-widget-heading\" data-id=\"cc70956\" data-element_type=\"widget\" data-e-type=\"widget\" data-widget_type=\"heading.default\">\n\t\t\t\t<div class=\"elementor-widget-container\">\n\t\t\t\t\t<h1 class=\"elementor-heading-title elementor-size-default\"><a href=\"https:\/\/lunicars.com\/en\/fahrzeuge\/1974-vw-t2-typ-26\/\">VW T2 Type 26 '74<\/a><\/h1>\t\t\t\t<\/div>\n\t\t\t\t<\/div>\n\t\t\t\t<div class=\"elementor-element elementor-element-c1194ad elementor-widget elementor-widget-heading\" data-id=\"c1194ad\" data-element_type=\"widget\" data-e-type=\"widget\" data-widget_type=\"heading.default\">\n\t\t\t\t<div class=\"elementor-widget-container\">\n\t\t\t\t\t<div class=\"elementor-heading-title elementor-size-small\">Completely restored barn find in Ferrari red. Cagero front axle and Fuchs replica rims.<\/div>\t\t\t\t<\/div>\n\t\t\t\t<\/div>\n\t\t\t\t\t<\/div>\n\t\t<\/div>\n\t\t\t\t\t<\/div>\n\t\t<\/section>\n\t\t\t\t<section class=\"elementor-section elementor-inner-section elementor-element elementor-element-82279b8 elementor-section-content-bottom elementor-section-boxed elementor-section-height-default elementor-section-height-default\" data-id=\"82279b8\" data-element_type=\"section\" data-e-type=\"section\">\n\t\t\t\t\t\t<div class=\"elementor-container elementor-column-gap-wider\">\n\t\t\t\t\t<div class=\"elementor-column elementor-col-33 elementor-inner-column elementor-element elementor-element-5ca8353\" data-id=\"5ca8353\" data-element_type=\"column\" data-e-type=\"column\">\n\t\t\t<div class=\"elementor-widget-wrap elementor-element-populated\">\n\t\t\t\t\t\t<div class=\"elementor-element elementor-element-3009b3d elementor-widget elementor-widget-image\" data-id=\"3009b3d\" data-element_type=\"widget\" data-e-type=\"widget\" data-widget_type=\"image.default\">\n\t\t\t\t<div class=\"elementor-widget-container\">\n\t\t\t\t\t\t\t\t\t\t\t\t\t\t\t\t<a href=\"https:\/\/lunicars.com\/en\/fahrzeuge\/1991-mercedes-benz-190e\/\">\n\t\t\t\t\t\t\t<img loading=\"lazy\" decoding=\"async\" width=\"2048\" height=\"1365\" src=\"https:\/\/lunicars.com\/wp-content\/uploads\/2023\/02\/DSC09558-2048x1365.jpg\" class=\"elementor-animation-grow attachment-2048x2048 size-2048x2048 wp-image-36352\" alt=\"\" srcset=\"https:\/\/lunicars.com\/wp-content\/uploads\/2023\/02\/DSC09558-2048x1365.jpg 2048w, https:\/\/lunicars.com\/wp-content\/uploads\/2023\/02\/DSC09558-300x200.jpg 300w, https:\/\/lunicars.com\/wp-content\/uploads\/2023\/02\/DSC09558-1024x683.jpg 1024w, https:\/\/lunicars.com\/wp-content\/uploads\/2023\/02\/DSC09558-768x512.jpg 768w, https:\/\/lunicars.com\/wp-content\/uploads\/2023\/02\/DSC09558-1536x1024.jpg 1536w\" sizes=\"auto, (max-width: 2048px) 100vw, 2048px\" \/>\t\t\t\t\t\t\t\t<\/a>\n\t\t\t\t\t\t\t\t\t\t\t\t\t\t\t<\/div>\n\t\t\t\t<\/div>\n\t\t\t\t\t<\/div>\n\t\t<\/div>\n\t\t\t\t<div class=\"elementor-column elementor-col-66 elementor-inner-column elementor-element elementor-element-96d583f\" data-id=\"96d583f\" data-element_type=\"column\" data-e-type=\"column\">\n\t\t\t<div class=\"elementor-widget-wrap elementor-element-populated\">\n\t\t\t\t\t\t<div class=\"elementor-element elementor-element-8b88797 elementor-widget elementor-widget-heading\" data-id=\"8b88797\" data-element_type=\"widget\" data-e-type=\"widget\" data-widget_type=\"heading.default\">\n\t\t\t\t<div class=\"elementor-widget-container\">\n\t\t\t\t\t<div class=\"elementor-heading-title elementor-size-small\"><font color=\"#c48a02\">Sold<\/font><\/div>\t\t\t\t<\/div>\n\t\t\t\t<\/div>\n\t\t\t\t<div class=\"elementor-element elementor-element-273514d elementor-widget elementor-widget-heading\" data-id=\"273514d\" data-element_type=\"widget\" data-e-type=\"widget\" data-widget_type=\"heading.default\">\n\t\t\t\t<div class=\"elementor-widget-container\">\n\t\t\t\t\t<h1 class=\"elementor-heading-title elementor-size-default\"><a href=\"https:\/\/lunicars.com\/en\/fahrzeuge\/1991-mercedes-benz-190e\/\">Mercedes-Benz 190E 2.3 '91<\/a><\/h1>\t\t\t\t<\/div>\n\t\t\t\t<\/div>\n\t\t\t\t<div class=\"elementor-element elementor-element-68da9b2 elementor-widget elementor-widget-heading\" data-id=\"68da9b2\" data-element_type=\"widget\" data-e-type=\"widget\" data-widget_type=\"heading.default\">\n\t\t\t\t<div class=\"elementor-widget-container\">\n\t\t\t\t\t<div class=\"elementor-heading-title elementor-size-small\">Top condition and 100% original: This 190 is very well maintained and exactly as it came off the production line in 1991.<\/div>\t\t\t\t<\/div>\n\t\t\t\t<\/div>\n\t\t\t\t\t<\/div>\n\t\t<\/div>\n\t\t\t\t\t<\/div>\n\t\t<\/section>\n\t\t\t\t<section class=\"elementor-section elementor-inner-section elementor-element elementor-element-de9c65a elementor-section-content-bottom elementor-section-boxed elementor-section-height-default elementor-section-height-default\" data-id=\"de9c65a\" data-element_type=\"section\" data-e-type=\"section\">\n\t\t\t\t\t\t<div class=\"elementor-container elementor-column-gap-wider\">\n\t\t\t\t\t<div class=\"elementor-column elementor-col-33 elementor-inner-column elementor-element elementor-element-ef5649c\" data-id=\"ef5649c\" data-element_type=\"column\" data-e-type=\"column\">\n\t\t\t<div class=\"elementor-widget-wrap elementor-element-populated\">\n\t\t\t\t\t\t<div class=\"elementor-element elementor-element-58958cd elementor-widget elementor-widget-image\" data-id=\"58958cd\" data-element_type=\"widget\" data-e-type=\"widget\" data-widget_type=\"image.default\">\n\t\t\t\t<div class=\"elementor-widget-container\">\n\t\t\t\t\t\t\t\t\t\t\t\t\t\t\t\t<a href=\"https:\/\/lunicars.com\/en\/fahrzeuge\/1991-volvo-240-classic\/\">\n\t\t\t\t\t\t\t<img loading=\"lazy\" decoding=\"async\" width=\"2048\" height=\"1365\" src=\"https:\/\/lunicars.com\/wp-content\/uploads\/2022\/11\/DSC09171-2048x1365.jpg\" class=\"elementor-animation-grow attachment-2048x2048 size-2048x2048 wp-image-35539\" alt=\"\" srcset=\"https:\/\/lunicars.com\/wp-content\/uploads\/2022\/11\/DSC09171-2048x1365.jpg 2048w, https:\/\/lunicars.com\/wp-content\/uploads\/2022\/11\/DSC09171-300x200.jpg 300w, https:\/\/lunicars.com\/wp-content\/uploads\/2022\/11\/DSC09171-1024x683.jpg 1024w, https:\/\/lunicars.com\/wp-content\/uploads\/2022\/11\/DSC09171-768x512.jpg 768w, https:\/\/lunicars.com\/wp-content\/uploads\/2022\/11\/DSC09171-1536x1024.jpg 1536w\" sizes=\"auto, (max-width: 2048px) 100vw, 2048px\" \/>\t\t\t\t\t\t\t\t<\/a>\n\t\t\t\t\t\t\t\t\t\t\t\t\t\t\t<\/div>\n\t\t\t\t<\/div>\n\t\t\t\t\t<\/div>\n\t\t<\/div>\n\t\t\t\t<div class=\"elementor-column elementor-col-66 elementor-inner-column elementor-element elementor-element-55fdd9c\" data-id=\"55fdd9c\" data-element_type=\"column\" data-e-type=\"column\">\n\t\t\t<div class=\"elementor-widget-wrap elementor-element-populated\">\n\t\t\t\t\t\t<div class=\"elementor-element elementor-element-f5be82a elementor-widget elementor-widget-heading\" data-id=\"f5be82a\" data-element_type=\"widget\" data-e-type=\"widget\" data-widget_type=\"heading.default\">\n\t\t\t\t<div class=\"elementor-widget-container\">\n\t\t\t\t\t<div class=\"elementor-heading-title elementor-size-small\"><font color=\"#c48a02\">Sold<\/font><\/div>\t\t\t\t<\/div>\n\t\t\t\t<\/div>\n\t\t\t\t<div class=\"elementor-element elementor-element-d234393 elementor-widget elementor-widget-heading\" data-id=\"d234393\" data-element_type=\"widget\" data-e-type=\"widget\" data-widget_type=\"heading.default\">\n\t\t\t\t<div class=\"elementor-widget-container\">\n\t\t\t\t\t<h1 class=\"elementor-heading-title elementor-size-default\"><a href=\"https:\/\/lunicars.com\/en\/fahrzeuge\/1991-volvo-240-classic\/\">Volvo 240 Classic '91<\/a><\/h1>\t\t\t\t<\/div>\n\t\t\t\t<\/div>\n\t\t\t\t<div class=\"elementor-element elementor-element-76507db elementor-widget elementor-widget-heading\" data-id=\"76507db\" data-element_type=\"widget\" data-e-type=\"widget\" data-widget_type=\"heading.default\">\n\t\t\t\t<div class=\"elementor-widget-container\">\n\t\t\t\t\t<div class=\"elementor-heading-title elementor-size-small\">Kantig, zuverl\u00e4ssig und sicher unterwegs mit diesem wundersch\u00f6nen Volvo 240 Classic in hervorragendem Zustand.<\/div>\t\t\t\t<\/div>\n\t\t\t\t<\/div>\n\t\t\t\t\t<\/div>\n\t\t<\/div>\n\t\t\t\t\t<\/div>\n\t\t<\/section>\n\t\t\t\t<section class=\"elementor-section elementor-inner-section elementor-element elementor-element-7f2d00b elementor-section-content-bottom elementor-section-boxed elementor-section-height-default elementor-section-height-default\" data-id=\"7f2d00b\" data-element_type=\"section\" data-e-type=\"section\">\n\t\t\t\t\t\t<div class=\"elementor-container elementor-column-gap-wider\">\n\t\t\t\t\t<div class=\"elementor-column elementor-col-33 elementor-inner-column elementor-element elementor-element-e709ec9\" data-id=\"e709ec9\" data-element_type=\"column\" data-e-type=\"column\">\n\t\t\t<div class=\"elementor-widget-wrap elementor-element-populated\">\n\t\t\t\t\t\t<div class=\"elementor-element elementor-element-2b2c0f6 elementor-widget elementor-widget-image\" data-id=\"2b2c0f6\" data-element_type=\"widget\" data-e-type=\"widget\" data-widget_type=\"image.default\">\n\t\t\t\t<div class=\"elementor-widget-container\">\n\t\t\t\t\t\t\t\t\t\t\t\t\t\t\t\t<a href=\"https:\/\/lunicars.com\/en\/fahrzeuge\/1939-dodge-d11-luxury-liner\/\">\n\t\t\t\t\t\t\t<img loading=\"lazy\" decoding=\"async\" width=\"2048\" height=\"1365\" src=\"https:\/\/lunicars.com\/wp-content\/uploads\/2023\/02\/DSC09514-2048x1365.jpg\" class=\"elementor-animation-grow attachment-2048x2048 size-2048x2048 wp-image-36296\" alt=\"\" srcset=\"https:\/\/lunicars.com\/wp-content\/uploads\/2023\/02\/DSC09514-2048x1365.jpg 2048w, https:\/\/lunicars.com\/wp-content\/uploads\/2023\/02\/DSC09514-300x200.jpg 300w, https:\/\/lunicars.com\/wp-content\/uploads\/2023\/02\/DSC09514-1024x683.jpg 1024w, https:\/\/lunicars.com\/wp-content\/uploads\/2023\/02\/DSC09514-768x512.jpg 768w, https:\/\/lunicars.com\/wp-content\/uploads\/2023\/02\/DSC09514-1536x1024.jpg 1536w\" sizes=\"auto, (max-width: 2048px) 100vw, 2048px\" \/>\t\t\t\t\t\t\t\t<\/a>\n\t\t\t\t\t\t\t\t\t\t\t\t\t\t\t<\/div>\n\t\t\t\t<\/div>\n\t\t\t\t\t<\/div>\n\t\t<\/div>\n\t\t\t\t<div class=\"elementor-column elementor-col-66 elementor-inner-column elementor-element elementor-element-c4de8ac\" data-id=\"c4de8ac\" data-element_type=\"column\" data-e-type=\"column\">\n\t\t\t<div class=\"elementor-widget-wrap elementor-element-populated\">\n\t\t\t\t\t\t<div class=\"elementor-element elementor-element-00e35e6 elementor-widget elementor-widget-heading\" data-id=\"00e35e6\" data-element_type=\"widget\" data-e-type=\"widget\" data-widget_type=\"heading.default\">\n\t\t\t\t<div class=\"elementor-widget-container\">\n\t\t\t\t\t<div class=\"elementor-heading-title elementor-size-small\"><font color=\"#c48a02\">Sold<\/font><\/div>\t\t\t\t<\/div>\n\t\t\t\t<\/div>\n\t\t\t\t<div class=\"elementor-element elementor-element-a580ff9 elementor-widget elementor-widget-heading\" data-id=\"a580ff9\" data-element_type=\"widget\" data-e-type=\"widget\" data-widget_type=\"heading.default\">\n\t\t\t\t<div class=\"elementor-widget-container\">\n\t\t\t\t\t<h1 class=\"elementor-heading-title elementor-size-default\"><a href=\"https:\/\/lunicars.com\/en\/fahrzeuge\/1939-dodge-d11-luxury-liner\/\">Dodge D11 Luxury Liner '39<\/a><\/h1>\t\t\t\t<\/div>\n\t\t\t\t<\/div>\n\t\t\t\t<div class=\"elementor-element elementor-element-45a0669 elementor-widget elementor-widget-heading\" data-id=\"45a0669\" data-element_type=\"widget\" data-e-type=\"widget\" data-widget_type=\"heading.default\">\n\t\t\t\t<div class=\"elementor-widget-container\">\n\t\t\t\t\t<div class=\"elementor-heading-title elementor-size-small\">Bequem, grossz\u00fcgig und absolut cool: Dieser einzigartige Dodge zeigt sich mit Patina, Ausstellblinkern und neuem Interieur.<\/div>\t\t\t\t<\/div>\n\t\t\t\t<\/div>\n\t\t\t\t\t<\/div>\n\t\t<\/div>\n\t\t\t\t\t<\/div>\n\t\t<\/section>\n\t\t\t\t<section class=\"elementor-section elementor-inner-section elementor-element elementor-element-7d52c57 elementor-section-content-bottom elementor-section-boxed elementor-section-height-default elementor-section-height-default\" data-id=\"7d52c57\" data-element_type=\"section\" data-e-type=\"section\">\n\t\t\t\t\t\t<div class=\"elementor-container elementor-column-gap-wider\">\n\t\t\t\t\t<div class=\"elementor-column elementor-col-33 elementor-inner-column elementor-element elementor-element-64b5e01\" data-id=\"64b5e01\" data-element_type=\"column\" data-e-type=\"column\">\n\t\t\t<div class=\"elementor-widget-wrap elementor-element-populated\">\n\t\t\t\t\t\t<div class=\"elementor-element elementor-element-f613e5d elementor-widget elementor-widget-image\" data-id=\"f613e5d\" data-element_type=\"widget\" data-e-type=\"widget\" data-widget_type=\"image.default\">\n\t\t\t\t<div class=\"elementor-widget-container\">\n\t\t\t\t\t\t\t\t\t\t\t\t\t\t\t\t<a href=\"https:\/\/lunicars.com\/en\/fahrzeuge\/1966-fiat-1500-spider\/\">\n\t\t\t\t\t\t\t<img loading=\"lazy\" decoding=\"async\" width=\"2048\" height=\"1366\" src=\"https:\/\/lunicars.com\/wp-content\/uploads\/2023\/05\/1966-Fiat-1500-01-2048x1366.jpg\" class=\"elementor-animation-grow attachment-2048x2048 size-2048x2048 wp-image-37462\" alt=\"\" srcset=\"https:\/\/lunicars.com\/wp-content\/uploads\/2023\/05\/1966-Fiat-1500-01-2048x1366.jpg 2048w, https:\/\/lunicars.com\/wp-content\/uploads\/2023\/05\/1966-Fiat-1500-01-300x200.jpg 300w, https:\/\/lunicars.com\/wp-content\/uploads\/2023\/05\/1966-Fiat-1500-01-1024x683.jpg 1024w, https:\/\/lunicars.com\/wp-content\/uploads\/2023\/05\/1966-Fiat-1500-01-768x512.jpg 768w, https:\/\/lunicars.com\/wp-content\/uploads\/2023\/05\/1966-Fiat-1500-01-1536x1024.jpg 1536w\" sizes=\"auto, (max-width: 2048px) 100vw, 2048px\" \/>\t\t\t\t\t\t\t\t<\/a>\n\t\t\t\t\t\t\t\t\t\t\t\t\t\t\t<\/div>\n\t\t\t\t<\/div>\n\t\t\t\t\t<\/div>\n\t\t<\/div>\n\t\t\t\t<div class=\"elementor-column elementor-col-66 elementor-inner-column elementor-element elementor-element-c670fea\" data-id=\"c670fea\" data-element_type=\"column\" data-e-type=\"column\">\n\t\t\t<div class=\"elementor-widget-wrap elementor-element-populated\">\n\t\t\t\t\t\t<div class=\"elementor-element elementor-element-63cffb5 elementor-widget elementor-widget-heading\" data-id=\"63cffb5\" data-element_type=\"widget\" data-e-type=\"widget\" data-widget_type=\"heading.default\">\n\t\t\t\t<div class=\"elementor-widget-container\">\n\t\t\t\t\t<div class=\"elementor-heading-title elementor-size-small\"><font color=\"#c48a02\">Sold<\/font><\/div>\t\t\t\t<\/div>\n\t\t\t\t<\/div>\n\t\t\t\t<div class=\"elementor-element elementor-element-2b9424d elementor-widget elementor-widget-heading\" data-id=\"2b9424d\" data-element_type=\"widget\" data-e-type=\"widget\" data-widget_type=\"heading.default\">\n\t\t\t\t<div class=\"elementor-widget-container\">\n\t\t\t\t\t<h1 class=\"elementor-heading-title elementor-size-default\"><a href=\"https:\/\/lunicars.com\/en\/fahrzeuge\/1966-fiat-1500-spider\/\">Fiat 1500 Spider '66<\/a><\/h1>\t\t\t\t<\/div>\n\t\t\t\t<\/div>\n\t\t\t\t<div class=\"elementor-element elementor-element-50702df elementor-widget elementor-widget-heading\" data-id=\"50702df\" data-element_type=\"widget\" data-e-type=\"widget\" data-widget_type=\"heading.default\">\n\t\t\t\t<div class=\"elementor-widget-container\">\n\t\t\t\t\t<div class=\"elementor-heading-title elementor-size-small\">Ein spritziges Fiat 1500 Projektfahrzeug im sch\u00f6nen Pininfarina-Kleid und mit einer Farbkombination, die den Sommer bis in die Garage holt.<\/div>\t\t\t\t<\/div>\n\t\t\t\t<\/div>\n\t\t\t\t\t<\/div>\n\t\t<\/div>\n\t\t\t\t\t<\/div>\n\t\t<\/section>\n\t\t\t\t<section class=\"elementor-section elementor-inner-section elementor-element elementor-element-760f969 elementor-section-content-bottom elementor-section-boxed elementor-section-height-default elementor-section-height-default\" data-id=\"760f969\" data-element_type=\"section\" data-e-type=\"section\">\n\t\t\t\t\t\t<div class=\"elementor-container elementor-column-gap-wider\">\n\t\t\t\t\t<div class=\"elementor-column elementor-col-33 elementor-inner-column elementor-element elementor-element-ebb9b18\" data-id=\"ebb9b18\" data-element_type=\"column\" data-e-type=\"column\">\n\t\t\t<div class=\"elementor-widget-wrap elementor-element-populated\">\n\t\t\t\t\t\t<div class=\"elementor-element elementor-element-9b27e00 elementor-widget elementor-widget-image\" data-id=\"9b27e00\" data-element_type=\"widget\" data-e-type=\"widget\" data-widget_type=\"image.default\">\n\t\t\t\t<div class=\"elementor-widget-container\">\n\t\t\t\t\t\t\t\t\t\t\t\t\t\t\t\t<a href=\"https:\/\/lunicars.com\/en\/fahrzeuge\/1984-vw-golf-gli-cabrio-dw-edition\/\">\n\t\t\t\t\t\t\t<img loading=\"lazy\" decoding=\"async\" width=\"2048\" height=\"1366\" src=\"https:\/\/lunicars.com\/wp-content\/uploads\/2023\/05\/VW-Golf-I-Cabrio-DW-Edition-14-2048x1366.jpg\" class=\"elementor-animation-grow attachment-2048x2048 size-2048x2048 wp-image-37218\" alt=\"\" srcset=\"https:\/\/lunicars.com\/wp-content\/uploads\/2023\/05\/VW-Golf-I-Cabrio-DW-Edition-14-2048x1366.jpg 2048w, https:\/\/lunicars.com\/wp-content\/uploads\/2023\/05\/VW-Golf-I-Cabrio-DW-Edition-14-300x200.jpg 300w, https:\/\/lunicars.com\/wp-content\/uploads\/2023\/05\/VW-Golf-I-Cabrio-DW-Edition-14-1024x683.jpg 1024w, https:\/\/lunicars.com\/wp-content\/uploads\/2023\/05\/VW-Golf-I-Cabrio-DW-Edition-14-768x512.jpg 768w, https:\/\/lunicars.com\/wp-content\/uploads\/2023\/05\/VW-Golf-I-Cabrio-DW-Edition-14-1536x1024.jpg 1536w\" sizes=\"auto, (max-width: 2048px) 100vw, 2048px\" \/>\t\t\t\t\t\t\t\t<\/a>\n\t\t\t\t\t\t\t\t\t\t\t\t\t\t\t<\/div>\n\t\t\t\t<\/div>\n\t\t\t\t\t<\/div>\n\t\t<\/div>\n\t\t\t\t<div class=\"elementor-column elementor-col-66 elementor-inner-column elementor-element elementor-element-0bf328f\" data-id=\"0bf328f\" data-element_type=\"column\" data-e-type=\"column\">\n\t\t\t<div class=\"elementor-widget-wrap elementor-element-populated\">\n\t\t\t\t\t\t<div class=\"elementor-element elementor-element-4efb304 elementor-widget elementor-widget-heading\" data-id=\"4efb304\" data-element_type=\"widget\" data-e-type=\"widget\" data-widget_type=\"heading.default\">\n\t\t\t\t<div class=\"elementor-widget-container\">\n\t\t\t\t\t<div class=\"elementor-heading-title elementor-size-small\"><font color=\"#c48a02\">Sold<\/font><\/div>\t\t\t\t<\/div>\n\t\t\t\t<\/div>\n\t\t\t\t<div class=\"elementor-element elementor-element-02012e8 elementor-widget elementor-widget-heading\" data-id=\"02012e8\" data-element_type=\"widget\" data-e-type=\"widget\" data-widget_type=\"heading.default\">\n\t\t\t\t<div class=\"elementor-widget-container\">\n\t\t\t\t\t<h1 class=\"elementor-heading-title elementor-size-default\"><a href=\"https:\/\/lunicars.com\/en\/fahrzeuge\/1984-vw-golf-gli-cabrio-dw-edition\/\"> VW Golf GLI Cabrio D&amp;W Edition '84<\/a><\/h1>\t\t\t\t<\/div>\n\t\t\t\t<\/div>\n\t\t\t\t<div class=\"elementor-element elementor-element-607e685 elementor-widget elementor-widget-heading\" data-id=\"607e685\" data-element_type=\"widget\" data-e-type=\"widget\" data-widget_type=\"heading.default\">\n\t\t\t\t<div class=\"elementor-widget-container\">\n\t\t\t\t\t<div class=\"elementor-heading-title elementor-size-small\">Zuverl\u00e4ssig, sportlich und Zeitlos: Ein rostfreies Golf Cabriolet in D&amp;W Ausf\u00fchrung und mit versiegeltem Unterboden.<\/div>\t\t\t\t<\/div>\n\t\t\t\t<\/div>\n\t\t\t\t\t<\/div>\n\t\t<\/div>\n\t\t\t\t\t<\/div>\n\t\t<\/section>\n\t\t\t\t<section class=\"elementor-section elementor-inner-section elementor-element elementor-element-0a8c37e elementor-section-content-bottom elementor-section-boxed elementor-section-height-default elementor-section-height-default\" data-id=\"0a8c37e\" data-element_type=\"section\" data-e-type=\"section\">\n\t\t\t\t\t\t<div class=\"elementor-container elementor-column-gap-wider\">\n\t\t\t\t\t<div class=\"elementor-column elementor-col-33 elementor-inner-column elementor-element elementor-element-bb6ae4f\" data-id=\"bb6ae4f\" data-element_type=\"column\" data-e-type=\"column\">\n\t\t\t<div class=\"elementor-widget-wrap elementor-element-populated\">\n\t\t\t\t\t\t<div class=\"elementor-element elementor-element-c34b8ae elementor-widget elementor-widget-image\" data-id=\"c34b8ae\" data-element_type=\"widget\" data-e-type=\"widget\" data-widget_type=\"image.default\">\n\t\t\t\t<div class=\"elementor-widget-container\">\n\t\t\t\t\t\t\t\t\t\t\t\t\t\t\t\t<a href=\"https:\/\/lunicars.com\/en\/fahrzeuge\/1964-chevrolet-k20\/\">\n\t\t\t\t\t\t\t<img loading=\"lazy\" decoding=\"async\" width=\"2048\" height=\"1365\" src=\"https:\/\/lunicars.com\/wp-content\/uploads\/2022\/12\/DSC09372-2048x1365.jpg\" class=\"elementor-animation-grow attachment-2048x2048 size-2048x2048 wp-image-35876\" alt=\"\" srcset=\"https:\/\/lunicars.com\/wp-content\/uploads\/2022\/12\/DSC09372-2048x1365.jpg 2048w, https:\/\/lunicars.com\/wp-content\/uploads\/2022\/12\/DSC09372-300x200.jpg 300w, https:\/\/lunicars.com\/wp-content\/uploads\/2022\/12\/DSC09372-1024x683.jpg 1024w, https:\/\/lunicars.com\/wp-content\/uploads\/2022\/12\/DSC09372-768x512.jpg 768w, https:\/\/lunicars.com\/wp-content\/uploads\/2022\/12\/DSC09372-1536x1024.jpg 1536w\" sizes=\"auto, (max-width: 2048px) 100vw, 2048px\" \/>\t\t\t\t\t\t\t\t<\/a>\n\t\t\t\t\t\t\t\t\t\t\t\t\t\t\t<\/div>\n\t\t\t\t<\/div>\n\t\t\t\t\t<\/div>\n\t\t<\/div>\n\t\t\t\t<div class=\"elementor-column elementor-col-66 elementor-inner-column elementor-element elementor-element-ae6a9da\" data-id=\"ae6a9da\" data-element_type=\"column\" data-e-type=\"column\">\n\t\t\t<div class=\"elementor-widget-wrap elementor-element-populated\">\n\t\t\t\t\t\t<div class=\"elementor-element elementor-element-e54665c elementor-widget elementor-widget-heading\" data-id=\"e54665c\" data-element_type=\"widget\" data-e-type=\"widget\" data-widget_type=\"heading.default\">\n\t\t\t\t<div class=\"elementor-widget-container\">\n\t\t\t\t\t<div class=\"elementor-heading-title elementor-size-small\"><font color=\"#c48a02\">Sold<\/font><\/div>\t\t\t\t<\/div>\n\t\t\t\t<\/div>\n\t\t\t\t<div class=\"elementor-element elementor-element-ba6c52b elementor-widget elementor-widget-heading\" data-id=\"ba6c52b\" data-element_type=\"widget\" data-e-type=\"widget\" data-widget_type=\"heading.default\">\n\t\t\t\t<div class=\"elementor-widget-container\">\n\t\t\t\t\t<h1 class=\"elementor-heading-title elementor-size-default\"><a href=\"https:\/\/lunicars.com\/en\/fahrzeuge\/1964-chevrolet-k20\/\">Chevrolet K20 Apache '64<\/a><\/h1>\t\t\t\t<\/div>\n\t\t\t\t<\/div>\n\t\t\t\t<div class=\"elementor-element elementor-element-9038acc elementor-widget elementor-widget-heading\" data-id=\"9038acc\" data-element_type=\"widget\" data-e-type=\"widget\" data-widget_type=\"heading.default\">\n\t\t\t\t<div class=\"elementor-widget-container\">\n\t\t\t\t\t<div class=\"elementor-heading-title elementor-size-small\">Komplett \u00fcberholt, rostfrei und ab Veteranen-MFK: Dieser Chevy-Pickup l\u00e4sst sich mit zuschaltbarem 4x4 und Untersetzung von nichts aufhalten.<\/div>\t\t\t\t<\/div>\n\t\t\t\t<\/div>\n\t\t\t\t\t<\/div>\n\t\t<\/div>\n\t\t\t\t\t<\/div>\n\t\t<\/section>\n\t\t\t\t<section class=\"elementor-section elementor-inner-section elementor-element elementor-element-f60a8bf elementor-section-content-bottom elementor-section-boxed elementor-section-height-default elementor-section-height-default\" data-id=\"f60a8bf\" data-element_type=\"section\" data-e-type=\"section\">\n\t\t\t\t\t\t<div class=\"elementor-container elementor-column-gap-wider\">\n\t\t\t\t\t<div class=\"elementor-column elementor-col-33 elementor-inner-column elementor-element elementor-element-3223959\" data-id=\"3223959\" data-element_type=\"column\" data-e-type=\"column\">\n\t\t\t<div class=\"elementor-widget-wrap elementor-element-populated\">\n\t\t\t\t\t\t<div class=\"elementor-element elementor-element-6312a89 elementor-widget elementor-widget-image\" data-id=\"6312a89\" data-element_type=\"widget\" data-e-type=\"widget\" data-widget_type=\"image.default\">\n\t\t\t\t<div class=\"elementor-widget-container\">\n\t\t\t\t\t\t\t\t\t\t\t\t\t\t\t\t<a href=\"https:\/\/lunicars.com\/en\/fahrzeuge\/1989-bmw-316i-e30\/\">\n\t\t\t\t\t\t\t<img loading=\"lazy\" decoding=\"async\" width=\"2048\" height=\"1366\" src=\"https:\/\/lunicars.com\/wp-content\/uploads\/2023\/05\/BMW-316i-E30-01-2048x1366.jpg\" class=\"elementor-animation-grow attachment-2048x2048 size-2048x2048 wp-image-37246\" alt=\"\" srcset=\"https:\/\/lunicars.com\/wp-content\/uploads\/2023\/05\/BMW-316i-E30-01-2048x1366.jpg 2048w, https:\/\/lunicars.com\/wp-content\/uploads\/2023\/05\/BMW-316i-E30-01-300x200.jpg 300w, https:\/\/lunicars.com\/wp-content\/uploads\/2023\/05\/BMW-316i-E30-01-1024x683.jpg 1024w, https:\/\/lunicars.com\/wp-content\/uploads\/2023\/05\/BMW-316i-E30-01-768x512.jpg 768w, https:\/\/lunicars.com\/wp-content\/uploads\/2023\/05\/BMW-316i-E30-01-1536x1024.jpg 1536w\" sizes=\"auto, (max-width: 2048px) 100vw, 2048px\" \/>\t\t\t\t\t\t\t\t<\/a>\n\t\t\t\t\t\t\t\t\t\t\t\t\t\t\t<\/div>\n\t\t\t\t<\/div>\n\t\t\t\t\t<\/div>\n\t\t<\/div>\n\t\t\t\t<div class=\"elementor-column elementor-col-66 elementor-inner-column elementor-element elementor-element-2902b97\" data-id=\"2902b97\" data-element_type=\"column\" data-e-type=\"column\">\n\t\t\t<div class=\"elementor-widget-wrap elementor-element-populated\">\n\t\t\t\t\t\t<div class=\"elementor-element elementor-element-23724b2 elementor-widget elementor-widget-heading\" data-id=\"23724b2\" data-element_type=\"widget\" data-e-type=\"widget\" data-widget_type=\"heading.default\">\n\t\t\t\t<div class=\"elementor-widget-container\">\n\t\t\t\t\t<div class=\"elementor-heading-title elementor-size-small\"><font color=\"#c48a02\">Sold<\/font><\/div>\t\t\t\t<\/div>\n\t\t\t\t<\/div>\n\t\t\t\t<div class=\"elementor-element elementor-element-d961c83 elementor-widget elementor-widget-heading\" data-id=\"d961c83\" data-element_type=\"widget\" data-e-type=\"widget\" data-widget_type=\"heading.default\">\n\t\t\t\t<div class=\"elementor-widget-container\">\n\t\t\t\t\t<h1 class=\"elementor-heading-title elementor-size-default\"><a href=\"https:\/\/lunicars.com\/en\/fahrzeuge\/1989-bmw-316i-e30\/\">BMW 316i E30 '89<\/a><\/h1>\t\t\t\t<\/div>\n\t\t\t\t<\/div>\n\t\t\t\t<div class=\"elementor-element elementor-element-16b1ca4 elementor-widget elementor-widget-heading\" data-id=\"16b1ca4\" data-element_type=\"widget\" data-e-type=\"widget\" data-widget_type=\"heading.default\">\n\t\t\t\t<div class=\"elementor-widget-container\">\n\t\t\t\t\t<div class=\"elementor-heading-title elementor-size-small\">Ein zeitloser und zuverl\u00e4ssiger Einsteiger-Oldtimer mit m\u00e4chtiger Audioanlage und prall gef\u00fclltem Serviceheft. <\/div>\t\t\t\t<\/div>\n\t\t\t\t<\/div>\n\t\t\t\t\t<\/div>\n\t\t<\/div>\n\t\t\t\t\t<\/div>\n\t\t<\/section>\n\t\t\t\t<section class=\"elementor-section elementor-inner-section elementor-element elementor-element-ee800dd elementor-section-content-bottom elementor-section-boxed elementor-section-height-default elementor-section-height-default\" data-id=\"ee800dd\" data-element_type=\"section\" data-e-type=\"section\">\n\t\t\t\t\t\t<div class=\"elementor-container elementor-column-gap-wider\">\n\t\t\t\t\t<div class=\"elementor-column elementor-col-33 elementor-inner-column elementor-element elementor-element-16af065\" data-id=\"16af065\" data-element_type=\"column\" data-e-type=\"column\">\n\t\t\t<div class=\"elementor-widget-wrap elementor-element-populated\">\n\t\t\t\t\t\t<div class=\"elementor-element elementor-element-4915e56 elementor-widget elementor-widget-image\" data-id=\"4915e56\" data-element_type=\"widget\" data-e-type=\"widget\" data-widget_type=\"image.default\">\n\t\t\t\t<div class=\"elementor-widget-container\">\n\t\t\t\t\t\t\t\t\t\t\t\t\t\t\t\t<a href=\"https:\/\/lunicars.com\/en\/fahrzeuge\/2006-porsche-911-turbo\/\">\n\t\t\t\t\t\t\t<img loading=\"lazy\" decoding=\"async\" width=\"2048\" height=\"1365\" src=\"https:\/\/lunicars.com\/wp-content\/uploads\/2022\/10\/DSC08447-2048x1365.jpg\" class=\"elementor-animation-grow attachment-2048x2048 size-2048x2048 wp-image-34840\" alt=\"\" srcset=\"https:\/\/lunicars.com\/wp-content\/uploads\/2022\/10\/DSC08447-2048x1365.jpg 2048w, https:\/\/lunicars.com\/wp-content\/uploads\/2022\/10\/DSC08447-300x200.jpg 300w, https:\/\/lunicars.com\/wp-content\/uploads\/2022\/10\/DSC08447-1024x683.jpg 1024w, https:\/\/lunicars.com\/wp-content\/uploads\/2022\/10\/DSC08447-768x512.jpg 768w, https:\/\/lunicars.com\/wp-content\/uploads\/2022\/10\/DSC08447-1536x1024.jpg 1536w\" sizes=\"auto, (max-width: 2048px) 100vw, 2048px\" \/>\t\t\t\t\t\t\t\t<\/a>\n\t\t\t\t\t\t\t\t\t\t\t\t\t\t\t<\/div>\n\t\t\t\t<\/div>\n\t\t\t\t\t<\/div>\n\t\t<\/div>\n\t\t\t\t<div class=\"elementor-column elementor-col-66 elementor-inner-column elementor-element elementor-element-5e1cb60\" data-id=\"5e1cb60\" data-element_type=\"column\" data-e-type=\"column\">\n\t\t\t<div class=\"elementor-widget-wrap elementor-element-populated\">\n\t\t\t\t\t\t<div class=\"elementor-element elementor-element-e620310 elementor-widget elementor-widget-heading\" data-id=\"e620310\" data-element_type=\"widget\" data-e-type=\"widget\" data-widget_type=\"heading.default\">\n\t\t\t\t<div class=\"elementor-widget-container\">\n\t\t\t\t\t<div class=\"elementor-heading-title elementor-size-small\"><font color=\"#c48a02\">Sold<\/font><\/div>\t\t\t\t<\/div>\n\t\t\t\t<\/div>\n\t\t\t\t<div class=\"elementor-element elementor-element-84081d2 elementor-widget elementor-widget-heading\" data-id=\"84081d2\" data-element_type=\"widget\" data-e-type=\"widget\" data-widget_type=\"heading.default\">\n\t\t\t\t<div class=\"elementor-widget-container\">\n\t\t\t\t\t<h1 class=\"elementor-heading-title elementor-size-default\"><a href=\"https:\/\/lunicars.com\/en\/fahrzeuge\/2006-porsche-911-turbo\/\">Porsche 911 Turbo GT2-Look '05<\/a><\/h1>\t\t\t\t<\/div>\n\t\t\t\t<\/div>\n\t\t\t\t<div class=\"elementor-element elementor-element-f45bfc7 elementor-widget elementor-widget-heading\" data-id=\"f45bfc7\" data-element_type=\"widget\" data-e-type=\"widget\" data-widget_type=\"heading.default\">\n\t\t\t\t<div class=\"elementor-widget-container\">\n\t\t\t\t\t<div class=\"elementor-heading-title elementor-size-small\">Schnell, zuverl\u00e4ssig und eine perfekte Wertanlage. Dieser Porsche 996 verbindet alles, was ein klassischer Sportwagen heute haben muss.<\/div>\t\t\t\t<\/div>\n\t\t\t\t<\/div>\n\t\t\t\t\t<\/div>\n\t\t<\/div>\n\t\t\t\t\t<\/div>\n\t\t<\/section>\n\t\t\t\t<section class=\"elementor-section elementor-inner-section elementor-element elementor-element-9b5fd80 elementor-section-content-bottom elementor-section-boxed elementor-section-height-default elementor-section-height-default\" data-id=\"9b5fd80\" data-element_type=\"section\" data-e-type=\"section\">\n\t\t\t\t\t\t<div class=\"elementor-container elementor-column-gap-wider\">\n\t\t\t\t\t<div class=\"elementor-column elementor-col-33 elementor-inner-column elementor-element elementor-element-71fddfa\" data-id=\"71fddfa\" data-element_type=\"column\" data-e-type=\"column\">\n\t\t\t<div class=\"elementor-widget-wrap elementor-element-populated\">\n\t\t\t\t\t\t<div class=\"elementor-element elementor-element-df73e06 elementor-widget elementor-widget-image\" data-id=\"df73e06\" data-element_type=\"widget\" data-e-type=\"widget\" data-widget_type=\"image.default\">\n\t\t\t\t<div class=\"elementor-widget-container\">\n\t\t\t\t\t\t\t\t\t\t\t\t\t\t\t\t<a href=\"https:\/\/lunicars.com\/en\/fahrzeuge\/1999-harley-davidson-softail-heritage-chicano\/\">\n\t\t\t\t\t\t\t<img loading=\"lazy\" decoding=\"async\" width=\"2048\" height=\"1365\" src=\"https:\/\/lunicars.com\/wp-content\/uploads\/2022\/11\/DSC08990-2048x1365.jpg\" class=\"elementor-animation-grow attachment-2048x2048 size-2048x2048 wp-image-35440\" alt=\"\" srcset=\"https:\/\/lunicars.com\/wp-content\/uploads\/2022\/11\/DSC08990-2048x1365.jpg 2048w, https:\/\/lunicars.com\/wp-content\/uploads\/2022\/11\/DSC08990-300x200.jpg 300w, https:\/\/lunicars.com\/wp-content\/uploads\/2022\/11\/DSC08990-1024x683.jpg 1024w, https:\/\/lunicars.com\/wp-content\/uploads\/2022\/11\/DSC08990-768x512.jpg 768w, https:\/\/lunicars.com\/wp-content\/uploads\/2022\/11\/DSC08990-1536x1024.jpg 1536w\" sizes=\"auto, (max-width: 2048px) 100vw, 2048px\" \/>\t\t\t\t\t\t\t\t<\/a>\n\t\t\t\t\t\t\t\t\t\t\t\t\t\t\t<\/div>\n\t\t\t\t<\/div>\n\t\t\t\t\t<\/div>\n\t\t<\/div>\n\t\t\t\t<div class=\"elementor-column elementor-col-66 elementor-inner-column elementor-element elementor-element-01bc595\" data-id=\"01bc595\" data-element_type=\"column\" data-e-type=\"column\">\n\t\t\t<div class=\"elementor-widget-wrap elementor-element-populated\">\n\t\t\t\t\t\t<div class=\"elementor-element elementor-element-5e5c17f elementor-widget elementor-widget-heading\" data-id=\"5e5c17f\" data-element_type=\"widget\" data-e-type=\"widget\" data-widget_type=\"heading.default\">\n\t\t\t\t<div class=\"elementor-widget-container\">\n\t\t\t\t\t<div class=\"elementor-heading-title elementor-size-small\"><font color=\"#c48a02\">Sold<\/font><\/div>\t\t\t\t<\/div>\n\t\t\t\t<\/div>\n\t\t\t\t<div class=\"elementor-element elementor-element-e44422f elementor-widget elementor-widget-heading\" data-id=\"e44422f\" data-element_type=\"widget\" data-e-type=\"widget\" data-widget_type=\"heading.default\">\n\t\t\t\t<div class=\"elementor-widget-container\">\n\t\t\t\t\t<h1 class=\"elementor-heading-title elementor-size-default\"><a href=\"https:\/\/lunicars.com\/en\/fahrzeuge\/1999-harley-davidson-softail-heritage-chicano\/\">Harley-Davidson Softail Heritage '99<\/a><\/h1>\t\t\t\t<\/div>\n\t\t\t\t<\/div>\n\t\t\t\t<div class=\"elementor-element elementor-element-f20baf1 elementor-widget elementor-widget-heading\" data-id=\"f20baf1\" data-element_type=\"widget\" data-e-type=\"widget\" data-widget_type=\"heading.default\">\n\t\t\t\t<div class=\"elementor-widget-container\">\n\t\t\t\t\t<div class=\"elementor-heading-title elementor-size-small\">Klassisch, bequem und wundersch\u00f6n: Diese Softail Heritage im schlichten Chicano-Style \u00fcberzeugt mit V2 Evo und Kesstech-Anlage.<\/div>\t\t\t\t<\/div>\n\t\t\t\t<\/div>\n\t\t\t\t\t<\/div>\n\t\t<\/div>\n\t\t\t\t\t<\/div>\n\t\t<\/section>\n\t\t\t\t<section class=\"elementor-section elementor-inner-section elementor-element elementor-element-12098bd elementor-section-content-bottom elementor-section-boxed elementor-section-height-default elementor-section-height-default\" data-id=\"12098bd\" data-element_type=\"section\" data-e-type=\"section\">\n\t\t\t\t\t\t<div class=\"elementor-container elementor-column-gap-wider\">\n\t\t\t\t\t<div class=\"elementor-column elementor-col-33 elementor-inner-column elementor-element elementor-element-7583df4\" data-id=\"7583df4\" data-element_type=\"column\" data-e-type=\"column\">\n\t\t\t<div class=\"elementor-widget-wrap elementor-element-populated\">\n\t\t\t\t\t\t<div class=\"elementor-element elementor-element-f18cc72 elementor-widget elementor-widget-image\" data-id=\"f18cc72\" data-element_type=\"widget\" data-e-type=\"widget\" data-widget_type=\"image.default\">\n\t\t\t\t<div class=\"elementor-widget-container\">\n\t\t\t\t\t\t\t\t\t\t\t\t\t\t\t\t<a href=\"https:\/\/lunicars.com\/en\/fahrzeuge\/1994-mercedes-benz-sl-320\/\">\n\t\t\t\t\t\t\t<img loading=\"lazy\" decoding=\"async\" width=\"2048\" height=\"1365\" src=\"https:\/\/lunicars.com\/wp-content\/uploads\/2022\/11\/DSC08743-2048x1365.jpg\" class=\"elementor-animation-grow attachment-2048x2048 size-2048x2048 wp-image-35096\" alt=\"\" srcset=\"https:\/\/lunicars.com\/wp-content\/uploads\/2022\/11\/DSC08743-2048x1365.jpg 2048w, https:\/\/lunicars.com\/wp-content\/uploads\/2022\/11\/DSC08743-300x200.jpg 300w, https:\/\/lunicars.com\/wp-content\/uploads\/2022\/11\/DSC08743-1024x683.jpg 1024w, https:\/\/lunicars.com\/wp-content\/uploads\/2022\/11\/DSC08743-768x512.jpg 768w, https:\/\/lunicars.com\/wp-content\/uploads\/2022\/11\/DSC08743-1536x1024.jpg 1536w\" sizes=\"auto, (max-width: 2048px) 100vw, 2048px\" \/>\t\t\t\t\t\t\t\t<\/a>\n\t\t\t\t\t\t\t\t\t\t\t\t\t\t\t<\/div>\n\t\t\t\t<\/div>\n\t\t\t\t\t<\/div>\n\t\t<\/div>\n\t\t\t\t<div class=\"elementor-column elementor-col-66 elementor-inner-column elementor-element elementor-element-9fee943\" data-id=\"9fee943\" data-element_type=\"column\" data-e-type=\"column\">\n\t\t\t<div class=\"elementor-widget-wrap elementor-element-populated\">\n\t\t\t\t\t\t<div class=\"elementor-element elementor-element-567fe06 elementor-widget elementor-widget-heading\" data-id=\"567fe06\" data-element_type=\"widget\" data-e-type=\"widget\" data-widget_type=\"heading.default\">\n\t\t\t\t<div class=\"elementor-widget-container\">\n\t\t\t\t\t<div class=\"elementor-heading-title elementor-size-small\"><font color=\"#c48a02\">Sold<\/font><\/div>\t\t\t\t<\/div>\n\t\t\t\t<\/div>\n\t\t\t\t<div class=\"elementor-element elementor-element-2f16387 elementor-widget elementor-widget-heading\" data-id=\"2f16387\" data-element_type=\"widget\" data-e-type=\"widget\" data-widget_type=\"heading.default\">\n\t\t\t\t<div class=\"elementor-widget-container\">\n\t\t\t\t\t<h1 class=\"elementor-heading-title elementor-size-default\"><a href=\"https:\/\/lunicars.com\/en\/fahrzeuge\/1994-mercedes-benz-sl-320\/\">Mercedes-Benz SL 320 '94<\/a><\/h1>\t\t\t\t<\/div>\n\t\t\t\t<\/div>\n\t\t\t\t<div class=\"elementor-element elementor-element-c0d12ec elementor-widget elementor-widget-heading\" data-id=\"c0d12ec\" data-element_type=\"widget\" data-e-type=\"widget\" data-widget_type=\"heading.default\">\n\t\t\t\t<div class=\"elementor-widget-container\">\n\t\t\t\t\t<div class=\"elementor-heading-title elementor-size-small\">Luxuri\u00f6s, sportlich, innovativ und wegweisend: Dieser SL320 der Serie R129 ist ein zuverl\u00e4ssiger Roadster f\u00fcr alle F\u00e4lle.<\/div>\t\t\t\t<\/div>\n\t\t\t\t<\/div>\n\t\t\t\t\t<\/div>\n\t\t<\/div>\n\t\t\t\t\t<\/div>\n\t\t<\/section>\n\t\t\t\t<section class=\"elementor-section elementor-inner-section elementor-element elementor-element-ef3349f elementor-section-content-bottom elementor-section-boxed elementor-section-height-default elementor-section-height-default\" data-id=\"ef3349f\" data-element_type=\"section\" data-e-type=\"section\">\n\t\t\t\t\t\t<div class=\"elementor-container elementor-column-gap-wider\">\n\t\t\t\t\t<div class=\"elementor-column elementor-col-33 elementor-inner-column elementor-element elementor-element-811836f\" data-id=\"811836f\" data-element_type=\"column\" data-e-type=\"column\">\n\t\t\t<div class=\"elementor-widget-wrap elementor-element-populated\">\n\t\t\t\t\t\t<div class=\"elementor-element elementor-element-82638bd elementor-widget elementor-widget-image\" data-id=\"82638bd\" data-element_type=\"widget\" data-e-type=\"widget\" data-widget_type=\"image.default\">\n\t\t\t\t<div class=\"elementor-widget-container\">\n\t\t\t\t\t\t\t\t\t\t\t\t\t\t\t\t<a href=\"https:\/\/lunicars.com\/en\/fahrzeuge\/1964-volvo-pv-544\/\">\n\t\t\t\t\t\t\t<img loading=\"lazy\" decoding=\"async\" width=\"2048\" height=\"1365\" src=\"https:\/\/lunicars.com\/wp-content\/uploads\/2022\/12\/DSC09216-2048x1365.jpg\" class=\"elementor-animation-grow attachment-2048x2048 size-2048x2048 wp-image-35780\" alt=\"\" srcset=\"https:\/\/lunicars.com\/wp-content\/uploads\/2022\/12\/DSC09216-2048x1365.jpg 2048w, https:\/\/lunicars.com\/wp-content\/uploads\/2022\/12\/DSC09216-300x200.jpg 300w, https:\/\/lunicars.com\/wp-content\/uploads\/2022\/12\/DSC09216-1024x683.jpg 1024w, https:\/\/lunicars.com\/wp-content\/uploads\/2022\/12\/DSC09216-768x512.jpg 768w, https:\/\/lunicars.com\/wp-content\/uploads\/2022\/12\/DSC09216-1536x1024.jpg 1536w\" sizes=\"auto, (max-width: 2048px) 100vw, 2048px\" \/>\t\t\t\t\t\t\t\t<\/a>\n\t\t\t\t\t\t\t\t\t\t\t\t\t\t\t<\/div>\n\t\t\t\t<\/div>\n\t\t\t\t\t<\/div>\n\t\t<\/div>\n\t\t\t\t<div class=\"elementor-column elementor-col-66 elementor-inner-column elementor-element elementor-element-2bf9ba5\" data-id=\"2bf9ba5\" data-element_type=\"column\" data-e-type=\"column\">\n\t\t\t<div class=\"elementor-widget-wrap elementor-element-populated\">\n\t\t\t\t\t\t<div class=\"elementor-element elementor-element-43f8935 elementor-widget elementor-widget-heading\" data-id=\"43f8935\" data-element_type=\"widget\" data-e-type=\"widget\" data-widget_type=\"heading.default\">\n\t\t\t\t<div class=\"elementor-widget-container\">\n\t\t\t\t\t<div class=\"elementor-heading-title elementor-size-small\"><font color=\"#c48a02\">Sold<\/font><\/div>\t\t\t\t<\/div>\n\t\t\t\t<\/div>\n\t\t\t\t<div class=\"elementor-element elementor-element-6c1deb4 elementor-widget elementor-widget-heading\" data-id=\"6c1deb4\" data-element_type=\"widget\" data-e-type=\"widget\" data-widget_type=\"heading.default\">\n\t\t\t\t<div class=\"elementor-widget-container\">\n\t\t\t\t\t<h1 class=\"elementor-heading-title elementor-size-default\"><a href=\"https:\/\/lunicars.com\/en\/fahrzeuge\/1964-volvo-pv-544\/\">Volvo PV 544 '64<\/a><\/h1>\t\t\t\t<\/div>\n\t\t\t\t<\/div>\n\t\t\t\t<div class=\"elementor-element elementor-element-2792095 elementor-widget elementor-widget-heading\" data-id=\"2792095\" data-element_type=\"widget\" data-e-type=\"widget\" data-widget_type=\"heading.default\">\n\t\t\t\t<div class=\"elementor-widget-container\">\n\t\t\t\t\t<div class=\"elementor-heading-title elementor-size-small\">Sports car, family car, rally winner and pioneer in terms of safety. The iconic PV 544 is more than just a car.<\/div>\t\t\t\t<\/div>\n\t\t\t\t<\/div>\n\t\t\t\t\t<\/div>\n\t\t<\/div>\n\t\t\t\t\t<\/div>\n\t\t<\/section>\n\t\t\t\t<section class=\"elementor-section elementor-inner-section elementor-element elementor-element-16e38ee elementor-section-content-bottom elementor-section-boxed elementor-section-height-default elementor-section-height-default\" data-id=\"16e38ee\" data-element_type=\"section\" data-e-type=\"section\">\n\t\t\t\t\t\t<div class=\"elementor-container elementor-column-gap-wider\">\n\t\t\t\t\t<div class=\"elementor-column elementor-col-33 elementor-inner-column elementor-element elementor-element-46ac598\" data-id=\"46ac598\" data-element_type=\"column\" data-e-type=\"column\">\n\t\t\t<div class=\"elementor-widget-wrap elementor-element-populated\">\n\t\t\t\t\t\t<div class=\"elementor-element elementor-element-cfc5993 elementor-widget elementor-widget-image\" data-id=\"cfc5993\" data-element_type=\"widget\" data-e-type=\"widget\" data-widget_type=\"image.default\">\n\t\t\t\t<div class=\"elementor-widget-container\">\n\t\t\t\t\t\t\t\t\t\t\t\t\t\t\t\t<a href=\"https:\/\/lunicars.com\/en\/fahrzeuge\/2006-porsche-cayenne-turbo-s-techart\/\">\n\t\t\t\t\t\t\t<img loading=\"lazy\" decoding=\"async\" width=\"2048\" height=\"1365\" src=\"https:\/\/lunicars.com\/wp-content\/uploads\/2022\/12\/DSC09319-2048x1365.jpg\" class=\"elementor-animation-grow attachment-2048x2048 size-2048x2048 wp-image-35714\" alt=\"\" srcset=\"https:\/\/lunicars.com\/wp-content\/uploads\/2022\/12\/DSC09319-2048x1365.jpg 2048w, https:\/\/lunicars.com\/wp-content\/uploads\/2022\/12\/DSC09319-300x200.jpg 300w, https:\/\/lunicars.com\/wp-content\/uploads\/2022\/12\/DSC09319-1024x683.jpg 1024w, https:\/\/lunicars.com\/wp-content\/uploads\/2022\/12\/DSC09319-768x512.jpg 768w, https:\/\/lunicars.com\/wp-content\/uploads\/2022\/12\/DSC09319-1536x1024.jpg 1536w\" sizes=\"auto, (max-width: 2048px) 100vw, 2048px\" \/>\t\t\t\t\t\t\t\t<\/a>\n\t\t\t\t\t\t\t\t\t\t\t\t\t\t\t<\/div>\n\t\t\t\t<\/div>\n\t\t\t\t\t<\/div>\n\t\t<\/div>\n\t\t\t\t<div class=\"elementor-column elementor-col-66 elementor-inner-column elementor-element elementor-element-de944ca\" data-id=\"de944ca\" data-element_type=\"column\" data-e-type=\"column\">\n\t\t\t<div class=\"elementor-widget-wrap elementor-element-populated\">\n\t\t\t\t\t\t<div class=\"elementor-element elementor-element-27230af elementor-widget elementor-widget-heading\" data-id=\"27230af\" data-element_type=\"widget\" data-e-type=\"widget\" data-widget_type=\"heading.default\">\n\t\t\t\t<div class=\"elementor-widget-container\">\n\t\t\t\t\t<div class=\"elementor-heading-title elementor-size-small\"><font color=\"#c48a02\">Sold<\/font><\/div>\t\t\t\t<\/div>\n\t\t\t\t<\/div>\n\t\t\t\t<div class=\"elementor-element elementor-element-7b0514e elementor-widget elementor-widget-heading\" data-id=\"7b0514e\" data-element_type=\"widget\" data-e-type=\"widget\" data-widget_type=\"heading.default\">\n\t\t\t\t<div class=\"elementor-widget-container\">\n\t\t\t\t\t<h1 class=\"elementor-heading-title elementor-size-default\"><a href=\"https:\/\/lunicars.com\/en\/fahrzeuge\/2006-porsche-cayenne-turbo-s-techart\/\">Porsche Cayenne TECHART Turbo S '06<\/a><\/h1>\t\t\t\t<\/div>\n\t\t\t\t<\/div>\n\t\t\t\t<div class=\"elementor-element elementor-element-8674445 elementor-widget elementor-widget-heading\" data-id=\"8674445\" data-element_type=\"widget\" data-e-type=\"widget\" data-widget_type=\"heading.default\">\n\t\t\t\t<div class=\"elementor-widget-container\">\n\t\t\t\t\t<div class=\"elementor-heading-title elementor-size-small\">Powerful looks and brute performance paired with an incomparable Porsche V8 sound. TECHART full equipment inside and out.<\/div>\t\t\t\t<\/div>\n\t\t\t\t<\/div>\n\t\t\t\t\t<\/div>\n\t\t<\/div>\n\t\t\t\t\t<\/div>\n\t\t<\/section>\n\t\t\t\t<section class=\"elementor-section elementor-inner-section elementor-element elementor-element-e480ac4 elementor-section-content-bottom elementor-section-boxed elementor-section-height-default elementor-section-height-default\" data-id=\"e480ac4\" data-element_type=\"section\" data-e-type=\"section\">\n\t\t\t\t\t\t<div class=\"elementor-container elementor-column-gap-wider\">\n\t\t\t\t\t<div class=\"elementor-column elementor-col-33 elementor-inner-column elementor-element elementor-element-ca37e96\" data-id=\"ca37e96\" data-element_type=\"column\" data-e-type=\"column\">\n\t\t\t<div class=\"elementor-widget-wrap elementor-element-populated\">\n\t\t\t\t\t\t<div class=\"elementor-element elementor-element-647a2e9 elementor-widget elementor-widget-image\" data-id=\"647a2e9\" data-element_type=\"widget\" data-e-type=\"widget\" data-widget_type=\"image.default\">\n\t\t\t\t<div class=\"elementor-widget-container\">\n\t\t\t\t\t\t\t\t\t\t\t\t\t\t\t\t<a href=\"https:\/\/lunicars.com\/en\/fahrzeuge\/1953-fiat-500-c-topolino\/\">\n\t\t\t\t\t\t\t<img loading=\"lazy\" decoding=\"async\" width=\"2048\" height=\"1365\" src=\"https:\/\/lunicars.com\/wp-content\/uploads\/2022\/11\/DSC08494-2048x1365.jpg\" class=\"elementor-animation-grow attachment-2048x2048 size-2048x2048 wp-image-34991\" alt=\"\" srcset=\"https:\/\/lunicars.com\/wp-content\/uploads\/2022\/11\/DSC08494-2048x1365.jpg 2048w, https:\/\/lunicars.com\/wp-content\/uploads\/2022\/11\/DSC08494-300x200.jpg 300w, https:\/\/lunicars.com\/wp-content\/uploads\/2022\/11\/DSC08494-1024x683.jpg 1024w, https:\/\/lunicars.com\/wp-content\/uploads\/2022\/11\/DSC08494-768x512.jpg 768w, https:\/\/lunicars.com\/wp-content\/uploads\/2022\/11\/DSC08494-1536x1024.jpg 1536w\" sizes=\"auto, (max-width: 2048px) 100vw, 2048px\" \/>\t\t\t\t\t\t\t\t<\/a>\n\t\t\t\t\t\t\t\t\t\t\t\t\t\t\t<\/div>\n\t\t\t\t<\/div>\n\t\t\t\t\t<\/div>\n\t\t<\/div>\n\t\t\t\t<div class=\"elementor-column elementor-col-66 elementor-inner-column elementor-element elementor-element-56156ff\" data-id=\"56156ff\" data-element_type=\"column\" data-e-type=\"column\">\n\t\t\t<div class=\"elementor-widget-wrap elementor-element-populated\">\n\t\t\t\t\t\t<div class=\"elementor-element elementor-element-a860a86 elementor-widget elementor-widget-heading\" data-id=\"a860a86\" data-element_type=\"widget\" data-e-type=\"widget\" data-widget_type=\"heading.default\">\n\t\t\t\t<div class=\"elementor-widget-container\">\n\t\t\t\t\t<div class=\"elementor-heading-title elementor-size-small\"><font color=\"#c48a02\">Sold<\/font><\/div>\t\t\t\t<\/div>\n\t\t\t\t<\/div>\n\t\t\t\t<div class=\"elementor-element elementor-element-c04242d elementor-widget elementor-widget-heading\" data-id=\"c04242d\" data-element_type=\"widget\" data-e-type=\"widget\" data-widget_type=\"heading.default\">\n\t\t\t\t<div class=\"elementor-widget-container\">\n\t\t\t\t\t<h1 class=\"elementor-heading-title elementor-size-default\"><a href=\"https:\/\/lunicars.com\/en\/fahrzeuge\/1953-fiat-500-c-topolino\/\">Fiat 500 C Topolino '53<\/a><\/h1>\t\t\t\t<\/div>\n\t\t\t\t<\/div>\n\t\t\t\t<div class=\"elementor-element elementor-element-656fb8b elementor-widget elementor-widget-heading\" data-id=\"656fb8b\" data-element_type=\"widget\" data-e-type=\"widget\" data-widget_type=\"heading.default\">\n\t\t\t\t<div class=\"elementor-widget-container\">\n\t\t\t\t\t<div class=\"elementor-heading-title elementor-size-small\">Das M\u00e4uschen unter den Fiat Kleinwagen: Einwandfreier Motor, sch\u00f6ner Lack, Boden braucht Ersatz. Ein tolles Winterprojekt.<\/div>\t\t\t\t<\/div>\n\t\t\t\t<\/div>\n\t\t\t\t\t<\/div>\n\t\t<\/div>\n\t\t\t\t\t<\/div>\n\t\t<\/section>\n\t\t\t\t<section class=\"elementor-section elementor-inner-section elementor-element elementor-element-4b108c3 elementor-section-content-bottom elementor-section-boxed elementor-section-height-default elementor-section-height-default\" data-id=\"4b108c3\" data-element_type=\"section\" data-e-type=\"section\">\n\t\t\t\t\t\t<div class=\"elementor-container elementor-column-gap-wider\">\n\t\t\t\t\t<div class=\"elementor-column elementor-col-33 elementor-inner-column elementor-element elementor-element-0b265f8\" data-id=\"0b265f8\" data-element_type=\"column\" data-e-type=\"column\">\n\t\t\t<div class=\"elementor-widget-wrap elementor-element-populated\">\n\t\t\t\t\t\t<div class=\"elementor-element elementor-element-9df815b elementor-widget elementor-widget-image\" data-id=\"9df815b\" data-element_type=\"widget\" data-e-type=\"widget\" data-widget_type=\"image.default\">\n\t\t\t\t<div class=\"elementor-widget-container\">\n\t\t\t\t\t\t\t\t\t\t\t\t\t\t\t\t<a href=\"https:\/\/lunicars.com\/en\/fahrzeuge\/1990-bmw-735-i\/\">\n\t\t\t\t\t\t\t<img loading=\"lazy\" decoding=\"async\" width=\"2048\" height=\"1365\" src=\"https:\/\/lunicars.com\/wp-content\/uploads\/2022\/09\/DSC08168-2048x1365.jpg\" class=\"elementor-animation-grow attachment-2048x2048 size-2048x2048 wp-image-34498\" alt=\"\" srcset=\"https:\/\/lunicars.com\/wp-content\/uploads\/2022\/09\/DSC08168-2048x1365.jpg 2048w, https:\/\/lunicars.com\/wp-content\/uploads\/2022\/09\/DSC08168-300x200.jpg 300w, https:\/\/lunicars.com\/wp-content\/uploads\/2022\/09\/DSC08168-1024x683.jpg 1024w, https:\/\/lunicars.com\/wp-content\/uploads\/2022\/09\/DSC08168-768x512.jpg 768w, https:\/\/lunicars.com\/wp-content\/uploads\/2022\/09\/DSC08168-1536x1024.jpg 1536w\" sizes=\"auto, (max-width: 2048px) 100vw, 2048px\" \/>\t\t\t\t\t\t\t\t<\/a>\n\t\t\t\t\t\t\t\t\t\t\t\t\t\t\t<\/div>\n\t\t\t\t<\/div>\n\t\t\t\t\t<\/div>\n\t\t<\/div>\n\t\t\t\t<div class=\"elementor-column elementor-col-66 elementor-inner-column elementor-element elementor-element-14b6cf0\" data-id=\"14b6cf0\" data-element_type=\"column\" data-e-type=\"column\">\n\t\t\t<div class=\"elementor-widget-wrap elementor-element-populated\">\n\t\t\t\t\t\t<div class=\"elementor-element elementor-element-54c05e0 elementor-widget elementor-widget-heading\" data-id=\"54c05e0\" data-element_type=\"widget\" data-e-type=\"widget\" data-widget_type=\"heading.default\">\n\t\t\t\t<div class=\"elementor-widget-container\">\n\t\t\t\t\t<div class=\"elementor-heading-title elementor-size-small\"><font color=\"#c48a02\">Sold<\/font><\/div>\t\t\t\t<\/div>\n\t\t\t\t<\/div>\n\t\t\t\t<div class=\"elementor-element elementor-element-6e07b93 elementor-widget elementor-widget-heading\" data-id=\"6e07b93\" data-element_type=\"widget\" data-e-type=\"widget\" data-widget_type=\"heading.default\">\n\t\t\t\t<div class=\"elementor-widget-container\">\n\t\t\t\t\t<h1 class=\"elementor-heading-title elementor-size-default\"><a href=\"https:\/\/lunicars.com\/en\/fahrzeuge\/1990-bmw-735-i\/\">BMW 735i E32 '90<\/a><\/h1>\t\t\t\t<\/div>\n\t\t\t\t<\/div>\n\t\t\t\t<div class=\"elementor-element elementor-element-bbffa06 elementor-widget elementor-widget-heading\" data-id=\"bbffa06\" data-element_type=\"widget\" data-e-type=\"widget\" data-widget_type=\"heading.default\">\n\t\t\t\t<div class=\"elementor-widget-container\">\n\t\t\t\t\t<div class=\"elementor-heading-title elementor-size-small\">Eine wundersch\u00f6ne Limousine mit viel Potenzial nach oben. Stets gewartet, im trockenen gelagert und ab MFK 2022.<\/div>\t\t\t\t<\/div>\n\t\t\t\t<\/div>\n\t\t\t\t\t<\/div>\n\t\t<\/div>\n\t\t\t\t\t<\/div>\n\t\t<\/section>\n\t\t\t\t<section class=\"elementor-section elementor-inner-section elementor-element elementor-element-474e8ac elementor-section-content-bottom elementor-section-boxed elementor-section-height-default elementor-section-height-default\" data-id=\"474e8ac\" data-element_type=\"section\" data-e-type=\"section\">\n\t\t\t\t\t\t<div class=\"elementor-container elementor-column-gap-wider\">\n\t\t\t\t\t<div class=\"elementor-column elementor-col-33 elementor-inner-column elementor-element elementor-element-59b7a8c\" data-id=\"59b7a8c\" data-element_type=\"column\" data-e-type=\"column\">\n\t\t\t<div class=\"elementor-widget-wrap elementor-element-populated\">\n\t\t\t\t\t\t<div class=\"elementor-element elementor-element-1570981 elementor-widget elementor-widget-image\" data-id=\"1570981\" data-element_type=\"widget\" data-e-type=\"widget\" data-widget_type=\"image.default\">\n\t\t\t\t<div class=\"elementor-widget-container\">\n\t\t\t\t\t\t\t\t\t\t\t\t\t\t\t\t<a href=\"https:\/\/lunicars.com\/en\/fahrzeuge\/chrysler-newport-1962\/\">\n\t\t\t\t\t\t\t<img loading=\"lazy\" decoding=\"async\" width=\"2048\" height=\"1365\" src=\"https:\/\/lunicars.com\/wp-content\/uploads\/2022\/06\/DSC07051-2048x1365.jpg\" class=\"elementor-animation-grow attachment-2048x2048 size-2048x2048 wp-image-33660\" alt=\"\" srcset=\"https:\/\/lunicars.com\/wp-content\/uploads\/2022\/06\/DSC07051-2048x1365.jpg 2048w, https:\/\/lunicars.com\/wp-content\/uploads\/2022\/06\/DSC07051-300x200.jpg 300w, https:\/\/lunicars.com\/wp-content\/uploads\/2022\/06\/DSC07051-1024x683.jpg 1024w, https:\/\/lunicars.com\/wp-content\/uploads\/2022\/06\/DSC07051-768x512.jpg 768w, https:\/\/lunicars.com\/wp-content\/uploads\/2022\/06\/DSC07051-1536x1024.jpg 1536w\" sizes=\"auto, (max-width: 2048px) 100vw, 2048px\" \/>\t\t\t\t\t\t\t\t<\/a>\n\t\t\t\t\t\t\t\t\t\t\t\t\t\t\t<\/div>\n\t\t\t\t<\/div>\n\t\t\t\t\t<\/div>\n\t\t<\/div>\n\t\t\t\t<div class=\"elementor-column elementor-col-66 elementor-inner-column elementor-element elementor-element-c9fd170\" data-id=\"c9fd170\" data-element_type=\"column\" data-e-type=\"column\">\n\t\t\t<div class=\"elementor-widget-wrap elementor-element-populated\">\n\t\t\t\t\t\t<div class=\"elementor-element elementor-element-99ec6c5 elementor-widget elementor-widget-heading\" data-id=\"99ec6c5\" data-element_type=\"widget\" data-e-type=\"widget\" data-widget_type=\"heading.default\">\n\t\t\t\t<div class=\"elementor-widget-container\">\n\t\t\t\t\t<div class=\"elementor-heading-title elementor-size-small\"><font color=\"#c48a02\">Sold<\/font><\/div>\t\t\t\t<\/div>\n\t\t\t\t<\/div>\n\t\t\t\t<div class=\"elementor-element elementor-element-31af0f7 elementor-widget elementor-widget-heading\" data-id=\"31af0f7\" data-element_type=\"widget\" data-e-type=\"widget\" data-widget_type=\"heading.default\">\n\t\t\t\t<div class=\"elementor-widget-container\">\n\t\t\t\t\t<h1 class=\"elementor-heading-title elementor-size-default\"><a href=\"https:\/\/lunicars.com\/en\/fahrzeuge\/chrysler-newport-1962\/\">Chrysler Newport '62<\/a><\/h1>\t\t\t\t<\/div>\n\t\t\t\t<\/div>\n\t\t\t\t<div class=\"elementor-element elementor-element-165134c elementor-widget elementor-widget-heading\" data-id=\"165134c\" data-element_type=\"widget\" data-e-type=\"widget\" data-widget_type=\"heading.default\">\n\t\t\t\t<div class=\"elementor-widget-container\">\n\t\t\t\t\t<div class=\"elementor-heading-title elementor-size-small\">Ungeschweisst, Erstlack, Patina, BigBlock - und das ist erst der Anfang. Ein wirklicher Traum auf vier R\u00e4dern.<\/div>\t\t\t\t<\/div>\n\t\t\t\t<\/div>\n\t\t\t\t\t<\/div>\n\t\t<\/div>\n\t\t\t\t\t<\/div>\n\t\t<\/section>\n\t\t\t\t<section class=\"elementor-section elementor-inner-section elementor-element elementor-element-b03a8a4 elementor-section-content-bottom elementor-section-boxed elementor-section-height-default elementor-section-height-default\" data-id=\"b03a8a4\" data-element_type=\"section\" data-e-type=\"section\">\n\t\t\t\t\t\t<div class=\"elementor-container elementor-column-gap-wider\">\n\t\t\t\t\t<div class=\"elementor-column elementor-col-33 elementor-inner-column elementor-element elementor-element-10b1352\" data-id=\"10b1352\" data-element_type=\"column\" data-e-type=\"column\">\n\t\t\t<div class=\"elementor-widget-wrap elementor-element-populated\">\n\t\t\t\t\t\t<div class=\"elementor-element elementor-element-6791498 elementor-widget elementor-widget-image\" data-id=\"6791498\" data-element_type=\"widget\" data-e-type=\"widget\" data-widget_type=\"image.default\">\n\t\t\t\t<div class=\"elementor-widget-container\">\n\t\t\t\t\t\t\t\t\t\t\t\t\t\t\t\t<a href=\"https:\/\/lunicars.com\/en\/fahrzeuge\/1979-jeep-cherokee-chief\/\">\n\t\t\t\t\t\t\t<img loading=\"lazy\" decoding=\"async\" width=\"2048\" height=\"1365\" src=\"https:\/\/lunicars.com\/wp-content\/uploads\/2022\/07\/DSC07230-2048x1365.jpg\" class=\"elementor-animation-grow attachment-2048x2048 size-2048x2048 wp-image-33985\" alt=\"\" srcset=\"https:\/\/lunicars.com\/wp-content\/uploads\/2022\/07\/DSC07230-2048x1365.jpg 2048w, https:\/\/lunicars.com\/wp-content\/uploads\/2022\/07\/DSC07230-300x200.jpg 300w, https:\/\/lunicars.com\/wp-content\/uploads\/2022\/07\/DSC07230-1024x683.jpg 1024w, https:\/\/lunicars.com\/wp-content\/uploads\/2022\/07\/DSC07230-768x512.jpg 768w, https:\/\/lunicars.com\/wp-content\/uploads\/2022\/07\/DSC07230-1536x1024.jpg 1536w\" sizes=\"auto, (max-width: 2048px) 100vw, 2048px\" \/>\t\t\t\t\t\t\t\t<\/a>\n\t\t\t\t\t\t\t\t\t\t\t\t\t\t\t<\/div>\n\t\t\t\t<\/div>\n\t\t\t\t\t<\/div>\n\t\t<\/div>\n\t\t\t\t<div class=\"elementor-column elementor-col-66 elementor-inner-column elementor-element elementor-element-765b6a0\" data-id=\"765b6a0\" data-element_type=\"column\" data-e-type=\"column\">\n\t\t\t<div class=\"elementor-widget-wrap elementor-element-populated\">\n\t\t\t\t\t\t<div class=\"elementor-element elementor-element-d2084be elementor-widget elementor-widget-heading\" data-id=\"d2084be\" data-element_type=\"widget\" data-e-type=\"widget\" data-widget_type=\"heading.default\">\n\t\t\t\t<div class=\"elementor-widget-container\">\n\t\t\t\t\t<div class=\"elementor-heading-title elementor-size-small\"><font color=\"#c48a02\">Sold<\/font><\/div>\t\t\t\t<\/div>\n\t\t\t\t<\/div>\n\t\t\t\t<div class=\"elementor-element elementor-element-75f1908 elementor-widget elementor-widget-heading\" data-id=\"75f1908\" data-element_type=\"widget\" data-e-type=\"widget\" data-widget_type=\"heading.default\">\n\t\t\t\t<div class=\"elementor-widget-container\">\n\t\t\t\t\t<h1 class=\"elementor-heading-title elementor-size-default\"><a href=\"https:\/\/lunicars.com\/en\/fahrzeuge\/1979-jeep-cherokee-chief\/\">Jeep Cherokee Chief '79<\/a><\/h1>\t\t\t\t<\/div>\n\t\t\t\t<\/div>\n\t\t\t\t<div class=\"elementor-element elementor-element-493968f elementor-widget elementor-widget-heading\" data-id=\"493968f\" data-element_type=\"widget\" data-e-type=\"widget\" data-widget_type=\"heading.default\">\n\t\t\t\t<div class=\"elementor-widget-container\">\n\t\t\t\t\t<div class=\"elementor-heading-title elementor-size-small\">Sehr gepflegtes Fahrzeug, 5.9 Liter V8, Veteranenzulassung, ab Service, niedrige Laufleistung. Der erste Luxus-SUV f\u00fcr alle F\u00e4lle.<\/div>\t\t\t\t<\/div>\n\t\t\t\t<\/div>\n\t\t\t\t\t<\/div>\n\t\t<\/div>\n\t\t\t\t\t<\/div>\n\t\t<\/section>\n\t\t\t\t<section class=\"elementor-section elementor-inner-section elementor-element elementor-element-4a09538 elementor-section-content-bottom elementor-section-boxed elementor-section-height-default elementor-section-height-default\" data-id=\"4a09538\" data-element_type=\"section\" data-e-type=\"section\">\n\t\t\t\t\t\t<div class=\"elementor-container elementor-column-gap-wider\">\n\t\t\t\t\t<div class=\"elementor-column elementor-col-33 elementor-inner-column elementor-element elementor-element-f89f51d\" data-id=\"f89f51d\" data-element_type=\"column\" data-e-type=\"column\">\n\t\t\t<div class=\"elementor-widget-wrap elementor-element-populated\">\n\t\t\t\t\t\t<div class=\"elementor-element elementor-element-432a3de elementor-widget elementor-widget-image\" data-id=\"432a3de\" data-element_type=\"widget\" data-e-type=\"widget\" data-widget_type=\"image.default\">\n\t\t\t\t<div class=\"elementor-widget-container\">\n\t\t\t\t\t\t\t\t\t\t\t\t\t\t\t\t<a href=\"https:\/\/lunicars.com\/en\/fahrzeuge\/1965-chevrolet-c-10\/\">\n\t\t\t\t\t\t\t<img loading=\"lazy\" decoding=\"async\" width=\"2048\" height=\"1365\" src=\"https:\/\/lunicars.com\/wp-content\/uploads\/2022\/05\/DSC06216-2048x1365.jpg\" class=\"elementor-animation-grow attachment-2048x2048 size-2048x2048 wp-image-33519\" alt=\"\" srcset=\"https:\/\/lunicars.com\/wp-content\/uploads\/2022\/05\/DSC06216-2048x1365.jpg 2048w, https:\/\/lunicars.com\/wp-content\/uploads\/2022\/05\/DSC06216-300x200.jpg 300w, https:\/\/lunicars.com\/wp-content\/uploads\/2022\/05\/DSC06216-1024x683.jpg 1024w, https:\/\/lunicars.com\/wp-content\/uploads\/2022\/05\/DSC06216-768x512.jpg 768w, https:\/\/lunicars.com\/wp-content\/uploads\/2022\/05\/DSC06216-1536x1024.jpg 1536w\" sizes=\"auto, (max-width: 2048px) 100vw, 2048px\" \/>\t\t\t\t\t\t\t\t<\/a>\n\t\t\t\t\t\t\t\t\t\t\t\t\t\t\t<\/div>\n\t\t\t\t<\/div>\n\t\t\t\t\t<\/div>\n\t\t<\/div>\n\t\t\t\t<div class=\"elementor-column elementor-col-66 elementor-inner-column elementor-element elementor-element-ddda36c\" data-id=\"ddda36c\" data-element_type=\"column\" data-e-type=\"column\">\n\t\t\t<div class=\"elementor-widget-wrap elementor-element-populated\">\n\t\t\t\t\t\t<div class=\"elementor-element elementor-element-8bab759 elementor-widget elementor-widget-heading\" data-id=\"8bab759\" data-element_type=\"widget\" data-e-type=\"widget\" data-widget_type=\"heading.default\">\n\t\t\t\t<div class=\"elementor-widget-container\">\n\t\t\t\t\t<div class=\"elementor-heading-title elementor-size-small\"><font color=\"#c48a02\">Sold<\/font><\/div>\t\t\t\t<\/div>\n\t\t\t\t<\/div>\n\t\t\t\t<div class=\"elementor-element elementor-element-b0144a9 elementor-widget elementor-widget-heading\" data-id=\"b0144a9\" data-element_type=\"widget\" data-e-type=\"widget\" data-widget_type=\"heading.default\">\n\t\t\t\t<div class=\"elementor-widget-container\">\n\t\t\t\t\t<h1 class=\"elementor-heading-title elementor-size-default\"><a href=\"https:\/\/lunicars.com\/en\/fahrzeuge\/1965-chevrolet-c-10\/\">Chevrolet C-10 Pickup '65<\/a><\/h1>\t\t\t\t<\/div>\n\t\t\t\t<\/div>\n\t\t\t\t<div class=\"elementor-element elementor-element-58521d9 elementor-widget elementor-widget-heading\" data-id=\"58521d9\" data-element_type=\"widget\" data-e-type=\"widget\" data-widget_type=\"heading.default\">\n\t\t\t\t<div class=\"elementor-widget-container\">\n\t\t\t\t\t<div class=\"elementor-heading-title elementor-size-small\">Ein rostfreier, mit V8 und Handschaltung ausgestatteter Pickup in sehr gutem Zustand und mit einer t\u00e4uschend echten Rost-Effekt-Lackierung.<\/div>\t\t\t\t<\/div>\n\t\t\t\t<\/div>\n\t\t\t\t\t<\/div>\n\t\t<\/div>\n\t\t\t\t\t<\/div>\n\t\t<\/section>\n\t\t\t\t<section class=\"elementor-section elementor-inner-section elementor-element elementor-element-1275d7a elementor-section-content-bottom elementor-section-boxed elementor-section-height-default elementor-section-height-default\" data-id=\"1275d7a\" data-element_type=\"section\" data-e-type=\"section\">\n\t\t\t\t\t\t<div class=\"elementor-container elementor-column-gap-wider\">\n\t\t\t\t\t<div class=\"elementor-column elementor-col-33 elementor-inner-column elementor-element elementor-element-0964ad6\" data-id=\"0964ad6\" data-element_type=\"column\" data-e-type=\"column\">\n\t\t\t<div class=\"elementor-widget-wrap elementor-element-populated\">\n\t\t\t\t\t\t<div class=\"elementor-element elementor-element-7a97fac elementor-widget elementor-widget-image\" data-id=\"7a97fac\" data-element_type=\"widget\" data-e-type=\"widget\" data-widget_type=\"image.default\">\n\t\t\t\t<div class=\"elementor-widget-container\">\n\t\t\t\t\t\t\t\t\t\t\t\t\t\t\t\t<a href=\"https:\/\/lunicars.com\/en\/fahrzeuge\/1961-chrysler-newport\/\">\n\t\t\t\t\t\t\t<img loading=\"lazy\" decoding=\"async\" width=\"2048\" height=\"1365\" src=\"https:\/\/lunicars.com\/wp-content\/uploads\/2022\/07\/23-2048x1365.jpg\" class=\"elementor-animation-grow attachment-2048x2048 size-2048x2048 wp-image-33938\" alt=\"\" srcset=\"https:\/\/lunicars.com\/wp-content\/uploads\/2022\/07\/23-2048x1365.jpg 2048w, https:\/\/lunicars.com\/wp-content\/uploads\/2022\/07\/23-300x200.jpg 300w, https:\/\/lunicars.com\/wp-content\/uploads\/2022\/07\/23-1024x683.jpg 1024w, https:\/\/lunicars.com\/wp-content\/uploads\/2022\/07\/23-768x512.jpg 768w, https:\/\/lunicars.com\/wp-content\/uploads\/2022\/07\/23-1536x1024.jpg 1536w\" sizes=\"auto, (max-width: 2048px) 100vw, 2048px\" \/>\t\t\t\t\t\t\t\t<\/a>\n\t\t\t\t\t\t\t\t\t\t\t\t\t\t\t<\/div>\n\t\t\t\t<\/div>\n\t\t\t\t\t<\/div>\n\t\t<\/div>\n\t\t\t\t<div class=\"elementor-column elementor-col-66 elementor-inner-column elementor-element elementor-element-7dec241\" data-id=\"7dec241\" data-element_type=\"column\" data-e-type=\"column\">\n\t\t\t<div class=\"elementor-widget-wrap elementor-element-populated\">\n\t\t\t\t\t\t<div class=\"elementor-element elementor-element-0711c20 elementor-widget elementor-widget-heading\" data-id=\"0711c20\" data-element_type=\"widget\" data-e-type=\"widget\" data-widget_type=\"heading.default\">\n\t\t\t\t<div class=\"elementor-widget-container\">\n\t\t\t\t\t<div class=\"elementor-heading-title elementor-size-small\"><font color=\"#c48a02\">Sold<\/font><\/div>\t\t\t\t<\/div>\n\t\t\t\t<\/div>\n\t\t\t\t<div class=\"elementor-element elementor-element-9c00208 elementor-widget elementor-widget-heading\" data-id=\"9c00208\" data-element_type=\"widget\" data-e-type=\"widget\" data-widget_type=\"heading.default\">\n\t\t\t\t<div class=\"elementor-widget-container\">\n\t\t\t\t\t<h1 class=\"elementor-heading-title elementor-size-default\"><a href=\"https:\/\/lunicars.com\/en\/fahrzeuge\/1961-chrysler-newport\/\">Chrysler Newport '61<\/a><\/h1>\t\t\t\t<\/div>\n\t\t\t\t<\/div>\n\t\t\t\t<div class=\"elementor-element elementor-element-1136385 elementor-widget elementor-widget-heading\" data-id=\"1136385\" data-element_type=\"widget\" data-e-type=\"widget\" data-widget_type=\"heading.default\">\n\t\t\t\t<div class=\"elementor-widget-container\">\n\t\t\t\t\t<div class=\"elementor-heading-title elementor-size-small\">Matching Numbers, V8, Pushbutton-Automatik, CH-Fahrzeug, 6 Sitzpl\u00e4tze und ein Kofferraum, der jeden Mafioso schw\u00e4rmen l\u00e4sst.<\/div>\t\t\t\t<\/div>\n\t\t\t\t<\/div>\n\t\t\t\t\t<\/div>\n\t\t<\/div>\n\t\t\t\t\t<\/div>\n\t\t<\/section>\n\t\t\t\t<section class=\"elementor-section elementor-inner-section elementor-element elementor-element-9b7bf6f elementor-section-content-bottom elementor-section-boxed elementor-section-height-default elementor-section-height-default\" data-id=\"9b7bf6f\" data-element_type=\"section\" data-e-type=\"section\">\n\t\t\t\t\t\t<div class=\"elementor-container elementor-column-gap-wider\">\n\t\t\t\t\t<div class=\"elementor-column elementor-col-33 elementor-inner-column elementor-element elementor-element-a9a5338\" data-id=\"a9a5338\" data-element_type=\"column\" data-e-type=\"column\">\n\t\t\t<div class=\"elementor-widget-wrap elementor-element-populated\">\n\t\t\t\t\t\t<div class=\"elementor-element elementor-element-d5159bc elementor-widget elementor-widget-image\" data-id=\"d5159bc\" data-element_type=\"widget\" data-e-type=\"widget\" data-widget_type=\"image.default\">\n\t\t\t\t<div class=\"elementor-widget-container\">\n\t\t\t\t\t\t\t\t\t\t\t\t\t\t\t\t<a href=\"https:\/\/lunicars.com\/en\/fahrzeuge\/1966-ford-mustang-gt\/\">\n\t\t\t\t\t\t\t<img loading=\"lazy\" decoding=\"async\" width=\"2048\" height=\"1365\" src=\"https:\/\/lunicars.com\/wp-content\/uploads\/2022\/08\/DSC07685-2048x1365.jpg\" class=\"elementor-animation-grow attachment-2048x2048 size-2048x2048 wp-image-34236\" alt=\"\" srcset=\"https:\/\/lunicars.com\/wp-content\/uploads\/2022\/08\/DSC07685-2048x1365.jpg 2048w, https:\/\/lunicars.com\/wp-content\/uploads\/2022\/08\/DSC07685-300x200.jpg 300w, https:\/\/lunicars.com\/wp-content\/uploads\/2022\/08\/DSC07685-1024x683.jpg 1024w, https:\/\/lunicars.com\/wp-content\/uploads\/2022\/08\/DSC07685-768x512.jpg 768w, https:\/\/lunicars.com\/wp-content\/uploads\/2022\/08\/DSC07685-1536x1024.jpg 1536w\" sizes=\"auto, (max-width: 2048px) 100vw, 2048px\" \/>\t\t\t\t\t\t\t\t<\/a>\n\t\t\t\t\t\t\t\t\t\t\t\t\t\t\t<\/div>\n\t\t\t\t<\/div>\n\t\t\t\t\t<\/div>\n\t\t<\/div>\n\t\t\t\t<div class=\"elementor-column elementor-col-66 elementor-inner-column elementor-element elementor-element-93a323d\" data-id=\"93a323d\" data-element_type=\"column\" data-e-type=\"column\">\n\t\t\t<div class=\"elementor-widget-wrap elementor-element-populated\">\n\t\t\t\t\t\t<div class=\"elementor-element elementor-element-982e7bd elementor-widget elementor-widget-heading\" data-id=\"982e7bd\" data-element_type=\"widget\" data-e-type=\"widget\" data-widget_type=\"heading.default\">\n\t\t\t\t<div class=\"elementor-widget-container\">\n\t\t\t\t\t<div class=\"elementor-heading-title elementor-size-small\"><font color=\"#c48a02\">Sold<\/font><\/div>\t\t\t\t<\/div>\n\t\t\t\t<\/div>\n\t\t\t\t<div class=\"elementor-element elementor-element-fe9e78c elementor-widget elementor-widget-heading\" data-id=\"fe9e78c\" data-element_type=\"widget\" data-e-type=\"widget\" data-widget_type=\"heading.default\">\n\t\t\t\t<div class=\"elementor-widget-container\">\n\t\t\t\t\t<h1 class=\"elementor-heading-title elementor-size-default\"><a href=\"https:\/\/lunicars.com\/en\/fahrzeuge\/1966-ford-mustang-gt\/\">Ford Mustang GT Coup\u00e9 '66<\/a><\/h1>\t\t\t\t<\/div>\n\t\t\t\t<\/div>\n\t\t\t\t<div class=\"elementor-element elementor-element-a26fd0a elementor-widget elementor-widget-heading\" data-id=\"a26fd0a\" data-element_type=\"widget\" data-e-type=\"widget\" data-widget_type=\"heading.default\">\n\t\t\t\t<div class=\"elementor-widget-container\">\n\t\t\t\t\t<div class=\"elementor-heading-title elementor-size-small\">Original A-Code GT with 225 hp and manual gearbox. Interior as new, veteran 2021, original color, matching numbers, four-barrel carburetor.<\/div>\t\t\t\t<\/div>\n\t\t\t\t<\/div>\n\t\t\t\t\t<\/div>\n\t\t<\/div>\n\t\t\t\t\t<\/div>\n\t\t<\/section>\n\t\t\t\t<section class=\"elementor-section elementor-inner-section elementor-element elementor-element-e394837 elementor-section-content-bottom elementor-section-boxed elementor-section-height-default elementor-section-height-default\" data-id=\"e394837\" data-element_type=\"section\" data-e-type=\"section\">\n\t\t\t\t\t\t<div class=\"elementor-container elementor-column-gap-wider\">\n\t\t\t\t\t<div class=\"elementor-column elementor-col-33 elementor-inner-column elementor-element elementor-element-979ff84\" data-id=\"979ff84\" data-element_type=\"column\" data-e-type=\"column\">\n\t\t\t<div class=\"elementor-widget-wrap elementor-element-populated\">\n\t\t\t\t\t\t<div class=\"elementor-element elementor-element-dacfb15 elementor-widget elementor-widget-image\" data-id=\"dacfb15\" data-element_type=\"widget\" data-e-type=\"widget\" data-widget_type=\"image.default\">\n\t\t\t\t<div class=\"elementor-widget-container\">\n\t\t\t\t\t\t\t\t\t\t\t\t\t\t\t\t<a href=\"https:\/\/lunicars.com\/en\/fahrzeuge\/1956-ford-thunderbird\/\">\n\t\t\t\t\t\t\t<img loading=\"lazy\" decoding=\"async\" width=\"2048\" height=\"1365\" src=\"https:\/\/lunicars.com\/wp-content\/uploads\/2022\/06\/DSC06442-2048x1365.jpg\" class=\"elementor-animation-grow attachment-2048x2048 size-2048x2048 wp-image-33638\" alt=\"\" srcset=\"https:\/\/lunicars.com\/wp-content\/uploads\/2022\/06\/DSC06442-2048x1365.jpg 2048w, https:\/\/lunicars.com\/wp-content\/uploads\/2022\/06\/DSC06442-300x200.jpg 300w, https:\/\/lunicars.com\/wp-content\/uploads\/2022\/06\/DSC06442-1024x683.jpg 1024w, https:\/\/lunicars.com\/wp-content\/uploads\/2022\/06\/DSC06442-768x512.jpg 768w, https:\/\/lunicars.com\/wp-content\/uploads\/2022\/06\/DSC06442-1536x1024.jpg 1536w\" sizes=\"auto, (max-width: 2048px) 100vw, 2048px\" \/>\t\t\t\t\t\t\t\t<\/a>\n\t\t\t\t\t\t\t\t\t\t\t\t\t\t\t<\/div>\n\t\t\t\t<\/div>\n\t\t\t\t\t<\/div>\n\t\t<\/div>\n\t\t\t\t<div class=\"elementor-column elementor-col-66 elementor-inner-column elementor-element elementor-element-43a1a41\" data-id=\"43a1a41\" data-element_type=\"column\" data-e-type=\"column\">\n\t\t\t<div class=\"elementor-widget-wrap elementor-element-populated\">\n\t\t\t\t\t\t<div class=\"elementor-element elementor-element-01b923b elementor-widget elementor-widget-heading\" data-id=\"01b923b\" data-element_type=\"widget\" data-e-type=\"widget\" data-widget_type=\"heading.default\">\n\t\t\t\t<div class=\"elementor-widget-container\">\n\t\t\t\t\t<div class=\"elementor-heading-title elementor-size-small\"><font color=\"#c48a02\">Sold<\/font><\/div>\t\t\t\t<\/div>\n\t\t\t\t<\/div>\n\t\t\t\t<div class=\"elementor-element elementor-element-4e6c9c7 elementor-widget elementor-widget-heading\" data-id=\"4e6c9c7\" data-element_type=\"widget\" data-e-type=\"widget\" data-widget_type=\"heading.default\">\n\t\t\t\t<div class=\"elementor-widget-container\">\n\t\t\t\t\t<h1 class=\"elementor-heading-title elementor-size-default\"><a href=\"https:\/\/lunicars.com\/en\/fahrzeuge\/1956-ford-thunderbird\/\">Ford Thunderbird '56<\/a><\/h1>\t\t\t\t<\/div>\n\t\t\t\t<\/div>\n\t\t\t\t<div class=\"elementor-element elementor-element-4241f67 elementor-widget elementor-widget-heading\" data-id=\"4241f67\" data-element_type=\"widget\" data-e-type=\"widget\" data-widget_type=\"heading.default\">\n\t\t\t\t<div class=\"elementor-widget-container\">\n\t\t\t\t\t<div class=\"elementor-heading-title elementor-size-small\">Dieser Klassiker unter den Roadstern kommt im strahlend weissen Kleid daher und l\u00e4uft absolut perfekt. Restauriert, Veteran, Originalzustand.<\/div>\t\t\t\t<\/div>\n\t\t\t\t<\/div>\n\t\t\t\t\t<\/div>\n\t\t<\/div>\n\t\t\t\t\t<\/div>\n\t\t<\/section>\n\t\t\t\t<section class=\"elementor-section elementor-inner-section elementor-element elementor-element-5ea7118 elementor-section-content-bottom elementor-section-boxed elementor-section-height-default elementor-section-height-default\" data-id=\"5ea7118\" data-element_type=\"section\" data-e-type=\"section\">\n\t\t\t\t\t\t<div class=\"elementor-container elementor-column-gap-wider\">\n\t\t\t\t\t<div class=\"elementor-column elementor-col-33 elementor-inner-column elementor-element elementor-element-7b74867\" data-id=\"7b74867\" data-element_type=\"column\" data-e-type=\"column\">\n\t\t\t<div class=\"elementor-widget-wrap elementor-element-populated\">\n\t\t\t\t\t\t<div class=\"elementor-element elementor-element-e6db818 elementor-widget elementor-widget-image\" data-id=\"e6db818\" data-element_type=\"widget\" data-e-type=\"widget\" data-widget_type=\"image.default\">\n\t\t\t\t<div class=\"elementor-widget-container\">\n\t\t\t\t\t\t\t\t\t\t\t\t\t\t\t\t<a href=\"https:\/\/lunicars.com\/en\/fahrzeuge\/1959-cadillac-series-62\/\">\n\t\t\t\t\t\t\t<img loading=\"lazy\" decoding=\"async\" width=\"2048\" height=\"1365\" src=\"https:\/\/lunicars.com\/wp-content\/uploads\/2022\/08\/DSC07621-2048x1365.jpg\" class=\"elementor-animation-grow attachment-2048x2048 size-2048x2048 wp-image-34142\" alt=\"\" srcset=\"https:\/\/lunicars.com\/wp-content\/uploads\/2022\/08\/DSC07621-2048x1365.jpg 2048w, https:\/\/lunicars.com\/wp-content\/uploads\/2022\/08\/DSC07621-300x200.jpg 300w, https:\/\/lunicars.com\/wp-content\/uploads\/2022\/08\/DSC07621-1024x683.jpg 1024w, https:\/\/lunicars.com\/wp-content\/uploads\/2022\/08\/DSC07621-768x512.jpg 768w, https:\/\/lunicars.com\/wp-content\/uploads\/2022\/08\/DSC07621-1536x1024.jpg 1536w\" sizes=\"auto, (max-width: 2048px) 100vw, 2048px\" \/>\t\t\t\t\t\t\t\t<\/a>\n\t\t\t\t\t\t\t\t\t\t\t\t\t\t\t<\/div>\n\t\t\t\t<\/div>\n\t\t\t\t\t<\/div>\n\t\t<\/div>\n\t\t\t\t<div class=\"elementor-column elementor-col-66 elementor-inner-column elementor-element elementor-element-96a3261\" data-id=\"96a3261\" data-element_type=\"column\" data-e-type=\"column\">\n\t\t\t<div class=\"elementor-widget-wrap elementor-element-populated\">\n\t\t\t\t\t\t<div class=\"elementor-element elementor-element-ff167c0 elementor-widget elementor-widget-heading\" data-id=\"ff167c0\" data-element_type=\"widget\" data-e-type=\"widget\" data-widget_type=\"heading.default\">\n\t\t\t\t<div class=\"elementor-widget-container\">\n\t\t\t\t\t<div class=\"elementor-heading-title elementor-size-small\"><font color=\"#c48a02\">Sold<\/font><\/div>\t\t\t\t<\/div>\n\t\t\t\t<\/div>\n\t\t\t\t<div class=\"elementor-element elementor-element-00ebcd7 elementor-widget elementor-widget-heading\" data-id=\"00ebcd7\" data-element_type=\"widget\" data-e-type=\"widget\" data-widget_type=\"heading.default\">\n\t\t\t\t<div class=\"elementor-widget-container\">\n\t\t\t\t\t<h1 class=\"elementor-heading-title elementor-size-default\"><a href=\"https:\/\/lunicars.com\/en\/fahrzeuge\/1959-cadillac-series-62\/\">Cadillac Series 62 '59<\/a><\/h1>\t\t\t\t<\/div>\n\t\t\t\t<\/div>\n\t\t\t\t<div class=\"elementor-element elementor-element-167ad27 elementor-widget elementor-widget-heading\" data-id=\"167ad27\" data-element_type=\"widget\" data-e-type=\"widget\" data-widget_type=\"heading.default\">\n\t\t\t\t<div class=\"elementor-widget-container\">\n\t\t\t\t\t<div class=\"elementor-heading-title elementor-size-small\">A steel colossus from the rocket age: the '59 Cadillac with the unmistakable tail fins. A family car with plenty of steam.<\/div>\t\t\t\t<\/div>\n\t\t\t\t<\/div>\n\t\t\t\t\t<\/div>\n\t\t<\/div>\n\t\t\t\t\t<\/div>\n\t\t<\/section>\n\t\t\t\t<section class=\"elementor-section elementor-inner-section elementor-element elementor-element-325b6ac elementor-section-content-bottom elementor-section-boxed elementor-section-height-default elementor-section-height-default\" data-id=\"325b6ac\" data-element_type=\"section\" data-e-type=\"section\">\n\t\t\t\t\t\t<div class=\"elementor-container elementor-column-gap-wider\">\n\t\t\t\t\t<div class=\"elementor-column elementor-col-33 elementor-inner-column elementor-element elementor-element-22cfb5a\" data-id=\"22cfb5a\" data-element_type=\"column\" data-e-type=\"column\">\n\t\t\t<div class=\"elementor-widget-wrap elementor-element-populated\">\n\t\t\t\t\t\t<div class=\"elementor-element elementor-element-a9650f7 elementor-widget elementor-widget-image\" data-id=\"a9650f7\" data-element_type=\"widget\" data-e-type=\"widget\" data-widget_type=\"image.default\">\n\t\t\t\t<div class=\"elementor-widget-container\">\n\t\t\t\t\t\t\t\t\t\t\t\t\t\t\t\t<a href=\"https:\/\/lunicars.com\/en\/fahrzeuge\/1981-chevrolet-corvette-c3-targa\/\">\n\t\t\t\t\t\t\t<img loading=\"lazy\" decoding=\"async\" width=\"2048\" height=\"1365\" src=\"https:\/\/lunicars.com\/wp-content\/uploads\/2021\/06\/DSC01624-2048x1365.jpg\" class=\"elementor-animation-grow attachment-2048x2048 size-2048x2048 wp-image-30811\" alt=\"\" srcset=\"https:\/\/lunicars.com\/wp-content\/uploads\/2021\/06\/DSC01624-2048x1365.jpg 2048w, https:\/\/lunicars.com\/wp-content\/uploads\/2021\/06\/DSC01624-300x200.jpg 300w, https:\/\/lunicars.com\/wp-content\/uploads\/2021\/06\/DSC01624-1024x683.jpg 1024w, https:\/\/lunicars.com\/wp-content\/uploads\/2021\/06\/DSC01624-768x512.jpg 768w, https:\/\/lunicars.com\/wp-content\/uploads\/2021\/06\/DSC01624-1536x1024.jpg 1536w\" sizes=\"auto, (max-width: 2048px) 100vw, 2048px\" \/>\t\t\t\t\t\t\t\t<\/a>\n\t\t\t\t\t\t\t\t\t\t\t\t\t\t\t<\/div>\n\t\t\t\t<\/div>\n\t\t\t\t\t<\/div>\n\t\t<\/div>\n\t\t\t\t<div class=\"elementor-column elementor-col-66 elementor-inner-column elementor-element elementor-element-b840ae6\" data-id=\"b840ae6\" data-element_type=\"column\" data-e-type=\"column\">\n\t\t\t<div class=\"elementor-widget-wrap elementor-element-populated\">\n\t\t\t\t\t\t<div class=\"elementor-element elementor-element-a485387 elementor-widget elementor-widget-heading\" data-id=\"a485387\" data-element_type=\"widget\" data-e-type=\"widget\" data-widget_type=\"heading.default\">\n\t\t\t\t<div class=\"elementor-widget-container\">\n\t\t\t\t\t<div class=\"elementor-heading-title elementor-size-small\"><font color=\"#c48a02\">Sold<\/font><\/div>\t\t\t\t<\/div>\n\t\t\t\t<\/div>\n\t\t\t\t<div class=\"elementor-element elementor-element-1445163 elementor-widget elementor-widget-heading\" data-id=\"1445163\" data-element_type=\"widget\" data-e-type=\"widget\" data-widget_type=\"heading.default\">\n\t\t\t\t<div class=\"elementor-widget-container\">\n\t\t\t\t\t<h1 class=\"elementor-heading-title elementor-size-default\"><a href=\"https:\/\/lunicars.com\/en\/fahrzeuge\/1981-chevrolet-corvette-c3-targa\/\">Chevrolet Corvette C3 Targa '81<\/a><\/h1>\t\t\t\t<\/div>\n\t\t\t\t<\/div>\n\t\t\t\t<div class=\"elementor-element elementor-element-ab0bf61 elementor-widget elementor-widget-heading\" data-id=\"ab0bf61\" data-element_type=\"widget\" data-e-type=\"widget\" data-widget_type=\"heading.default\">\n\t\t\t\t<div class=\"elementor-widget-container\">\n\t\t\t\t\t<div class=\"elementor-heading-title elementor-size-small\">New CH paintwork, new 5.7 liter engine, audio system, retro car radio and much more. Super condition and well maintained.<\/div>\t\t\t\t<\/div>\n\t\t\t\t<\/div>\n\t\t\t\t\t<\/div>\n\t\t<\/div>\n\t\t\t\t\t<\/div>\n\t\t<\/section>\n\t\t\t\t<section class=\"elementor-section elementor-inner-section elementor-element elementor-element-36da64a elementor-section-content-bottom elementor-section-boxed elementor-section-height-default elementor-section-height-default\" data-id=\"36da64a\" data-element_type=\"section\" data-e-type=\"section\">\n\t\t\t\t\t\t<div class=\"elementor-container elementor-column-gap-wider\">\n\t\t\t\t\t<div class=\"elementor-column elementor-col-33 elementor-inner-column elementor-element elementor-element-2c1feee\" data-id=\"2c1feee\" data-element_type=\"column\" data-e-type=\"column\">\n\t\t\t<div class=\"elementor-widget-wrap elementor-element-populated\">\n\t\t\t\t\t\t<div class=\"elementor-element elementor-element-fbfd17c elementor-widget elementor-widget-image\" data-id=\"fbfd17c\" data-element_type=\"widget\" data-e-type=\"widget\" data-widget_type=\"image.default\">\n\t\t\t\t<div class=\"elementor-widget-container\">\n\t\t\t\t\t\t\t\t\t\t\t\t\t\t\t\t<a href=\"https:\/\/lunicars.com\/en\/fahrzeuge\/1982-leyland-mini-1000-hl\/\">\n\t\t\t\t\t\t\t<img loading=\"lazy\" decoding=\"async\" width=\"2048\" height=\"1365\" src=\"https:\/\/lunicars.com\/wp-content\/uploads\/2022\/04\/DSC05686-2048x1365.jpg\" class=\"elementor-animation-grow attachment-2048x2048 size-2048x2048 wp-image-33166\" alt=\"\" srcset=\"https:\/\/lunicars.com\/wp-content\/uploads\/2022\/04\/DSC05686-2048x1365.jpg 2048w, https:\/\/lunicars.com\/wp-content\/uploads\/2022\/04\/DSC05686-300x200.jpg 300w, https:\/\/lunicars.com\/wp-content\/uploads\/2022\/04\/DSC05686-1024x683.jpg 1024w, https:\/\/lunicars.com\/wp-content\/uploads\/2022\/04\/DSC05686-768x512.jpg 768w, https:\/\/lunicars.com\/wp-content\/uploads\/2022\/04\/DSC05686-1536x1024.jpg 1536w\" sizes=\"auto, (max-width: 2048px) 100vw, 2048px\" \/>\t\t\t\t\t\t\t\t<\/a>\n\t\t\t\t\t\t\t\t\t\t\t\t\t\t\t<\/div>\n\t\t\t\t<\/div>\n\t\t\t\t\t<\/div>\n\t\t<\/div>\n\t\t\t\t<div class=\"elementor-column elementor-col-66 elementor-inner-column elementor-element elementor-element-460b8f2\" data-id=\"460b8f2\" data-element_type=\"column\" data-e-type=\"column\">\n\t\t\t<div class=\"elementor-widget-wrap elementor-element-populated\">\n\t\t\t\t\t\t<div class=\"elementor-element elementor-element-97b4b48 elementor-widget elementor-widget-heading\" data-id=\"97b4b48\" data-element_type=\"widget\" data-e-type=\"widget\" data-widget_type=\"heading.default\">\n\t\t\t\t<div class=\"elementor-widget-container\">\n\t\t\t\t\t<div class=\"elementor-heading-title elementor-size-small\"><font color=\"#c48a02\">Sold<\/font><\/div>\t\t\t\t<\/div>\n\t\t\t\t<\/div>\n\t\t\t\t<div class=\"elementor-element elementor-element-8c830af elementor-widget elementor-widget-heading\" data-id=\"8c830af\" data-element_type=\"widget\" data-e-type=\"widget\" data-widget_type=\"heading.default\">\n\t\t\t\t<div class=\"elementor-widget-container\">\n\t\t\t\t\t<h1 class=\"elementor-heading-title elementor-size-default\"><a href=\"https:\/\/lunicars.com\/en\/fahrzeuge\/1982-leyland-mini-1000-hl\/\">Leyland Mini 1000 HL '82<\/a><\/h1>\t\t\t\t<\/div>\n\t\t\t\t<\/div>\n\t\t\t\t<div class=\"elementor-element elementor-element-2ab5682 elementor-widget elementor-widget-heading\" data-id=\"2ab5682\" data-element_type=\"widget\" data-e-type=\"widget\" data-widget_type=\"heading.default\">\n\t\t\t\t<div class=\"elementor-widget-container\">\n\t\t\t\t\t<div class=\"elementor-heading-title elementor-size-small\">Fresh from service and veteran MFK. A simple and very lively classic Mini to fall in love with. Get in and have fun.<\/div>\t\t\t\t<\/div>\n\t\t\t\t<\/div>\n\t\t\t\t\t<\/div>\n\t\t<\/div>\n\t\t\t\t\t<\/div>\n\t\t<\/section>\n\t\t\t\t<section class=\"elementor-section elementor-inner-section elementor-element elementor-element-4c10907 elementor-section-content-bottom elementor-section-boxed elementor-section-height-default elementor-section-height-default\" data-id=\"4c10907\" data-element_type=\"section\" data-e-type=\"section\">\n\t\t\t\t\t\t<div class=\"elementor-container elementor-column-gap-wider\">\n\t\t\t\t\t<div class=\"elementor-column elementor-col-33 elementor-inner-column elementor-element elementor-element-84c61d4\" data-id=\"84c61d4\" data-element_type=\"column\" data-e-type=\"column\">\n\t\t\t<div class=\"elementor-widget-wrap elementor-element-populated\">\n\t\t\t\t\t\t<div class=\"elementor-element elementor-element-393053e elementor-widget elementor-widget-image\" data-id=\"393053e\" data-element_type=\"widget\" data-e-type=\"widget\" data-widget_type=\"image.default\">\n\t\t\t\t<div class=\"elementor-widget-container\">\n\t\t\t\t\t\t\t\t\t\t\t\t\t\t\t\t<a href=\"https:\/\/lunicars.com\/en\/fahrzeuge\/1965-ford-mustang-gt350-h-clone\/\">\n\t\t\t\t\t\t\t<img loading=\"lazy\" decoding=\"async\" width=\"2048\" height=\"1365\" src=\"https:\/\/lunicars.com\/wp-content\/uploads\/2022\/03\/DSC05521-2048x1365.jpg\" class=\"elementor-animation-grow attachment-2048x2048 size-2048x2048 wp-image-32941\" alt=\"\" srcset=\"https:\/\/lunicars.com\/wp-content\/uploads\/2022\/03\/DSC05521-2048x1365.jpg 2048w, https:\/\/lunicars.com\/wp-content\/uploads\/2022\/03\/DSC05521-300x200.jpg 300w, https:\/\/lunicars.com\/wp-content\/uploads\/2022\/03\/DSC05521-1024x683.jpg 1024w, https:\/\/lunicars.com\/wp-content\/uploads\/2022\/03\/DSC05521-768x512.jpg 768w, https:\/\/lunicars.com\/wp-content\/uploads\/2022\/03\/DSC05521-1536x1024.jpg 1536w\" sizes=\"auto, (max-width: 2048px) 100vw, 2048px\" \/>\t\t\t\t\t\t\t\t<\/a>\n\t\t\t\t\t\t\t\t\t\t\t\t\t\t\t<\/div>\n\t\t\t\t<\/div>\n\t\t\t\t\t<\/div>\n\t\t<\/div>\n\t\t\t\t<div class=\"elementor-column elementor-col-66 elementor-inner-column elementor-element elementor-element-ba32ba0\" data-id=\"ba32ba0\" data-element_type=\"column\" data-e-type=\"column\">\n\t\t\t<div class=\"elementor-widget-wrap elementor-element-populated\">\n\t\t\t\t\t\t<div class=\"elementor-element elementor-element-2d6bbd9 elementor-widget elementor-widget-heading\" data-id=\"2d6bbd9\" data-element_type=\"widget\" data-e-type=\"widget\" data-widget_type=\"heading.default\">\n\t\t\t\t<div class=\"elementor-widget-container\">\n\t\t\t\t\t<div class=\"elementor-heading-title elementor-size-small\"><font color=\"#c48a02\">Sold<\/font><\/div>\t\t\t\t<\/div>\n\t\t\t\t<\/div>\n\t\t\t\t<div class=\"elementor-element elementor-element-90ea8c7 elementor-widget elementor-widget-heading\" data-id=\"90ea8c7\" data-element_type=\"widget\" data-e-type=\"widget\" data-widget_type=\"heading.default\">\n\t\t\t\t<div class=\"elementor-widget-container\">\n\t\t\t\t\t<h1 class=\"elementor-heading-title elementor-size-default\"><a href=\"https:\/\/lunicars.com\/en\/fahrzeuge\/1965-ford-mustang-gt350-h-clone\/\">Ford Mustang GT350 H Clone '65<\/a><\/h1>\t\t\t\t<\/div>\n\t\t\t\t<\/div>\n\t\t\t\t<div class=\"elementor-element elementor-element-fa58e2f elementor-widget elementor-widget-heading\" data-id=\"fa58e2f\" data-element_type=\"widget\" data-e-type=\"widget\" data-widget_type=\"heading.default\">\n\t\t\t\t<div class=\"elementor-widget-container\">\n\t\t\t\t\t<div class=\"elementor-heading-title elementor-size-small\">Nut &amp; Bolt Restauration. An diesem handgeschalteten Fastback ist alles neu und in einem atemberaubend sch\u00f6nen Zustand.<\/div>\t\t\t\t<\/div>\n\t\t\t\t<\/div>\n\t\t\t\t\t<\/div>\n\t\t<\/div>\n\t\t\t\t\t<\/div>\n\t\t<\/section>\n\t\t\t\t<section class=\"elementor-section elementor-inner-section elementor-element elementor-element-c1e8e96 elementor-section-content-bottom elementor-section-boxed elementor-section-height-default elementor-section-height-default\" data-id=\"c1e8e96\" data-element_type=\"section\" data-e-type=\"section\">\n\t\t\t\t\t\t<div class=\"elementor-container elementor-column-gap-wider\">\n\t\t\t\t\t<div class=\"elementor-column elementor-col-33 elementor-inner-column elementor-element elementor-element-14e8ab0\" data-id=\"14e8ab0\" data-element_type=\"column\" data-e-type=\"column\">\n\t\t\t<div class=\"elementor-widget-wrap elementor-element-populated\">\n\t\t\t\t\t\t<div class=\"elementor-element elementor-element-2b9855f elementor-widget elementor-widget-image\" data-id=\"2b9855f\" data-element_type=\"widget\" data-e-type=\"widget\" data-widget_type=\"image.default\">\n\t\t\t\t<div class=\"elementor-widget-container\">\n\t\t\t\t\t\t\t\t\t\t\t\t\t\t\t\t<a href=\"https:\/\/lunicars.com\/en\/fahrzeuge\/1969-chevrolet-chevelle-yenko-tribute\/\">\n\t\t\t\t\t\t\t<img loading=\"lazy\" decoding=\"async\" width=\"2048\" height=\"1365\" src=\"https:\/\/lunicars.com\/wp-content\/uploads\/2022\/05\/DSC06276-2048x1365.jpg\" class=\"elementor-animation-grow attachment-2048x2048 size-2048x2048 wp-image-33472\" alt=\"\" srcset=\"https:\/\/lunicars.com\/wp-content\/uploads\/2022\/05\/DSC06276-2048x1365.jpg 2048w, https:\/\/lunicars.com\/wp-content\/uploads\/2022\/05\/DSC06276-300x200.jpg 300w, https:\/\/lunicars.com\/wp-content\/uploads\/2022\/05\/DSC06276-1024x683.jpg 1024w, https:\/\/lunicars.com\/wp-content\/uploads\/2022\/05\/DSC06276-768x512.jpg 768w, https:\/\/lunicars.com\/wp-content\/uploads\/2022\/05\/DSC06276-1536x1024.jpg 1536w\" sizes=\"auto, (max-width: 2048px) 100vw, 2048px\" \/>\t\t\t\t\t\t\t\t<\/a>\n\t\t\t\t\t\t\t\t\t\t\t\t\t\t\t<\/div>\n\t\t\t\t<\/div>\n\t\t\t\t\t<\/div>\n\t\t<\/div>\n\t\t\t\t<div class=\"elementor-column elementor-col-66 elementor-inner-column elementor-element elementor-element-7c56a48\" data-id=\"7c56a48\" data-element_type=\"column\" data-e-type=\"column\">\n\t\t\t<div class=\"elementor-widget-wrap elementor-element-populated\">\n\t\t\t\t\t\t<div class=\"elementor-element elementor-element-bc2aaa8 elementor-widget elementor-widget-heading\" data-id=\"bc2aaa8\" data-element_type=\"widget\" data-e-type=\"widget\" data-widget_type=\"heading.default\">\n\t\t\t\t<div class=\"elementor-widget-container\">\n\t\t\t\t\t<div class=\"elementor-heading-title elementor-size-small\"><font color=\"#c48a02\">Sold<\/font><\/div>\t\t\t\t<\/div>\n\t\t\t\t<\/div>\n\t\t\t\t<div class=\"elementor-element elementor-element-50a0e0f elementor-widget elementor-widget-heading\" data-id=\"50a0e0f\" data-element_type=\"widget\" data-e-type=\"widget\" data-widget_type=\"heading.default\">\n\t\t\t\t<div class=\"elementor-widget-container\">\n\t\t\t\t\t<h1 class=\"elementor-heading-title elementor-size-default\"><a href=\"https:\/\/lunicars.com\/en\/fahrzeuge\/1969-chevrolet-chevelle-yenko-tribute\/\">Chevrolet Chevelle '69<\/a><\/h1>\t\t\t\t<\/div>\n\t\t\t\t<\/div>\n\t\t\t\t<div class=\"elementor-element elementor-element-4798c48 elementor-widget elementor-widget-heading\" data-id=\"4798c48\" data-element_type=\"widget\" data-e-type=\"widget\" data-widget_type=\"heading.default\">\n\t\t\t\t<div class=\"elementor-widget-container\">\n\t\t\t\t\t<div class=\"elementor-heading-title elementor-size-small\">Die Chevelle zeigt sich im Yenko-Stil und sorgt f\u00fcr m\u00e4chtig Fahrspass. Technisch einwandfrei, ab Veteranen-MFK, Innenraum braucht Pflege.<\/div>\t\t\t\t<\/div>\n\t\t\t\t<\/div>\n\t\t\t\t\t<\/div>\n\t\t<\/div>\n\t\t\t\t\t<\/div>\n\t\t<\/section>\n\t\t\t\t\t<\/div>\n\t\t<\/div>\n\t\t\t\t\t<\/div>\n\t\t<\/section>\n\t\t\t\t<section class=\"elementor-section elementor-top-section elementor-element elementor-element-9ec2714 elementor-section-boxed elementor-section-height-default elementor-section-height-default\" data-id=\"9ec2714\" data-element_type=\"section\" data-e-type=\"section\" data-settings=\"{&quot;background_background&quot;:&quot;classic&quot;}\">\n\t\t\t\t\t\t<div class=\"elementor-container elementor-column-gap-default\">\n\t\t\t\t\t<div class=\"elementor-column elementor-col-100 elementor-top-column elementor-element elementor-element-bf48826\" data-id=\"bf48826\" data-element_type=\"column\" data-e-type=\"column\">\n\t\t\t<div class=\"elementor-widget-wrap elementor-element-populated\">\n\t\t\t\t\t\t<div class=\"elementor-element elementor-element-4a0cba1 elementor-widget elementor-widget-heading\" data-id=\"4a0cba1\" data-element_type=\"widget\" data-e-type=\"widget\" data-widget_type=\"heading.default\">\n\t\t\t\t<div class=\"elementor-widget-container\">\n\t\t\t\t\t<h2 class=\"elementor-heading-title elementor-size-default\">Missed the offer?<\/h2>\t\t\t\t<\/div>\n\t\t\t\t<\/div>\n\t\t\t\t<div class=\"elementor-element elementor-element-290eeb8 elementor-widget elementor-widget-text-editor\" data-id=\"290eeb8\" data-element_type=\"widget\" data-e-type=\"widget\" data-widget_type=\"text-editor.default\">\n\t\t\t\t<div class=\"elementor-widget-container\">\n\t\t\t\t\t\t\t\t\t<p>We will be happy to find your individual dream vehicle.<\/p><p>Simply make a non-binding inquiry and benefit from our network.<\/p>\t\t\t\t\t\t\t\t<\/div>\n\t\t\t\t<\/div>\n\t\t\t\t\t<\/div>\n\t\t<\/div>\n\t\t\t\t\t<\/div>\n\t\t<\/section>\n\t\t\t\t<section class=\"elementor-section elementor-top-section elementor-element elementor-element-e0bee3a elementor-section-boxed elementor-section-height-default elementor-section-height-default\" data-id=\"e0bee3a\" data-element_type=\"section\" data-e-type=\"section\">\n\t\t\t\t\t\t<div class=\"elementor-container elementor-column-gap-default\">\n\t\t\t\t\t<div class=\"elementor-column elementor-col-100 elementor-top-column elementor-element elementor-element-6b4a3cf\" data-id=\"6b4a3cf\" data-element_type=\"column\" data-e-type=\"column\">\n\t\t\t<div class=\"elementor-widget-wrap\">\n\t\t\t\t\t\t\t<\/div>\n\t\t<\/div>\n\t\t\t\t\t<\/div>\n\t\t<\/section>\n\t\t\t\t<\/div>","protected":false},"excerpt":{"rendered":"<p>Sold Du m\u00f6chtest auch Dein Auto verkauft wissen? Kinderleicht &#8211; einfach per Telefon, E-Mail oder via Kontaktformular melden und nachdem wir die n\u00f6tigen Details erhalten haben, kannst Du Dich entspannen, w\u00e4hrend wir einen passenden K\u00e4ufer f\u00fcr Deinen Oldie finden.\u00a0 Jetzt anfragen und einen Platz sichern Verkauft MG B GT &#8217;74 Britischer Charme, kerniger Vierzylinder und [&hellip;]<\/p>\n","protected":false},"author":1,"featured_media":0,"parent":0,"menu_order":0,"comment_status":"closed","ping_status":"closed","template":"","meta":{"_acf_changed":false,"site-sidebar-layout":"no-sidebar","site-content-layout":"page-builder","ast-site-content-layout":"default","site-content-style":"default","site-sidebar-style":"default","ast-global-header-display":"","ast-banner-title-visibility":"","ast-main-header-display":"","ast-hfb-above-header-display":"","ast-hfb-below-header-display":"","ast-hfb-mobile-header-display":"","site-post-title":"disabled","ast-breadcrumbs-content":"","ast-featured-img":"","footer-sml-layout":"","ast-disable-related-posts":"","theme-transparent-header-meta":"enabled","adv-header-id-meta":"","stick-header-meta":"","header-above-stick-meta":"","header-main-stick-meta":"","header-below-stick-meta":"","astra-migrate-meta-layouts":"default","ast-page-background-enabled":"default","ast-page-background-meta":{"desktop":{"background-color":"","background-image":"","background-repeat":"repeat","background-position":"center center","background-size":"auto","background-attachment":"scroll","background-type":"","background-media":"","overlay-type":"","overlay-color":"","overlay-opacity":"","overlay-gradient":""},"tablet":{"background-color":"","background-image":"","background-repeat":"repeat","background-position":"center center","background-size":"auto","background-attachment":"scroll","background-type":"","background-media":"","overlay-type":"","overlay-color":"","overlay-opacity":"","overlay-gradient":""},"mobile":{"background-color":"","background-image":"","background-repeat":"repeat","background-position":"center center","background-size":"auto","background-attachment":"scroll","background-type":"","background-media":"","overlay-type":"","overlay-color":"","overlay-opacity":"","overlay-gradient":""}},"ast-content-background-meta":{"desktop":{"background-color":"var(--ast-global-color-5)","background-image":"","background-repeat":"repeat","background-position":"center center","background-size":"auto","background-attachment":"scroll","background-type":"","background-media":"","overlay-type":"","overlay-color":"","overlay-opacity":"","overlay-gradient":""},"tablet":{"background-color":"var(--ast-global-color-5)","background-image":"","background-repeat":"repeat","background-position":"center center","background-size":"auto","background-attachment":"scroll","background-type":"","background-media":"","overlay-type":"","overlay-color":"","overlay-opacity":"","overlay-gradient":""},"mobile":{"background-color":"var(--ast-global-color-5)","background-image":"","background-repeat":"repeat","background-position":"center center","background-size":"auto","background-attachment":"scroll","background-type":"","background-media":"","overlay-type":"","overlay-color":"","overlay-opacity":"","overlay-gradient":""}},"footnotes":""},"class_list":["post-37540","page","type-page","status-publish","hentry"],"acf":[],"yoast_head":"<!-- This site is optimized with the Yoast SEO plugin v27.4 - https:\/\/yoast.com\/product\/yoast-seo-wordpress\/ -->\n<title>Verkaufte Fahrzeuge - LUNI Classic Cars<\/title>\n<meta name=\"description\" content=\"Alle verkauften Fahrzeuge inklusive Bildern, Videos und Modellgeschichten. Vom V8 Dickschiff bis zum klassischen Mini Cooper ist alles dabei.\" \/>\n<meta name=\"robots\" content=\"index, follow, max-snippet:-1, max-image-preview:large, max-video-preview:-1\" \/>\n<link rel=\"canonical\" href=\"https:\/\/lunicars.com\/en\/verkaufte-fahrzeuge\/\" \/>\n<meta property=\"og:locale\" content=\"en_US\" \/>\n<meta property=\"og:type\" content=\"article\" \/>\n<meta property=\"og:title\" content=\"Verkaufte Fahrzeuge - LUNI Classic Cars\" \/>\n<meta property=\"og:description\" content=\"Alle verkauften Fahrzeuge inklusive Bildern, Videos und Modellgeschichten. Vom V8 Dickschiff bis zum klassischen Mini Cooper ist alles dabei.\" \/>\n<meta property=\"og:url\" content=\"https:\/\/lunicars.com\/en\/verkaufte-fahrzeuge\/\" \/>\n<meta property=\"og:site_name\" content=\"LUNI Classic Cars\" \/>\n<meta property=\"article:publisher\" content=\"https:\/\/www.facebook.com\/luniclassiccars\" \/>\n<meta property=\"article:modified_time\" content=\"2026-04-02T11:29:31+00:00\" \/>\n<meta property=\"og:image\" content=\"https:\/\/lunicars.com\/wp-content\/uploads\/2026\/03\/1974-MG-B-GT-02.jpg\" \/>\n\t<meta property=\"og:image:width\" content=\"1620\" \/>\n\t<meta property=\"og:image:height\" content=\"1080\" \/>\n\t<meta property=\"og:image:type\" content=\"image\/jpeg\" \/>\n<meta name=\"twitter:label1\" content=\"Est. reading time\" \/>\n\t<meta name=\"twitter:data1\" content=\"38 minutes\" \/>\n<script type=\"application\/ld+json\" class=\"yoast-schema-graph\">{\"@context\":\"https:\\\/\\\/schema.org\",\"@graph\":[{\"@type\":\"WebPage\",\"@id\":\"https:\\\/\\\/lunicars.com\\\/verkaufte-fahrzeuge\\\/\",\"url\":\"https:\\\/\\\/lunicars.com\\\/verkaufte-fahrzeuge\\\/\",\"name\":\"Verkaufte Fahrzeuge - LUNI Classic Cars\",\"isPartOf\":{\"@id\":\"https:\\\/\\\/lunicars.com\\\/#website\"},\"primaryImageOfPage\":{\"@id\":\"https:\\\/\\\/lunicars.com\\\/verkaufte-fahrzeuge\\\/#primaryimage\"},\"image\":{\"@id\":\"https:\\\/\\\/lunicars.com\\\/verkaufte-fahrzeuge\\\/#primaryimage\"},\"thumbnailUrl\":\"https:\\\/\\\/lunicars.com\\\/wp-content\\\/uploads\\\/2026\\\/03\\\/1974-MG-B-GT-02.jpg\",\"datePublished\":\"2023-05-22T09:19:06+00:00\",\"dateModified\":\"2026-04-02T11:29:31+00:00\",\"description\":\"Alle verkauften Fahrzeuge inklusive Bildern, Videos und Modellgeschichten. Vom V8 Dickschiff bis zum klassischen Mini Cooper ist alles dabei.\",\"breadcrumb\":{\"@id\":\"https:\\\/\\\/lunicars.com\\\/verkaufte-fahrzeuge\\\/#breadcrumb\"},\"inLanguage\":\"en-US\",\"potentialAction\":[{\"@type\":\"ReadAction\",\"target\":[\"https:\\\/\\\/lunicars.com\\\/verkaufte-fahrzeuge\\\/\"]}]},{\"@type\":\"ImageObject\",\"inLanguage\":\"en-US\",\"@id\":\"https:\\\/\\\/lunicars.com\\\/verkaufte-fahrzeuge\\\/#primaryimage\",\"url\":\"https:\\\/\\\/lunicars.com\\\/wp-content\\\/uploads\\\/2026\\\/03\\\/1974-MG-B-GT-02.jpg\",\"contentUrl\":\"https:\\\/\\\/lunicars.com\\\/wp-content\\\/uploads\\\/2026\\\/03\\\/1974-MG-B-GT-02.jpg\"},{\"@type\":\"BreadcrumbList\",\"@id\":\"https:\\\/\\\/lunicars.com\\\/verkaufte-fahrzeuge\\\/#breadcrumb\",\"itemListElement\":[{\"@type\":\"ListItem\",\"position\":1,\"name\":\"Startseite\",\"item\":\"https:\\\/\\\/lunicars.com\\\/\"},{\"@type\":\"ListItem\",\"position\":2,\"name\":\"Verkaufte Fahrzeuge\"}]},{\"@type\":\"WebSite\",\"@id\":\"https:\\\/\\\/lunicars.com\\\/#website\",\"url\":\"https:\\\/\\\/lunicars.com\\\/\",\"name\":\"LUNI Classic Cars\",\"description\":\"\",\"publisher\":{\"@id\":\"https:\\\/\\\/lunicars.com\\\/#organization\"},\"potentialAction\":[{\"@type\":\"SearchAction\",\"target\":{\"@type\":\"EntryPoint\",\"urlTemplate\":\"https:\\\/\\\/lunicars.com\\\/?s={search_term_string}\"},\"query-input\":{\"@type\":\"PropertyValueSpecification\",\"valueRequired\":true,\"valueName\":\"search_term_string\"}}],\"inLanguage\":\"en-US\"},{\"@type\":\"Organization\",\"@id\":\"https:\\\/\\\/lunicars.com\\\/#organization\",\"name\":\"LUNI Classic Cars GmbH\",\"url\":\"https:\\\/\\\/lunicars.com\\\/\",\"logo\":{\"@type\":\"ImageObject\",\"inLanguage\":\"en-US\",\"@id\":\"https:\\\/\\\/lunicars.com\\\/#\\\/schema\\\/logo\\\/image\\\/\",\"url\":\"https:\\\/\\\/lunicars.com\\\/wp-content\\\/uploads\\\/2026\\\/01\\\/V2-1.1-Transparent-scaled.png\",\"contentUrl\":\"https:\\\/\\\/lunicars.com\\\/wp-content\\\/uploads\\\/2026\\\/01\\\/V2-1.1-Transparent-scaled.png\",\"width\":2560,\"height\":419,\"caption\":\"LUNI Classic Cars GmbH\"},\"image\":{\"@id\":\"https:\\\/\\\/lunicars.com\\\/#\\\/schema\\\/logo\\\/image\\\/\"},\"sameAs\":[\"https:\\\/\\\/www.facebook.com\\\/luniclassiccars\",\"https:\\\/\\\/www.instagram.com\\\/luniclassiccars\\\/\",\"https:\\\/\\\/www.youtube.com\\\/@luniclassiccars\",\"https:\\\/\\\/www.linkedin.com\\\/company\\\/77098611\",\"https:\\\/\\\/www.tiktok.com\\\/@luniclassiccars\",\"https:\\\/\\\/ch.pinterest.com\\\/luniclassiccars\\\/\"]}]}<\/script>\n<!-- \/ Yoast SEO plugin. -->","yoast_head_json":{"title":"Verkaufte Fahrzeuge - LUNI Classic Cars","description":"Alle verkauften Fahrzeuge inklusive Bildern, Videos und Modellgeschichten. Vom V8 Dickschiff bis zum klassischen Mini Cooper ist alles dabei.","robots":{"index":"index","follow":"follow","max-snippet":"max-snippet:-1","max-image-preview":"max-image-preview:large","max-video-preview":"max-video-preview:-1"},"canonical":"https:\/\/lunicars.com\/en\/verkaufte-fahrzeuge\/","og_locale":"en_US","og_type":"article","og_title":"Verkaufte Fahrzeuge - LUNI Classic Cars","og_description":"Alle verkauften Fahrzeuge inklusive Bildern, Videos und Modellgeschichten. Vom V8 Dickschiff bis zum klassischen Mini Cooper ist alles dabei.","og_url":"https:\/\/lunicars.com\/en\/verkaufte-fahrzeuge\/","og_site_name":"LUNI Classic Cars","article_publisher":"https:\/\/www.facebook.com\/luniclassiccars","article_modified_time":"2026-04-02T11:29:31+00:00","og_image":[{"width":1620,"height":1080,"url":"https:\/\/lunicars.com\/wp-content\/uploads\/2026\/03\/1974-MG-B-GT-02.jpg","type":"image\/jpeg"}],"twitter_misc":{"Est. reading time":"38 minutes"},"schema":{"@context":"https:\/\/schema.org","@graph":[{"@type":"WebPage","@id":"https:\/\/lunicars.com\/verkaufte-fahrzeuge\/","url":"https:\/\/lunicars.com\/verkaufte-fahrzeuge\/","name":"Verkaufte Fahrzeuge - LUNI Classic Cars","isPartOf":{"@id":"https:\/\/lunicars.com\/#website"},"primaryImageOfPage":{"@id":"https:\/\/lunicars.com\/verkaufte-fahrzeuge\/#primaryimage"},"image":{"@id":"https:\/\/lunicars.com\/verkaufte-fahrzeuge\/#primaryimage"},"thumbnailUrl":"https:\/\/lunicars.com\/wp-content\/uploads\/2026\/03\/1974-MG-B-GT-02.jpg","datePublished":"2023-05-22T09:19:06+00:00","dateModified":"2026-04-02T11:29:31+00:00","description":"Alle verkauften Fahrzeuge inklusive Bildern, Videos und Modellgeschichten. Vom V8 Dickschiff bis zum klassischen Mini Cooper ist alles dabei.","breadcrumb":{"@id":"https:\/\/lunicars.com\/verkaufte-fahrzeuge\/#breadcrumb"},"inLanguage":"en-US","potentialAction":[{"@type":"ReadAction","target":["https:\/\/lunicars.com\/verkaufte-fahrzeuge\/"]}]},{"@type":"ImageObject","inLanguage":"en-US","@id":"https:\/\/lunicars.com\/verkaufte-fahrzeuge\/#primaryimage","url":"https:\/\/lunicars.com\/wp-content\/uploads\/2026\/03\/1974-MG-B-GT-02.jpg","contentUrl":"https:\/\/lunicars.com\/wp-content\/uploads\/2026\/03\/1974-MG-B-GT-02.jpg"},{"@type":"BreadcrumbList","@id":"https:\/\/lunicars.com\/verkaufte-fahrzeuge\/#breadcrumb","itemListElement":[{"@type":"ListItem","position":1,"name":"Startseite","item":"https:\/\/lunicars.com\/"},{"@type":"ListItem","position":2,"name":"Verkaufte Fahrzeuge"}]},{"@type":"WebSite","@id":"https:\/\/lunicars.com\/#website","url":"https:\/\/lunicars.com\/","name":"LUNI Classic Cars","description":"","publisher":{"@id":"https:\/\/lunicars.com\/#organization"},"potentialAction":[{"@type":"SearchAction","target":{"@type":"EntryPoint","urlTemplate":"https:\/\/lunicars.com\/?s={search_term_string}"},"query-input":{"@type":"PropertyValueSpecification","valueRequired":true,"valueName":"search_term_string"}}],"inLanguage":"en-US"},{"@type":"Organization","@id":"https:\/\/lunicars.com\/#organization","name":"LUNI Classic Cars GmbH","url":"https:\/\/lunicars.com\/","logo":{"@type":"ImageObject","inLanguage":"en-US","@id":"https:\/\/lunicars.com\/#\/schema\/logo\/image\/","url":"https:\/\/lunicars.com\/wp-content\/uploads\/2026\/01\/V2-1.1-Transparent-scaled.png","contentUrl":"https:\/\/lunicars.com\/wp-content\/uploads\/2026\/01\/V2-1.1-Transparent-scaled.png","width":2560,"height":419,"caption":"LUNI Classic Cars GmbH"},"image":{"@id":"https:\/\/lunicars.com\/#\/schema\/logo\/image\/"},"sameAs":["https:\/\/www.facebook.com\/luniclassiccars","https:\/\/www.instagram.com\/luniclassiccars\/","https:\/\/www.youtube.com\/@luniclassiccars","https:\/\/www.linkedin.com\/company\/77098611","https:\/\/www.tiktok.com\/@luniclassiccars","https:\/\/ch.pinterest.com\/luniclassiccars\/"]}]}},"_links":{"self":[{"href":"https:\/\/lunicars.com\/en\/wp-json\/wp\/v2\/pages\/37540","targetHints":{"allow":["GET"]}}],"collection":[{"href":"https:\/\/lunicars.com\/en\/wp-json\/wp\/v2\/pages"}],"about":[{"href":"https:\/\/lunicars.com\/en\/wp-json\/wp\/v2\/types\/page"}],"author":[{"embeddable":true,"href":"https:\/\/lunicars.com\/en\/wp-json\/wp\/v2\/users\/1"}],"replies":[{"embeddable":true,"href":"https:\/\/lunicars.com\/en\/wp-json\/wp\/v2\/comments?post=37540"}],"version-history":[{"count":247,"href":"https:\/\/lunicars.com\/en\/wp-json\/wp\/v2\/pages\/37540\/revisions"}],"predecessor-version":[{"id":47999,"href":"https:\/\/lunicars.com\/en\/wp-json\/wp\/v2\/pages\/37540\/revisions\/47999"}],"wp:attachment":[{"href":"https:\/\/lunicars.com\/en\/wp-json\/wp\/v2\/media?parent=37540"}],"curies":[{"name":"wp","href":"https:\/\/api.w.org\/{rel}","templated":true}]}}